{"id":949,"date":"2015-12-21T05:59:28","date_gmt":"2015-12-21T05:59:28","guid":{"rendered":"http:\/\/wp.pop-verlag.com\/?page_id=949"},"modified":"2015-12-21T05:59:50","modified_gmt":"2015-12-21T05:59:50","slug":"ingmar-brantsch","status":"publish","type":"page","link":"https:\/\/wp.pop-verlag.com\/?page_id=949","title":{"rendered":"INGMAR BRANTSCH"},"content":{"rendered":"<p><strong>INGMAR BRANTSCH<\/strong>, geboren am 30. Oktober 1940 in Kronstadt\/Brasov, in Siebenb\u00fcrgen\/Rum\u00e4nien. Von 1957 bis 1962 studierte er Germanistik, Romanistik und Slawistik an der Universit\u00e4t Bukarest. Er schloss dieses Studium mit dem Staatsexamen ab und war von 1962 bis 1964 als Redakteur und Bibliothekar im Bukarester \u201eHaus der Presse\u201c und von 1964 bis 1970 als Gymnasiallehrer in Kronstadt t\u00e4tig. 1970 \u00fcbersiedelte er in die Bundesrepublik Deutschland. Hier absolvierte er von 1970 bis 1976 an den Universit\u00e4ten in K\u00f6ln und Bonn ein weiteres Studium in den F\u00e4chern Germanistik, Geschichte, Philosophie, Evangelische Theologie und P\u00e4dagogik. Nach dem Staatsexamen leistete er von 1976 bis 1978 sein Referendariat an einer Schule in Gummersbach ab. Seit 1978 lebt er in K\u00f6ln, wo er bis 1987 Studienassessor und von 1987 bis zu seiner Pensionierung 2007 als Studienrat am Abendgymnasium K\u00f6ln t\u00e4tig war. Im Rahmen dieser T\u00e4tigkeit unterrichtete er unter anderem Insassen der Justizvollzugsanstalt K\u00f6ln. Ingmar Brantsch ist Verfasser von Erz\u00e4hlungen, Satiren, Reportagen, Essays, Aphorismen, Gedichten, Dramen und H\u00f6rspielen. Brantsch war Mitglied des Rum\u00e4nischen Schriftstellerverbandes; er geh\u00f6rt u.a. dem Exil-P.E.N.-Zentrum deutschsprachiger Autoren im Ausland, dem Verband Deutscher Schriftsteller, der K\u00fcnstlergilde Esslingen, der Regensburger Schriftstellergruppe International und der Literarischen Gesellschaft K\u00f6ln an. Er ver\u00f6ffentlichte u.a. folgende B\u00fccher: \u201eDeutung des Sommers\u201c, Bukarest 1967; \u201eEin 20. Jahrhundert\u201c, Bukarest 1970; \u201eNeue Heimat BRD oder Sp\u00e4theimkehr nach 1000 Jahren\u201c, Hannoversch M\u00fcnden 1983; \u201eKarnevalsdemokratie oder Eulenspiegel, der einsame Rebell\u201c, Frankfurt am Main 1985; \u201eMozart und das Maschinengewehr\u201c, Frankfurt am Main, 1987; \u201eDas Leben der Ungarndeutschen nach dem Zweiten Weltkrieg im Spiegel ihrer Dichtung\u201c, Wien 1995; \u201eDas Leben der Ru\u00dflanddeutschen nach dem Zweiten Weltkrieg im Spiegel ihres Schrifttums\u201c, Wien 1999; ungarndeutsche Literatur, Bonn 1999; \u201eGoethe und Heine hinter Gittern\u201c, Vechta-Langf\u00f6rden 2004; \u201ePisastudie get\u00fcrkt\u201c, Vechta-Langf\u00f6rden 2006; \u201eDas Weiterleben der rum\u00e4niendeutschen Literatur nach dem Umbruch\u201c, Vechta-Langf\u00f6rden 2007; \u201eIch war kein Dissident\u201c, Pop Verlag, Ludwigsburg 2009; \u201eInkorrektes \u00fcber die Political Correctness\u201c, Vechta, 2009. Brantsch erhielt 1968 den Lyrikpreis der Jungen Akademie Stuttgart und 1987 den Siegburger Literaturpreis.<\/p>\n","protected":false},"excerpt":{"rendered":"<p>INGMAR BRANTSCH, geboren am 30. Oktober 1940 in Kronstadt\/Brasov, in Siebenb\u00fcrgen\/Rum\u00e4nien. Von 1957 bis 1962 studierte er Germanistik, Romanistik und Slawistik an der Universit\u00e4t Bukarest. Er schloss dieses Studium mit dem Staatsexamen ab und war von 1962 bis 1964 als &hellip; <a class=\"more-link\" href=\"https:\/\/wp.pop-verlag.com\/?page_id=949\">Weiterlesen <span class=\"meta-nav\">&rarr;<\/span><\/a><\/p>\n","protected":false},"author":2,"featured_media":0,"parent":660,"menu_order":2,"comment_status":"closed","ping_status":"closed","template":"","meta":{"footnotes":""},"class_list":["post-949","page","type-page","status-publish","hentry"],"jetpack_sharing_enabled":true,"_links":{"self":[{"href":"https:\/\/wp.pop-verlag.com\/index.php?rest_route=\/wp\/v2\/pages\/949","targetHints":{"allow":["GET"]}}],"collection":[{"href":"https:\/\/wp.pop-verlag.com\/index.php?rest_route=\/wp\/v2\/pages"}],"about":[{"href":"https:\/\/wp.pop-verlag.com\/index.php?rest_route=\/wp\/v2\/types\/page"}],"author":[{"embeddable":true,"href":"https:\/\/wp.pop-verlag.com\/index.php?rest_route=\/wp\/v2\/users\/2"}],"replies":[{"embeddable":true,"href":"https:\/\/wp.pop-verlag.com\/index.php?rest_route=%2Fwp%2Fv2%2Fcomments&post=949"}],"version-history":[{"count":2,"href":"https:\/\/wp.pop-verlag.com\/index.php?rest_route=\/wp\/v2\/pages\/949\/revisions"}],"predecessor-version":[{"id":951,"href":"https:\/\/wp.pop-verlag.com\/index.php?rest_route=\/wp\/v2\/pages\/949\/revisions\/951"}],"up":[{"embeddable":true,"href":"https:\/\/wp.pop-verlag.com\/index.php?rest_route=\/wp\/v2\/pages\/660"}],"wp:attachment":[{"href":"https:\/\/wp.pop-verlag.com\/index.php?rest_route=%2Fwp%2Fv2%2Fmedia&parent=949"}],"curies":[{"name":"wp","href":"https:\/\/api.w.org\/{rel}","templated":true}]}}