{"id":927,"date":"2015-12-20T18:14:26","date_gmt":"2015-12-20T18:14:26","guid":{"rendered":"http:\/\/wp.pop-verlag.com\/?page_id=927"},"modified":"2017-05-14T13:41:49","modified_gmt":"2017-05-14T13:41:49","slug":"nichita-stanescu","status":"publish","type":"page","link":"https:\/\/wp.pop-verlag.com\/?page_id=927","title":{"rendered":"Nichita St\u0103nescu"},"content":{"rendered":"<p><a href=\"http:\/\/wp.pop-verlag.com\/?page_id=927\"><strong>Nichita St\u0103nescu<\/strong><\/a><b>\u00a0 <\/b>1933-1983, wa<a href=\"http:\/\/wp.pop-verlag.com\/wp-content\/uploads\/2015\/12\/Nichita-St\u0103nescu.jpg\"><img loading=\"lazy\" decoding=\"async\" class=\"alignleft wp-image-928 size-medium\" src=\"http:\/\/wp.pop-verlag.com\/wp-content\/uploads\/2015\/12\/Nichita-St\u0103nescu-269x300.jpg\" alt=\"Nichita St\u0103nescu\" width=\"269\" height=\"300\" srcset=\"https:\/\/wp.pop-verlag.com\/wp-content\/uploads\/2015\/12\/Nichita-St\u0103nescu-269x300.jpg 269w, https:\/\/wp.pop-verlag.com\/wp-content\/uploads\/2015\/12\/Nichita-St\u0103nescu.jpg 900w\" sizes=\"auto, (max-width: 269px) 100vw, 269px\" \/><\/a>r 1980 in der engeren Wahl f\u00fcr den Nobelpreis. Er ist einer der bedeutendsten rum\u00e4nischen Dichter der Nachkriegszeit, der einen eigenen Ton\u00a0 in die europ\u00e4ische Lyrik der Gegenwart einbringt, doch blieb er im Vergleich zu seiner Bedeutung auch f\u00fcr die Weltlyrik als Dichter einer kleinen Sprache<b>\u00a0<\/b> fast unbekannt. St\u0103nescu ist als Dichter in finsterer Zeit der roten Diktatur ein Pendant zu seinem Landsmann Paul Celan; Celan\u00a0 sublimierte das Trauma der Nazizeit zur abgr\u00fcndigen Metapoesie, St\u0103nescu das Trauma der Stalinzeit.<br \/>\nNichita St\u0103nescu ist Lyriker, Essayist und \u00dcbersetzer.\u00a0 Seit 1960 bis zu seinem Tode ver\u00f6ffentlichte er zahllose B\u00e4nde. Er deb\u00fctierte 1960 mit dem Gedichtband: Sensul iu\u00adbirii (Der Sinn der Liebe), der schon Aufsehen erregte, jedoch den damaligen Wahrheitsverboten noch Zugest\u00e4ndnisse machte, ebenso der 1964 ver\u00f6ffentlichte Band: O viziune a sentimen\u00adtelor (Eine Sicht der Ge\u00adf\u00fchle); erst 1965 kam der Durchbruch, es war auch das Jahr der Tauwetter-Wende:\u00a0 Dreptul la timp\u00a0 (Das Recht auf\u00a0 Zeit); zahlreiche Gedichtb\u00e4nde, die alle einen neuen Ton in die ru\u00adm\u00e4nische Ly\u00adrik bringen und einen Werdegang kennzeichnen, der die rum\u00e4nische Lyrik in schwindelnde H\u00f6hen der Erkenntnis katapultiert, folgten bis 1982, ein Jahr vor seinem Tode; wichtig sind vor allem die 11 elegii (11 Ele\u00adgien) 1966, das Herzst\u00fcck seines Werkes; 1967 folgte: Alfa; 1967: Ro\u015fu vertical\u00a0 (Vertikales Rot);\u00a0 und: Oul si sfera (Das Ei und die Sph\u00e4re);\u00a0 1968: Laus Ptolemaei\u00a0 (Lob des Ptolem\u00e4us); 1969: Un pam\u00e2nt\u00a0 numit Rom\u00e2nia (Ein Boden genannt Rum\u00e4nien); ab 1969 mit Necuvintele (Die Un\u00adw\u00f6rter), gibt er seinen hymnischen gro\u00df ausschwingenden Ton, auf die Gedichte, geschrieben in einer menschenfeindlichen Diktaturumgebung, in Finsternis, K\u00e4lte und Perspektivlosigkeit werden immer melancholischer und<b> <\/b>apokalyptischer: 1970 noch ein poetischer Fluchtversuch: \u00cen dulcele stil\u00a0 clasic\u00a0 (Im sch\u00f6nen klassischen Stil); 1971: Belgradul in cinci prieteni (Belgrad in f\u00fcnf Freunden); 1972 aber: M\u0103re\u0163ia frigului (Die Erha\u00adbenheit der K\u00e4lte); 1973: Starea poeziei (Der Zustand der Poesie);\u00a0 1978: Epica Magna;\u00a0 1979: Opere imperfecte; 1982: Noduri \u015fi semne (Knoten und Zeichen), spiegelt die finstere Atmosph\u00e4re jener Jahre voller Zukunftslosigkeit und Depression. 1982: Opere Impersonale; 1982: Posthume; Essays; 1972; Cartea de recitire (Das Wie\u00adderle\u00adsebuch); 1985: Antimetafizica;1985:\u00a0 Ordinea cuvintelor. Antologie Nichita St\u0103nescu,\u00a0 editat\u0103 de Alexandru Condeescu. (Die Ordnung der W\u00f6rter. Anthologie Nichita St\u0103nescu besorgt von Alexandru Condeescu.) Einige B\u00e4nde sind posthum erschienen, so:\u00a0 1988: Poezii (mit einem Nachwort von Cristian Moraru); 1992: Argotice. Versuri \u00eenedite. (Argotisches. Unver\u00f6f\u00adfentlichte Verse.)<br \/>\nDeutsche \u00dcbersetzungen in Zeitschriften und Antho\u00adlogien: 11 Elegien (D. Schlesak, zweisprachig), Bukarest 1969; 1984:\u00a0 Im Namen der V\u00f6gel (R. F. Marmont), Bukarest; Gedichte in der Anthologie: Gef\u00e4hrliche Serpentinen. Rum\u00e4nische Lyrik der Gegenwart, Herausgegeben\u00a0 und mit einer Einleitung von Dieter Schlesak, Berlin 1997; Poezii\/ Gedichte, Herausgeber Matei Albastru, Bucure\u015fti\/ Bukarest 2003;\u00a0 Omag\u00a0 (Florica\u00a0 Madritsch Marin, zweisprachig),\u00a0 Sisyphus Verlag, Klagenfurt 2002.<\/p>\n<p>Lieferbare Titel von<b> <a href=\"http:\/\/wp.pop-verlag.com\/?page_id=927\"><strong>Nichita St\u0103nescu<\/strong><\/a>: <\/b><\/p>\n<p><strong><a href=\"http:\/\/wp.pop-verlag.com\/?p=930\">Elf Elegien<\/a><\/strong><b>. <\/b><span style=\"font-size: medium;\">Gedichte, <\/span>LYRIK Sammlung, Band. 4, <span style=\"font-size: medium;\">75\u00a0Seiten, <\/span>ISBN: <span style=\"font-size: medium;\">3-937139-06-0; <\/span>12,70 \u20ac.<\/p>\n","protected":false},"excerpt":{"rendered":"<p>Nichita St\u0103nescu\u00a0 1933-1983, war 1980 in der engeren Wahl f\u00fcr den Nobelpreis. Er ist einer der bedeutendsten rum\u00e4nischen Dichter der Nachkriegszeit, der einen eigenen Ton\u00a0 in die europ\u00e4ische Lyrik der Gegenwart einbringt, doch blieb er im Vergleich zu seiner Bedeutung &hellip; <a class=\"more-link\" href=\"https:\/\/wp.pop-verlag.com\/?page_id=927\">Weiterlesen <span class=\"meta-nav\">&rarr;<\/span><\/a><\/p>\n","protected":false},"author":2,"featured_media":0,"parent":712,"menu_order":3,"comment_status":"closed","ping_status":"closed","template":"","meta":{"footnotes":""},"class_list":["post-927","page","type-page","status-publish","hentry"],"jetpack_sharing_enabled":true,"_links":{"self":[{"href":"https:\/\/wp.pop-verlag.com\/index.php?rest_route=\/wp\/v2\/pages\/927","targetHints":{"allow":["GET"]}}],"collection":[{"href":"https:\/\/wp.pop-verlag.com\/index.php?rest_route=\/wp\/v2\/pages"}],"about":[{"href":"https:\/\/wp.pop-verlag.com\/index.php?rest_route=\/wp\/v2\/types\/page"}],"author":[{"embeddable":true,"href":"https:\/\/wp.pop-verlag.com\/index.php?rest_route=\/wp\/v2\/users\/2"}],"replies":[{"embeddable":true,"href":"https:\/\/wp.pop-verlag.com\/index.php?rest_route=%2Fwp%2Fv2%2Fcomments&post=927"}],"version-history":[{"count":5,"href":"https:\/\/wp.pop-verlag.com\/index.php?rest_route=\/wp\/v2\/pages\/927\/revisions"}],"predecessor-version":[{"id":2036,"href":"https:\/\/wp.pop-verlag.com\/index.php?rest_route=\/wp\/v2\/pages\/927\/revisions\/2036"}],"up":[{"embeddable":true,"href":"https:\/\/wp.pop-verlag.com\/index.php?rest_route=\/wp\/v2\/pages\/712"}],"wp:attachment":[{"href":"https:\/\/wp.pop-verlag.com\/index.php?rest_route=%2Fwp%2Fv2%2Fmedia&parent=927"}],"curies":[{"name":"wp","href":"https:\/\/api.w.org\/{rel}","templated":true}]}}