{"id":6647,"date":"2023-05-16T12:54:30","date_gmt":"2023-05-16T12:54:30","guid":{"rendered":"https:\/\/wp.pop-verlag.com\/?page_id=6647"},"modified":"2026-04-30T05:44:45","modified_gmt":"2026-04-30T05:44:45","slug":"veranstaltungen","status":"publish","type":"page","link":"https:\/\/wp.pop-verlag.com\/?page_id=6647","title":{"rendered":"Veranstaltungen"},"content":{"rendered":"<h1>Veranstaltungen<\/h1>\n<p><strong>\u25a0 <\/strong><strong>28.05.2026 \u2013 16:00-20:00, Berlin, <\/strong><strong>Weizenbaum-Institut \u2013 Kassenhalle.\u00a0<\/strong><strong>Workshop und Buchvorstellung: <\/strong><em><strong>Der Traum der Gurke.<\/strong> <\/em><strong><em>Ein literarisches KI-Experiment, <\/em><\/strong>Pop Verlag 2026<\/p>\n<pre>Ein Projekt des VS Berlin in Zusammenarbeit mit dem Weizenbaum-Institut\r\n\r\nKann man noch erkennen welche Texte menschengemacht sind? Autor:innen und verschiedene KI haben aus zehn zuf\u00e4llig ausgesuchten W\u00f6rtern kurze Texte verfasst. Wissenschaftler:innen haben das Experiment begleitet. Der Workshop am Weizenbaum-Institut will das entstandene Buch vorstellen und die KI-Problematik beleuchten.<\/pre>\n<pre><strong>Programm<\/strong>\r\n\r\n\u00a0\u2022 16:00-16:15 \u2022 Buchvorstellung \u2013 kurzer Abriss \u2013 Edith Ottschofski\r\n \u2022 16:15-17:45 \u2022 <strong><em>Wann kann\/darf\/soll KI kreativ sein?<\/em><\/strong> Diskussionsrunde\r\nModeration Dr. Jennifer Haase\/ Weizenbaum-Institut\r\nG\u00e4ste: Dr. Katrin Frisch, Prof. Dr. Sebastian Pokutta,\r\nProf. Dr. Tobias Wilke\r\n\u00a0\u2022 18:15-19:45<strong><em> \u2022 Was wollen wir lesen? <\/em><\/strong>Diskussionsrunde\r\n\r\nModeration Edith Ottschofski\/VS-Berlin\/Weizenbaum-Institut\r\nG\u00e4ste: Dr. Brigitte Heymann, Ulrike Gramann\/VS, Martina Wildner\/VS Berlin, Reinhard St\u00f6ckel\/VS\r\n \u2022 19:45-20:00 \u2022 Informelle Gespr\u00e4che\r\nAnmeldungen unter <a href=\"https:\/\/www.weizenbaum-institut.de\/veranstaltungen\/detailseite\/workshop-und-buchvorstellung-der-traum-der-gurke-ein-literarisches-ki-experiment\/\">https:\/\/www.weizenbaum-institut.de\/veranstaltungen\/detailseite\/workshop-und-buchvorstellung-der-traum-der-gurke-ein-literarisches-ki-experiment\/<\/a>oder direkt <a href=\"https:\/\/tickets.weizenbaum-institut.de\/rskne\/\">https:\/\/tickets.weizenbaum-institut.de\/rskne\/<\/a><\/pre>\n<p><strong><img loading=\"lazy\" decoding=\"async\" class=\"alignleft size-medium wp-image-7519\" src=\"https:\/\/wp.pop-verlag.com\/wp-content\/uploads\/2026\/04\/neunkoepfiges-Trio-292x300.jpg\" alt=\"\" width=\"292\" height=\"300\" srcset=\"https:\/\/wp.pop-verlag.com\/wp-content\/uploads\/2026\/04\/neunkoepfiges-Trio-292x300.jpg 292w, https:\/\/wp.pop-verlag.com\/wp-content\/uploads\/2026\/04\/neunkoepfiges-Trio-996x1024.jpg 996w, https:\/\/wp.pop-verlag.com\/wp-content\/uploads\/2026\/04\/neunkoepfiges-Trio-768x790.jpg 768w, https:\/\/wp.pop-verlag.com\/wp-content\/uploads\/2026\/04\/neunkoepfiges-Trio-1494x1536.jpg 1494w, https:\/\/wp.pop-verlag.com\/wp-content\/uploads\/2026\/04\/neunkoepfiges-Trio.jpg 1749w\" sizes=\"auto, (max-width: 292px) 100vw, 292px\" \/>\u00a0\u25a0 Dienstag, 12. Mai,<\/strong> &#8222;Rosengarten&#8220;, Frankfurter Stra\u00dfe 79, 64293 Darmstadt, 19 Uhr: <strong>Marc Mandel und die Literaturinitiative Darmstadt pr\u00e4sentieren das <em>Trio Infernal, <\/em><\/strong>Pop Verlag 2026<\/p>\n<p>&nbsp;<\/p>\n<p>&nbsp;<\/p>\n<p>&nbsp;<\/p>\n<p>&nbsp;<\/p>\n<p>&nbsp;<\/p>\n<p>&nbsp;<\/p>\n<p><strong><img loading=\"lazy\" decoding=\"async\" class=\"alignleft size-medium wp-image-7527\" src=\"https:\/\/wp.pop-verlag.com\/wp-content\/uploads\/2026\/04\/978-3-86356-437-7_A-205x300.jpg\" alt=\"\" width=\"205\" height=\"300\" srcset=\"https:\/\/wp.pop-verlag.com\/wp-content\/uploads\/2026\/04\/978-3-86356-437-7_A-205x300.jpg 205w, https:\/\/wp.pop-verlag.com\/wp-content\/uploads\/2026\/04\/978-3-86356-437-7_A-700x1024.jpg 700w, https:\/\/wp.pop-verlag.com\/wp-content\/uploads\/2026\/04\/978-3-86356-437-7_A-768x1124.jpg 768w, https:\/\/wp.pop-verlag.com\/wp-content\/uploads\/2026\/04\/978-3-86356-437-7_A-1049x1536.jpg 1049w, https:\/\/wp.pop-verlag.com\/wp-content\/uploads\/2026\/04\/978-3-86356-437-7_A-1399x2048.jpg 1399w, https:\/\/wp.pop-verlag.com\/wp-content\/uploads\/2026\/04\/978-3-86356-437-7_A.jpg 1654w\" sizes=\"auto, (max-width: 205px) 100vw, 205px\" \/>\u25a0 24.04.2026, Literaturhaus,<\/strong>\u00a0(Alt-Moabit 62-63 \u2013 10555 <strong>Berlin<\/strong>),\u00a0<strong>19 Uhr: Buchvorstellung, <em>Der Traum der Gurke.Ein literarisches KI-Experiment. <\/em><\/strong>(Pop Verlag, 2026,\u00a0Ein Projekt des VS Berlin in Zusammenarbeit mit dem Weizenbaum-Institut).\u00a0Es lesen<strong>: Brigitte D\u00f6bert, Orla Wolf <\/strong>und<strong> Michael-Andr\u00e9 Werner.\u00a0<\/strong>Moderation: <strong>Edith Ottschofski<\/strong> und <strong>Martina Wildner<\/strong><\/p>\n<p>&nbsp;<\/p>\n<p>&nbsp;<\/p>\n<p>&nbsp;<\/p>\n<p>&nbsp;<\/p>\n<p>&nbsp;<\/p>\n<p><strong>\u25a0\u00a0Montag 20. April, <\/strong>Literaturhaus Darmstadt im Kennedy-Haus, Kasinostra\u00dfe 3, 64293 Darmstadt, 19 Uhr<br \/>\nJohannes Breckner, Gesch\u00e4ftsf\u00fchrer der Gesellschaft Hessischer Literaturfreunde, spricht mit den Autoren des <em>Trio Infernal<\/em>. Und die lesen dann auch was.<\/p>\n<p><strong>\u25a0\u00a0<\/strong><strong>Donnerstag, den 26. M\u00e4rz 2026,\u00a0<\/strong>16:00 Uhr, Deutsche \u201eAlexander Tietz\u201c-Bibliothek Reschitza,<\/p>\n<ul>\n<li>Horst Samson und Traian Pop Traian, stellen die zuletzt erschienene Zeitschrift <strong><em>\u201eMATRIX\u201d<\/em><\/strong> vor, gewidmet Franz Hodjak, gefolgt von einer Lesung daraus;<\/li>\n<li>Adelheit Szekeresch liest aus <strong><em>\u201eRegentr\u00e4nen. Roman<\/em><\/strong><strong><em>\u201c<\/em><\/strong>, Einf\u00fchrung: Barbara Zeizinger. Moderation Erwin Josef \u021aigla:<\/li>\n<\/ul>\n<p><strong>\u25a0\u00a0<\/strong><strong>Freitag, den 27. M\u00e4rz 2026, <\/strong>9:30 Uhr, Deutsche \u201eAlexander Tietz\u201c-Bibliothek Reschitza,<\/p>\n<ul>\n<li>Horst Samson stellt folgende B\u00fccher des Autors Nicolae Tzone vor:<strong><em> \u201eBegr\u00e4bnisse. <\/em><\/strong><em>Gedichte. Aus dem Rum\u00e4nischen von Horst Samson. Mit 20 bildnerischen Arbeiten von Suzana F\u00e2nt\u00e2nariu und einem Nachwort, Metamorphosen, von Ioana P\u00e2rvulescu\u201c<\/em>,\u00a0 und <strong><em>\u201eZehn Elegien. <\/em><\/strong><em>Gedichte. Aus dem Rum\u00e4nischen von Horst Samson. Mit einem Glaubensbekenntnis in Form eines Interviews mit Robert \u0218erban und einem ausf\u00fchrlichen Essay von Ion Pop\u201c<\/em>,<\/li>\n<li>Anton Sterbling (F\u00fcrth, Deutschland) liest seine Erz\u00e4hlung <strong><em>\u201eDas vergebliche Warten Lenaus auf Kafka in Temeswar und die merkw\u00fcrdige Weiterreise in das Banater Bergland<\/em><\/strong><strong><em>\u201c <\/em><\/strong>vor. Moderation: Werner Kremm<\/li>\n<\/ul>\n<p><strong>\u25a0\u00a0<\/strong><strong>15:30 Uhr,<\/strong> \u201eFr\u00e9d\u00e9ric Ozanam\u201c-Sozialzentrum; Reschitza,<\/p>\n<ul>\n<li>Edith Ottschofski stellt vor und liest aus <strong><em>\u201e<\/em><\/strong><strong><em>Der Traum der Gurke<\/em><\/strong><strong><em>. <\/em><\/strong><strong><em>Ein literarisches KI-Experiment<\/em><\/strong><strong><em>\u201c<\/em><\/strong>,\u00a0\u00a0<strong><em>\u00a0<\/em><\/strong><\/li>\n<li>Barbara Zeizinger liest unver\u00f6ffentlichte Gedichte, mit dem Titel <strong><em>\u201eWie viele Herzen braucht ein Mensch?\u201c<\/em><\/strong>. Moderation: Hellmut Seiler<\/li>\n<\/ul>\n<p><strong>\u25a0 <\/strong><strong>Samstag, den 28. M\u00e4rz 2026, 9:30 Uhr, <\/strong>Deutsche \u201eAlexander Tietz\u201c-Bibliothek Reschitza,<\/p>\n<ul>\n<li>Horst Samson (Neuberg, Deutschland) stellt sein Buch:<strong><em> \u201e<\/em><\/strong><strong><em>Vom Auftauchen und Verschwinden der Landschaft. Gedichte<\/em><\/strong><strong><em>\u201c<\/em><\/strong>, Moderation: Anton Sterbling<\/li>\n<li>Anton Sterbling (F\u00fcrth, Deutschland) stellt vor und liest aus <strong><em>\u201e<\/em><\/strong><strong><em>Donauschw\u00e4bische Kultur, Schriftsteller in der Fremde, Relevanz der Sprache<\/em><\/strong><strong><em>\u201c<\/em><\/strong><\/li>\n<li><strong>\u25a0\u00a0<\/strong><strong>15:30 Uhr<\/strong><\/li>\n<li>Werner Kremm (Reschitza \/ Gro\u00dfsanktnikolaus) und Traian Pop Traian, Leiter des \u201ePop\u201c-Verlags in Ludwigsburg, Deutschland, stellen den Band des Autors Robert \u0218erban (Vorsitzender der Temeswarer Filiale des Rum\u00e4nischen Schriftstellerverbands) vor: <strong><em>\u201e<\/em><\/strong><strong><em>Techniken der Tarnung \/ Tehnici de camuflaj. Gedichte. Deutsch<\/em><\/strong> <strong><em>\/<\/em><\/strong> <strong><em>Rum\u00e4nisch. Aus dem Rum\u00e4nischen \u00fcbersetzt von Edith Konradt<\/em><\/strong><strong><em>\u201c<\/em><\/strong>, erschienen im \u201ePop\u201c-Verlag Ludwigsburg, 2025, Schriftenreihe Lyrik, Nr. 190;<\/li>\n<\/ul>\n<p><strong>\u25a0 15:30 Uhr, <\/strong>Deutsche \u201eAlexander Tietz\u201c-Bibliothek Reschitza,<\/p>\n<ul>\n<li>Werner Kremm und Traian Pop Traian, stellen den Band des Autors Robert \u0218erban\u00a0 vor: <strong><em>\u201e<\/em><\/strong><strong><em>Techniken der Tarnung \/ Tehnici de camuflaj. Gedichte. <\/em><\/strong><em>Deutsch<\/em> <em>\/<\/em> <em>Rum\u00e4nisch. Aus dem Rum\u00e4nischen \u00fcbersetzt von Edith Konradt<\/em><em>\u201c<\/em><\/li>\n<\/ul>\n<p><strong>\u25a0<\/strong> Besuchen Sie uns an unserem <strong>Stand C 303<\/strong><strong> in Halle 4<\/strong> auf der<strong> Leipziger Buchmesse<\/strong> vom 19. bis 22. M\u00e4rz 2026\u00a0und die Veranstaltungen unserer Autoren und Autorinnen im Rahmen von <em>Leipzig liest.\u00a0<\/em>Wir freuen uns darauf, Sie bei uns am Stand zu treffen und m\u00f6chten Ihnen auch ganz herzlich unsere Veranstaltungen im Rahmen des \u00bbLeipzig liest\u00ab-Programmes ans Herz legen. Hier haben Sie die M\u00f6glichkeit, unsere Autor:innen pers\u00f6nlich zu treffen.<\/p>\n<p><strong>\u25a0 Im Vorfeld \u25a0 DI. 17. M\u00c4RZ 19:00 Uhr | Rum\u00e4nisches Kulturinstitut \u201eTitu Maiorescu\u201c, Reinhardtstra\u00dfe 14, 10117 Berlin<\/strong><\/p>\n<p>Die Vorstellung der Romane \u201eDie K\u00f6nigin der Kelche\u201c von Iulian Ciocan, \u201eF\u00fcnf Uhr und sieben Minuten\u201c von Dumitru Crudu sowie \u201eLebendiges Gewebe 10 \u00d7 10\u201c von Emilian Galaicu-P\u0103un findet im Vorfeld der Leipziger Buchmesse (19.\u201322. M\u00e4rz 2026), als Pr\u00e4sentations- und Gespr\u00e4chsveranstaltung unter Beteiligung der drei Autoren sowie der drei \u00dcbersetzer Georg Aescht, Julia Richter und Ingrid Baltag statt. Moderation: Paula Erizanu.<\/p>\n<p>\u25a0<strong> DO. 19. M\u00c4RZ 15:30-16:00 Uhr | Forum Globale Perspektiven (Halle 4, Stand E303)<\/strong><\/p>\n<p><strong>\u00a0\u201eZerrissenheit\u201c. <\/strong>Eine magyarisch-kanadische Global Story der Conditio humana \u2013 <strong>e<\/strong>in \u201eKettens\u00e4genroman\u201c, eine Provokation, die mit tradierten Regeln bricht. Lesung und Gespr\u00e4ch mit dem Autor Zolt\u00e1n B\u00f6sz\u00f6rm\u00e9nyi, dem \u00dcbersetzer Hans-Henning Paetzke und dem Verleger Traian Pop. \u00a0Moderation: Barbara Zeizinger<\/p>\n<p>\u25a0<strong> DO. 19. M\u00c4RZ 16:00-16:50 Uhr | (Halle 4, Stand C303) <\/strong><\/p>\n<p><strong>Signierstunde <\/strong>mit: Zolt\u00e1n B\u00f6sz\u00f6rm\u00e9nyi, Benedikt Dyrlich, Alex Dreppec, PH Gruner, Bal\u00e1zs Mesterh\u00e1zy, Edith Ottschofski, Hans-Henning Paetzke, Traian Pop Traian, Tom Wolff und Barbara Zeizinger,<\/p>\n<p>\u25a0<strong> DO. 19. M\u00c4RZ 17:00-17:30 <\/strong><strong>Uhr | Forum Globale Perspektiven (Halle 4, Stand E303)<\/strong><\/p>\n<p><strong>\u201e<\/strong><a href=\"https:\/\/www.leipziger-buchmesse.de\/pco\/de\/buchmesse\/69931b2f5adef2c67a0355d8\"><strong>Jinker<\/strong><\/a><strong>\u201c <\/strong>und<strong> \u201e<\/strong><a href=\"https:\/\/www.leipziger-buchmesse.de\/pco\/de\/buchmesse\/698998dff1ac630a840fd8c5\"><strong>Traumleicht<\/strong><\/a><strong>\u201c<\/strong><strong>.<\/strong> Deutsch-ungarische Literatur-Begegnung. Der ungarische Autor Bal\u00e1zs Mesterh\u00e1zy und der in Budapest lebende deutsche Autor und \u00dcbersetzer Hans-Henning Paetzke stellen gemeinsam mit dem Verleger Traian Pop die zwei Neuerscheinungen vor. Moderation: Barbara Zeizinger<\/p>\n<p>\u25a0<strong> DO. 19. M\u00c4RZ 18:00-21:30 Uhr | Musikinstrumentenmuseum im Grassi, Johannisplatz 5-11, Leipzig \u201eUnter Strom und zwischen Welten\u201c \u2022 <\/strong>Miljenko Jergovi\u0107, Gabriela Adame\u0219teanu, Emilian Galaicu-P\u0103un, Marie-Janine Calic, Justine Thoms. Andr\u00e1s Visky. Mit Lesungen (Steffi B\u00f6ttger und Andreas Keller) und Musik (Rada Synergica). Moderation: Andr\u00e1s Visky, Maike Albath und J\u00f6rg Plath<\/p>\n<p><strong>\u00a0<\/strong><\/p>\n<ol start=\"20\">\n<li><strong> 20. M\u00c4RZ 12:30-13:00 Uhr | Forum Globale Perspektiven (Halle 4, Stand E303)<\/strong><\/li>\n<\/ol>\n<p><a href=\"https:\/\/www.leipziger-buchmesse.de\/pco\/de\/buchmesse\/69398a5adeac54501500f611\">Wie du sagst<\/a>. Levan Beridze im Gespr\u00e4ch. Mit <a href=\"https:\/\/www.leipziger-buchmesse.de\/pco-sprecher\/buchmesse\/69316704e295526176082198\">Levan Beridze <\/a><a href=\"https:\/\/www.leipziger-buchmesse.de\/pco-sprecher\/buchmesse\/6931669b03c34070cc004b6f\">Prof. Manana Tandashwili <\/a>und <a href=\"https:\/\/www.leipziger-buchmesse.de\/pco-sprecher\/buchmesse\/65cf48bc388dad56890a5044\">Lia Wittek <\/a><\/p>\n<p>\u25a0<strong> FR. 20. M\u00c4RZ 12:30-13:00 Uhr | (Halle 4, Stand D401\/E400)<\/strong><\/p>\n<p><strong>Literaturexpress Darmstadt\u2013Timisoara \u201eTrio infernal\u201c. <\/strong>W\u00fcrzige Klartexte von Alex Dreppec, PH Gruner und Tom Wolff. Die drei Tacheles-Dichter aus Darmstadt begegnen den makabren Zumutungen der Zeit mit Witz, Sch\u00e4rfe und politisch unkorrekter Chuzpe. Akte der Selbstverteidigung in der zivilisatorischen Krise. Wo der Spa\u00df aufh\u00f6rt, beginnt der Humor. Moderation: Barbara Zeizinger und Traian Pop Traian.<\/p>\n<p>\u25a0<strong> FR. 20. M\u00c4RZ 15:00-16:00 Uhr | <\/strong>Ministry of Culture of Romania (Halle 4, Stand D401\/E400)<\/p>\n<p><a href=\"https:\/\/www.leipziger-buchmesse.de\/pco\/de\/buchmesse\/69930c8be48d26cd7e093c76\"><strong>Poetic tandem. <\/strong>New translations from Romania and the Republic of Moldova<\/a>. Two profound poetic works exploring the masks of identity and the intricate textures of memory. Robert \u0218erban: \u201eTechniken der Tarnung\u201c &amp; Emilian Galaicu-P\u0103un: \u201eLebendiges Gewebe\u201c, Pop Verlag, 2025. Podiumsdiskussion mit Robert \u0218erban, Edith Konradt, Emilian Galaicu-P\u0103un, Traian Pop Traian (Pop Verlag), Jan Cornelius, Georg Aescht<\/p>\n<p>\u25a0<strong> FR. 20. M\u00c4RZ 16:00-17:00 Uhr | Forum Globale Perspektiven (Halle 4, Stand E303)<\/strong><\/p>\n<p><a href=\"https:\/\/www.leipziger-buchmesse.de\/pco\/de\/buchmesse\/6989b780911702d3ca01c890\">No more borders<\/a>. Moldovan authors, upcoming names of European literature. The event brings four leading voices of contemporary Moldovan literature in dialogue with J\u00f6rg Plath. Teilnehmer: Emilian Galaicu-P\u0103un , <a href=\"https:\/\/www.leipziger-buchmesse.de\/pco-sprecher\/buchmesse\/693a98b883ae20698f07ceae\">Dumitr<\/a>u <a href=\"https:\/\/www.leipziger-buchmesse.de\/pco-sprecher\/buchmesse\/693a98b883ae20698f07ceae\">Crudu, <\/a><a href=\"https:\/\/www.leipziger-buchmesse.de\/pco-sprecher\/buchmesse\/693a98a2cb7188aabc0851ab\">Lorina B\u0103lteanu, <\/a><a href=\"https:\/\/www.leipziger-buchmesse.de\/pco-sprecher\/buchmesse\/67ab0a04044a7e334a01a509\">Iulian Ciocan, <\/a>\u00a0Georg Aescht<\/p>\n<p>\u25a0<strong> FR. 20. M\u00c4RZ 16:00-17:00 Uhr | Traduki Kaftana, Halle 4 D403<\/strong><\/p>\n<p>Die kleinen Dinge des Alltags, die das Leben pr\u00e4gen und ertr\u00e4glich machen, stehen im Mittelpunkt der Gedichte von Robert \u0218erban und Ana Svetel. Aber der Rum\u00e4ne Robert \u0218erban kratzt an der Oberfl\u00e4che der Dinge, die sich oft als mehrdeutig herausstellen, entlarvt das beschauliche Trugbild und er\u00f6ffnet in seinem zweisprachigen Band <em>Techniken der Tarnung\/Tehnici de camuflaj <\/em>(\u00dc: Edith Konradt, Pop Verlag 2025) den Lesenden ein melancholisches Weltbild. Ihm gleich tut es die Slowenin Ana Svetel, die mit ihren Gedichten wie aus Marmor gemei\u00dfelte Momentaufnahmen formt, um so die Widerspr\u00fcche der Welt festzuhalten \u2013 aber die Oberfl\u00e4che des Gesteins reflektiert dennoch auch Licht.<\/p>\n<p>\u25a0<strong> SA. 21. M\u00c4RZ 17:00-17:30 Uhr | Forum Globale Perspektiven (Halle 4, Stand E303)<\/strong><\/p>\n<p><a href=\"https:\/\/www.leipziger-buchmesse.de\/pco\/de\/buchmesse\/697219e1b5c116887e08476e\">Bessarabien und Dobrudscha in der Republik Moldau<\/a>. Emilian Galaicu-P\u0103un: moldauischer preisgekr\u00f6nter Schriftsteller, dessen Werke in zahlreiche Sprachen \u00fcbersetzt wurden. Teilnehmer: <a href=\"https:\/\/www.leipziger-buchmesse.de\/pco-sprecher\/buchmesse\/638779450ffe46aa900c54e7\">Josef Sallanz, <\/a><a href=\"https:\/\/www.leipziger-buchmesse.de\/pco-sprecher\/buchmesse\/63860f04ebeb31e16705dd2f\">Ariane Afsari, <\/a>\u00a0Emilian Galaicu-P\u0103un, <a href=\"https:\/\/www.leipziger-buchmesse.de\/pco-sprecher\/buchmesse\/677e54b089e67d6f4a021710\">Georg Aescht <\/a><\/p>\n<p>\u25a0<strong> SA. 21. M\u00c4RZ 19:00 &#8211; 20:30 Uhr | <\/strong><a href=\"https:\/\/www.leipziger-buchmesse.de\/de\/veranstaltungsprogramm\/?q=Levan+Beridze&amp;limitSearchResults=10&amp;place=Galerie+KUB\"><strong>Galerie KUB &#8211; Forum<\/strong> <\/a>. <a href=\"https:\/\/www.leipziger-buchmesse.de\/pco\/de\/buchmesse\/6983255c5fc0c25d600eaec6\"><strong>Zeitgen\u00f6ssische georgische Prosa<\/strong><\/a><strong>.<\/strong> Mit: <a href=\"https:\/\/www.leipziger-buchmesse.de\/pco-sprecher\/buchmesse\/693166ba35bfb76bc60ac61f\">Nodar Macharaschwili, <\/a><a href=\"https:\/\/www.leipziger-buchmesse.de\/pco-sprecher\/buchmesse\/69316704e295526176082198\">Levan Beridze, <\/a><a href=\"https:\/\/www.leipziger-buchmesse.de\/pco-sprecher\/buchmesse\/6931671de29552617608219e\">Beso Khvedelidze, <\/a><a href=\"https:\/\/www.leipziger-buchmesse.de\/pco-sprecher\/buchmesse\/698324dd1801fc7c5f06ae90\">Nino Sadghobelaschwili, <\/a><a href=\"https:\/\/www.leipziger-buchmesse.de\/pco-sprecher\/buchmesse\/698324e51801fc7c5f06ae95\">Giorgi Lobzhanidze, <\/a><a href=\"https:\/\/www.leipziger-buchmesse.de\/pco-sprecher\/buchmesse\/698324eb5fc0c25d600eaea5\">Giorgi Zedvakeli, <\/a><a href=\"https:\/\/www.leipziger-buchmesse.de\/pco-sprecher\/buchmesse\/698324f21801fc7c5f06ae99\">Ia Sulaberidze <\/a><a href=\"https:\/\/www.leipziger-buchmesse.de\/pco-sprecher\/buchmesse\/698324f85fc0c25d600eaea9\">Uber, Irma Schiolaschwili, <\/a><a href=\"https:\/\/www.leipziger-buchmesse.de\/pco-sprecher\/buchmesse\/6931673003c34070cc004ba4\">Helmut Kunkel, <\/a><a href=\"https:\/\/www.leipziger-buchmesse.de\/pco-sprecher\/buchmesse\/65cf48bc388dad56890a5044\">Lia Wittek, <\/a><a href=\"https:\/\/www.leipziger-buchmesse.de\/pco-sprecher\/buchmesse\/698325135fc0c25d600eaeb1\">\u00a0Manana Tandaschwili und\u00a0 <\/a><a href=\"https:\/\/www.leipziger-buchmesse.de\/pco-sprecher\/buchmesse\/698325191801fc7c5f06aea5\">Irma Beridze <\/a><\/p>\n<p>\u25a0<strong> SA. 21. M\u00c4RZ 20:30 &#8211; 21:30 Uhr | <\/strong><a href=\"https:\/\/www.leipziger-buchmesse.de\/de\/veranstaltungsprogramm\/?q=Levan+Beridze&amp;limitSearchResults=10&amp;place=Galerie+KUB\"><strong>Galerie KUB &#8211; Forum<\/strong> <\/a>. <a href=\"https:\/\/www.leipziger-buchmesse.de\/pco\/de\/buchmesse\/6983255c5fc0c25d600eaec6\"><strong>Zeitgen\u00f6ssische georgische <\/strong><strong><u>Lyrik<\/u><\/strong><\/a><strong>.<\/strong> Mit: <a href=\"https:\/\/www.leipziger-buchmesse.de\/pco-sprecher\/buchmesse\/693166ba35bfb76bc60ac61f\">Nodar Macharaschwili, <\/a><a href=\"https:\/\/www.leipziger-buchmesse.de\/pco-sprecher\/buchmesse\/69316704e295526176082198\">Levan Beridze, <\/a><a href=\"https:\/\/www.leipziger-buchmesse.de\/pco-sprecher\/buchmesse\/6931671de29552617608219e\">Beso Khvedelidze, <\/a><a href=\"https:\/\/www.leipziger-buchmesse.de\/pco-sprecher\/buchmesse\/698324dd1801fc7c5f06ae90\">Nino Sadghobelaschwili, <\/a><a href=\"https:\/\/www.leipziger-buchmesse.de\/pco-sprecher\/buchmesse\/698324e51801fc7c5f06ae95\">Giorgi Lobzhanidze, <\/a><a href=\"https:\/\/www.leipziger-buchmesse.de\/pco-sprecher\/buchmesse\/698324eb5fc0c25d600eaea5\">Giorgi Zedvakeli, <\/a><a href=\"https:\/\/www.leipziger-buchmesse.de\/pco-sprecher\/buchmesse\/698324f21801fc7c5f06ae99\">Ia Sulaberidze <\/a><a href=\"https:\/\/www.leipziger-buchmesse.de\/pco-sprecher\/buchmesse\/698324f85fc0c25d600eaea9\">Uber, Irma Schiolaschwili, <\/a><a href=\"https:\/\/www.leipziger-buchmesse.de\/pco-sprecher\/buchmesse\/6931673003c34070cc004ba4\">Helmut Kunkel, <\/a><a href=\"https:\/\/www.leipziger-buchmesse.de\/pco-sprecher\/buchmesse\/65cf48bc388dad56890a5044\">Lia Wittek, <\/a><a href=\"https:\/\/www.leipziger-buchmesse.de\/pco-sprecher\/buchmesse\/698325135fc0c25d600eaeb1\">\u00a0Manana Tandaschwili und\u00a0 <\/a><a href=\"https:\/\/www.leipziger-buchmesse.de\/pco-sprecher\/buchmesse\/698325191801fc7c5f06aea5\">Irma Beridze <\/a><\/p>\n<p>\u25a0<strong> SA. 21. M\u00c4RZ 20:30 &#8211; 21:30 Uhr | <\/strong>UT Connewitz. Leipzig<\/p>\n<p>Balkannacht. Mit Maja Iskra, Jehona Kicaj, Kristian Novak, Robert \u015eerban und Andr\u00e1s Visky. Musik: Masayah. Veranstalter: TRADUKI<\/p>\n<p>\u25a0<strong> SO. 22. M\u00c4RZ 10:15-10:45 Uhr | (Halle 4, Stand D401\/E400)<\/strong><\/p>\n<p><strong>Ein deutscher Verleger mit Wurzeln in Rum\u00e4nien und seine Autoren aus Berlin<\/strong><strong>. <\/strong>Wen interessiert es am Ende, wenn die KI-erzeugten Texte von individuellen Erfahrungen, echten Gef\u00fchlen, wahren Erlebnissen nicht mehr zu unterscheiden sind? \u201eDer Traum der Gurke\u201c, ein literarisches KI-Experiment. Lesung und Gespr\u00e4ch mit Edith Ottschofski, Martina Wildner und Brigitte Heymann.<\/p>\n<p>\u25a0<strong> SO. 22. M\u00c4RZ 10:45-11:30 Uhr | (Halle 4, Stand D401\/E400) <\/strong><\/p>\n<p><strong>Rum\u00e4nisch-deutsche Literatur-MATRIX. <\/strong>Zwei Zeitschriftenausgaben zu\u00a0Franz Hodjak bzw.\u00a0der Dresdner Schreibwerkstatt von Michael G. Fritz im Erich K\u00e4stner Haus f\u00fcr Literatur. Lesung und Gespr\u00e4ch mit Horst Samson, Jutta M\u00fcller, Annegret M\u00fchl, Eileen M\u00e4gel, Hans-Haiko Seifert, Petra Schweizer-Strobel und Michael Zschech. Moderation: Michael G. Fritz<\/p>\n<p>\u25a0<strong> SO. 22. M\u00c4RZ 11:30-12:00 Uhr | Forum \u00dcbersetzen\/Salon International (Halle 4, Stand C403)<\/strong><\/p>\n<p>\u201e<a href=\"https:\/\/www.leipziger-buchmesse.de\/pco\/de\/buchmesse\/699316f05ad1a7f51a087d50\"><strong>Kalte Tage\u201c &amp; \u201eSchwere Zeiten<\/strong><\/a><strong>\u201c<\/strong>. Eine deutsch-ungarische Literaturbegegnung. Lesung und Gespr\u00e4ch mit Dagmar Dusil, Lorand Peth\u0151, Barbara Zeizinger und Traian Pop. Moderation: Gert Weisskirchen<br \/>\n\u25a0<strong> SO. 22. M\u00c4RZ 12.00-12.30 Uhr | (Halle 4, Stand D401\/E400)<\/strong><\/p>\n<p><strong>Kalt, kalt bis hei\u00df:<\/strong> \u201e<a href=\"https:\/\/wp.pop-verlag.com\/?p=7217\">Die Zunge ist ein Blindenf\u00fchrer\u201c.<\/a> Neue Gedichte und lyrische Prosa von Dagmar Dusil, Barbara Zeizinger und Peter Gehrisch. Moderation: Gert Weisskirchen<\/p>\n<p>\u25a0<strong> SO. 22. M\u00c4RZ 12:30-13:00 Uhr | Forum Globale Perspektiven\u00a0(Halle 4, Stand E303)<\/strong><\/p>\n<p><a href=\"https:\/\/www.leipziger-buchmesse.de\/pco\/de\/buchmesse\/69721f749604ce53c20ac888\"><strong>Fragen der kulturellen Identit\u00e4t<\/strong><\/a><strong>.<\/strong> Drei deutsche Autoren aus dem rum\u00e4nischen Banat. Lesung und Gespr\u00e4ch mit Adelheit Szekeresch, Horst Samson und Anton Sterbling. Moderation: Gert Weisskirchen und Barbara Zeizinger<\/p>\n<p>\u25a0<strong> SO. 22. M\u00c4RZ 13.00-13.30 Uhr | (Halle 4, Stand D401\/E400) <\/strong><\/p>\n<p><strong>Neuerscheinungen. <\/strong>Zwei Dichter und \u00dcbersetzer pr\u00e4sentieren ihre eigenen sowie die k\u00fcrzlich \u00fcbersetzten Werke der rum\u00e4nischen Autoren Dinu Flamand und Nicolae Tzone. Teilnehmer: Horst Samson, Lorand Peth\u0151 und Traian Pop Traian. Moderation: Barbara Zeizinger<\/p>\n<p>\u25a0<strong> SO. 22. M\u00c4RZ 13:30-14:00 Uhr | (Halle 4, Stand D401\/E400) <\/strong><\/p>\n<p><strong>\u201eRegentr\u00e4nen\u201c.<\/strong> <a href=\"https:\/\/www.leipziger-buchmesse.de\/pco\/de\/buchmesse\/69721f749604ce53c20ac888\">Fragen der kulturellen Identit\u00e4t<\/a>. Lesung und Gespr\u00e4ch mit Adelheit Szekeresch, Horst Samson und Anton Sterbling. Moderation: Gert Weisskirchen und Barbara Zeizinger<\/p>\n<p>\u25a0<strong> SO. 22. M\u00c4RZ 14:00-14:30 Uhr | Forum \u00dcbersetzen\/Salon International (Halle 4, Stand C403)<\/strong><\/p>\n<p><strong>Von Angesicht zu Angesicht<\/strong>. <strong>\u201eZerrissenheit\u201c und <\/strong><strong>\u201e<\/strong><a href=\"https:\/\/www.leipziger-buchmesse.de\/pco\/de\/buchmesse\/698998dff1ac630a840fd8c5\"><strong>Traumleicht<\/strong><\/a><strong>\u201c. <\/strong>Zwei Neuerscheinungen von Zolt\u00e1n B\u00f6sz\u00f6rm\u00e9nyi und Hans-Henning Paetzke. Eine Global Story der Conditio humana gegen\u00fcber <strong>e<\/strong>inem Liebesroman, eingebettet in die L\u00e4nder des \u201ereal existierenden Sozialismus\u201c. Lesung und Gespr\u00e4ch mit Zolt\u00e1n B\u00f6sz\u00f6rm\u00e9nyi, Hans-Henning Paetzke und dem Verleger Traian Pop. Moderation Barbara Zeizinger<\/p>\n<p>\u25a0<strong> SO. 22. M\u00c4RZ 14:30-15:00 Uhr | (Halle 4, Stand D401\/E400) <\/strong><\/p>\n<p><strong>Ein deutscher Verleger rum\u00e4nischer Herkunft und seine franz\u00f6sischen Autoren.<\/strong> Fran\u00e7ois Dominique: \u201eZarte Hexen\u201c. Zw\u00f6lf Frauenportr\u00e4ts erz\u00e4hlen vom wahren und feinsinnigen R\u00e4tsel weiblicher Gestalten, von der intimen Magie, durch die diese Gestalten stets gleichzeitig abwesend und pr\u00e4sent sind. Lesung und Gespr\u00e4ch mit dem \u00dcbersetzer Alain Jadot und dem Verleger Traian Pop. Moderation: Gert Weisskirchen<br \/>\n\u25a0<strong> SO. 22. M\u00c4RZ 15:30-16:30 Uhr | Forum Globale Perspektiven (Halle 4, Stand E303)<\/strong><\/p>\n<p><strong>\u201eStimmen vom Berg der Sprachen\u201c &amp; \u201e<\/strong><a href=\"https:\/\/www.leipziger-buchmesse.de\/pco\/de\/buchmesse\/6993282798b376f7370a0b46\"><strong>Was auch immer du sagst<\/strong><\/a><strong> \u2026\u201c<\/strong> Lesung und Gespr\u00e4ch mit dem georgischen Autor Levan Beridze, den \u00dcbersetzerinnen Steffi Chotiwari-Junger und Lia Wittek sowie dem Verleger Traian Pop. Moderation: Gert Weisskirchen<\/p>\n<p><img loading=\"lazy\" decoding=\"async\" class=\"alignleft size-medium wp-image-7491\" src=\"https:\/\/wp.pop-verlag.com\/wp-content\/uploads\/2026\/03\/NA_Plakat-DINA0_Leipzig-2026-_2-Kopie-214x300.jpg\" sizes=\"auto, (max-width: 214px) 100vw, 214px\" srcset=\"https:\/\/wp.pop-verlag.com\/wp-content\/uploads\/2026\/03\/NA_Plakat-DINA0_Leipzig-2026-_2-Kopie-214x300.jpg 214w, https:\/\/wp.pop-verlag.com\/wp-content\/uploads\/2026\/03\/NA_Plakat-DINA0_Leipzig-2026-_2-Kopie-729x1024.jpg 729w, https:\/\/wp.pop-verlag.com\/wp-content\/uploads\/2026\/03\/NA_Plakat-DINA0_Leipzig-2026-_2-Kopie-768x1079.jpg 768w, https:\/\/wp.pop-verlag.com\/wp-content\/uploads\/2026\/03\/NA_Plakat-DINA0_Leipzig-2026-_2-Kopie-1093x1536.jpg 1093w, https:\/\/wp.pop-verlag.com\/wp-content\/uploads\/2026\/03\/NA_Plakat-DINA0_Leipzig-2026-_2-Kopie-1458x2048.jpg 1458w, https:\/\/wp.pop-verlag.com\/wp-content\/uploads\/2026\/03\/NA_Plakat-DINA0_Leipzig-2026-_2-Kopie-scaled.jpg 1822w\" alt=\"\" width=\"214\" height=\"300\" \/> <img loading=\"lazy\" decoding=\"async\" class=\"alignleft size-medium wp-image-7492\" src=\"https:\/\/wp.pop-verlag.com\/wp-content\/uploads\/2026\/03\/NA_Plakat-DINA0_Leipzig-2026_1-Kopie-214x300.jpg\" sizes=\"auto, (max-width: 214px) 100vw, 214px\" srcset=\"https:\/\/wp.pop-verlag.com\/wp-content\/uploads\/2026\/03\/NA_Plakat-DINA0_Leipzig-2026_1-Kopie-214x300.jpg 214w, https:\/\/wp.pop-verlag.com\/wp-content\/uploads\/2026\/03\/NA_Plakat-DINA0_Leipzig-2026_1-Kopie-729x1024.jpg 729w, https:\/\/wp.pop-verlag.com\/wp-content\/uploads\/2026\/03\/NA_Plakat-DINA0_Leipzig-2026_1-Kopie-768x1079.jpg 768w, https:\/\/wp.pop-verlag.com\/wp-content\/uploads\/2026\/03\/NA_Plakat-DINA0_Leipzig-2026_1-Kopie-1093x1536.jpg 1093w, https:\/\/wp.pop-verlag.com\/wp-content\/uploads\/2026\/03\/NA_Plakat-DINA0_Leipzig-2026_1-Kopie-1458x2048.jpg 1458w, https:\/\/wp.pop-verlag.com\/wp-content\/uploads\/2026\/03\/NA_Plakat-DINA0_Leipzig-2026_1-Kopie-scaled.jpg 1822w\" alt=\"\" width=\"214\" height=\"300\" \/><\/p>\n<p>&nbsp;<\/p>\n<p>&nbsp;<\/p>\n<p>&nbsp;<\/p>\n<p>&nbsp;<\/p>\n<p>&nbsp;<\/p>\n<p>&nbsp;<\/p>\n<p>&nbsp;<\/p>\n<p>&nbsp;<\/p>\n<p>&nbsp;<\/p>\n<p>Autoren der Literaturgruppe POSEIDON lesen aus der Anthologie <em>&#8222;Smartphone-Storys. Erkundungen eines Ph\u00e4nomens&#8220; <\/em>im Rhein-Main Gebiet zu folgenden Terminen im April 2024:<\/p>\n<p><strong><img loading=\"lazy\" decoding=\"async\" class=\"alignleft size-medium wp-image-6786\" src=\"https:\/\/wp.pop-verlag.com\/wp-content\/uploads\/2023\/10\/978-3-86356-385-1_BuB-191x300.jpg\" alt=\"\" width=\"191\" height=\"300\" srcset=\"https:\/\/wp.pop-verlag.com\/wp-content\/uploads\/2023\/10\/978-3-86356-385-1_BuB-191x300.jpg 191w, https:\/\/wp.pop-verlag.com\/wp-content\/uploads\/2023\/10\/978-3-86356-385-1_BuB-652x1024.jpg 652w, https:\/\/wp.pop-verlag.com\/wp-content\/uploads\/2023\/10\/978-3-86356-385-1_BuB-768x1206.jpg 768w, https:\/\/wp.pop-verlag.com\/wp-content\/uploads\/2023\/10\/978-3-86356-385-1_BuB-978x1536.jpg 978w, https:\/\/wp.pop-verlag.com\/wp-content\/uploads\/2023\/10\/978-3-86356-385-1_BuB-1304x2048.jpg 1304w, https:\/\/wp.pop-verlag.com\/wp-content\/uploads\/2023\/10\/978-3-86356-385-1_BuB-scaled.jpg 1630w\" sizes=\"auto, (max-width: 191px) 100vw, 191px\" \/>Sonntag, 07. April, <\/strong><strong>11 Uhr<\/strong><br \/>\nMatinee im Nebbienschen Gartenhaus<br \/>\nK\u00fcnstlerclub Frankfurt am Main, Frauenlobstra\u00dfe 37.<br \/>\nMusikalische Intermezzi: Daniel Reck<\/p>\n<p><strong>Donnerstag, 18. April, <\/strong><strong>19 Uhr<\/strong><br \/>\nCityLab Darmstadt, Wilhelminenstra\u00dfe 25<\/p>\n<p><strong>Sonntag, 21. April, <\/strong><strong>15 Uhr<\/strong><br \/>\nHaus der Stadtgeschichte, Offenbach, Herrnstra\u00dfe 61.<br \/>\nMusikalische Intermezzi: Daniel Reck<\/p>\n<p>&nbsp;<\/p>\n<p>&nbsp;<\/p>\n<p>&nbsp;<\/p>\n<p>\u25a0 23 Jahre Literaturverlag \u25a0 Unser Standort: Halle 4, Stand C 303\u00a0 \u25a0 Leipzig liest 2025 \u25a0 Wir freuen uns darauf, Sie bei uns am Stand zu treffen, und m\u00f6chten Ihnen auch ganz herzlich unsere Veranstaltungen im Rahmen des \u00bbLeipzig liest\u00ab-Programms ans Herz legen. Hier haben Sie die M\u00f6glichkeit, unsere Autor:innen pers\u00f6nlich zu treffen. \u25a0<\/p>\n<p><strong>28.03.2025 <\/strong>12.30-13.00<strong> | <\/strong><a href=\"https:\/\/www.leipziger-buchmesse.de\/de\/leipzig-liest\/?q=Pop+verlag&amp;limitSearchResults=10&amp;place=Globale+Perspektiven\"><strong>Globale Perspektiven<\/strong><\/a><strong> | Halle 4 | Stand E305 <\/strong><strong>\u201eDer Wille des Menschen ist antastbar. Von der Allgegenwart der Manipulation\u201c. <\/strong>Ana Blandiana im Gespr\u00e4ch mit Georg Aescht und Traian Pop. In der Gestalt von Ana Blandiana lebt der europ\u00e4ische Geist Rum\u00e4niens.<\/p>\n<p>15.00-15.30<strong> | <\/strong><a href=\"https:\/\/www.leipziger-buchmesse.de\/de\/leipzig-liest\/?q=Pop+verlag&amp;limitSearchResults=10&amp;place=Globale+Perspektiven\"><strong>Globale Perspektiven<\/strong><\/a><strong> | Halle 4 | \u00a0Stand E305\u00a0<\/strong><strong>\u201eDas gibt\u2019s doch gar nicht! Die Walachei ist nicht im Nirgendwo, sondern mitten unter uns\u201c. <\/strong>Ein deutscher Verleger mit Wurzeln in Rum\u00e4nien und seine Autoren aus aller Welt.\u00a0Lesung und Gespr\u00e4ch mit Nina May, Ewart Reder, Horst Samson, Anton Sterbling und <a href=\"https:\/\/wp.pop-verlag.com\/?page_id=979\">Barbara Zeizinger<\/a>. Moderation: Georg Aescht.<\/p>\n<p>17.00-18.00<strong> | Halle 4 | E400\/D401\u00a0<\/strong><strong>Diskussionsrunde: Rum\u00e4nien als Inspirationsquelle f\u00fcr deutsche Autoren rum\u00e4nischer Herkunft.<\/strong> Teilnehmer: Dana Grigorcea (Prosaautorin), Alexandru Bulucz (Dichter und \u00dcbersetzer), Jan Cornelius (Prosaautor), Traian Pop Traian (Dichter und Herausgeber). Moderatorin: Dana Grigorcea.\u00a0<strong>\u00a0<\/strong><\/p>\n<p><strong>29.03.2025\u00a0<\/strong>10.00-11.00<strong> | Halle 4 | E400\/D401\u00a0<\/strong><strong>Hermannstadt, ach, Hermannstadt.<\/strong> Pr\u00e4sentation der Anthologie <em>Im Schnee der Erinnerungen<\/em> unter Beteiligung der Herausgeberin Dagmar Dusil sowie der Autoren Hans Seiwerth, J\u00fcrgen G\u00fcnster, J\u00fcrgen Schlezack, Konrad Klein. Moderation: Gert Weisskirchen, Traian Pop Traian<\/p>\n<p><strong>30.03.2025 <\/strong>10.00-11.00 <strong>| Halle 4 | E400\/D401\u00a0<\/strong><strong>Ein deutscher Verleger mit Wurzeln in Rum\u00e4nien und seine Autoren aus aller Welt.<\/strong> Drei Neuerscheinungen von Klara Hurkova (<em>Dem Morgenlicht zu,<\/em> Gedichte), <a href=\"https:\/\/wp.pop-verlag.com\/?page_id=979\">Barbara Zeizinger<\/a> (<a href=\"https:\/\/wp.pop-verlag.com\/?p=7073\"><em>Leben in Etagen<\/em><\/a><em>,<\/em> Roman) und Ewart Reder (<em>komisch, dass wir nicht merken, dass wir komisch sind<\/em>, Possen und Glossen). Moderation: Gert Weisskirchen<\/p>\n<p>11.00-11.30 <strong>| Halle 4 | E400\/D401\u00a0<\/strong><strong>Ein dumpfer, dauernder Schmerz.<\/strong> Zum Gedenken an zwei Autoren und Freunde: Emilian Rosculescu PAPI und Helmuth Frauendorfer. Lesung und Gespr\u00e4ch mit Edith Konradt, Anton Sterbling, Horst Samson und Traian Pop Traian<\/p>\n<p>11.30-12.15 <strong>| Halle 4 | E400\/D401\u00a0<\/strong><strong>Deutsch-rum\u00e4nische literarische Begegnungen.<\/strong> Zwei neu erschienene Gedichtb\u00e4nde von Franz Hodjak: <em>Ehrenplatz im Jenseits,<\/em> und <a href=\"https:\/\/wp.pop-verlag.com\/?page_id=979\">Robert<\/a> Serban: <em>Techniken der Tarnung <\/em>(beide im Pop Verlag, 2025). Lesung und Gespr\u00e4ch mit der \u00dcbersetzerin Edith Konradt sowie den Schriftstellern Horst Samson und Traian Pop Traian. Moderation: Gert Weisskirchen<\/p>\n<p>12.15-12.45 <strong>| Halle 4 | E400\/D401\u00a0<\/strong><strong>Zweimal Banat. <\/strong>Die Neuerscheinungen von Anton Sterbling: <a href=\"https:\/\/wp.pop-verlag.com\/?p=7077\"><em>Ungewissheiten heimw\u00e4rts fliehender Kr\u00e4hen<\/em><\/a> (neuere Gedichte, Kurzprosa und Erz\u00e4hlungen) und <em>In der Sprache der Dinge <\/em>(Gedichte). Lesung und Gespr\u00e4ch mit Anton Sterbling. Moderation: Horst Samson<\/p>\n<p>13.00-14.00<strong> | Halle 4 | E400\/D401\u00a0<\/strong><strong>Ludwigsburg\u2013Temeswar via Bautzen und retour.<\/strong> Ein Projekt der Zeitschriften MATRIX und BAW\u00dcLON. Diskussionsteilnehmer: Barbara Zeizinger, Horst Samson, Traian Pop Traian, <a href=\"https:\/\/wp.pop-verlag.com\/?page_id=6358\">Helmut Britz<\/a>, Klara Hurkova und Benedikt Dyrlich. Moderation: Benedikt Dyrlich und Barbara Zeizinger<\/p>\n<p>14.00-14.30\u00a0<strong>| Halle 4 | E400\/D401\u00a0<\/strong><strong>Rum\u00e4nisch-norwegische Begegnung.<\/strong> Das Lied des Nordens. Norwegischer Jazz in Wort und Bild. Interviews, Festivalchroniken, illustriert mit 50 Fotos von Richard Wayne aus der norwegischen Jazzszene. Lesung und Gespr\u00e4ch mit Adriana Carcu und Richard Wayne. Moderation: Gert Weisskirchen, Barbara Zeizinger<\/p>\n<p><em><strong>Frankfurter Buchmesse 2023<\/strong><\/em><strong> | Pop Verlag Ludwigsburg<\/strong><\/p>\n<p><strong>Unsere Veranstaltungen<\/strong><\/p>\n<p><strong><u><a href=\"https:\/\/catalog.services.buchmesse.de\/de\/veranstaltungen\/tagesuebersicht\/veranstaltung\/eventCalendarDetail\/2626\/?cHash=58e2e2f45522724d0eb4b9b6783a9061\">Der zeitgen\u00f6ssische rum\u00e4nische Roman, Tatsachen und Perspektiven<\/a><\/u><\/strong><\/p>\n<p><strong>21.10.2023 | 12:00 &#8211; 13:30 Uhr MESZ | Stand 4.1\/D79 <\/strong><\/p>\n<p>Teilnehmer: Gabriela Adame\u0219teanu, C\u0103t\u0103lin Pavel, C\u0103t\u0103lin Partenie, Traian Pop Traian.<\/p>\n<p><strong><u><a href=\"https:\/\/catalog.services.buchmesse.de\/de\/veranstaltungen\/tagesuebersicht\/veranstaltung\/eventCalendarDetail\/2382\/?cHash=1223e173c215f04db4b5cb7196e23507\">Posledni sn\u011bh \u2013 Der letzte Schnee. Europ\u00e4ische lyrische Einmischungen.<\/a><\/u><\/strong><\/p>\n<p><strong>21.10.2023 | 13:45 &#8211; 15:45 Uhr MESZ | Stand 4.1\/D79 <\/strong><\/p>\n<p>Traian Pop Traian und seine G\u00e4ste. Vorstellung einer neuen deutsch-sorbischen Lyriksammlung des Dichters Traian Pop Traian, die neuen B\u00e4nde von Dato Barbacadse, Klara Hurkova, Horst Samson, und Barbara Zeizinger, sowie die neueste BAW\u00dcLON Ausgabe mit der Schwerpunkt: Hellmut Seiler zum 70.ten. Beteiligt sind die Autoren sowie die \u00dcbersetzer Dorothea \u0160o\u0142\u0107ina und Benedikt Dyrlich. Moderation: Katharina Kilzer und Barbara Zeizinger.<\/p>\n<p><strong>\u201ePosledni sn\u011bh \u2013 Der letzte Schnee\u201c. Europ\u00e4ische lyrische Einmischungen. <\/strong><strong>21.10.2023 18:30 Uhr: CAMP. B\u00fccher &amp; Espresso, <\/strong><strong>Eckenheimer Landstr. 352, 60435 Frankfurt am Main<\/strong><\/p>\n<p>Traian Pop Traian und seine G\u00e4ste. Vorstellung einer neuen deutsch-sorbischen Lyriksammlung des Dichters Traian Pop Traian, die neuen B\u00e4nde von Horst Samson, und Barbara Zeizinger, sowie die neueste BAW\u00dcLON Ausgabe mit der Schwerpunkt: Hellmut Seiler zum 70.ten. Beteiligt sind die Autoren sowie die \u00dcbersetzer Dorothea \u0160o\u0142\u0107ina und Benedikt Dyrlich. Moderation: Benedikt Dyrlich und Barbara Zeizinger.<\/p>\n<p>\u25a0 22 Jahre Literaturverlag \u25a0 Unser Standort: Halle 4, Stand D 302\u00a0 \u25a0\u00a0 Leipzig liest 2023 \u25a0 Freitag, 28. April \u25a0 17.00 \u2013 18.00 | Halle 4, Stand D 309: Kalt-warm bis hei\u00df: der Norden in uns. Lesung und Diskussion mit den Schriftstellern Ioana Nicolaie und Traian Pop Traian. \u00dcbersetzung und Moderation: Eva Ruth Wemme und Georg Aescht. Veranstalter: Pop Verlag Ludwigsburg, Kulturministerium Rum\u00e4niens. \u25a0 17:00 \u2013 18:00 Uhr | Halle 4, Stand D 302: Signierstunde. Imre T\u00f6r\u00f6k, ehemaliger Bundesvorsitzender des Schriftstellerverbands (VS), pr\u00e4sentiert seinen Roman Insel der Elefanten in Neuauflage und die Autobiographie seiner Mutter Gerti Michaelis Rahr (1921 \u2013 2023), Der Vorhang fiel. Zeitzeugin eines Jahrhunderts. Beide B\u00fccher im Pop Verlag, Ludwigsburg \u25a0\u00a0 20 Jahre Literaturverlag \u25a0<\/p>\n<p>Besuchen Sie uns an unserem <strong>Stand E 300 in Halle 4<\/strong> auf der Leipziger Buchmesse vom 21. bis 24. M\u00e4rz 2024 und die Veranstaltungen unserer Autoren und Autorinnen im Rahmen von <em>Leipzig liest<\/em><\/p>\n<p>Wir freuen uns darauf, Sie bei uns am Stand zu treffen und m\u00f6chten Ihnen auch ganz herzlich unsere Veranstaltungen im Rahmen des \u00bbLeipzig liest\u00ab-Programmes ans Herz legen. Hier haben Sie die M\u00f6glichkeit, unsere Autor:innen pers\u00f6nlich zu treffen.<\/p>\n<p>21.03.2024 |12:30-14:00 | Halle 4, Stand D311 |<strong> Das Banat zu dritt.<\/strong> Lesung und Gespr\u00e4ch. Teilnehmer: Anton Sterbling, Hellmuth Frauendorfer und Horst Samson. Moderation: Anton Sterbling<\/p>\n<p>21.03.2024 |14:00-14:40 | Halle 4, Stand D311 |<strong> Jahrestage: Eginald Schlattner zum 90. und Georg Aescht zum 70. <\/strong>Teilnehmer: Georg Aescht, Edith Konradt, Herbert Ohrlinger und Traian Pop Traian. Moderation: Gert Weisskirchen<\/p>\n<p>21.03.2024 |15:00-16:00 | Caf\u00e9 Europa, Halle 4, Stand E401\/E403 | <strong>Europ\u00e4isierung Europas durch die Osteurop\u00e4isierung Osteuropas. Erinnern f\u00fcr die Zukunft. <\/strong>Teilnehmer: Traian Pop Traian, Horst Samson, Barbara Zeizinger, Charlotte Ueckert, Benedikt \u00adDyrlich, Dagmar Dusil, Harald Gr\u00f6hler, Dato Barbakadse, Steffi Chotiwari-Junger, Edith Konradt, Peter Gehrisch. Moderation: Gert Weisskirchen<\/p>\n<p>21.03.2024 |16:00-16:30 | Stand von Rum\u00e4nien | Halle 4, Stand D311 |<strong> Buchvorstellung: Dagmar Dusil, Das Geheimnis der stummen Kl\u00e4nge.<\/strong> Roman (Pop Verlag, 2024). Moderation: Gert Weisskirchen, Barbara Zeizinger<\/p>\n<p>21.03.2024 |16:30-17:00 | Stand von Rum\u00e4nien | Halle 4, Stand D311 |<strong> Auf der Spur deutsch-sorbisch-rum\u00e4nischer Literaturbeziehungen. <\/strong>Lesung und Gespr\u00e4ch mit Dorothea \u0160o\u0142\u0107ina, Benedikt Dyrlich und Traian Pop Traian. Moderation: Benedikt Dyrlich und Gert Weisskirchen<\/p>\n<p>21.03.2024 |17:00-18:00 | Stand von Rum\u00e4nien | Halle 4, Stand D311|<strong> Ein deutscher Verleger mit Wurzeln in Rum\u00e4nien und seine Autoren aus aller Welt.<\/strong>\u00a0 Teilnehmer: Harald Gr\u00f6hler, Peter Gehrisch, Dato Barbakadse und Traian Pop Traian. Moderation: \u00adTraian Pop, Barbara Zeizinger<\/p>\n<p>22.03.2024 | 14.00 \u2013 15.00 | Stand von Rum\u00e4nien | Halle 4, Stand D311 <strong>Diskussion: Die zeitgen\u00f6ssische rum\u00e4nische Lyrik \u2013 vom Gesellschaftskonstrukt zum Aktivismus. <\/strong>Es nehmen teil: Andra Rotaru, Nichita Danilov, Alexandru Bulucz, Traian Pop Traian. Moderation: Iulia Dondorici. \u00dcbersetzung: Georg Aescht<\/p>\n<p>| 17:00-17:30 | <a href=\"https:\/\/www.leipziger-buchmesse.de\/de\/leipzig-liest\/?q=Noclae+Breban&amp;limitSearchResults=20&amp;place=Forum+Weltweit\">Forum Weltweit<\/a>\u00a0 <strong>| <\/strong>Halle 4, Stand E305 <strong>| <\/strong><a href=\"https:\/\/www.leipziger-buchmesse.de\/pco\/de\/buchmesse\/65aa6b4384af2c1782063af5\">(NEU: Ort und Zeit)<\/a> <strong>Einer der zehn besten rum\u00e4nischen Romane des 20. Jahrhunderts besiegt Ceau\u0219escu!<\/strong> Teilnehmer: Nicolae Breban, Georg Aescht und Traian Pop Traian. Moderation: Gert Weisskirchen<\/p>\n<p>| 17:30-18:00 | <a href=\"https:\/\/www.leipziger-buchmesse.de\/de\/leipzig-liest\/?q=Noclae+Breban&amp;limitSearchResults=20&amp;place=Forum+Weltweit\">Forum Weltweit<\/a>\u00a0 <strong>| <\/strong>Halle 4, Stand E305 <strong>| <\/strong><a href=\"https:\/\/www.leipziger-buchmesse.de\/pco\/de\/buchmesse\/65aa6b4384af2c1782063af5\">(NEU: Ort und Zeit)<\/a> <strong>Buchvorstellung: Dagmar Dusil, Das Geheimnis der stummen Kl\u00e4nge.<\/strong> Roman (Pop Verlag, 2024). Moderation: Gert Weisskirchen, Barbara Zeizinger<\/p>\n<p><strong>24.03.2024 | <\/strong>12:00-13:00 | Stand von Rum\u00e4nien | Halle 4, Stand D311 | Buchvorstellung: Attila F. Bal\u00e1zs, <em>Casanovas Metamorphosen<\/em>. (Pop Verlag, 2024). Teilnehmer: Attila F. Bal\u00e1zs, die \u00dcbersetzerin Ana \u00d6rd\u00f6g und Traian Pop Traian. Moderation und \u00dcbersetzung: Barbara Zeizinger Georg Aescht<\/p>\n<p>24.03.2024 |11:00-12:00 | Halle 4, Stand D311 | <strong>Ein deutscher Verleger mit Wurzeln in Rum\u00e4nien und seine Autoren aus aller Welt, Teil II.<\/strong> Teilnehmer: Kl\u00e1ra H\u016frkov\u00e1, Barbara Zeizinger,\u00a0 Peter Steger, Nadja Steger und Traian Pop Traian. Moderation: Barbara Zeizinger<\/p>\n<p>24.03.2024 |12:00-13:00 | Caf\u00e9 Europa, Halle 4, Stand E401\/E403 | <strong>Hier sind sie, die Smartphone-Storys \u2026 im Dialog mit den Texten des bekannten Autors A. Gawrilow, deren Dichte schlie\u00dft einen Flirtversuch mit dem Smartphone nicht aus. <\/strong>Teilnehmer: PH Gruner, Barbara Zeizinger, Ewart Reder, Peter Steger, Nadja Steger und Traian Pop Traian<\/p>\n<p><strong><u><a href=\"https:\/\/catalog.services.buchmesse.de\/de\/veranstaltungen\/tagesuebersicht\/veranstaltung\/eventCalendarDetail\/2638\/?cHash=89fb3e580752b7b4de2cc6989795f6e4\">Timi\u0219oara\/Temeswar, Kulturhauptstadt Europas 2023<\/a><\/u><\/strong><\/p>\n<p><strong>22.10.2023 | 12:00 &#8211; 14:00 Uhr MESZ | Stand 4.1\/D79 <\/strong><\/p>\n<p>Autoren aus Temeswar im Pop Verlag. Horst Samson, Helmuth Frauendorfer, Helmut Britz, Adriana Carcu, Traian Pop Traian. Moderiert von Katharina Kilzer und Gert Weisskirchen.<\/p>\n<p><strong>Besuchen Sie uns auf der Leipziger Buchmesse 2023<\/strong><br \/>\nApr 27 2023 &#8211; Apr 30 2023 Halle 4, Stand D302<br \/>\nUnsere Veranstaltungen:<\/p>\n<p>Donnerstag, 27. April<\/p>\n<p>12.00 &#8211; 13.00 | Halle 4, Stand D 309<\/p>\n<p>Man verlasse den Ort des Leidens nicht, sondern handle so, dass die Leiden den Ort verlassen.<br \/>\nEdith Konradt, Barbara Zeizinger, Georg Aescht und Traian Pop Traian stellen drei bedeutende Gegenwartsautoren aus Rum\u00e4nien vor: Nicolae Brebans Roman Verk\u00fcndigung (\u201eBuna vestire\u201c, \u00dcbersetzung: Georg Aescht), Eginald Schlattnes Romane Schattenspiele toter M\u00e4dchen und Brunnentore sowie Dieter Schlesaks nachgelassenen Roman Das Narbenwahre und die Kunst der R\u00fcckkehr. Moderation: Georg Aescht und Edith Konradt. Veranstalter: Pop Verlag Ludwigsburg<\/p>\n<p>14.00 \u2013 15.00 | Halle 4, Stand D 309<\/p>\n<p>Der Schnee stellt seine Leiter an die Ringmauer. Poetische Ann\u00e4herungen an Rum\u00e4nien und andere Welten. Deutsch-rum\u00e4nische-georgische Literaturbegegnung mit Neuerscheinungen von Adrian S\u00e2ngeorzan, Adriana C\u00e2rcu, Traian Pop Traian, Edith Ottschofski, Barbara Zeizinger, Matthias Buth, PH Gruner und Ewart Reder. G\u00e4ste aus Georgien: Vaso Guleuri und Irma Shiolashvili..<br \/>\nModeration: Barbara Zeizinger. Veranstalter: Pop Verlag Ludwigsburg<\/p>\n<p>15.00 \u2013 16.00 | Halle 4, Stand D 309<\/p>\n<p>Wer richtig lebt, stirbt niemals. Pr\u00e4sentation des postum erschienenen Gedichtbands 100&amp;33, Konelliptische Ansichten von Gerhard Eike sowie Horst Samsons Gedichtband Der Tod ist noch am Leben. Beide von dem ber\u00fchmten K\u00fcnstler Gert Fabritius illustriert und vor Kurzem im Pop-Verlag, Ludwigsburg erschienen.<br \/>\nLesung und Diskussion mit Horst Samson, Brigitte Ianesch-H\u00fcgel und Gert Fabritius. Moderation: Gert Wei\u00dfkirchen.Veranstalter: Pop Verlag Ludwigsburg.<\/p>\n<p>16.00 \u2013 17.00 | Halle 4, Stand D 309<\/p>\n<p>Nach 42 Jahren ist endlich \u201eoffiziell\u201c die wohl einzige samisdatartige Literaturver\u00f6ffentlichung der Ceausescu-\u00c4ra erschienen: Die bewegung der antillen unter der sch\u00e4deldecke. Junge rum\u00e4niendeutsche Lyrik zwischen 1975 und 1980. Eine Anthologie, erstmals 1980 von Walter Fromm in 15 Exemplaren verbreitet. Mit Gedichten von Richard Wagner, Werner S\u00f6llner, Rolf Bossert, Franz Hodjak, William Totok, Hellmut Seiler, Klaus Hensel, Horst Samson, Helmut Britz und Johann Lippet. Mit einem einleitenden Essay von Prof. Dr. Waldemar Fromm und einer soziokulturellen Kontextualisierung von Prof. Dr. Anton Sterbling. Es lesen die Autoren Helmut Britz, Horst Samson und Hellmut Seiler. Gedichte von Rolf Bossert, 1986 verstorben, werden von seinem Sohn Frank gelesen. Moderation: Gert Weisskirchen und Georg Aescht. Veranstalter: Pop Verlag Ludwigsburg<\/p>\n<p>17:00 \u2013 18:00 Uhr | Halle 4, Stand D 302<\/p>\n<p>Signierstunde mit Helmut Britz, Matthias Buth, Adriana Carcu, Gert Fabritius, PH Gruner, Brigitte Ianesch-H\u00fcgel, Vaso Guleuri, Horst Samson, Edith Ottschofski, Traian Pop Traian, Ewart Reder, Hellmut Seiler, Irma Shiolaschwili und Barbara Zeizinger.<\/p>\n<p>Freitag, 28. April<\/p>\n<p>17.00 \u2013 18.00 | Halle 4, Stand D 309<br \/>\nKalt-warm bis hei\u00df: der Norden in uns. Lesung und Diskussion mit den Schriftstellern Ioana Nicolaie und Traian Pop Traian. \u00dcbersetzung: Eva Ruth Wemme und Georg Aescht. Veranstalter: Pop Verlag Ludwigsburg, Kulturministerium Rum\u00e4niens.<\/p>\n<p>17:00 \u2013 18:00 Uhr | Halle 4, Stand D 302<br \/>\nSignierstunde. Imre T\u00f6r\u00f6k, ehemaliger Bundesvorsitzender des Schriftstellerverbands (VS), pr\u00e4sentiert seinen Roman Insel der Elefanten in Neuauflage und die Autobiographie seiner Mutter Gerti Michaelis Rahr (1921 \u2013 2023), Der Vorhang fiel. Zeitzeugin eines Jahrhunderts. Beide B\u00fccher im Pop Verlag, Ludwigsburg<\/p>\n<p>Samstag, 29. April<\/p>\n<p>14:30 \u2013 15:00 Uhr | Forum Weltweit, Halle 4, Stand E 406<br \/>\nVon einem anderen Ufer. Rum\u00e4nisch-deutsche transatlantische literarische Interferenzen w\u00e4hrend der Pandemie und danach. Neuerscheinungen von Adriana Carcu, Dagmar Dusil, PH Gruner, Ioana Ieronim, Adrian S\u00e2ngeorzan, Traian Pop Traian, Ewart Reder, Horst Samson und Barbara Zeizinger. Moderation: Georg Aescht und Gert Weisskirchen. Veranstalter: Pop Verlag Ludwigsburg<\/p>\n<p>Sonntag 30. April<\/p>\n<p>11.00 \u2013 12.00 Uhr | Halle 4, Stand D 309<\/p>\n<p>Entbl\u00e4tterte Zeit. Eine Ost-West-Literaturbegegnung mit Dagmar Dusil, Kl\u00e1ra H\u016frkov\u00e1, Helmut Britz und Ewart Reder. Moderation: Gert Weisskirchen und Horst Samson. Veranstalter: Pop Verlag Ludwigsburg<\/p>\n<p>12:00 \u2013 13:00 Uhr | Caf\u00e9 Europa, Halle 4, Stand E 303<\/p>\n<p>Junge rum\u00e4niendeutsche Lyrik zwischen 1975 und 1980. Nach 42 Jahren ist endlich \u201eoffiziell\u201c die wohl einzige samisdatartige Literaturver\u00f6ffentlichung der Ceausescu-\u00c4ra erschienen: die bewegung der antillen unter der sch\u00e4deldecke. junge rum\u00e4niendeutsche Lyrik zwischen 1975 und 1980. Eine (historische) Anthologie, erstmals 1980 von Walter Fromm in 15 Exemplaren verbreitet. Mit Gedichten von Richard Wagner, Werner S\u00f6llner, Rolf Bossert, Franz Hodjak, William Totok, Hellmut Seiler, Klaus Hensel, Horst Samson, Helmut Britz und Johann Lippet. Erweiterte, kritische Neuauflage 2022. Mit einem einleitenden Essay von Prof. Dr. Waldemar Fromm und einer soziokulturellen Kontextualisierung von Prof. Dr. Anton Sterbling. Es lesen die Autoren: Helmut Britz, Horst Samson und Johann Lippet. Gedichte von Rolf Bossert, 1986 verstorben, werden von seinem Sohn Frank gelesen. Moderation: Gert Weisskirchen und Georg Aescht. Veranstalter: Pop Verlag Ludwigsburg<\/p>\n<p>13.00 \u2013 14.00 Uhr I Halle 4, Stand D 309<\/p>\n<p>Posledni sn\u011bh \u2013Der letzte Schnee. Vorstellung einer neuen deutsch-sorbischen Lyriksammlung des Dichters Traian Pop Traian sowie Johann Lippets: bigraphie. ein muster.poem, \u2013 , ein Meisterwerk der deutschen Literatur Rum\u00e4nens der 1980er Jahre \u2013 in der rum\u00e4nischer \u00dcbersetzung von 1983 ethusiastisch von der genera\u0163ia \u201a80 aufgenommen.<br \/>\n\u00dcbersetzer: Dorothea \u0160o\u0142\u0107ina und Benedikt Dyrlich. Moderation: Gert Weisskirchen. Veranstalter: Pop Verlag Ludwigsburg.<br \/>\nPeter Gehrisch, Kuratorium Cooltura, London, \u00fcberreicht die Barbara-Jurkowska-Medaille f\u00fcr Dichtung und editorische Leistungen an Traian Pop.<\/p>\n<p>14:00 \u2013 14:30 Uhr | Forum Weltweit, Halle 4, Stand E 406<\/p>\n<p>Mit den Augen von Morgen \u2013 Transeurop\u00e4ische Literatur Express. Von Jerewan nach Leipzig via Tibilisi, Bukarest, Frankfurt, Berlin. Eine Literaturbegegnung mit Sevak Aramazd, Steffi Chotiwari-J\u00fcnger und Traian Pop Traian. Moderation: Gert Weisskirchen. Veranstalter: Pop Verlag Ludwigsburg<\/p>\n<p>15:30 \u2013 16:00 Uhr | Forum Weltweit, Halle 4, Stand E 406<\/p>\n<p>Timi\u0219oara\/Temeswar, Kulturhauptstadt Europas 2023 \u2013 Autoren aus Temeswar im Pop Verlag. Hellmuth Britz, Horst Samson, Johann Lippet, Adriana Carcu, Traian Pop Traian und Gert Weisskirchen stellen bedeutende Neuerscheinungen von Temeswarer Autoren vor: biographie. ein muster. poem von Johann Lippet sowie die Sonderausgaben der Literaturzweitschrift BAW\u00dcLON Ilse Hehn und ihr Werk bzw. BASTION. Timi\u0219oara, Europ\u00e4ische Kulturhauptstadt 2023, die Jugend einer Stadt, die von den Wechself\u00e4llen der Zeit nicht von der Kultur getrennt werden konnte. Veranstalter: Pop Verlag Ludwigsburg. Moderation: Moderation: Gert Weisskirchen und Horst Samson.<\/p>\n","protected":false},"excerpt":{"rendered":"<p>Veranstaltungen \u25a0 28.05.2026 \u2013 16:00-20:00, Berlin, Weizenbaum-Institut \u2013 Kassenhalle.\u00a0Workshop und Buchvorstellung: Der Traum der Gurke. Ein literarisches KI-Experiment, Pop Verlag 2026 Ein Projekt des VS Berlin in Zusammenarbeit mit dem Weizenbaum-Institut Kann man noch erkennen welche Texte menschengemacht sind? Autor:innen &hellip; <a class=\"more-link\" href=\"https:\/\/wp.pop-verlag.com\/?page_id=6647\">Weiterlesen <span class=\"meta-nav\">&rarr;<\/span><\/a><\/p>\n","protected":false},"author":2,"featured_media":0,"parent":0,"menu_order":0,"comment_status":"closed","ping_status":"closed","template":"","meta":{"footnotes":""},"class_list":["post-6647","page","type-page","status-publish","hentry"],"jetpack_sharing_enabled":true,"_links":{"self":[{"href":"https:\/\/wp.pop-verlag.com\/index.php?rest_route=\/wp\/v2\/pages\/6647","targetHints":{"allow":["GET"]}}],"collection":[{"href":"https:\/\/wp.pop-verlag.com\/index.php?rest_route=\/wp\/v2\/pages"}],"about":[{"href":"https:\/\/wp.pop-verlag.com\/index.php?rest_route=\/wp\/v2\/types\/page"}],"author":[{"embeddable":true,"href":"https:\/\/wp.pop-verlag.com\/index.php?rest_route=\/wp\/v2\/users\/2"}],"replies":[{"embeddable":true,"href":"https:\/\/wp.pop-verlag.com\/index.php?rest_route=%2Fwp%2Fv2%2Fcomments&post=6647"}],"version-history":[{"count":10,"href":"https:\/\/wp.pop-verlag.com\/index.php?rest_route=\/wp\/v2\/pages\/6647\/revisions"}],"predecessor-version":[{"id":7531,"href":"https:\/\/wp.pop-verlag.com\/index.php?rest_route=\/wp\/v2\/pages\/6647\/revisions\/7531"}],"wp:attachment":[{"href":"https:\/\/wp.pop-verlag.com\/index.php?rest_route=%2Fwp%2Fv2%2Fmedia&parent=6647"}],"curies":[{"name":"wp","href":"https:\/\/api.w.org\/{rel}","templated":true}]}}