{"id":660,"date":"2015-10-10T15:21:14","date_gmt":"2015-10-10T15:21:14","guid":{"rendered":"http:\/\/wp.pop-verlag.com\/?page_id=660"},"modified":"2015-10-10T15:35:42","modified_gmt":"2015-10-10T15:35:42","slug":"b","status":"publish","type":"page","link":"https:\/\/wp.pop-verlag.com\/?page_id=660","title":{"rendered":"B"},"content":{"rendered":"<p><strong><a href=\"http:\/\/traian.pop-verlag.com\/dato_barbakadse.htm\">Dato Barbakadse\u00a0<\/a><\/strong><\/p>\n<p><strong><a href=\"http:\/\/traian.pop-verlag.com\/miroslav_bart%C3%A1k_.htm\">Miroslav Bart\u00e1k<\/a><\/strong><\/p>\n<p><strong><a href=\"http:\/\/traian.pop-verlag.com\/gerhard_bauer.htm\">Gerhard Bauer<\/a><\/strong><\/p>\n<p><strong><a href=\"http:\/\/traian.pop-verlag.com\/mark_behrens.htm\">Mark Behrens<\/a><\/strong><\/p>\n<p><strong><a href=\"http:\/\/traian.pop-verlag.com\/thomas_berscheid.htm\">Thomas Berscheid<\/a><\/strong><\/p>\n<p><strong><a href=\"http:\/\/traian.pop-verlag.com\/irma_berscheid-kimeridze.htm\">Irma Berscheid-Kimeridze<\/a><\/strong><\/p>\n<p><strong><a href=\"http:\/\/traian.pop-verlag.com\/markus_berger.htm\">Markus Berger<\/a><\/strong><\/p>\n<p><strong><a href=\"http:\/\/traian.pop-verlag.com\/ulrich_bergmann.htm\">Ulrich Bergmann<\/a><\/strong><\/p>\n<p><a href=\"http:\/\/traian.pop-verlag.com\/gerad_blua.htm\"><strong>G\u00e9rad Blua<\/strong><\/a><\/p>\n<p><strong><a href=\"http:\/\/traian.pop-verlag.com\/yves_bonnefoy.htm\">Yves Bonnefoy<\/a><\/strong><\/p>\n<p><strong><a href=\"http:\/\/traian.pop-verlag.com\/thomas_brandsd%C3%B6rfer.htm\">Thomas Brandsd\u00f6rfer<\/a><\/strong><\/p>\n<p><strong><a href=\"http:\/\/traian.pop-verlag.com\/ingmar_brantsch.htm\">Ingmar Brantsch<\/a><\/strong><\/p>\n<p><strong><a href=\"http:\/\/traian.pop-verlag.com\/joachim_britze.htm\">Joachim Britze<\/a><\/strong><\/p>\n<p><a href=\"http:\/\/traian.pop-verlag.com\/Yves%20Broussard.htm\"><strong>Yves Broussard<\/strong><\/a><\/p>\n<p><strong><a href=\"http:\/\/traian.pop-verlag.com\/mischel_butor.htm\">Michel Butor<\/a><\/strong><\/p>\n","protected":false},"excerpt":{"rendered":"<p>Dato Barbakadse\u00a0 Miroslav Bart\u00e1k Gerhard Bauer Mark Behrens Thomas Berscheid Irma Berscheid-Kimeridze Markus Berger Ulrich Bergmann G\u00e9rad Blua Yves Bonnefoy Thomas Brandsd\u00f6rfer Ingmar Brantsch Joachim Britze Yves Broussard Michel Butor &hellip; <a class=\"more-link\" href=\"https:\/\/wp.pop-verlag.com\/?page_id=660\">Weiterlesen <span class=\"meta-nav\">&rarr;<\/span><\/a><\/p>\n","protected":false},"author":2,"featured_media":0,"parent":10,"menu_order":0,"comment_status":"closed","ping_status":"closed","template":"","meta":{"footnotes":""},"class_list":["post-660","page","type-page","status-publish","hentry"],"jetpack_sharing_enabled":true,"_links":{"self":[{"href":"https:\/\/wp.pop-verlag.com\/index.php?rest_route=\/wp\/v2\/pages\/660","targetHints":{"allow":["GET"]}}],"collection":[{"href":"https:\/\/wp.pop-verlag.com\/index.php?rest_route=\/wp\/v2\/pages"}],"about":[{"href":"https:\/\/wp.pop-verlag.com\/index.php?rest_route=\/wp\/v2\/types\/page"}],"author":[{"embeddable":true,"href":"https:\/\/wp.pop-verlag.com\/index.php?rest_route=\/wp\/v2\/users\/2"}],"replies":[{"embeddable":true,"href":"https:\/\/wp.pop-verlag.com\/index.php?rest_route=%2Fwp%2Fv2%2Fcomments&post=660"}],"version-history":[{"count":2,"href":"https:\/\/wp.pop-verlag.com\/index.php?rest_route=\/wp\/v2\/pages\/660\/revisions"}],"predecessor-version":[{"id":683,"href":"https:\/\/wp.pop-verlag.com\/index.php?rest_route=\/wp\/v2\/pages\/660\/revisions\/683"}],"up":[{"embeddable":true,"href":"https:\/\/wp.pop-verlag.com\/index.php?rest_route=\/wp\/v2\/pages\/10"}],"wp:attachment":[{"href":"https:\/\/wp.pop-verlag.com\/index.php?rest_route=%2Fwp%2Fv2%2Fmedia&parent=660"}],"curies":[{"name":"wp","href":"https:\/\/api.w.org\/{rel}","templated":true}]}}