{"id":654,"date":"2015-10-10T15:19:33","date_gmt":"2015-10-10T15:19:33","guid":{"rendered":"http:\/\/wp.pop-verlag.com\/?page_id=654"},"modified":"2020-04-02T18:33:58","modified_gmt":"2020-04-02T18:33:58","slug":"imre-toeroek","status":"publish","type":"page","link":"https:\/\/wp.pop-verlag.com\/?page_id=654","title":{"rendered":"Imre T\u00f6r\u00f6k"},"content":{"rendered":"<p><a href=\"http:\/\/wp.pop-verlag.com\/wp-content\/uploads\/2015\/10\/Imre-T\u00f6r\u00f6k.jpg\"><img loading=\"lazy\" decoding=\"async\" class=\"alignleft wp-image-655 size-medium\" src=\"http:\/\/wp.pop-verlag.com\/wp-content\/uploads\/2015\/10\/Imre-T\u00f6r\u00f6k-300x267.jpg\" alt=\"Imre T\u00f6r\u00f6k\" width=\"300\" height=\"267\" srcset=\"https:\/\/wp.pop-verlag.com\/wp-content\/uploads\/2015\/10\/Imre-T\u00f6r\u00f6k-300x267.jpg 300w, https:\/\/wp.pop-verlag.com\/wp-content\/uploads\/2015\/10\/Imre-T\u00f6r\u00f6k-1024x912.jpg 1024w, https:\/\/wp.pop-verlag.com\/wp-content\/uploads\/2015\/10\/Imre-T\u00f6r\u00f6k-337x300.jpg 337w, https:\/\/wp.pop-verlag.com\/wp-content\/uploads\/2015\/10\/Imre-T\u00f6r\u00f6k.jpg 1521w\" sizes=\"auto, (max-width: 300px) 100vw, 300px\" \/><\/a>In Ungarn geboren und aufgewachsen, kam <a href=\"http:\/\/wp.pop-verlag.com\/?page_id=654\"><strong>Imre T\u00f6r\u00f6k<\/strong>:<\/a> als jugendlicher Fl\u00fcchtling in die Bundesrepublik. Nach Erlernen der deutschen Sprache Studium der Germanistik, Geschichte und Philosophie in T\u00fcbingen, Sch\u00fcler des Philosophen Ernst Bloch.<br \/>\nBerufliche Stationen: Dozent in der Erwachsenenbildung, Fl\u00fcchtlingsarbeit, Ghostwriter, Journalist, Leiter eines st\u00e4dtischen Theaters, Dozent f\u00fcr Kreativit\u00e4t.<br \/>\nSeit 1990 lebt Imre T\u00f6r\u00f6k als freiberuflicher Schriftsteller im Allg\u00e4u, zeitweilig in Berlin und in der T\u00fcrkei.<br \/>\n\u00dcber zwanzig Buchver\u00f6ffentlichungen: Romane, Kurzgeschichten, Sachb\u00fccher, Essays, moderne M\u00e4rchen. Mitarbeit am Kinofilm \u201eSophie Scholl \u2013 Die letzten Tage\u201c (nominiert f\u00fcr den Oscar 2006).<br \/>\nLeiter des Literaturprojekts \u201eWorte gegen rechts\u201c seit 2011.<br \/>\nBundesvorsitzender des Verbands deutscher Schriftsteller (VS) 2005 &#8211; 2015, Mitglied des PEN Zentrums Deutschland.<br \/>\nwww.imre-toeroek.de<\/p>\n<p>Lieferbare Titel von <a href=\"http:\/\/wp.pop-verlag.com\/?page_id=654\"><strong>Imre T\u00f6r\u00f6k<\/strong>:<\/a><\/p>\n<p><strong><em><a href=\"http:\/\/wp.pop-verlag.com\/?p=151\">&#8211; Akazienskizze<\/a>. Neue und alte Geschichten. Phantasiefl\u00fcge.<\/em> <\/strong> Prosa, 230\u00a0S., 14,0\u00a0\u00d7\u00a020,0\u00a0cm; ISBN: \u00a0978-3-937139-69-2; 14,80\u20ac<\/p>\n<p><strong><em><a href=\"http:\/\/wp.pop-verlag.com\/?p=248\">&#8211; Insel der Elefanten.<\/a> <\/em><\/strong>Roman. (EPIK- Sammlung); 402 Seiten, 14,0\u00a0\u00d7\u00a020,0\u00a0cm; ISBN: \u00a0978-3-937139-91-3; 19,90\u20ac<\/p>\n<p><strong><a href=\"http:\/\/wp.pop-verlag.com\/?page_id=1053\">&#8211; Arzu Al\u0131r<\/a>: <\/strong><a href=\"http:\/\/wp.pop-verlag.com\/?p=260\"><em><strong>Wenn Satan sich zum Rosenzweig beugt.<\/strong><\/em><\/a> Gedichte. Mit einem Nachwort von <a href=\"http:\/\/wp.pop-verlag.com\/?page_id=654\"><strong>Imre T\u00f6r\u00f6k<\/strong>:<\/a>. Aus dem T\u00fcrkischen \u00fcbersetzt von\u00a0<strong><a href=\"http:\/\/traian.pop-verlag.com\/achim_martin_wensien.htm\">Achim Martin Wensien<\/a><\/strong> und \u00fcberarbeitet von <a href=\"http:\/\/wp.pop-verlag.com\/?page_id=654\"><strong>Imre T\u00f6r\u00f6k<\/strong>:<\/a>.(LYRIK) 120 S. ISBN: 978-3-937139-84-5; 14,00\u20ac.<\/p>\n<p><strong><a href=\"http:\/\/wp.pop-verlag.com\/?page_id=654\">&#8211; Imre T\u00f6r\u00f6k:<\/a> <a href=\"http:\/\/wp.pop-verlag.com\/?p=1971\">Das Buch Luzius. M\u00e4rchen und andere Wahrheiten.<\/a>\u00a0<\/strong> Erz\u00e4hlungen. (EPIK Sammlung). 190 S. ISBN: 978-3-86356-026-3; 14,00\u20ac<\/p>\n<p><strong><em><a href=\"http:\/\/traian.pop-verlag.com\/das_buch_luzius.htm\">&#8211; Das Buch Luzius<\/a>. <a href=\"http:\/\/traian.pop-verlag.com\/978-3-86356-059-1.htm\"> M\u00e4rchen und andere Wahrheiten.\u00a0 Erz\u00e4hlungen. <\/a><\/em><\/strong> <strong><a href=\"http:\/\/traian.pop-verlag.com\/978-3-86356-059-1.htm\"><em>Illustrierte Ausgabe.<\/em><\/a><\/strong> Illustriert von <strong><a href=\"http:\/\/traian.pop-verlag.com\/libuse_schmidt.htm\">Libu\u0161e Schmidt <\/a><\/strong>(EPIK Sammlung). 204 S. ISBN: 978-3-86356-059-1; 16,50\u20ac<\/p>\n<p><strong><a href=\"http:\/\/wp.pop-verlag.com\/?p=637\"><span class=\"readonlyText\">&#8211; Wanderer. Zwischenwelten.<\/span><\/a> <span class=\"readonlyText\">Mit 19 Zeichnungen von Libu\u0161e Schmidt. <\/span><\/strong>Prosa. <span class=\"readonlyText\">Flexibler Einband<\/span> mit Schutzumschlag, 334 Seiten;\u00a0ISBN 978-3-86356-<span class=\"readonlyText\">122-2<\/span>; <span class=\"readonlyText multiple\"><span class=\"priceValue\">21,90<\/span><\/span> \u20ac<\/p>\n<p><strong>&#8211; Die K\u00f6nigin von \u00c4gypten in Berlin. <\/strong>Illustrationen: Emir Roda Al\u0131r. Prosa. <span class=\"readonlyText\">Flexibler Einband<\/span> mit Schutzumschlag, 298 Seiten;\u00a0ISBN 978-3-86356-<span class=\"readonlyText\">150-5<\/span>; <span class=\"readonlyText multiple\"><span class=\"priceValue\">20,00<\/span><\/span> \u20ac<\/p>\n<p class=\"entry-title\"><a href=\"https:\/\/www.bawuelon.com\/bawuelon-33\/\"><strong>&#8211; BAW\u00dcLON 33<\/strong><\/a><\/p>\n<p>\u00dcber <a href=\"http:\/\/wp.pop-verlag.com\/?page_id=654\"><strong>Imre T\u00f6r\u00f6k<\/strong><\/a>:<\/p>\n<h5 class=\"post-title entry-title\"><a href=\"http:\/\/interviews-mit-autoren.blogspot.de\/2017\/07\/helga-konig-im-gesprach-mit-dem.html\">Helga K\u00f6nig im Gespr\u00e4ch mit dem Schriftsteller Imre T\u00f6r\u00f6k \u00fcber seinen Roman &#8222;Die K\u00f6nigin von \u00c4gypten in Berlin&#8220;<\/a><\/h5>\n<p><strong><em><a href=\"http:\/\/wp.pop-verlag.com\/?p=151\">Akazienskizze<\/a>. Neue und alte Geschichten. Phantasiefl\u00fcge<\/em><\/strong><\/p>\n<p>Dem Leser bl\u00e4ttert sich eine Auswahl von ungef\u00e4hr f\u00fcnfzig Erz\u00e4hlungen, Kurzgeschichten und \u201eProsagedichten\u201c auf. Zum Teil kennt er einige der Erz\u00e4hlungen und Miniaturen schon aus T\u00f6r\u00f6ks anderen B\u00fcchern, doch ein guter Teil war bisher noch unver\u00f6ffentlicht. Die Kritik r\u00fchmt ihn als \u201eMeister verschiedener Tonlagen\u201c, dem \u201eSprache Lebenselixier\u201c ist.\u00a0 Und tats\u00e4chlich, auch die bereits bekannten St\u00fccke lesen sich in der neuen Zusammenstellung wieder frisch, spannend und unverbraucht.<\/p>\n<p>Seine Phantasiefl\u00fcge reichen bis zu den Sternen, von der Erde zum Himmel, sie schlie\u00dfen staunende und \u201ephilosophierende\u201c Ameisen und Gl\u00fchw\u00fcrmchen mit ein.\u00a0 Die Geschichten erz\u00e4hlen von Begegnungen in der Heimat und in der Fremde. Viele handeln vom Fremdsein, ein Thema, mit dem T\u00f6r\u00f6k gut umgehen kann; denn er kam selbst als 14j\u00e4hriger Fl\u00fcchtling mit seiner Familie aus Ungarn.<\/p>\n<p>Seine Wortspiele und Doppeldeutigkeiten sind leise-humorvoll und pointiert (z.B. \u201e\u00dcber Herrn Fantas Tisch\u2026\u201c). \u00a0Er hat viel \u00a0Nachdenkenswertes\u00a0 zu sagen, tr\u00e4gt dabei nie dick auf, wenn er dem Leser einiges zum Thema Minderheit und Fremde, Vorurteile (z.B.. \u201eBegegnung\u201c) ins Herz schreibt.<\/p>\n<p>Zu den Schwerpunkten geh\u00f6ren auch Freundschaft und Zivilcourage, \u00a0mit zu den sch\u00f6nsten dieser Erz\u00e4hlungen geh\u00f6ren f\u00fcr mich die M\u00e4rchen um die Ameise Horatius und das Gl\u00fchw\u00fcrmchen Luzius, die mit Humor und Wortwitz das Thema Minderheit in der Fremde beleuchten. Beiden Protagonisten hat T\u00f6r\u00f6k in fr\u00fcheren B\u00fcchern mehrere Fortsetzungen geg\u00f6nnt. Und einfach weitere \u201eM\u00e4rchen\u201c, wundersam erz\u00e4hlt, die in anderen Welten spielen, umgedichtet und umgedeutet in die Br\u00fcche unserer Zeit (Dornr\u00f6sia, \u201eDer Gin\u00f6kschorf\u201c[Froschk\u00f6nig] ).<\/p>\n<p>In der Titelgeschichte geht es um das unb\u00e4ndige Verlangen nach Freiheit, Flucht und dem tragischen Ende.\u00a0 Der \u201eRaben-Zyklus\u201c setzt sich aus mehreren unabh\u00e4ngigen Miniaturen zusammen \u2013 die doch wieder ein Ganzes ergeben \u2013 und darin meine Lieblingserz\u00e4hlung \u201eSanfter H\u00fcgel\u201c, in der er an seinen Freund schreibt, nachsp\u00fcrt wo er sich jetzt befinden k\u00f6nnte. \u00dcber diese Sinnieren und Schreiben kommt ihm der Freund ganz nah, steht bereits hinter ihm.<\/p>\n<p>Der Autor l\u00e4sst auch Dichterkollegen aus Vergangenheit und Gegenwart zu Wort kommen: Nikolaus Lenau, im damaligen Ungarn geboren, ein ewig Reisender, der sich doch immer nach der Heimat sehnt. Mit ihm l\u00e4sst T\u00f6r\u00f6k einen Teil der ungarischen Geschichte an uns vor\u00fcberziehen. Mit dem Freiheitsdichter Christian Schubart l\u00e4sst er uns anl\u00e4sslich eines fiktiven Besuches des Studenten Wendel Ohnesorg einen Blick hinter die Kulissen der Geschichte nach den T\u00fcrkenkriegen, Freiheitskriegen, R\u00fcckschl\u00e4gen und vision\u00e4ren Ausfl\u00fcgen ins 3. Jahrtausend werfen. Zuneigung und freundschaftlicher Spott zeigen sich in der Erz\u00e4hlung \u201eUmgebracht von Martin Walser\u201c.<\/p>\n<p>Trotz seiner realistisch-genauen Beobachtung schildert T\u00f6r\u00f6k poetisch-anr\u00fchrende Naturbeschreibungen, spielt mit erschreckenden und sch\u00f6nen Zukunftsvisionen. (\u201eDas M\u00e4rchen von der t\u00f6nenden Kugel\u201c &#8211; das Gegenst\u00fcck zu Turmbau von Babel). Er spielt mit Worten und Bedeutungen (z. B. \u201eGet\u00fcrkt\u201c \u00fcber seinen eigenen Namen, und \u00fcber Bedeutungen ungarischer W\u00f6rter). Er beschreibt die Sehnsucht nach anderen L\u00e4ndern (\u00c4gypten \u2013 Afrika: \u201eUtete \u2013 die Liebe zum Fluss\u201c) mit deren Besonderheiten und Wunderlichkeiten. Humorvoll macht er sich aus tierischem Blickwinkel Gedanken \u00fcber \u00a0Menschen und die Spezies Dichter ins Besondere (Kanalstra\u00dfe 4). Selbst Liebesgeschichten geraten ihm \u00a0ironisch (\u201eDer Drucker\u201c) Er denkt \u00fcber sich selbst nach (\u201eDie Fahrt\u201c), \u00fcber sein erstes Gedicht, das er als 10j\u00e4hriger in Ungarn schrieb und \u00fcber die sp\u00e4teren Gedichte. Das alles mit leisem Schalk und Augenzwinkern.<\/p>\n<p>Wer einmal das Gl\u00fcck hatte, Imre T\u00f6r\u00f6k selbst seine Geschichten und Gedanken vortragen zu h\u00f6ren, wird es mit mir sehr bedauern, dass es immer noch keine Audio-CD von seinen Lesungen gibt. Da\u00a0 mischen sich Vortrag und Fabulierlust, der Hang zum M\u00e4rchenhaften mit menschenfreundlicher Vision, das Nachdenken \u00fcber den Mitmenschen und \u00fcber sich selbst.<\/p>\n<p><a href=\"http:\/\/wp.pop-verlag.com\/?page_id=654\"><strong>Imre T\u00f6r\u00f6k<\/strong>:<\/a> und Gerti Michaelis Rahr stellen ihre B\u00fccher vor. <strong>TV \u00fcber <\/strong> <a href=\"http:\/\/traian.pop-verlag.com\/978-3-86356-021-8.htm\"><strong><em>Unverhofft<\/em><\/strong><\/a><strong><em>, <\/em><\/strong><a href=\"http:\/\/traian.pop-verlag.com\/gerti_michaelis_rahr.htm\"><strong>Gerti Michaelis Rahr<\/strong><\/a><strong> und\u00a0<\/strong> <em><strong><a href=\"http:\/\/traian.pop-verlag.com\/insel_der_elefanten.htm\">Insel der Elefanten,<\/a><\/strong><\/em> <strong><a href=\"http:\/\/traian.pop-verlag.com\/imre_t.htm\">Imre T\u00f6r\u00f6k<\/a>. <a href=\"http:\/\/www.regio-tv.de\/video\/159198.html\">(mehr)\u00a0<\/a><\/strong><\/p>\n","protected":false},"excerpt":{"rendered":"<p>In Ungarn geboren und aufgewachsen, kam Imre T\u00f6r\u00f6k: als jugendlicher Fl\u00fcchtling in die Bundesrepublik. Nach Erlernen der deutschen Sprache Studium der Germanistik, Geschichte und Philosophie in T\u00fcbingen, Sch\u00fcler des Philosophen Ernst Bloch. Berufliche Stationen: Dozent in der Erwachsenenbildung, Fl\u00fcchtlingsarbeit, Ghostwriter, &hellip; <a class=\"more-link\" href=\"https:\/\/wp.pop-verlag.com\/?page_id=654\">Weiterlesen <span class=\"meta-nav\">&rarr;<\/span><\/a><\/p>\n","protected":false},"author":2,"featured_media":0,"parent":679,"menu_order":9,"comment_status":"closed","ping_status":"closed","template":"","meta":{"footnotes":""},"class_list":["post-654","page","type-page","status-publish","hentry"],"jetpack_sharing_enabled":true,"_links":{"self":[{"href":"https:\/\/wp.pop-verlag.com\/index.php?rest_route=\/wp\/v2\/pages\/654","targetHints":{"allow":["GET"]}}],"collection":[{"href":"https:\/\/wp.pop-verlag.com\/index.php?rest_route=\/wp\/v2\/pages"}],"about":[{"href":"https:\/\/wp.pop-verlag.com\/index.php?rest_route=\/wp\/v2\/types\/page"}],"author":[{"embeddable":true,"href":"https:\/\/wp.pop-verlag.com\/index.php?rest_route=\/wp\/v2\/users\/2"}],"replies":[{"embeddable":true,"href":"https:\/\/wp.pop-verlag.com\/index.php?rest_route=%2Fwp%2Fv2%2Fcomments&post=654"}],"version-history":[{"count":13,"href":"https:\/\/wp.pop-verlag.com\/index.php?rest_route=\/wp\/v2\/pages\/654\/revisions"}],"predecessor-version":[{"id":4962,"href":"https:\/\/wp.pop-verlag.com\/index.php?rest_route=\/wp\/v2\/pages\/654\/revisions\/4962"}],"up":[{"embeddable":true,"href":"https:\/\/wp.pop-verlag.com\/index.php?rest_route=\/wp\/v2\/pages\/679"}],"wp:attachment":[{"href":"https:\/\/wp.pop-verlag.com\/index.php?rest_route=%2Fwp%2Fv2%2Fmedia&parent=654"}],"curies":[{"name":"wp","href":"https:\/\/api.w.org\/{rel}","templated":true}]}}