{"id":4323,"date":"2019-06-04T12:38:54","date_gmt":"2019-06-04T12:38:54","guid":{"rendered":"https:\/\/wp.pop-verlag.com\/?page_id=4323"},"modified":"2019-06-04T13:55:13","modified_gmt":"2019-06-04T13:55:13","slug":"kalosh-celiku","status":"publish","type":"page","link":"https:\/\/wp.pop-verlag.com\/?page_id=4323","title":{"rendered":"Kalosh \u00c7eliku"},"content":{"rendered":"<p><strong><img loading=\"lazy\" decoding=\"async\" class=\"alignleft wp-image-4326 size-medium\" src=\"https:\/\/wp.pop-verlag.com\/wp-content\/uploads\/2019\/06\/Kalosh-Celiku-300x225.jpg\" alt=\"\" width=\"300\" height=\"225\" srcset=\"https:\/\/wp.pop-verlag.com\/wp-content\/uploads\/2019\/06\/Kalosh-Celiku-300x225.jpg 300w, https:\/\/wp.pop-verlag.com\/wp-content\/uploads\/2019\/06\/Kalosh-Celiku-768x576.jpg 768w, https:\/\/wp.pop-verlag.com\/wp-content\/uploads\/2019\/06\/Kalosh-Celiku-1024x768.jpg 1024w, https:\/\/wp.pop-verlag.com\/wp-content\/uploads\/2019\/06\/Kalosh-Celiku-400x300.jpg 400w\" sizes=\"auto, (max-width: 300px) 100vw, 300px\" \/>\u00a0<a href=\"https:\/\/wp.pop-verlag.com\/?page_id=4323\">Kalosh \u00c7eliku<\/a><\/strong> wurde am 13. Februar 1951 im Dorf Cervica bei Kichevo (Mazedonien) geboren. Er beendete die Grundschule in seinem Heimatort. Die weitere Schulbildung erfolgte in Skopje, und das Studium der Albanologie an der Universit\u00e4t von Prishtina (Kosovo). Zun\u00e4chst arbeitete er als Lehrer in Mazedonien und Kosovo, heute lebt er als freiberuflicher Schriftsteller und einer der bekanntesten albanischen Dichter in Skopje\/Mazedonien. Seit 1997 ist er Vorsitzender des albanischen Schriftstellerverbandes in Mazedonien. Ausserdem hat er 1992 den Verlag ASDRENI gegr\u00fcndet, der sich einen guten Ruf nicht nur in der Region sondern weltweit erworben hat.<br \/>\n\u00c7eliku schreibt Prosa und Poesie f\u00fcr Kinder und Erwachsene. Bislang hat er mehr als 40 B\u00fccher geschrieben und ver\u00f6ffentlicht. Die wichtigsten sind: Der Vogel kam singend &#8211; Gedichte (1982), Der Hase mit dem Gewehr &#8211; Erz\u00e4hlungen (1983), Das H\u00e4uschen der Leuchtk\u00e4fer \u2013 Erz\u00e4hlungen (1984), Der schwarze Schleier &#8211; Drama (1985), Der B\u00e4r ohne Schwanz &#8211; Erz\u00e4hlungen (1986), Die Sonne sinkt auf die Berge &#8211; Novelle (1986), Das Begr\u00e4bnis der Rabenkr\u00e4he &#8211; Roman (1988), Jahre voll mit Schnee &#8211; Roman (1990), Die Trompete des Heroldes &#8211; Satiren (1992), Monsignore, es bellen die Hunde &#8211; Drama (1993), Den Helden sieht man an der Tat &#8211; Poem (1994), Das Trojanische Pferd durch Bit &#8211; Pazar &#8211; Satiren (1994), Das Spiel der Augen &#8211; Gedichte (1995), Das Kotzen der D\u00e4rme &#8211; Gedichte (1996), Die Stadt der Kuckucke &#8211; Roman (1997), Ich habe die Nacht begleitet &#8211; Gedichte (1998), Gestern Nacht schlief ich mit dem Herbst &#8211; Gedichte (1999), Das Bordell &#8211; Roman (2000), Meine treuen Frauen &#8211; Roman (2001), Mit drei Gr\u00e4bern &#8211; Roman (2002), Der Tod hat mich geliebt weniger als Du &#8211; Gedichte (2003), Auch sie war nicht eifers\u00fcchtig &#8211; Gedichte (2004), Der Pseudokulturelle &#8211; Antiroman (2006), Mein Engel ist eine Frau &#8211; Gedichte (2007), Der Winter kommt nicht mit Blumen &#8211; 5 Poeme (2007), Ehu &#8211; Gedichte (2008), u.a.<br \/>\nF\u00fcr seine B\u00fccher wurde er mit zahlreichen Preisen ausgezeichnet, darunter dem SEREMBE\u2013Preis, der mit 5.000 Euro dotiert ist. Seine Werke sind in folgende Sprachen \u00fcbersetzt: Mazedonisch, Bulgarisch, Griechisch, T\u00fcrkisch und Rum\u00e4nisch.<\/p>\n<p>Lieferbare Titel von <strong><a href=\"https:\/\/wp.pop-verlag.com\/?page_id=4323\">Kalosh \u00c7eliku<\/a>: <a href=\"https:\/\/wp.pop-verlag.com\/?p=4316\">Das boheme M\u00e4dchen gibt meinen B\u00fcchern die Brust<\/a><\/strong>. Gesammelte Gedichte. Aus dem Albanischen von Arb\u00ebr \u00c7eliku. Lyrikreihe Bd. 53; ISBN 978-3-86356-035-5; 86 Seiten, \u20ac[D]14,80<\/p>\n","protected":false},"excerpt":{"rendered":"<p>\u00a0Kalosh \u00c7eliku wurde am 13. Februar 1951 im Dorf Cervica bei Kichevo (Mazedonien) geboren. Er beendete die Grundschule in seinem Heimatort. Die weitere Schulbildung erfolgte in Skopje, und das Studium der Albanologie an der Universit\u00e4t von Prishtina (Kosovo). Zun\u00e4chst arbeitete &hellip; <a class=\"more-link\" href=\"https:\/\/wp.pop-verlag.com\/?page_id=4323\">Weiterlesen <span class=\"meta-nav\">&rarr;<\/span><\/a><\/p>\n","protected":false},"author":2,"featured_media":0,"parent":662,"menu_order":5,"comment_status":"closed","ping_status":"closed","template":"","meta":{"footnotes":""},"class_list":["post-4323","page","type-page","status-publish","hentry"],"jetpack_sharing_enabled":true,"_links":{"self":[{"href":"https:\/\/wp.pop-verlag.com\/index.php?rest_route=\/wp\/v2\/pages\/4323","targetHints":{"allow":["GET"]}}],"collection":[{"href":"https:\/\/wp.pop-verlag.com\/index.php?rest_route=\/wp\/v2\/pages"}],"about":[{"href":"https:\/\/wp.pop-verlag.com\/index.php?rest_route=\/wp\/v2\/types\/page"}],"author":[{"embeddable":true,"href":"https:\/\/wp.pop-verlag.com\/index.php?rest_route=\/wp\/v2\/users\/2"}],"replies":[{"embeddable":true,"href":"https:\/\/wp.pop-verlag.com\/index.php?rest_route=%2Fwp%2Fv2%2Fcomments&post=4323"}],"version-history":[{"count":4,"href":"https:\/\/wp.pop-verlag.com\/index.php?rest_route=\/wp\/v2\/pages\/4323\/revisions"}],"predecessor-version":[{"id":4328,"href":"https:\/\/wp.pop-verlag.com\/index.php?rest_route=\/wp\/v2\/pages\/4323\/revisions\/4328"}],"up":[{"embeddable":true,"href":"https:\/\/wp.pop-verlag.com\/index.php?rest_route=\/wp\/v2\/pages\/662"}],"wp:attachment":[{"href":"https:\/\/wp.pop-verlag.com\/index.php?rest_route=%2Fwp%2Fv2%2Fmedia&parent=4323"}],"curies":[{"name":"wp","href":"https:\/\/api.w.org\/{rel}","templated":true}]}}