{"id":4039,"date":"2019-03-16T12:52:27","date_gmt":"2019-03-16T12:52:27","guid":{"rendered":"https:\/\/wp.pop-verlag.com\/?page_id=4039"},"modified":"2020-04-02T18:20:26","modified_gmt":"2020-04-02T18:20:26","slug":"andreas-saurer","status":"publish","type":"page","link":"https:\/\/wp.pop-verlag.com\/?page_id=4039","title":{"rendered":"Andreas Saurer"},"content":{"rendered":"<div id=\"attachment_4040\" style=\"width: 238px\" class=\"wp-caption alignleft\"><img loading=\"lazy\" decoding=\"async\" aria-describedby=\"caption-attachment-4040\" class=\"wp-image-4040 size-medium\" src=\"https:\/\/wp.pop-verlag.com\/wp-content\/uploads\/2019\/03\/portrait2-1-228x300.jpg\" alt=\"\" width=\"228\" height=\"300\" srcset=\"https:\/\/wp.pop-verlag.com\/wp-content\/uploads\/2019\/03\/portrait2-1-228x300.jpg 228w, https:\/\/wp.pop-verlag.com\/wp-content\/uploads\/2019\/03\/portrait2-1-768x1009.jpg 768w, https:\/\/wp.pop-verlag.com\/wp-content\/uploads\/2019\/03\/portrait2-1-780x1024.jpg 780w, https:\/\/wp.pop-verlag.com\/wp-content\/uploads\/2019\/03\/portrait2-1.jpg 1559w\" sizes=\"auto, (max-width: 228px) 100vw, 228px\" \/><p id=\"caption-attachment-4040\" class=\"wp-caption-text\">\u00a9 Andreas Blatter<\/p><\/div>\n<p><a href=\"https:\/\/wp.pop-verlag.com\/?page_id=4039\"><strong>Andreas Saurer<\/strong><\/a>, *1963 in Andeer (Graub\u00fcnden\/Schweiz). Historiker (Lic. phil. hist., Universit\u00e4t Bern, 1990), Journalist und Lyriker. Von 1995 bis 2017 Ausland-Redakteur bei der \u00abBerner Zeitung\u00bb. Seit Dezember 2017 Text-Produzent in der Tamedia-Mantelredaktion in Z\u00fcrich. Er lebt in Bern und Basel. Buch-Ver\u00f6ffentlichungen: Modernisierung und Tradition. Das rum\u00e4nische Dorf 1918-1989. Gardez!-Verlag, St. Augustin 2003; Freie Sicht bis Cagliatscha. Gedichte. orte-Verlag, Z\u00fcrich\/Oberegg 2008; Berg mit Madonna\/Munte cu Madonna. Gedichte (zweisprachige Ausgabe \u2013 deutsch-rum\u00e4nisch). Ins Rum\u00e4nische \u00fcbersetzt von Radu \u021auculescu, Nachwort von Vasile Igna. Biblioteca Revistei Familia, Oradea 2005. \u00dcbersetzungen aus der rum\u00e4nischsprachigen Lyrik, zuletzt \u00abRum\u00e4nische Rarit\u00e4ten\u00bb (orte-Literaturzeitschrift 186). Auszeichnungen: orte-Lyrikpreis 2007 (Schweiz), Deb\u00fct-Preis beim internationalen Poesiefestival von Sighetu Marma\u021biei 2005 (Rum\u00e4nien), Finalist beim open-mike-Literaturwettbewerb der literaturWERKstatt Berlin 1995.<\/p>\n<p><span class=\"readonlyText multiple\">Lieferbare Titel von <a href=\"https:\/\/wp.pop-verlag.com\/?page_id=4039\"><strong>Andreas Saurer<\/strong><\/a>:<br \/>\n<\/span><\/p>\n<ul>\n<li><a href=\"https:\/\/wp.pop-verlag.com\/?p=4035\"><strong>\u00a0 Rum\u00e4nische Helden. Vom Realsozialismus zum EU-Vorsitz. Reportagen, Portr\u00e4ts, Interviews, Essays und Analysen aus 33 Jahren.\u00a0<\/strong><\/a>Die POP-Verlag-Universitasreihe, Bd. 13. ISBN: 978-3-86356-250-2, 198 Seiten, \u20ac[D]16,50<\/li>\n<li><a href=\"https:\/\/www.edition-matrix.com\/matrix-1-2020-59-%e2%80%a2-anna-blandiana-%e2%80%a2-sie-koennte-die-naechste-nobelpreistraegerin-sein\/\">MATRIX 1\/2020 (59) \u2022 Anna Blandiana \u2022 Sie k\u00f6nnte die n\u00e4chste Nobelpreistr\u00e4gerin sein<\/a><\/li>\n<\/ul>\n","protected":false},"excerpt":{"rendered":"<p>Andreas Saurer, *1963 in Andeer (Graub\u00fcnden\/Schweiz). Historiker (Lic. phil. hist., Universit\u00e4t Bern, 1990), Journalist und Lyriker. Von 1995 bis 2017 Ausland-Redakteur bei der \u00abBerner Zeitung\u00bb. Seit Dezember 2017 Text-Produzent in der Tamedia-Mantelredaktion in Z\u00fcrich. Er lebt in Bern und Basel. &hellip; <a class=\"more-link\" href=\"https:\/\/wp.pop-verlag.com\/?page_id=4039\">Weiterlesen <span class=\"meta-nav\">&rarr;<\/span><\/a><\/p>\n","protected":false},"author":2,"featured_media":0,"parent":712,"menu_order":4,"comment_status":"closed","ping_status":"closed","template":"","meta":{"footnotes":""},"class_list":["post-4039","page","type-page","status-publish","hentry"],"jetpack_sharing_enabled":true,"_links":{"self":[{"href":"https:\/\/wp.pop-verlag.com\/index.php?rest_route=\/wp\/v2\/pages\/4039","targetHints":{"allow":["GET"]}}],"collection":[{"href":"https:\/\/wp.pop-verlag.com\/index.php?rest_route=\/wp\/v2\/pages"}],"about":[{"href":"https:\/\/wp.pop-verlag.com\/index.php?rest_route=\/wp\/v2\/types\/page"}],"author":[{"embeddable":true,"href":"https:\/\/wp.pop-verlag.com\/index.php?rest_route=\/wp\/v2\/users\/2"}],"replies":[{"embeddable":true,"href":"https:\/\/wp.pop-verlag.com\/index.php?rest_route=%2Fwp%2Fv2%2Fcomments&post=4039"}],"version-history":[{"count":5,"href":"https:\/\/wp.pop-verlag.com\/index.php?rest_route=\/wp\/v2\/pages\/4039\/revisions"}],"predecessor-version":[{"id":4961,"href":"https:\/\/wp.pop-verlag.com\/index.php?rest_route=\/wp\/v2\/pages\/4039\/revisions\/4961"}],"up":[{"embeddable":true,"href":"https:\/\/wp.pop-verlag.com\/index.php?rest_route=\/wp\/v2\/pages\/712"}],"wp:attachment":[{"href":"https:\/\/wp.pop-verlag.com\/index.php?rest_route=%2Fwp%2Fv2%2Fmedia&parent=4039"}],"curies":[{"name":"wp","href":"https:\/\/api.w.org\/{rel}","templated":true}]}}