{"id":3922,"date":"2018-12-25T19:35:05","date_gmt":"2018-12-25T19:35:05","guid":{"rendered":"https:\/\/wp.pop-verlag.com\/?page_id=3922"},"modified":"2018-12-25T19:44:34","modified_gmt":"2018-12-25T19:44:34","slug":"dieter-goeltenboth","status":"publish","type":"page","link":"https:\/\/wp.pop-verlag.com\/?page_id=3922","title":{"rendered":"Dieter G\u00f6ltenboth"},"content":{"rendered":"<p><a href=\"https:\/\/wp.pop-verlag.com\/?page_id=3922\"><strong><img loading=\"lazy\" decoding=\"async\" class=\"alignleft wp-image-3926 size-medium\" src=\"https:\/\/wp.pop-verlag.com\/wp-content\/uploads\/2018\/12\/G\u00f6ltenboth1-300x210.jpg\" alt=\"\" width=\"300\" height=\"210\" srcset=\"https:\/\/wp.pop-verlag.com\/wp-content\/uploads\/2018\/12\/G\u00f6ltenboth1-300x210.jpg 300w, https:\/\/wp.pop-verlag.com\/wp-content\/uploads\/2018\/12\/G\u00f6ltenboth1-768x538.jpg 768w, https:\/\/wp.pop-verlag.com\/wp-content\/uploads\/2018\/12\/G\u00f6ltenboth1-1024x717.jpg 1024w, https:\/\/wp.pop-verlag.com\/wp-content\/uploads\/2018\/12\/G\u00f6ltenboth1-429x300.jpg 429w\" sizes=\"auto, (max-width: 300px) 100vw, 300px\" \/>Dieter G\u00f6ltenboth,\u00a0<\/strong><\/a>(*1933 in Eybach\/W\u00fcrtenberg-\u2020 2013, Stuttgart). Kindheit im Pfarrhaus mit sieben Geschwistern. 1953-1956 &#8211; Studium an der Kunstakademie Stuttgart bei den Professoren Hannes Neuner und Willi Baumeister. 1958-59 &#8211; Freischaffend auf Ibiza\/Balearen. 1959-61 &#8211; Reisen in Afrika. 1962-66 &#8211; Studium der Kunsterziehung und Geografie. Gleichzeitig Leiter einer Werkstatt am Stuttgarter Jugendhaus. Seit 1967 Kunsterzieher und Dozent. 1970-75 &#8211; Design Verantwortung f\u00fcr Cottage Industrie NCCK Kenya. Seit 1980 Funktionen im Bundesverband Bildender K\u00fcnstler, zuletzt Bundesvorsitzender. Mitglied im Vorstand der \u201eInternationalen Gesellschaft der Bildenden K\u00fcnstler\u201c. Mitglied im K\u00fcnstlerverbund Baden-W\u00fcrttemberg und Gr\u00fcndungsmitglied und 1. Vorsitzender des Kunstvereins \u201eKultur S-Vaihingen e.V. Seit 1962 verheiratet mit Malerin Irmela R\u00f6ck, zwei T\u00f6chter.<\/p>\n<p>Lieferbare Titel von <a href=\"https:\/\/wp.pop-verlag.com\/?page_id=3922\"><strong> Dieter G\u00f6ltenboth<\/strong><\/a>:<\/p>\n<p><strong><a href=\"https:\/\/traian.pop-verlag.com\/3-937139-02-8_gr.htm\">&#8211; An Abbruchkanten<\/a>.<\/strong> ISBN\u00a03-937139-02-8. 160\u00a0Seiten &#8211; 20,2\u00a0\u00d7\u00a014,3\u00a0cm. 1.Auflage, 2004. 17,80\u00a0Eur[D] \/ 19,00\u00a0Eur[A] \/ 31,00\u00a0sFr. \u00a0 <a href=\"mailto:traianpoptraian@t-online.de\">Bestellen.<\/a><\/p>\n<p><strong><a href=\"https:\/\/traian.pop-verlag.com\/3-937139-.htm\">&#8211; 100 Jahre K\u00fcnstlerhaus Villa Romana Florenz. &#8222;Stuttgart gratuliert&#8220;\u00a0<\/a> <\/strong><\/p>\n<p>&nbsp;<\/p>\n<p>\u00dcber <a href=\"https:\/\/wp.pop-verlag.com\/?page_id=3922\"><strong>Dieter G\u00f6ltenboth<\/strong><\/a>:<\/p>\n<p>Nicht nur Gedichte und Gedankenfrag\u00admente, die von Mythologie, Literatur und eigenen Gedanken getragen sind, spiegeln diese Zeit in Afrika wieder. Auch viele seiner darstellerischen Arbeiten auf Papier, Materi\u00adalbilder und Installationen, beispielsweise &#8222;Stelle des Feuers&#8220; und &#8222;Erde-Zeichen\u00adErde&#8220;, befassen sich mit den Eindr\u00fccken. &#8222;Die Installationen des Pfarrersohnes bekla\u00adgen den Niedergang durch technisch-wirt\u00adschaftliche Ausbeutung und sind doch durchpulst von einer christlichen Symbolik der Hoffnung&#8220;, erkl\u00e4rt Susanne Kohn, eine Freundin der Familie. [&#8230;] Ich habe schon als 17-l\u00e4hriger nach ver\u00adschiedenen M\u00f6glichkeiten gesucht, um mich auszudr\u00fccken&#8220;, sagt G\u00f6ltenboth. So habe er zeitgleich mit dem Malen und Schreiben begonnen. Nachdem er sich f\u00fcr ein Studium an der Kunstakademie entschieden hatte, habe er im Darstellerischen einen Schwer\u00adpunkt entwickelt Menschen mit einem star\u00adken Bezug zur Literatur h\u00e4tten ihn nun ermutigt. seine Gedichte zu ver\u00f6ffentlichen.<\/p>\n<p><em>Red.<\/em> <strong>Stuttgarter Zeitung Nr. 21 Freitag, 10. September 2004 (<\/strong><strong>Ostafrika -Erlebnisse auf Bildern und in Worten festgehalten)* <\/strong><\/p>\n<p>*<a href=\"https:\/\/wp.pop-verlag.com\/?page_id=3922\"><strong>Dieter G\u00f6ltenboth:\u00a0<\/strong><\/a> <a href=\"https:\/\/wp.pop-verlag.com\/?p=3917\"> An Abbruchkanten<\/a>, (FRAGMENTARIUM-Sammlung), 160\u00a0Seiten, 1.Auflage, 2004<\/p>\n","protected":false},"excerpt":{"rendered":"<p>Dieter G\u00f6ltenboth,\u00a0(*1933 in Eybach\/W\u00fcrtenberg-\u2020 2013, Stuttgart). Kindheit im Pfarrhaus mit sieben Geschwistern. 1953-1956 &#8211; Studium an der Kunstakademie Stuttgart bei den Professoren Hannes Neuner und Willi Baumeister. 1958-59 &#8211; Freischaffend auf Ibiza\/Balearen. 1959-61 &#8211; Reisen in Afrika. 1962-66 &#8211; Studium &hellip; <a class=\"more-link\" href=\"https:\/\/wp.pop-verlag.com\/?page_id=3922\">Weiterlesen <span class=\"meta-nav\">&rarr;<\/span><\/a><\/p>\n","protected":false},"author":2,"featured_media":0,"parent":672,"menu_order":9,"comment_status":"closed","ping_status":"closed","template":"","meta":{"footnotes":""},"class_list":["post-3922","page","type-page","status-publish","hentry"],"jetpack_sharing_enabled":true,"_links":{"self":[{"href":"https:\/\/wp.pop-verlag.com\/index.php?rest_route=\/wp\/v2\/pages\/3922","targetHints":{"allow":["GET"]}}],"collection":[{"href":"https:\/\/wp.pop-verlag.com\/index.php?rest_route=\/wp\/v2\/pages"}],"about":[{"href":"https:\/\/wp.pop-verlag.com\/index.php?rest_route=\/wp\/v2\/types\/page"}],"author":[{"embeddable":true,"href":"https:\/\/wp.pop-verlag.com\/index.php?rest_route=\/wp\/v2\/users\/2"}],"replies":[{"embeddable":true,"href":"https:\/\/wp.pop-verlag.com\/index.php?rest_route=%2Fwp%2Fv2%2Fcomments&post=3922"}],"version-history":[{"count":5,"href":"https:\/\/wp.pop-verlag.com\/index.php?rest_route=\/wp\/v2\/pages\/3922\/revisions"}],"predecessor-version":[{"id":3928,"href":"https:\/\/wp.pop-verlag.com\/index.php?rest_route=\/wp\/v2\/pages\/3922\/revisions\/3928"}],"up":[{"embeddable":true,"href":"https:\/\/wp.pop-verlag.com\/index.php?rest_route=\/wp\/v2\/pages\/672"}],"wp:attachment":[{"href":"https:\/\/wp.pop-verlag.com\/index.php?rest_route=%2Fwp%2Fv2%2Fmedia&parent=3922"}],"curies":[{"name":"wp","href":"https:\/\/api.w.org\/{rel}","templated":true}]}}