{"id":3244,"date":"2018-06-13T06:19:21","date_gmt":"2018-06-13T06:19:21","guid":{"rendered":"https:\/\/wp.pop-verlag.com\/?page_id=3244"},"modified":"2026-04-30T05:20:29","modified_gmt":"2026-04-30T05:20:29","slug":"beispiel-2","status":"publish","type":"page","link":"https:\/\/wp.pop-verlag.com\/","title":{"rendered":""},"content":{"rendered":"<div id=\"pl-3244\"  class=\"panel-layout\" ><div id=\"pg-3244-0\"  class=\"panel-grid panel-no-style\" ><div id=\"pgc-3244-0-0\"  class=\"panel-grid-cell\" ><div id=\"panel-3244-0-0-0\" class=\"so-panel widget widget_sow-editor panel-first-child panel-last-child\" data-index=\"0\" ><div\n\t\t\t\n\t\t\tclass=\"so-widget-sow-editor so-widget-sow-editor-base\"\n\t\t\t\n\t\t>\n<div class=\"siteorigin-widget-tinymce textwidget\">\n\t<p class=\"nospacing\"><span style=\"color: #333333;\">Wir begr\u00fc\u00dfen alle Interessierten auf der neuen Webseite des Pop Verlags Ludwigsburg. Diese Seite ist noch im Aufbau. (Noch nicht eingepflegte Inhalte finden Sie in der nicht mehr aktuellen Version der Verlagswebseite.)<\/span><\/p>\n<div class=\"xdj266r x14z9mp xat24cr x1lziwak x1vvkbs x126k92a\">\n<div dir=\"auto\">Seien Sie herzlich eingeladen<\/div>\n<div dir=\"auto\"><\/div>\n<div dir=\"auto\"><img loading=\"lazy\" decoding=\"async\" class=\"alignleft size-medium wp-image-7519\" src=\"https:\/\/wp.pop-verlag.com\/wp-content\/uploads\/2026\/04\/neunkoepfiges-Trio-292x300.jpg\" alt=\"\" width=\"292\" height=\"300\" srcset=\"https:\/\/wp.pop-verlag.com\/wp-content\/uploads\/2026\/04\/neunkoepfiges-Trio-292x300.jpg 292w, https:\/\/wp.pop-verlag.com\/wp-content\/uploads\/2026\/04\/neunkoepfiges-Trio-996x1024.jpg 996w, https:\/\/wp.pop-verlag.com\/wp-content\/uploads\/2026\/04\/neunkoepfiges-Trio-768x790.jpg 768w, https:\/\/wp.pop-verlag.com\/wp-content\/uploads\/2026\/04\/neunkoepfiges-Trio-1494x1536.jpg 1494w, https:\/\/wp.pop-verlag.com\/wp-content\/uploads\/2026\/04\/neunkoepfiges-Trio.jpg 1749w\" sizes=\"auto, (max-width: 292px) 100vw, 292px\" \/><\/div>\n<div dir=\"auto\"><\/div>\n<\/div>\n<div class=\"x14z9mp xat24cr x1lziwak x1vvkbs xtlvy1s x126k92a\">\n<div dir=\"auto\"><strong>\u25a0 Dienstag, 12. Mai,<\/strong> \u201eRosengarten\u201c, Frankfurter Stra\u00dfe 79, 64293 Darmstadt, 19 Uhr Marc Mandel und die Literaturinitiative Darmstadt pr\u00e4sentieren das\u00a0<em>Trio Infernal<\/em> (Alex Dreppec, <a href=\"https:\/\/wp.pop-verlag.com\/?page_id=6413\">PH Gruner<\/a>, Tom Wolff: <a href=\"https:\/\/wp.pop-verlag.com\/?p=7356\"><em>Trio inferna<\/em>l.<\/a>) --&gt; <a href=\"https:\/\/wp.pop-verlag.com\/?page_id=6647\">Veranstaltungen<\/a><\/div>\n<\/div>\n<div dir=\"auto\">\n<div dir=\"auto\"><\/div>\n<div dir=\"auto\"><strong>\u25a0 <\/strong><strong>28.05.2026 \u2013 16:00-20:00, Berlin, <\/strong><strong>Weizenbaum-Institut \u2013 Kassenhalle.\u00a0<\/strong><strong>Workshop und Buchvorstellung: <\/strong><em><strong>Der Traum der Gurke.<\/strong> <\/em><strong><em>Ein literarisches KI-Experiment, <\/em><\/strong>Pop Verlag 2026<\/div>\n<div dir=\"auto\">--&gt; <a href=\"https:\/\/wp.pop-verlag.com\/?page_id=6647\">Veranstaltungen<\/a><\/div>\n<\/div>\n<div class=\"x14z9mp xat24cr x1lziwak x1vvkbs xtlvy1s x126k92a\">\n<div dir=\"auto\"><\/div>\n<\/div>\n<p>&nbsp;<\/p>\n<p><a href=\"https:\/\/wp.pop-verlag.com\/?3d-flip-book=pop-verlag-katalog-fruehjahr-2026\"><strong><span style=\"color: #800080;\"><span style=\"color: #999999;\">Die neuen Vorschauen sind da: Fr\u00fchjahr 2026<\/span><\/span><\/strong><\/a><\/p>\n<p><a href=\"https:\/\/wp.pop-verlag.com\/?3d-flip-book=pop-verlag-katalog-fruehjahr-2026\" target=\"_blank\" rel=\"noopener\"><img loading=\"lazy\" decoding=\"async\" class=\"alignleft wp-image-7499 size-medium\" src=\"https:\/\/wp.pop-verlag.com\/wp-content\/uploads\/2026\/03\/S_1_-aus-Katalog-Fruehjahr-2026-212x300.jpg\" alt=\"\" width=\"212\" height=\"300\" srcset=\"https:\/\/wp.pop-verlag.com\/wp-content\/uploads\/2026\/03\/S_1_-aus-Katalog-Fruehjahr-2026-212x300.jpg 212w, https:\/\/wp.pop-verlag.com\/wp-content\/uploads\/2026\/03\/S_1_-aus-Katalog-Fruehjahr-2026-724x1024.jpg 724w, https:\/\/wp.pop-verlag.com\/wp-content\/uploads\/2026\/03\/S_1_-aus-Katalog-Fruehjahr-2026-768x1086.jpg 768w, https:\/\/wp.pop-verlag.com\/wp-content\/uploads\/2026\/03\/S_1_-aus-Katalog-Fruehjahr-2026-1086x1536.jpg 1086w, https:\/\/wp.pop-verlag.com\/wp-content\/uploads\/2026\/03\/S_1_-aus-Katalog-Fruehjahr-2026.jpg 1183w\" sizes=\"auto, (max-width: 212px) 100vw, 212px\" \/><\/a><\/p>\n<\/div>\n<\/div><\/div><\/div><\/div><div id=\"pg-3244-1\"  class=\"panel-grid panel-no-style\" ><div id=\"pgc-3244-1-0\"  class=\"panel-grid-cell\" ><div id=\"panel-3244-1-0-0\" class=\"so-panel widget widget_sow-editor panel-first-child panel-last-child\" data-index=\"1\" ><div\n\t\t\t\n\t\t\tclass=\"so-widget-sow-editor so-widget-sow-editor-base\"\n\t\t\t\n\t\t>\n<div class=\"siteorigin-widget-tinymce textwidget\">\n\t<p class=\"nospacing\"><a href=\"https:\/\/wp.pop-verlag.com\/?page_id=3393\">News<\/a><\/p>\n<\/div>\n<\/div><\/div><\/div><div id=\"pgc-3244-1-1\"  class=\"panel-grid-cell\" ><div id=\"panel-3244-1-1-0\" class=\"so-panel widget widget_sow-editor panel-first-child panel-last-child\" data-index=\"2\" ><div\n\t\t\t\n\t\t\tclass=\"so-widget-sow-editor so-widget-sow-editor-base\"\n\t\t\t\n\t\t>\n<div class=\"siteorigin-widget-tinymce textwidget\">\n\t<p><a href=\"https:\/\/wp.pop-verlag.com\/?page_id=3460\">Interview<\/a><\/p>\n<\/div>\n<\/div><\/div><\/div><div id=\"pgc-3244-1-2\"  class=\"panel-grid-cell\" ><div id=\"panel-3244-1-2-0\" class=\"so-panel widget widget_sow-editor panel-first-child panel-last-child\" data-index=\"3\" ><div\n\t\t\t\n\t\t\tclass=\"so-widget-sow-editor so-widget-sow-editor-base\"\n\t\t\t\n\t\t>\n<div class=\"siteorigin-widget-tinymce textwidget\">\n\t<p><a href=\"https:\/\/wp.pop-verlag.com\/?page_id=3467\">In der Presse<\/a><\/p>\n<\/div>\n<\/div><\/div><\/div><div id=\"pgc-3244-1-3\"  class=\"panel-grid-cell\" ><div id=\"panel-3244-1-3-0\" class=\"so-panel widget widget_sow-editor panel-first-child panel-last-child\" data-index=\"4\" ><div\n\t\t\t\n\t\t\tclass=\"so-widget-sow-editor so-widget-sow-editor-base\"\n\t\t\t\n\t\t>\n<div class=\"siteorigin-widget-tinymce textwidget\">\n\t<p><a href=\"https:\/\/wp.pop-verlag.com\/?page_id=3471\">Andruck<\/a><\/p>\n<\/div>\n<\/div><\/div><\/div><\/div><div id=\"pg-3244-2\"  class=\"panel-grid panel-no-style\" ><div id=\"pgc-3244-2-0\"  class=\"panel-grid-cell\" ><div id=\"panel-3244-2-0-0\" class=\"so-panel widget widget_sow-editor panel-first-child panel-last-child\" data-index=\"5\" ><div\n\t\t\t\n\t\t\tclass=\"so-widget-sow-editor so-widget-sow-editor-base\"\n\t\t\t\n\t\t>\n<div class=\"siteorigin-widget-tinymce textwidget\">\n\t<pre><img loading=\"lazy\" decoding=\"async\" class=\"alignleft wp-image-7292 size-medium\" src=\"https:\/\/wp.pop-verlag.com\/wp-content\/uploads\/2025\/11\/978-3-86356-440-7_A_BuB-Kopie-191x300.jpg\" alt=\"\" width=\"191\" height=\"300\" srcset=\"https:\/\/wp.pop-verlag.com\/wp-content\/uploads\/2025\/11\/978-3-86356-440-7_A_BuB-Kopie-191x300.jpg 191w, https:\/\/wp.pop-verlag.com\/wp-content\/uploads\/2025\/11\/978-3-86356-440-7_A_BuB-Kopie-652x1024.jpg 652w, https:\/\/wp.pop-verlag.com\/wp-content\/uploads\/2025\/11\/978-3-86356-440-7_A_BuB-Kopie-768x1206.jpg 768w, https:\/\/wp.pop-verlag.com\/wp-content\/uploads\/2025\/11\/978-3-86356-440-7_A_BuB-Kopie-978x1536.jpg 978w, https:\/\/wp.pop-verlag.com\/wp-content\/uploads\/2025\/11\/978-3-86356-440-7_A_BuB-Kopie-1304x2048.jpg 1304w, https:\/\/wp.pop-verlag.com\/wp-content\/uploads\/2025\/11\/978-3-86356-440-7_A_BuB-Kopie-scaled.jpg 1630w\" sizes=\"auto, (max-width: 191px) 100vw, 191px\" \/>\n\n<a href=\"https:\/\/wp.pop-verlag.com\/?page_id=3357\" target=\"_blank\" rel=\"noopener\">Emilian Galaicu-P\u0103un<\/a>, <a href=\"https:\/\/wp.pop-verlag.com\/?p=7288\" target=\"_blank\" rel=\"noopener\"><em>Lebendiges Gewebe. 10 x 10<\/em><\/a>. Roman. Aus dem Rum\u00e4nischen \u00fcbertragen von <a href=\"https:\/\/wp.pop-verlag.com\/?page_id=3571\" target=\"_blank\" rel=\"noopener\">Georg Aescht<\/a>. Ludwigsburg: Pop \u00b7 2025.\u00a0\nReihe Epik, Bd. 157, ISBN 978-3-86356-440-7, 475 S., \u20ac[D]33,00\n<em>Von einer Schnittstelle all der Kl\u00fcfte, die Europa und die Welt auch heute furchen, handelt dieses Buch. Ein rum\u00e4nischer Autor aus der zwischen Russland und den NATO-Staaten gebeutelten Republik Moldau erz\u00e4hlt von einer Kindheit in der Sowjetunion und einer Jugend, die mit der Jugend seines von der Sowjetunion befreiten Landes h\u00e4tte zusammenfallen sollen. Dabei stellen sich die pers\u00f6nlichen und politischen \u201eBefreiungen\u201c als allenfalls notd\u00fcrftig heraus. Die Geschichte greift herein in die Gegenwart, nichts ist ausgestanden \u2013 man muss weitererz\u00e4hlen in der Hoffnung, dass man sie, die Geschichte und das eigene Leben, in den Griff bekommt. \n\n<\/em><\/pre>\n<div class=\"gY2b2c\" aria-hidden=\"true\">\n<div class=\"AZJdrc JceRhc zGXzeb\"><\/div>\n<\/div>\n<pre>\n<\/pre>\n<\/div>\n<\/div><\/div><\/div><div id=\"pgc-3244-2-1\"  class=\"panel-grid-cell\" ><div id=\"panel-3244-2-1-0\" class=\"so-panel widget widget_sow-editor panel-first-child panel-last-child\" data-index=\"6\" ><div\n\t\t\t\n\t\t\tclass=\"so-widget-sow-editor so-widget-sow-editor-base\"\n\t\t\t\n\t\t>\n<div class=\"siteorigin-widget-tinymce textwidget\">\n\t<pre><img loading=\"lazy\" decoding=\"async\" class=\"alignleft wp-image-6651 size-medium\" src=\"https:\/\/wp.pop-verlag.com\/wp-content\/uploads\/2023\/05\/JL-Podcast-IDGL-300x300.jpg\" alt=\"\" width=\"300\" height=\"300\" srcset=\"https:\/\/wp.pop-verlag.com\/wp-content\/uploads\/2023\/05\/JL-Podcast-IDGL-300x300.jpg 300w, https:\/\/wp.pop-verlag.com\/wp-content\/uploads\/2023\/05\/JL-Podcast-IDGL-150x150.jpg 150w, https:\/\/wp.pop-verlag.com\/wp-content\/uploads\/2023\/05\/JL-Podcast-IDGL.jpg 640w\" sizes=\"auto, (max-width: 300px) 100vw, 300px\" \/>Im Fr\u00fchjahr 2023 ist das Poem \u201ebiographie. ein muster\u201c von Johann Lippet im Pop Verlag erschienen \u2013 in einer durchgesehenen Auflage und kontextualisiert durch ein Essay von Walter Fromm. Die in den 1980er Jahren viel beachtete Erz\u00e4hlung in freien Versen hat bei ihrem Erscheinen in Rum\u00e4nien zahlreiche Tabus gebrochen.<\/pre>\n<\/div>\n<\/div><\/div><\/div><div id=\"pgc-3244-2-2\"  class=\"panel-grid-cell\" ><div id=\"panel-3244-2-2-0\" class=\"so-panel widget widget_sow-editor panel-first-child panel-last-child\" data-index=\"7\" ><div\n\t\t\t\n\t\t\tclass=\"so-widget-sow-editor so-widget-sow-editor-base\"\n\t\t\t\n\t\t>\n<div class=\"siteorigin-widget-tinymce textwidget\">\n\t<header class=\"artikelkopf\">\n<pre class=\"artikeldatum\"><a href=\"https:\/\/www.siebenbuerger.de\/zeitung\/artikel\/verschiedenes\/26257-ehrenplatz-im-jenseits-nachrufende.html\">3. August 2025\/<em>Siebenb\u00fcrgische Zeitung<\/em><\/a><\/pre>\n<\/header>\n<pre><strong>\u201eEhrenplatz im Jenseits\u201c \u2013 nachrufende Gedanken eines Freundes anl\u00e4sslich des letzten Lyrikbandes des am 6. Juli verstorbenen Schriftstellers Franz Hodjak<\/strong>\n\n <img loading=\"lazy\" decoding=\"async\" class=\"alignleft wp-image-7088 size-thumbnail\" src=\"https:\/\/wp.pop-verlag.com\/wp-content\/uploads\/2025\/01\/978-3-86356-361-5_A-150x150.jpg\" alt=\"\" width=\"150\" height=\"150\" \/> An eines der vielen Gespr\u00e4che mit Franz Hodjak erinnere ich mich besonders gern. Ich war in den Endneunzehnhundertsiebzigern in meinem Literaturverst\u00e4ndnis zeittypischen Irrungen verhaftet. \u201eEngagiert\u201c habe Literatur zu sein, Gei\u00dfel der malignen sozialen und politischen Verh\u00e4ltnisse, kritisch bis ins letzte Wort hinein, zweckgebundenes sprachliches Kunstwerk, mitunter mehr aktivistisches Werk als Kunst. Nur unter dieser Voraussetzung sei auch Subjektivit\u00e4t zul\u00e4ssig. (<a href=\"https:\/\/wp.pop-verlag.com\/?page_id=3467\">weiter<\/a>)<\/pre>\n<p>&nbsp;<\/p>\n<\/div>\n<\/div><\/div><\/div><div id=\"pgc-3244-2-3\"  class=\"panel-grid-cell\" ><div id=\"panel-3244-2-3-0\" class=\"so-panel widget widget_sow-editor panel-first-child panel-last-child\" data-index=\"8\" ><div\n\t\t\t\n\t\t\tclass=\"so-widget-sow-editor so-widget-sow-editor-base\"\n\t\t\t\n\t\t>\n<div class=\"siteorigin-widget-tinymce textwidget\">\n\t<pre><strong><a href=\"https:\/\/wp.pop-verlag.com\/?page_id=3467\"><img loading=\"lazy\" decoding=\"async\" class=\"alignleft wp-image-7146 size-full\" src=\"https:\/\/wp.pop-verlag.com\/wp-content\/uploads\/2025\/03\/Offenbach-Post_18-03-2025.jpg\" alt=\"\" width=\"1403\" height=\"808\" srcset=\"https:\/\/wp.pop-verlag.com\/wp-content\/uploads\/2025\/03\/Offenbach-Post_18-03-2025.jpg 1403w, https:\/\/wp.pop-verlag.com\/wp-content\/uploads\/2025\/03\/Offenbach-Post_18-03-2025-300x173.jpg 300w, https:\/\/wp.pop-verlag.com\/wp-content\/uploads\/2025\/03\/Offenbach-Post_18-03-2025-1024x590.jpg 1024w, https:\/\/wp.pop-verlag.com\/wp-content\/uploads\/2025\/03\/Offenbach-Post_18-03-2025-768x442.jpg 768w, https:\/\/wp.pop-verlag.com\/wp-content\/uploads\/2025\/03\/Offenbach-Post_18-03-2025-500x288.jpg 500w\" sizes=\"auto, (max-width: 1403px) 100vw, 1403px\" \/><\/a> <img loading=\"lazy\" decoding=\"async\" class=\"alignleft wp-image-7145 size-full\" src=\"https:\/\/wp.pop-verlag.com\/wp-content\/uploads\/2025\/03\/FrankfurterNeuePresse_18-03-2025.jpg\" alt=\"\" width=\"284\" height=\"1200\" srcset=\"https:\/\/wp.pop-verlag.com\/wp-content\/uploads\/2025\/03\/FrankfurterNeuePresse_18-03-2025.jpg 284w, https:\/\/wp.pop-verlag.com\/wp-content\/uploads\/2025\/03\/FrankfurterNeuePresse_18-03-2025-71x300.jpg 71w, https:\/\/wp.pop-verlag.com\/wp-content\/uploads\/2025\/03\/FrankfurterNeuePresse_18-03-2025-242x1024.jpg 242w\" sizes=\"auto, (max-width: 284px) 100vw, 284px\" \/><\/strong><\/pre>\n<div class=\"html-div xdj266r x11i5rnm xat24cr x1mh8g0r xexx8yu x4uap5 x18d9i69 xkhd6sd\" dir=\"auto\">\n<div class=\"html-div xdj266r x11i5rnm xat24cr x1mh8g0r xexx8yu x4uap5 x18d9i69 xkhd6sd\" data-ad-rendering-role=\"story_message\">\n<div id=\"\u00abR5alqllajaillkqismipapd5aqH2\u00bb\" class=\"x1l90r2v x1iorvi4 x1ye3gou xn6708d\" data-ad-comet-preview=\"message\" data-ad-preview=\"message\">\n<div class=\"x78zum5 xdt5ytf xz62fqu x16ldp7u\">\n<div class=\"xu06os2 x1ok221b\">\n<div class=\"xdj266r x11i5rnm xat24cr x1mh8g0r x1vvkbs x126k92a\">\n<pre dir=\"auto\">Frankfurter Neue Presse, bzw. Offenbach-Post zu Ewart Reder, komisch, dass wir nicht merken, dass wir komisch sind.Possen und Glossen. Mit f\u00fcnfzehn Zeichnungen und Aquarellen des Autors. Reihe Fragmentarium, Bd. 32, ISBN 978-3-86356-414-8, 288 Seiten,\u20ac[D] 23,00<\/pre>\n<\/div>\n<pre dir=\"auto\">Ein Buch voll mit Comedy legt Ewart Reder auf den Ladentisch. Kolumnen f\u00fcr die Frankfurter Rundschau und andere Zeitungen stehen neben Satiren und Kurzgeschichten, die in Zeitschriften ver\u00f6ffentlicht und mitunter pr\u00e4miert wurden. Hier sprechen Handschuhe, Geschirr- sp\u00fcler, St\u00e4dte, ein ganzer Planet. Einige Kolumnen durchfliegt eine Drohne, die die Wahrheit kennt, auch die Gedanken. Andere Glossen formulieren Distanzen, unter anderem zu Kartoffeln, Poetry-Slams und Herrenabenden. Wild wird es in den Geschichten. Ein Jugendlicher, der nie aus seinem Zimmer kommt, betr\u00fcgt in Wahrheit seine Eltern mit einer Zweitfamilie. Jim Morrison stirbt mit achtundsiebzig in Rom, nachdem er seinen \u201eTod\u201c in einer Pariser Badewanne 1971 als biographischen Tauchgang geoutet hat. Schnall dich an, hier kommt ein Buch wie ein Freizeitpark. Nur billiger.<\/pre>\n<\/div>\n<\/div>\n<\/div>\n<\/div>\n<\/div>\n<\/div>\n<\/div><\/div><\/div><\/div><div id=\"pg-3244-3\"  class=\"panel-grid panel-no-style\" ><div id=\"pgc-3244-3-0\"  class=\"panel-grid-cell\" ><div id=\"panel-3244-3-0-0\" class=\"so-panel widget widget_sow-editor panel-first-child panel-last-child\" data-index=\"9\" ><div\n\t\t\t\n\t\t\tclass=\"so-widget-sow-editor so-widget-sow-editor-base\"\n\t\t\t\n\t\t>\n<div class=\"siteorigin-widget-tinymce textwidget\">\n\t<div class=\"headline__highlight\">\n<div class=\"headline__inner headline__inner--highlight\">\n<pre class=\"headline__title\"><a href=\"https:\/\/www.nzz.ch\/feuilleton\/metaphysik-und-manipulation-die-rumaenische-dichterin-ana-blandiana-ld.1855160?fbclid=IwY2xjawHZGkZleHRuA2FlbQIxMAABHSdjo0DsJVcw1bMNjKjiCwZ6aINVrrsY4xjDYBY2oHhKmI-myGf7iVYTSQ_aem_sPISOrJp75cXfRZHqtblyg\">Metaphysik und Manipulation \u2013 die rum\u00e4nische Dichterin Ana Blandiana erinnert sich an ihr politisch bewegtes Leben<\/a><\/pre>\n<\/div>\n<\/div>\n<div class=\"headline__inner\">\n<pre class=\"headline__lead\"><a href=\"https:\/\/www.nzz.ch\/feuilleton\/metaphysik-und-manipulation-die-rumaenische-dichterin-ana-blandiana-ld.1855160?fbclid=IwY2xjawHZHJZleHRuA2FlbQIxMQABHeSx3Lze3GjeFbJNkMSVgMQNVniP6rn0dMShKicIj36_-oasz8N0B4RLqw_aem_qFrvY1itj5p_h2NUJARwMQ\"><img decoding=\"async\" class=\"image-zoom__content\" src=\"https:\/\/img.nzz.ch\/2024\/12\/16\/fdacf795-4ec0-482f-ac1f-6c9c0efab0eb.jpeg?width=1225&amp;height=919&amp;fit=bounds&amp;quality=75&amp;auto=webp&amp;crop=3527,2645,x80,y0\" alt=\"Grande Dame der rum\u00e4nischen Literatur: die Schriftstellerin Ana Blandiana in Oviedo, anl\u00e4sslich der Verleihung des Prinzessin-von-Asturien-Preises f\u00fcr Literatur, Ende Oktober 2024.\" data-nzz-tid=\"image-lightbox-content\" data-cmp-info=\"10\" \/><\/a> \u00abMich interessiert nicht die Geschichte des Sichtbaren, sondern des Unsichtbaren\u00bb, sagt Ana Blandiana, die popul\u00e4re Grande Dame der rum\u00e4nischen Literatur. Die Revolution\u00e4re von 1989 wollten sie nach dem Sturz Ceausescus vereinnahmen, doch sie verweigerte sich.<\/pre>\n<\/div>\n<div class=\"gY2b2c\" aria-hidden=\"true\">\n<div class=\"AZJdrc JceRhc zGXzeb\">\n<pre class=\"uhHOwf BYbUcd\"><a href=\"https:\/\/www.rtve.es\/play\/videos\/premios-princesa-de-asturias\/discurso-integro-ana-blandiana-premios-princesa-asturias-2024\/16304058\/\"><img decoding=\"async\" id=\"dimg_MuV4Z4f3IOezi-gPq7uUuQ8_1\" src=\"data:image\/jpeg;base64,\/9j\/4AAQSkZJRgABAQAAAQABAAD\/2wCEAAkGBwgHBgkIBwgKCgkLDRYPDQwMDRsUFRAWIB0iIiAdHx8kKDQsJCYxJx8fLT0tMTU3Ojo6Iys\/RD84QzQ5OjcBCgoKDQwNGg8PGjclHyU3Nzc3Nzc3Nzc3Nzc3Nzc3Nzc3Nzc3Nzc3Nzc3Nzc3Nzc3Nzc3Nzc3Nzc3Nzc3Nzc3N\/\/AABEIAFMAlAMBIgACEQEDEQH\/xAAbAAACAwEBAQAAAAAAAAAAAAAAAQIDBgUEB\/\/EADsQAAEDAgQDBAYIBgMAAAAAAAEAAgMEEQUSITETQVEGInGBFBVhkcHhB0JSYqGxsvAjM3KCktEkMjT\/xAAYAQADAQEAAAAAAAAAAAAAAAAAAQMCBP\/EAB4RAAMBAAIDAQEAAAAAAAAAAAABAhEDIRMxURIi\/9oADAMBAAIRAxEAPwD4chCEANCEIAEIUg2\/QeJTERXpoqOSseQx8cbW6ukkdla3xPwVOT7zP8gupgT44pnNnkaYy5pyDUu8PbYlZp4tRuEnWM0WCdiqSoZFJX1rrSatbHYZhca+GunVV9o+zmEUlFJ6snkNSxws15JuOh0\/ZC0dZA5skzoe6WNLWte0gG22U6cwCszLi8OKTSOMDIn5byOYTZx6dLm19Oa5ldt6dNccpYY4ixshdHGaN1PPxRqyQ7+3f8d1zl1J6tORrHgIQhMQIQi6ABNCnkLctxuLhCAjZClZJbwCpCEKYxhCSaABB3QFIseGhxa4NdexI0Nt0ARVlPK+nqIp47Z43h7bi4uDcJMic5wAFrnc7BSl4YkAjByga3O55oA+l0VbJieBQVNTMLStdaPNd2YE5vDUErL4jSOoXNLGPdDmJYcvXr716\/o\/7P4hi9U6spg6OlppGmZ40aWAgvB6nLy+8OV7fTcOruz1VhddVNpTT0tM85PSCHAjLfQ8wACbe3wXO4yujrV\/qNz0fLa+pi9XQ0tVQPIfCJC7Nd8YtYHbTlvvdZJaDE8YmqZ56q+QVDwcjdA1n1W+ADQFyJZIpSbR5XH6wNvwVplSujmqnTPMhBFjZC2YBAQmgBsNnAkAi+oPNdDEpYH09GIhAx0UfD4cRLie8XFznHcku2GwAXPC7FZgM1HhQramThvOUsidGe+29nEO2u0kAj2nok2k0NJtHKshSSV8MnnTSTUDQIQtZSdlIpKWJ808rJHNBc0WsD0SdKfZqYdejJrq4Ng+JY6ZIMODZXQNz8J07WGxOpaHEc7X8l3B2Ppy4gVMwsL7BevDOz\/qqujq6OtkE0Zu0lo8x57eax5ZN+C\/hxqrs1j1F6PTmhqGvmOVpDmkOdbNlFjyAP4rxYlgmK4SxkuJU0kDZbhji4OBI1sbE2Pivpdbjc0tTRF8EZMc5c09DkcPiq8Tq\/WVHNR1cDZI5W6gG1jyI6ELfkj6Hhv4a36O\/QndlqCOhYMkkJbKwm54oceJm63zA+FuSyf01V9PBS4fhNI9gkeXSysjFgG35+J\/SvRh3ain7NYDSwuoZJBSX70c1sxe7vEgjnfrpy6L5t2nxCbG8XqcRkfI50ru6x9rsYP+rRryHxPNYlp9jqalYcd7731NhoFBJyFQiB0NihN26SYgTSTQAwLrq4xj9fihe6qcLy24mUkB1tdr2FzqbbnVctqcu7QikuhpskhJCsZKE0IUDR0cApBV4pCx2rGHO\/wHzsvoTSAAFm+yNJwqR9S5vemdZv8ASPnf3LTteY2ODA0lwOp5aH42Pkublraw7eCfzGlkAEmYje5DfvEa291\/cp+iyODZIy14Jy2bfz\/K3mk2SLM0iBrYwTdocde8Pdpf3joqXmLhyAQ94vGR2hygC35lx9yn0UboprWGGSlfJYNdLYa73Y62m6tbuSdbnTyCjU+jmej\/AIT2Di961if5btB\/db96K55YWs4TXi5u7NbTf5IeYOW9xnG7QgnCpuvc\/UFkdTYrZY5b1XVA75RbyIPwWMF7KnG\/5J8nsqnhEhLm6O\/NeUgg2cNt17xuoSwiQ3GhVZr6c9xvaPG63Ikj2pIIsbIVSBNgGt9VYLfZCrZzUgVWcwTL4ZnQuLo2tBIte105qp0oAe1unMCyouluE2pb3ATaWaPij7A95QqkLH7oeEAn4pJqYzYUeO0EMMcbOKGMAaO5816x2hoCR\/FcPFhWGY7KfZ0VwNxcKL4lp0zzPMNy3HsPJ\/8ASPNrv9KfrmgJH\/JjHibLC+aLrL4kU8zNvUYnRvlpy2piNpDs8ad0r1RV9O4EceIm\/J4Xz48kJPiQ1zdm2xaSOWhqbPH8t1hfc2WPzBV6eCS3M4Yu9ZNz0cSwVZKg542vutYTdYVyEF7iNiVFATVSBJqkLKLUwVRCJISuEdVrRFaEIUTRBNCEgBeuj1ieD1TQtT7Ey\/I22yqLWk7IQqtCTJOY240RkbfZCEsQNspm7rTbqvMSepQhRo0mwS5hNCABNCExEghCFsBqXJCFpCKkIQpjP\/\/Z\" alt=\"\" data-csiid=\"MuV4Z4f3IOezi-gPq7uUuQ8_2\" data-atf=\"5\" \/><\/a><a href=\"https:\/\/www.rtve.es\/play\/videos\/premios-princesa-de-asturias\/discurso-integro-ana-blandiana-premios-princesa-asturias-2024\/16304058\/\"> ... Princesa de Asturias Discurso \u00edntegro de <b>Ana Blandiana<\/b> en los <b>Premios Princesa de Asturias 2024<\/b> ... <b>Premio Princesa de Asturias de las Letras<\/b> ...<\/a><\/pre>\n<\/div>\n<\/div>\n<div class=\"gY2b2c\" aria-hidden=\"true\">\n<div class=\"AZJdrc JceRhc zGXzeb\">\n<div class=\"kSFuOd rkqHyd\" aria-hidden=\"true\"><\/div>\n<\/div>\n<\/div>\n<\/div>\n<\/div><\/div><\/div><div id=\"pgc-3244-3-1\"  class=\"panel-grid-cell\" ><div id=\"panel-3244-3-1-0\" class=\"so-panel widget widget_sow-editor panel-first-child panel-last-child\" data-index=\"10\" ><div\n\t\t\t\n\t\t\tclass=\"so-widget-sow-editor so-widget-sow-editor-base\"\n\t\t\t\n\t\t>\n<div class=\"siteorigin-widget-tinymce textwidget\">\n\t<pre>Auch sie weist auf den Auftritt einer Generation von Schriftstellern hin, die sich als Avantgarde verstand und sowohl gegen die Zw\u00e4nge der literarischen Provinz als auch gegen die Indienstnahme der Literatur durch den sozialistischen Staat rebellierte. Dar\u00fcber, \u00fcber die im letzten Jahr ver\u00f6ffentlichte Lyrik-Anthologie \u201edie bewegung der antillen unter der sch\u00e4deldecke\u201c, \u00fcber die Temeswarer literarische Gruppierung \u201eAktionsgruppe Banat\u201c und die deutschsprachige Literatur aus Rum\u00e4nien in wechselhaften Zeiten erz\u00e4hlt Johann Lippet im Gespr\u00e4ch mit Olivia Spiridon.\u00a0 \u00a0 Der Schriftsteller Johann Lippet blickt auf ein Werk zur\u00fcck, das mittlerweile mehr als 25 B\u00e4nde umfasst und das am Schicksal von einzelnen Protagonisten, Familien und einer Dorfgemeinschaft die Geschichte des Banats und der Banater Schwaben erz\u00e4hlt und Befindlichkeiten dieser Region in literarische Sprache \u00fcbersetzt. \u00a0 Den Podcast finden Sie <a href=\"https:\/\/open.spotify.com\/episode\/0VLcHHVgDpqdKPxiByfRDV\" target=\"_blank\" rel=\"noopener\">hier<\/a>.<\/pre>\n<\/div>\n<\/div><\/div><\/div><div id=\"pgc-3244-3-2\"  class=\"panel-grid-cell\" ><div id=\"panel-3244-3-2-0\" class=\"so-panel widget widget_sow-editor panel-first-child panel-last-child\" data-index=\"11\" ><div\n\t\t\t\n\t\t\tclass=\"so-widget-sow-editor so-widget-sow-editor-base\"\n\t\t\t\n\t\t>\n<div class=\"siteorigin-widget-tinymce textwidget\">\n\t<pre><strong><a href=\"https:\/\/wp.pop-verlag.com\/?p=5498\"><img loading=\"lazy\" decoding=\"async\" class=\"alignleft size-medium wp-image-6630\" src=\"https:\/\/wp.pop-verlag.com\/wp-content\/uploads\/2023\/04\/978-3-86356-358-5_BuB-191x300.jpg\" alt=\"\" width=\"191\" height=\"300\" srcset=\"https:\/\/wp.pop-verlag.com\/wp-content\/uploads\/2023\/04\/978-3-86356-358-5_BuB-191x300.jpg 191w, https:\/\/wp.pop-verlag.com\/wp-content\/uploads\/2023\/04\/978-3-86356-358-5_BuB-652x1024.jpg 652w, https:\/\/wp.pop-verlag.com\/wp-content\/uploads\/2023\/04\/978-3-86356-358-5_BuB-768x1206.jpg 768w, https:\/\/wp.pop-verlag.com\/wp-content\/uploads\/2023\/04\/978-3-86356-358-5_BuB-978x1536.jpg 978w, https:\/\/wp.pop-verlag.com\/wp-content\/uploads\/2023\/04\/978-3-86356-358-5_BuB-1304x2048.jpg 1304w, https:\/\/wp.pop-verlag.com\/wp-content\/uploads\/2023\/04\/978-3-86356-358-5_BuB-scaled.jpg 1630w\" sizes=\"auto, (max-width: 191px) 100vw, 191px\" \/><\/a><\/strong><\/pre>\n<pre><a href=\"https:\/\/www.siebenbuerger.de\/zeitung\/artikel\/kultur\/24044-doppelter-grattanz-zur-neuerscheinung.html?fbclid=IwAR2-euw5yZLXDxBAjzXpDxDA1iJrUr5aZYh9Q0FV86PxHielOpig51Eky1c\">Doppelter Grattanz: Zur Neuerscheinung \u201eZwischen zwei Welten \u2013 Geschichten eines Frauenarztes\u201c<\/a>\n\n\n\n<img loading=\"lazy\" decoding=\"async\" class=\"alignleft size-medium wp-image-6548\" src=\"https:\/\/wp.pop-verlag.com\/wp-content\/uploads\/2023\/03\/978-3-86356-316-5_BuB-1-191x300.jpg\" alt=\"\" width=\"191\" height=\"300\" srcset=\"https:\/\/wp.pop-verlag.com\/wp-content\/uploads\/2023\/03\/978-3-86356-316-5_BuB-1-191x300.jpg 191w, https:\/\/wp.pop-verlag.com\/wp-content\/uploads\/2023\/03\/978-3-86356-316-5_BuB-1-652x1024.jpg 652w, https:\/\/wp.pop-verlag.com\/wp-content\/uploads\/2023\/03\/978-3-86356-316-5_BuB-1-768x1206.jpg 768w, https:\/\/wp.pop-verlag.com\/wp-content\/uploads\/2023\/03\/978-3-86356-316-5_BuB-1-978x1536.jpg 978w, https:\/\/wp.pop-verlag.com\/wp-content\/uploads\/2023\/03\/978-3-86356-316-5_BuB-1-1304x2048.jpg 1304w, https:\/\/wp.pop-verlag.com\/wp-content\/uploads\/2023\/03\/978-3-86356-316-5_BuB-1-scaled.jpg 1630w\" sizes=\"auto, (max-width: 191px) 100vw, 191px\" \/><\/pre>\n<pre><a href=\"https:\/\/literaturkritik.de\/public\/rezension.php?rez_id=29847&amp;fbclid=IwAR3NAOB16VY8HsfrzqxIpUjOll6qTm66Uiug_CsJCGLK_G46M3vF7PsdGvs\">Not und Notwendigkeit der Erinnerungsarbeit<\/a>\n\nZur Neuausgabe eines kanonisch gewordenen Poems von Johann Lippet aus der \u201eAktionsgruppe Banat\u201c\n\n<img loading=\"lazy\" decoding=\"async\" class=\"alignleft size-medium wp-image-3075\" src=\"https:\/\/wp.pop-verlag.com\/wp-content\/uploads\/2018\/03\/978-3-86356-211-3_A-210x300.jpg\" alt=\"\" width=\"210\" height=\"300\" srcset=\"https:\/\/wp.pop-verlag.com\/wp-content\/uploads\/2018\/03\/978-3-86356-211-3_A-210x300.jpg 210w, https:\/\/wp.pop-verlag.com\/wp-content\/uploads\/2018\/03\/978-3-86356-211-3_A-768x1097.jpg 768w, https:\/\/wp.pop-verlag.com\/wp-content\/uploads\/2018\/03\/978-3-86356-211-3_A-717x1024.jpg 717w, https:\/\/wp.pop-verlag.com\/wp-content\/uploads\/2018\/03\/978-3-86356-211-3_A.jpg 1654w\" sizes=\"auto, (max-width: 210px) 100vw, 210px\" \/><\/pre>\n<div class=\"imContentDataContainer\">\n<pre><a href=\"https:\/\/www.signaturen-magazin.de\/robert-serban--feintod----nah-an-der-guertelline.html?fbclid=IwAR1c8xW2LfMEty3pO6KBwWkYZRvXAxU8YgtwXugrmkdOvwNMkIckNbAxwjY\">Robert Serban: Feintod \/\/ Nah an der G\u00fcrtelline. <\/a><a href=\"http:\/\/wp.pop-verlag.com\/?p=2678\"><strong>\u201eFeintod\u201c<\/strong><\/a>. Gedichte, aus dem Rum\u00e4nischen \u00fcbersetzt von Gerhardt Csejka\n\n94 Seiten, ISBN 978-3-86356-167-3. \u20ac[D]16,50; <a href=\"https:\/\/wp.pop-verlag.com\/?p=3073\"><strong>Nah an der G\u00fcrtellinie. <\/strong><\/a>Gedichte. Aus dem Rum\u00e4nischen \u00fcbersetzt von Gerhardt Csejka\n\nMit einem Nachwort von Uli Rothfuss. Pop Lyrik, ISBN 978-3-86356-211-3. 86 Seiten, \u20ac[D]16,50. Sch\u00f6n, dass von diesem Lyriker nun so viele Gedichte (ein weiterer Band erschien bereits 2009 beim Pop Verlag) auf Deutsch verf\u00fcgbar sind. Ich kann nur jedem empfehlen, sich zumindest einen der B\u00e4nde mal anzusehen. Ich bin froh, zwei davon bei mir stehen zu haben und bin davon \u00fcberzeugt, dass ich sie noch \u00f6fters aufschlagen werde. Denn diese Momente der Ambivalenz, die darin verhandelt werden, unentwegt, kenne ich nur zu gut und \u015eerban versteht es, sie offenzulegen, mit einfachen, mit kleinen Worten zu wiegen und zu zeigen.<\/pre>\n<\/div>\n<\/div>\n<\/div><\/div><\/div><div id=\"pgc-3244-3-3\"  class=\"panel-grid-cell\" ><div id=\"panel-3244-3-3-0\" class=\"so-panel widget widget_sow-editor panel-first-child panel-last-child\" data-index=\"12\" ><div\n\t\t\t\n\t\t\tclass=\"so-widget-sow-editor so-widget-sow-editor-base\"\n\t\t\t\n\t\t>\n<div class=\"siteorigin-widget-tinymce textwidget\">\n\t<pre><em>Der ber\u00fchmte \u201ePrager Fr\u00fchling\u201c, der nach den Worten des Europa- abgeordneten Daniel Cohn-Bendit, \u201eob es einem nun passt oder nicht\u201c, die Welt ver\u00e4ndert, l\u00e4utet eine Epoche der Liberalisierung ein, die auch in Rum\u00e4nien greift. Das Land hat als einziges Mitglied des Warschauer Paktes die Teilnahme an dem von der Sowjetunion gef\u00fchrten Einmarsch in die Tschechoslowakei 1968 verweigert. Nicolae Breban wird stellvertretendes Mitglied des Zentralkomitees der Rum\u00e4nischen Kommunistischen Partei und Chefredakteur der Zeitschrift Rom\u00e2nia literar\u0103. Er schreibt die Drehb\u00fccher f\u00fcr die Filme R\u0103ut\u0103ciosul adolescent und Printre colinele verzi. Bei letzterem, der f\u00fcr das Internationale Filmfestival in Cannes nominiert wird, f\u00fchrt er auch Regie. Von Paris aus nimmt er (1971, Juli-Thesen) in Le Monde zum Zeichen des Protests gegen die beginnende Personaldiktatur von Ceau\u015fescu seinen Abschied. Dumitru \u0162epeneag \u2013 der einzige B\u00fcrger Rum\u00e4niens (nach K\u00f6nig Mihai I.), dem die Staatsangeh\u00f6rigkeit durch Pr\u00e4sidialdekret entzogen worden ist \u2013 schreibt in seinem Tagebuch Un rom\u00e2n la Paris \u00fcber diesen radikalen Bruch Brebans mit dem System Ceau\u015fescu: \u201e22. September 1971. Endlich hat Le Monde auch den Artikel \u00fcber Breban ver\u00f6ffentlicht: \u00abCraignant un retour au dogmatisme, le r\u00e9dacteur en chef de la revue La Roumanie litt\u00e9raire donne sa d\u00e9mission\u00bb (\u2026)\u201c. Nach 1989 kehrt er aus dem Pariser Exil zur\u00fcck.\n<\/em><\/pre>\n<\/div>\n<\/div><\/div><\/div><\/div><div id=\"pg-3244-4\"  class=\"panel-grid panel-no-style\" ><div id=\"pgc-3244-4-0\"  class=\"panel-grid-cell\" ><div id=\"panel-3244-4-0-0\" class=\"so-panel widget widget_sow-editor panel-first-child panel-last-child\" data-index=\"13\" ><div\n\t\t\t\n\t\t\tclass=\"so-widget-sow-editor so-widget-sow-editor-base\"\n\t\t\t\n\t\t>\n<div class=\"siteorigin-widget-tinymce textwidget\">\n\t<p><a href=\"https:\/\/www.facebook.com\/verlag.pop.3\" target=\"_blank\" rel=\"noopener\"><img loading=\"lazy\" decoding=\"async\" class=\"alignleft wp-image-3224 size-full\" src=\"https:\/\/wp.pop-verlag.com\/wp-content\/uploads\/2015\/04\/Facebook_m-1.png\" alt=\"Facebook_m\" width=\"35\" height=\"35\" \/><\/a> Folgen Sie uns auf Facebook und erfahren Sie t\u00e4glich alles Wissenswerte rund um unsere Autoren und B\u00fccher. <a href=\"https:\/\/www.facebook.com\/verlag.pop.3\" target=\"_blank\" rel=\"noopener\"><span style=\"color: #3366ff;\">Zur Facebookseite &gt;<\/span><\/a><\/p>\n<\/div>\n<\/div><\/div><\/div><\/div><\/div>","protected":false},"excerpt":{"rendered":"<p>Wir begr\u00fc\u00dfen alle Interessierten auf der neuen Webseite des Pop Verlags Ludwigsburg. Diese Seite ist noch im Aufbau. (Noch nicht eingepflegte Inhalte finden Sie in der nicht mehr aktuellen Version der Verlagswebseite.) Seien Sie herzlich eingeladen \u25a0 Dienstag, 12. Mai, &hellip; <a class=\"more-link\" href=\"https:\/\/wp.pop-verlag.com\/\">Weiterlesen <span class=\"meta-nav\">&rarr;<\/span><\/a><\/p>\n","protected":false},"author":2,"featured_media":0,"parent":0,"menu_order":1,"comment_status":"closed","ping_status":"closed","template":"","meta":{"footnotes":""},"class_list":["post-3244","page","type-page","status-publish","hentry"],"jetpack_sharing_enabled":true,"_links":{"self":[{"href":"https:\/\/wp.pop-verlag.com\/index.php?rest_route=\/wp\/v2\/pages\/3244","targetHints":{"allow":["GET"]}}],"collection":[{"href":"https:\/\/wp.pop-verlag.com\/index.php?rest_route=\/wp\/v2\/pages"}],"about":[{"href":"https:\/\/wp.pop-verlag.com\/index.php?rest_route=\/wp\/v2\/types\/page"}],"author":[{"embeddable":true,"href":"https:\/\/wp.pop-verlag.com\/index.php?rest_route=\/wp\/v2\/users\/2"}],"replies":[{"embeddable":true,"href":"https:\/\/wp.pop-verlag.com\/index.php?rest_route=%2Fwp%2Fv2%2Fcomments&post=3244"}],"version-history":[{"count":588,"href":"https:\/\/wp.pop-verlag.com\/index.php?rest_route=\/wp\/v2\/pages\/3244\/revisions"}],"predecessor-version":[{"id":7530,"href":"https:\/\/wp.pop-verlag.com\/index.php?rest_route=\/wp\/v2\/pages\/3244\/revisions\/7530"}],"wp:attachment":[{"href":"https:\/\/wp.pop-verlag.com\/index.php?rest_route=%2Fwp%2Fv2%2Fmedia&parent=3244"}],"curies":[{"name":"wp","href":"https:\/\/api.w.org\/{rel}","templated":true}]}}