{"id":3228,"date":"2018-06-10T10:41:59","date_gmt":"2018-06-10T10:41:59","guid":{"rendered":"https:\/\/wp.pop-verlag.com\/?page_id=3228"},"modified":"2026-03-10T14:24:06","modified_gmt":"2026-03-10T14:24:06","slug":"neuerscheinungen","status":"publish","type":"page","link":"https:\/\/wp.pop-verlag.com\/?page_id=3228","title":{"rendered":"Neuerscheinungen"},"content":{"rendered":"<h2><strong>NEUERSCHEINUNGEN 2026<\/strong><\/h2>\n<p><a href=\"https:\/\/wp.pop-verlag.com\/?page_id=7470\">Levan Beridze<\/a>: <a href=\"https:\/\/wp.pop-verlag.com\/?p=7465\"><em>Was auch immer du sagst<\/em><\/a><\/p>\n<p><img loading=\"lazy\" decoding=\"async\" class=\"alignleft size-medium wp-image-7478\" src=\"https:\/\/wp.pop-verlag.com\/wp-content\/uploads\/2026\/03\/978-3-86356\u2013441-4_A_BuB-191x300.jpg\" alt=\"\" width=\"191\" height=\"300\" srcset=\"https:\/\/wp.pop-verlag.com\/wp-content\/uploads\/2026\/03\/978-3-86356\u2013441-4_A_BuB-191x300.jpg 191w, https:\/\/wp.pop-verlag.com\/wp-content\/uploads\/2026\/03\/978-3-86356\u2013441-4_A_BuB-652x1024.jpg 652w, https:\/\/wp.pop-verlag.com\/wp-content\/uploads\/2026\/03\/978-3-86356\u2013441-4_A_BuB-768x1206.jpg 768w, https:\/\/wp.pop-verlag.com\/wp-content\/uploads\/2026\/03\/978-3-86356\u2013441-4_A_BuB-978x1536.jpg 978w, https:\/\/wp.pop-verlag.com\/wp-content\/uploads\/2026\/03\/978-3-86356\u2013441-4_A_BuB-1304x2048.jpg 1304w, https:\/\/wp.pop-verlag.com\/wp-content\/uploads\/2026\/03\/978-3-86356\u2013441-4_A_BuB-scaled.jpg 1630w\" sizes=\"auto, (max-width: 191px) 100vw, 191px\" \/><\/p>\n<p>&nbsp;<\/p>\n<p><a href=\"https:\/\/wp.pop-verlag.com\/?page_id=7442\">Bal\u00e1zs Mesterh\u00e1zy<\/a>: <a href=\"https:\/\/wp.pop-verlag.com\/?p=7428\"><em>Jinker<\/em>.<\/a><\/p>\n<p><img loading=\"lazy\" decoding=\"async\" class=\"alignleft size-medium wp-image-7430\" src=\"https:\/\/wp.pop-verlag.com\/wp-content\/uploads\/2026\/03\/978-3-86356-423-0_A_BuB-191x300.jpg\" alt=\"\" width=\"191\" height=\"300\" srcset=\"https:\/\/wp.pop-verlag.com\/wp-content\/uploads\/2026\/03\/978-3-86356-423-0_A_BuB-191x300.jpg 191w, https:\/\/wp.pop-verlag.com\/wp-content\/uploads\/2026\/03\/978-3-86356-423-0_A_BuB-652x1024.jpg 652w, https:\/\/wp.pop-verlag.com\/wp-content\/uploads\/2026\/03\/978-3-86356-423-0_A_BuB-768x1206.jpg 768w, https:\/\/wp.pop-verlag.com\/wp-content\/uploads\/2026\/03\/978-3-86356-423-0_A_BuB-978x1536.jpg 978w, https:\/\/wp.pop-verlag.com\/wp-content\/uploads\/2026\/03\/978-3-86356-423-0_A_BuB-1304x2048.jpg 1304w, https:\/\/wp.pop-verlag.com\/wp-content\/uploads\/2026\/03\/978-3-86356-423-0_A_BuB-scaled.jpg 1630w\" sizes=\"auto, (max-width: 191px) 100vw, 191px\" \/><\/p>\n<p>&nbsp;<\/p>\n<p>&nbsp;<\/p>\n<p>&nbsp;<\/p>\n<p>&nbsp;<\/p>\n<p>&nbsp;<\/p>\n<p>&nbsp;<\/p>\n<p>&nbsp;<\/p>\n<p>&nbsp;<\/p>\n<p><a href=\"https:\/\/wp.pop-verlag.com\/?page_id=7389\">Fran\u00e7ois Dominique<\/a>, <a href=\"https:\/\/wp.pop-verlag.com\/?p=7426\"><em>Zarte Hexen<\/em><\/a>.<\/p>\n<p><img loading=\"lazy\" decoding=\"async\" class=\"alignleft size-medium wp-image-7453\" src=\"https:\/\/wp.pop-verlag.com\/wp-content\/uploads\/2026\/03\/978-3-86356-431-5_A_BuB-191x300.jpg\" alt=\"\" width=\"191\" height=\"300\" srcset=\"https:\/\/wp.pop-verlag.com\/wp-content\/uploads\/2026\/03\/978-3-86356-431-5_A_BuB-191x300.jpg 191w, https:\/\/wp.pop-verlag.com\/wp-content\/uploads\/2026\/03\/978-3-86356-431-5_A_BuB-652x1024.jpg 652w, https:\/\/wp.pop-verlag.com\/wp-content\/uploads\/2026\/03\/978-3-86356-431-5_A_BuB-768x1206.jpg 768w, https:\/\/wp.pop-verlag.com\/wp-content\/uploads\/2026\/03\/978-3-86356-431-5_A_BuB-978x1536.jpg 978w, https:\/\/wp.pop-verlag.com\/wp-content\/uploads\/2026\/03\/978-3-86356-431-5_A_BuB-1304x2048.jpg 1304w, https:\/\/wp.pop-verlag.com\/wp-content\/uploads\/2026\/03\/978-3-86356-431-5_A_BuB-scaled.jpg 1630w\" sizes=\"auto, (max-width: 191px) 100vw, 191px\" \/><\/p>\n<p><a href=\"https:\/\/wp.pop-verlag.com\/?page_id=2997\">Dagmar Dusil<\/a>: <a href=\"https:\/\/wp.pop-verlag.com\/?p=7409\">Kalte Tage<\/a>.<\/p>\n<p><img loading=\"lazy\" decoding=\"async\" class=\"alignleft size-medium wp-image-7413\" src=\"https:\/\/wp.pop-verlag.com\/wp-content\/uploads\/2026\/02\/978-3-86356-436-0_A_BuB-191x300.jpg\" alt=\"\" width=\"191\" height=\"300\" srcset=\"https:\/\/wp.pop-verlag.com\/wp-content\/uploads\/2026\/02\/978-3-86356-436-0_A_BuB-191x300.jpg 191w, https:\/\/wp.pop-verlag.com\/wp-content\/uploads\/2026\/02\/978-3-86356-436-0_A_BuB-652x1024.jpg 652w, https:\/\/wp.pop-verlag.com\/wp-content\/uploads\/2026\/02\/978-3-86356-436-0_A_BuB-768x1206.jpg 768w, https:\/\/wp.pop-verlag.com\/wp-content\/uploads\/2026\/02\/978-3-86356-436-0_A_BuB-978x1536.jpg 978w, https:\/\/wp.pop-verlag.com\/wp-content\/uploads\/2026\/02\/978-3-86356-436-0_A_BuB-1304x2048.jpg 1304w, https:\/\/wp.pop-verlag.com\/wp-content\/uploads\/2026\/02\/978-3-86356-436-0_A_BuB-scaled.jpg 1630w\" sizes=\"auto, (max-width: 191px) 100vw, 191px\" \/><\/p>\n<p>&nbsp;<\/p>\n<p>&nbsp;<\/p>\n<p>&nbsp;<\/p>\n<p>&nbsp;<\/p>\n<p>&nbsp;<\/p>\n<p>&nbsp;<\/p>\n<p>&nbsp;<\/p>\n<p>&nbsp;<\/p>\n<p><strong>E<\/strong>dith Ottschofski &amp; Martina Wildner (Hrsg.): Der Traum der Gurke. Ein literarisches KI-Experiment<\/p>\n<p><img loading=\"lazy\" decoding=\"async\" class=\"alignleft size-medium wp-image-7400\" src=\"https:\/\/wp.pop-verlag.com\/wp-content\/uploads\/2026\/02\/978-3-86356-437-7_A_BuB-Kopie-191x300.jpg\" alt=\"\" width=\"191\" height=\"300\" srcset=\"https:\/\/wp.pop-verlag.com\/wp-content\/uploads\/2026\/02\/978-3-86356-437-7_A_BuB-Kopie-191x300.jpg 191w, https:\/\/wp.pop-verlag.com\/wp-content\/uploads\/2026\/02\/978-3-86356-437-7_A_BuB-Kopie-652x1024.jpg 652w, https:\/\/wp.pop-verlag.com\/wp-content\/uploads\/2026\/02\/978-3-86356-437-7_A_BuB-Kopie-768x1206.jpg 768w, https:\/\/wp.pop-verlag.com\/wp-content\/uploads\/2026\/02\/978-3-86356-437-7_A_BuB-Kopie-978x1536.jpg 978w, https:\/\/wp.pop-verlag.com\/wp-content\/uploads\/2026\/02\/978-3-86356-437-7_A_BuB-Kopie-1304x2048.jpg 1304w, https:\/\/wp.pop-verlag.com\/wp-content\/uploads\/2026\/02\/978-3-86356-437-7_A_BuB-Kopie-scaled.jpg 1630w\" sizes=\"auto, (max-width: 191px) 100vw, 191px\" \/><\/p>\n<p>Hans-Henning Paetzke: <a href=\"https:\/\/wp.pop-verlag.com\/?p=7395\">Traumleicht<\/a>.<\/p>\n<p><img loading=\"lazy\" decoding=\"async\" class=\"alignleft size-medium wp-image-7396\" src=\"https:\/\/wp.pop-verlag.com\/wp-content\/uploads\/2026\/02\/978-3-86356-422-3_A_BuB-Kopie-191x300.jpg\" alt=\"\" width=\"191\" height=\"300\" srcset=\"https:\/\/wp.pop-verlag.com\/wp-content\/uploads\/2026\/02\/978-3-86356-422-3_A_BuB-Kopie-191x300.jpg 191w, https:\/\/wp.pop-verlag.com\/wp-content\/uploads\/2026\/02\/978-3-86356-422-3_A_BuB-Kopie-652x1024.jpg 652w, https:\/\/wp.pop-verlag.com\/wp-content\/uploads\/2026\/02\/978-3-86356-422-3_A_BuB-Kopie-768x1206.jpg 768w, https:\/\/wp.pop-verlag.com\/wp-content\/uploads\/2026\/02\/978-3-86356-422-3_A_BuB-Kopie-978x1536.jpg 978w, https:\/\/wp.pop-verlag.com\/wp-content\/uploads\/2026\/02\/978-3-86356-422-3_A_BuB-Kopie-1304x2048.jpg 1304w, https:\/\/wp.pop-verlag.com\/wp-content\/uploads\/2026\/02\/978-3-86356-422-3_A_BuB-Kopie-scaled.jpg 1630w\" sizes=\"auto, (max-width: 191px) 100vw, 191px\" \/><\/p>\n<p>&nbsp;<\/p>\n<p>&nbsp;<\/p>\n<p>&nbsp;<\/p>\n<p>&nbsp;<\/p>\n<p>&nbsp;<\/p>\n<p>&nbsp;<\/p>\n<p>&nbsp;<\/p>\n<p>&nbsp;<\/p>\n<p><a href=\"http:\/\/wp.pop-verlag.com\/?page_id=2593\"><strong>Anton Sterbling<\/strong><\/a>: <em><a href=\"https:\/\/wp.pop-verlag.com\/?p=7373\">Fragen der kulturellen Identit\u00e4t. Donauschw\u00e4bische Kultur, Schriftsteller in der Fremde, Relevanz der Sprache<\/a>. <\/em><\/p>\n<p><img loading=\"lazy\" decoding=\"async\" class=\"alignleft size-medium wp-image-7418\" src=\"https:\/\/wp.pop-verlag.com\/wp-content\/uploads\/2026\/02\/978-3-86356-434-6_A_BuB-191x300.jpg\" alt=\"\" width=\"191\" height=\"300\" srcset=\"https:\/\/wp.pop-verlag.com\/wp-content\/uploads\/2026\/02\/978-3-86356-434-6_A_BuB-191x300.jpg 191w, https:\/\/wp.pop-verlag.com\/wp-content\/uploads\/2026\/02\/978-3-86356-434-6_A_BuB-652x1024.jpg 652w, https:\/\/wp.pop-verlag.com\/wp-content\/uploads\/2026\/02\/978-3-86356-434-6_A_BuB-768x1206.jpg 768w, https:\/\/wp.pop-verlag.com\/wp-content\/uploads\/2026\/02\/978-3-86356-434-6_A_BuB-978x1536.jpg 978w, https:\/\/wp.pop-verlag.com\/wp-content\/uploads\/2026\/02\/978-3-86356-434-6_A_BuB-1304x2048.jpg 1304w, https:\/\/wp.pop-verlag.com\/wp-content\/uploads\/2026\/02\/978-3-86356-434-6_A_BuB-scaled.jpg 1630w\" sizes=\"auto, (max-width: 191px) 100vw, 191px\" \/><\/p>\n<p>Alex Dreppec, <a href=\"https:\/\/wp.pop-verlag.com\/?page_id=6413\">PH Gruner<\/a>, Tom Wolff: <a href=\"https:\/\/wp.pop-verlag.com\/?p=7356\"><em>Trio inferna<\/em>l.<\/a><\/p>\n<p><img loading=\"lazy\" decoding=\"async\" class=\"alignleft size-medium wp-image-7404\" src=\"https:\/\/wp.pop-verlag.com\/wp-content\/uploads\/2026\/01\/978-3-86356-432-2_A_BuB-Kopie-191x300.jpg\" alt=\"\" width=\"191\" height=\"300\" srcset=\"https:\/\/wp.pop-verlag.com\/wp-content\/uploads\/2026\/01\/978-3-86356-432-2_A_BuB-Kopie-191x300.jpg 191w, https:\/\/wp.pop-verlag.com\/wp-content\/uploads\/2026\/01\/978-3-86356-432-2_A_BuB-Kopie-652x1024.jpg 652w, https:\/\/wp.pop-verlag.com\/wp-content\/uploads\/2026\/01\/978-3-86356-432-2_A_BuB-Kopie-768x1206.jpg 768w, https:\/\/wp.pop-verlag.com\/wp-content\/uploads\/2026\/01\/978-3-86356-432-2_A_BuB-Kopie-978x1536.jpg 978w, https:\/\/wp.pop-verlag.com\/wp-content\/uploads\/2026\/01\/978-3-86356-432-2_A_BuB-Kopie-1304x2048.jpg 1304w, https:\/\/wp.pop-verlag.com\/wp-content\/uploads\/2026\/01\/978-3-86356-432-2_A_BuB-Kopie-scaled.jpg 1630w\" sizes=\"auto, (max-width: 191px) 100vw, 191px\" \/><\/p>\n<p>&nbsp;<\/p>\n<p>&nbsp;<\/p>\n<p>&nbsp;<\/p>\n<p>&nbsp;<\/p>\n<p>&nbsp;<\/p>\n<p>&nbsp;<\/p>\n<p>&nbsp;<\/p>\n<p>&nbsp;<\/p>\n<p><a href=\"https:\/\/wp.pop-verlag.com\/?page_id=7359\">Adelheit Szekeresch<\/a>: <a href=\"https:\/\/wp.pop-verlag.com\/?p=7363\"><em>Regentr\u00e4nen<\/em><\/a><\/p>\n<p><img loading=\"lazy\" decoding=\"async\" class=\"alignleft size-medium wp-image-7365\" src=\"https:\/\/wp.pop-verlag.com\/wp-content\/uploads\/2026\/01\/978-3-86356-430-8_BuB-191x300.jpg\" alt=\"\" width=\"191\" height=\"300\" srcset=\"https:\/\/wp.pop-verlag.com\/wp-content\/uploads\/2026\/01\/978-3-86356-430-8_BuB-191x300.jpg 191w, https:\/\/wp.pop-verlag.com\/wp-content\/uploads\/2026\/01\/978-3-86356-430-8_BuB-652x1024.jpg 652w, https:\/\/wp.pop-verlag.com\/wp-content\/uploads\/2026\/01\/978-3-86356-430-8_BuB-768x1206.jpg 768w, https:\/\/wp.pop-verlag.com\/wp-content\/uploads\/2026\/01\/978-3-86356-430-8_BuB-978x1536.jpg 978w, https:\/\/wp.pop-verlag.com\/wp-content\/uploads\/2026\/01\/978-3-86356-430-8_BuB-1304x2048.jpg 1304w, https:\/\/wp.pop-verlag.com\/wp-content\/uploads\/2026\/01\/978-3-86356-430-8_BuB-scaled.jpg 1630w\" sizes=\"auto, (max-width: 191px) 100vw, 191px\" \/><\/p>\n<p>&nbsp;<\/p>\n<p><a href=\"https:\/\/wp.pop-verlag.com\/?page_id=7203\">Nicolae Tzone<\/a><a href=\"https:\/\/wp.pop-verlag.com\/?page_id=7198\" target=\"_blank\" rel=\"noopener\">:<\/a><a href=\"https:\/\/wp.pop-verlag.com\/?p=7340\"><em> Zehn Elegien<\/em><\/a><\/p>\n<p><img loading=\"lazy\" decoding=\"async\" class=\"alignleft size-medium wp-image-7341\" src=\"https:\/\/wp.pop-verlag.com\/wp-content\/uploads\/2025\/12\/978-3-86356-438-4_A_BuB-191x300.jpg\" alt=\"\" width=\"191\" height=\"300\" srcset=\"https:\/\/wp.pop-verlag.com\/wp-content\/uploads\/2025\/12\/978-3-86356-438-4_A_BuB-191x300.jpg 191w, https:\/\/wp.pop-verlag.com\/wp-content\/uploads\/2025\/12\/978-3-86356-438-4_A_BuB-652x1024.jpg 652w, https:\/\/wp.pop-verlag.com\/wp-content\/uploads\/2025\/12\/978-3-86356-438-4_A_BuB-768x1206.jpg 768w, https:\/\/wp.pop-verlag.com\/wp-content\/uploads\/2025\/12\/978-3-86356-438-4_A_BuB-978x1536.jpg 978w, https:\/\/wp.pop-verlag.com\/wp-content\/uploads\/2025\/12\/978-3-86356-438-4_A_BuB-1304x2048.jpg 1304w, https:\/\/wp.pop-verlag.com\/wp-content\/uploads\/2025\/12\/978-3-86356-438-4_A_BuB-scaled.jpg 1630w\" sizes=\"auto, (max-width: 191px) 100vw, 191px\" \/><\/p>\n<p>&nbsp;<\/p>\n<header class=\"entry-header\"><\/header>\n<p>&nbsp;<\/p>\n<h5><\/h5>\n<h5><\/h5>\n<h5><\/h5>\n<h5><\/h5>\n<h5><\/h5>\n<h5><\/h5>\n<p>&nbsp;<\/p>\n<p><a href=\"https:\/\/www.facebook.com\/verlag.pop.3\" target=\"_blank\" rel=\"noopener\"><img loading=\"lazy\" decoding=\"async\" class=\"alignleft wp-image-3224 size-full\" src=\"https:\/\/wp.pop-verlag.com\/wp-content\/uploads\/2015\/04\/Facebook_m-1.png\" alt=\"Facebook_m\" width=\"35\" height=\"35\" \/><\/a>Folgen Sie uns auf Facebook und erfahren Sie t\u00e4glich alles Wissenswerte rund um unsere Autoren und B\u00fccher. <a href=\"https:\/\/www.facebook.com\/verlag.pop.3\" target=\"_blank\" rel=\"noopener\">Zur Facebookseite &gt;<\/a><\/p>\n","protected":false},"excerpt":{"rendered":"<p>NEUERSCHEINUNGEN 2026 Levan Beridze: Was auch immer du sagst &nbsp; Bal\u00e1zs Mesterh\u00e1zy: Jinker. &nbsp; &nbsp; &nbsp; &nbsp; &nbsp; &nbsp; &nbsp; &nbsp; Fran\u00e7ois Dominique, Zarte Hexen. Dagmar Dusil: Kalte Tage. &nbsp; &nbsp; &nbsp; &nbsp; &nbsp; &nbsp; &nbsp; &nbsp; Edith Ottschofski &amp; &hellip; <a class=\"more-link\" href=\"https:\/\/wp.pop-verlag.com\/?page_id=3228\">Weiterlesen <span class=\"meta-nav\">&rarr;<\/span><\/a><\/p>\n","protected":false},"author":2,"featured_media":0,"parent":0,"menu_order":0,"comment_status":"closed","ping_status":"closed","template":"","meta":{"footnotes":""},"class_list":["post-3228","page","type-page","status-publish","hentry"],"jetpack_sharing_enabled":true,"_links":{"self":[{"href":"https:\/\/wp.pop-verlag.com\/index.php?rest_route=\/wp\/v2\/pages\/3228","targetHints":{"allow":["GET"]}}],"collection":[{"href":"https:\/\/wp.pop-verlag.com\/index.php?rest_route=\/wp\/v2\/pages"}],"about":[{"href":"https:\/\/wp.pop-verlag.com\/index.php?rest_route=\/wp\/v2\/types\/page"}],"author":[{"embeddable":true,"href":"https:\/\/wp.pop-verlag.com\/index.php?rest_route=\/wp\/v2\/users\/2"}],"replies":[{"embeddable":true,"href":"https:\/\/wp.pop-verlag.com\/index.php?rest_route=%2Fwp%2Fv2%2Fcomments&post=3228"}],"version-history":[{"count":138,"href":"https:\/\/wp.pop-verlag.com\/index.php?rest_route=\/wp\/v2\/pages\/3228\/revisions"}],"predecessor-version":[{"id":7487,"href":"https:\/\/wp.pop-verlag.com\/index.php?rest_route=\/wp\/v2\/pages\/3228\/revisions\/7487"}],"wp:attachment":[{"href":"https:\/\/wp.pop-verlag.com\/index.php?rest_route=%2Fwp%2Fv2%2Fmedia&parent=3228"}],"curies":[{"name":"wp","href":"https:\/\/api.w.org\/{rel}","templated":true}]}}