{"id":2829,"date":"2018-02-16T06:34:50","date_gmt":"2018-02-16T06:34:50","guid":{"rendered":"http:\/\/wp.pop-verlag.com\/?page_id=2829"},"modified":"2018-02-16T06:39:32","modified_gmt":"2018-02-16T06:39:32","slug":"piotr-patryk-lewkowicz","status":"publish","type":"page","link":"https:\/\/wp.pop-verlag.com\/?page_id=2829","title":{"rendered":"Piotr Patryk Lewkowicz"},"content":{"rendered":"<p><a href=\"http:\/\/wp.pop-verlag.com\/?page_id=2829\"><strong>Piotr Patryk Lewkowicz<\/strong><\/a>, *1959 in Nowa S\u00f3l (Neusalz) bei Zielona G\u00f3ra (Gr\u00fcnberg). Kunstmaler. Studierte an der Hochschule f\u00fcr Bildende Kunst in Pozna\u0144 (Posen). Vielj\u00e4hrige Arbeit als Kunstp\u00e4dagoge in Kulturh\u00e4usern der St\u00e4dte Nowa S\u00f3l und\u00a0 Karpacz. F\u00fchrender K\u00fcnstler der K\u00fcnstlergruppe \u201eeR\u201d, Jelenia G\u00f3ra (Hirschberg). Zahlreiche Ausstellungen und Publikationen in Polen und im Ausland. Lebt und arbeitet bei Wroc\u0142aw (Breslau). Lewkowicz\u2019s k\u00fcnstlerisches Motto lautet: \u201eDie geschlossene Linie im Umlauf, die die Komposition darstellt, unendlich frei und den Raum \u2013 das geschlossene Objekt \u2013 durchschneidend.\u201c<\/p>\n<p>Lieferbare Titel von\u00a0<a href=\"http:\/\/wp.pop-verlag.com\/?page_id=2829\"><strong>Piotr Patryk Lewkowicz<\/strong><\/a><\/p>\n<ul>\n<li><strong>Denisa Com\u0103nescu: <a href=\"http:\/\/wp.pop-verlag.com\/?p=2816\">R\u00fcckkehr aus dem Exil. <\/a><\/strong>Gedichte, aus dem Rum\u00e4nischen \u00fcbersetzt von <span class=\"readonlyText multiple\"><a href=\"http:\/\/wp.pop-verlag.com\/?page_id=1379\">Jan Cornelius. (Titelbild:\u00a0<\/a><a href=\"http:\/\/wp.pop-verlag.com\/?page_id=2829\"><strong>Piotr Patryk Lewkowicz<\/strong><\/a><strong><a href=\"http:\/\/wp.pop-verlag.com\/?page_id=1379\">),<\/a><\/strong><\/span>114 Seiten, ISBN 978-3-86356-191-8, \u20ac[D]16,50<\/li>\n<\/ul>\n","protected":false},"excerpt":{"rendered":"<p>Piotr Patryk Lewkowicz, *1959 in Nowa S\u00f3l (Neusalz) bei Zielona G\u00f3ra (Gr\u00fcnberg). Kunstmaler. Studierte an der Hochschule f\u00fcr Bildende Kunst in Pozna\u0144 (Posen). Vielj\u00e4hrige Arbeit als Kunstp\u00e4dagoge in Kulturh\u00e4usern der St\u00e4dte Nowa S\u00f3l und\u00a0 Karpacz. F\u00fchrender K\u00fcnstler der K\u00fcnstlergruppe \u201eeR\u201d, &hellip; <a class=\"more-link\" href=\"https:\/\/wp.pop-verlag.com\/?page_id=2829\">Weiterlesen <span class=\"meta-nav\">&rarr;<\/span><\/a><\/p>\n","protected":false},"author":2,"featured_media":0,"parent":697,"menu_order":1,"comment_status":"closed","ping_status":"closed","template":"","meta":{"footnotes":""},"class_list":["post-2829","page","type-page","status-publish","hentry"],"jetpack_sharing_enabled":true,"_links":{"self":[{"href":"https:\/\/wp.pop-verlag.com\/index.php?rest_route=\/wp\/v2\/pages\/2829","targetHints":{"allow":["GET"]}}],"collection":[{"href":"https:\/\/wp.pop-verlag.com\/index.php?rest_route=\/wp\/v2\/pages"}],"about":[{"href":"https:\/\/wp.pop-verlag.com\/index.php?rest_route=\/wp\/v2\/types\/page"}],"author":[{"embeddable":true,"href":"https:\/\/wp.pop-verlag.com\/index.php?rest_route=\/wp\/v2\/users\/2"}],"replies":[{"embeddable":true,"href":"https:\/\/wp.pop-verlag.com\/index.php?rest_route=%2Fwp%2Fv2%2Fcomments&post=2829"}],"version-history":[{"count":4,"href":"https:\/\/wp.pop-verlag.com\/index.php?rest_route=\/wp\/v2\/pages\/2829\/revisions"}],"predecessor-version":[{"id":2833,"href":"https:\/\/wp.pop-verlag.com\/index.php?rest_route=\/wp\/v2\/pages\/2829\/revisions\/2833"}],"up":[{"embeddable":true,"href":"https:\/\/wp.pop-verlag.com\/index.php?rest_route=\/wp\/v2\/pages\/697"}],"wp:attachment":[{"href":"https:\/\/wp.pop-verlag.com\/index.php?rest_route=%2Fwp%2Fv2%2Fmedia&parent=2829"}],"curies":[{"name":"wp","href":"https:\/\/api.w.org\/{rel}","templated":true}]}}