{"id":2755,"date":"2018-01-26T08:03:44","date_gmt":"2018-01-26T08:03:44","guid":{"rendered":"http:\/\/wp.pop-verlag.com\/?page_id=2755"},"modified":"2018-01-26T08:40:50","modified_gmt":"2018-01-26T08:40:50","slug":"radu-gavan","status":"publish","type":"page","link":"https:\/\/wp.pop-verlag.com\/?page_id=2755","title":{"rendered":"Radu G\u0103van"},"content":{"rendered":"<p style=\"text-align: justify;\"><strong><img loading=\"lazy\" decoding=\"async\" class=\"alignleft wp-image-2756 size-medium\" src=\"http:\/\/wp.pop-verlag.com\/wp-content\/uploads\/2018\/01\/Radu-G\u0103van-201x300.jpg\" alt=\"Radu G\u0103van\" width=\"201\" height=\"300\" srcset=\"https:\/\/wp.pop-verlag.com\/wp-content\/uploads\/2018\/01\/Radu-G\u0103van-201x300.jpg 201w, https:\/\/wp.pop-verlag.com\/wp-content\/uploads\/2018\/01\/Radu-G\u0103van-768x1148.jpg 768w, https:\/\/wp.pop-verlag.com\/wp-content\/uploads\/2018\/01\/Radu-G\u0103van-685x1024.jpg 685w, https:\/\/wp.pop-verlag.com\/wp-content\/uploads\/2018\/01\/Radu-G\u0103van.jpg 1772w\" sizes=\"auto, (max-width: 201px) 100vw, 201px\" \/><a href=\"http:\/\/wp.pop-verlag.com\/?page_id=2755\">Radu G\u0103van<\/a><\/strong>, geb. 1978 in Bukarest, hat zun\u00e4chst Bauwesen, da-nach Psychologie studiert. 2014 ver\u00f6ffentlichte er seinen ersten Roman Exorcizat (\u201eExorziert\u201c), der im Jahr darauf mit dem Deb\u00fct-Preis Mircea Ciobanu des Rum\u00e4nischen Schriftstellerverbandes ausgezeichnet und f\u00fcr die Preise Accente und RomCon als bestes Romandeb\u00fct sowie das Festival du premier roman de Chamb\u00e9ry 2016 nominiert wurde. Der zweite Roman, Neverland, erschien 2015 und erhielt den ersten Preis beim Festival Alexandru Macedonski. 2017 folgte sein dritter Roman, Diavoli fragili (\u201eFragile Teufel\u201c).<\/p>\n<p><span class=\"readonlyText multiple\">Lieferbare Titel von <\/span><strong>Radu G\u0103van<\/strong><\/p>\n<ul>\n<li><strong><a href=\"http:\/\/wp.pop-verlag.com\/?p=2748\">Neverland. <\/a><\/strong>Roman. Aus dem Rum\u00e4nischenvon Edith Konradt<\/li>\n<\/ul>\n<p>Pop Epik. ISBN: 978-3-86356-181-9, 182 Seiten, \u20ac[D]18,50<\/p>\n<p>&nbsp;<\/p>\n","protected":false},"excerpt":{"rendered":"<p>Radu G\u0103van, geb. 1978 in Bukarest, hat zun\u00e4chst Bauwesen, da-nach Psychologie studiert. 2014 ver\u00f6ffentlichte er seinen ersten Roman Exorcizat (\u201eExorziert\u201c), der im Jahr darauf mit dem Deb\u00fct-Preis Mircea Ciobanu des Rum\u00e4nischen Schriftstellerverbandes ausgezeichnet und f\u00fcr die Preise Accente und RomCon &hellip; <a class=\"more-link\" href=\"https:\/\/wp.pop-verlag.com\/?page_id=2755\">Weiterlesen <span class=\"meta-nav\">&rarr;<\/span><\/a><\/p>\n","protected":false},"author":2,"featured_media":0,"parent":672,"menu_order":2,"comment_status":"closed","ping_status":"closed","template":"","meta":{"footnotes":""},"class_list":["post-2755","page","type-page","status-publish","hentry"],"jetpack_sharing_enabled":true,"_links":{"self":[{"href":"https:\/\/wp.pop-verlag.com\/index.php?rest_route=\/wp\/v2\/pages\/2755","targetHints":{"allow":["GET"]}}],"collection":[{"href":"https:\/\/wp.pop-verlag.com\/index.php?rest_route=\/wp\/v2\/pages"}],"about":[{"href":"https:\/\/wp.pop-verlag.com\/index.php?rest_route=\/wp\/v2\/types\/page"}],"author":[{"embeddable":true,"href":"https:\/\/wp.pop-verlag.com\/index.php?rest_route=\/wp\/v2\/users\/2"}],"replies":[{"embeddable":true,"href":"https:\/\/wp.pop-verlag.com\/index.php?rest_route=%2Fwp%2Fv2%2Fcomments&post=2755"}],"version-history":[{"count":4,"href":"https:\/\/wp.pop-verlag.com\/index.php?rest_route=\/wp\/v2\/pages\/2755\/revisions"}],"predecessor-version":[{"id":2761,"href":"https:\/\/wp.pop-verlag.com\/index.php?rest_route=\/wp\/v2\/pages\/2755\/revisions\/2761"}],"up":[{"embeddable":true,"href":"https:\/\/wp.pop-verlag.com\/index.php?rest_route=\/wp\/v2\/pages\/672"}],"wp:attachment":[{"href":"https:\/\/wp.pop-verlag.com\/index.php?rest_route=%2Fwp%2Fv2%2Fmedia&parent=2755"}],"curies":[{"name":"wp","href":"https:\/\/api.w.org\/{rel}","templated":true}]}}