{"id":2637,"date":"2017-12-31T10:35:28","date_gmt":"2017-12-31T10:35:28","guid":{"rendered":"http:\/\/wp.pop-verlag.com\/?page_id=2637"},"modified":"2020-01-31T09:03:22","modified_gmt":"2020-01-31T09:03:22","slug":"%ef%bb%bfpeter-gehrisch","status":"publish","type":"page","link":"https:\/\/wp.pop-verlag.com\/?page_id=2637","title":{"rendered":"\ufeffPeter Gehrisch"},"content":{"rendered":"<p><a href=\"http:\/\/wp.pop-verlag.com\/?page_id=2637\"><strong>Peter Gehrisch<\/strong><\/a>, *1942 in Dresden. Studium f\u00fcr die gymnasiale Oberstufe im Fach Deutsche Sprache und Literatur an der P\u00e4dagogischen Hochschule, Leipzig. Ethikstudium an der Technischen Universit\u00e4t Dresden. Arbeit als Lehrer u.a. an der Volkshochschule und im Abendgymnasium Dresden.<br \/>\nPublikationen: essayistische Beitr\u00e4ge, Rezensionen, Gedichte in Zeitungen, Zeitschriften, Katalogen und Anthologien. Sein erster Band, \u201eDresden. Flug in die Vergangenheit\u201d (gemeinsam mit Christian Borchert), erschien 1993 in Dresden \/ Basel. Mehrere Buchpublikationen, darunter \u201eHans-Theodors Karneval oder Das Federnorakel\u201c, Roman, Leipzig 2006. \u201eIch: Zungenaristokrat\u201c, Gedichte, serb.\/dt., Smederevo (SRB) 2014; \u201eAz \u00e9n f\u00e9nytudom\u00e1nyom par\u00e1zsl\u00f3 gy\u0171r\u0171je\u201c, Gedichte, ungar., \u00fcbertragen von Gy\u00f6rgy Mandics, Irodalmi Jelen K\u00f6nyvek, Arad 2017<br \/>\nZahlreiche \u00dcbersetzungen, zuletzt: Cyprian Kamil Norwid \u201eVade-mecum\u201c, Gedichte poln.\/dt., Leipzig 2017 und (zusammen mit Julia schiff) Gy\u00f6rgy Mandics \/ Zsuzsanna M. Veress. \u201eAus den Aufzeichnungen von J\u00e1nos Bolyai\u201c, Ludwigsburg 2018<\/p>\n<p>Lieferbare Titel von <strong><a href=\"https:\/\/wp.pop-verlag.com\/?page_id=2637\">Peter Gehrisch<\/a><\/strong>:<\/p>\n<ul>\n<li><strong><a href=\"http:\/\/wp.pop-verlag.com\/?page_id=2561\">Gy\u00f6rgy Mandics<\/a> \/ <a href=\"http:\/\/wp.pop-verlag.com\/?page_id=2563\">Zsuzsanna M. Veress:<\/a> Aus den Aufzeichnungen von J\u00e1nos Bolyai<\/strong><br \/>\nAus dem Ungarischen von Julia Schiff. \u00dcberarbeitet von Peter Gehrisch.Gedichte.Pop Lyrik. ISBN: 978-3-86356-148-2, 72 Seiten, \u20ac [D]16,50<\/li>\n<li><strong><a href=\"http:\/\/wp.pop-verlag.com\/?page_id=2628\">Aleksander Nawrocki<\/a><\/strong>: <a href=\"http:\/\/wp.pop-verlag.com\/?p=2632\"><strong>Mir tr\u00e4umte von meiner Kindheit. <\/strong><\/a>Aus dem Polnischen \u00fcbertragen von Peter Gehrisch. Gedichte.Pop Lyrik. ISBN: 978-3-86356-155-0, 102 Seiten, \u20ac [D]16,50<\/li>\n<li><a href=\"https:\/\/wp.pop-verlag.com\/?p=4090\"><strong>Chronos, preise mir jetzt nicht das Chaos!<\/strong> <\/a>Gedichte. Lyrikreihe Bd. 126; ISBN 978-3-86356-261-8; 104 Seiten, \u20ac[D]14,50<\/li>\n<li><a href=\"https:\/\/wp.pop-verlag.com\/?p=4744\"><strong>Das M\u00e4rchen hebt an, guten Abend! In den Schutzr\u00e4umen der Phantasie. Zw\u00f6lf Tintinnabula.<\/strong><\/a>\u00a0Reihe Epik Bd. 110; ISBN: 978-3-86356-296-0; 234 Seiten, \u20ac[D]20,50<\/li>\n<\/ul>\n<p>&nbsp;<\/p>\n","protected":false},"excerpt":{"rendered":"<p>Peter Gehrisch, *1942 in Dresden. Studium f\u00fcr die gymnasiale Oberstufe im Fach Deutsche Sprache und Literatur an der P\u00e4dagogischen Hochschule, Leipzig. Ethikstudium an der Technischen Universit\u00e4t Dresden. Arbeit als Lehrer u.a. an der Volkshochschule und im Abendgymnasium Dresden. Publikationen: essayistische &hellip; <a class=\"more-link\" href=\"https:\/\/wp.pop-verlag.com\/?page_id=2637\">Weiterlesen <span class=\"meta-nav\">&rarr;<\/span><\/a><\/p>\n","protected":false},"author":2,"featured_media":0,"parent":672,"menu_order":3,"comment_status":"closed","ping_status":"closed","template":"","meta":{"footnotes":""},"class_list":["post-2637","page","type-page","status-publish","hentry"],"jetpack_sharing_enabled":true,"_links":{"self":[{"href":"https:\/\/wp.pop-verlag.com\/index.php?rest_route=\/wp\/v2\/pages\/2637","targetHints":{"allow":["GET"]}}],"collection":[{"href":"https:\/\/wp.pop-verlag.com\/index.php?rest_route=\/wp\/v2\/pages"}],"about":[{"href":"https:\/\/wp.pop-verlag.com\/index.php?rest_route=\/wp\/v2\/types\/page"}],"author":[{"embeddable":true,"href":"https:\/\/wp.pop-verlag.com\/index.php?rest_route=\/wp\/v2\/users\/2"}],"replies":[{"embeddable":true,"href":"https:\/\/wp.pop-verlag.com\/index.php?rest_route=%2Fwp%2Fv2%2Fcomments&post=2637"}],"version-history":[{"count":4,"href":"https:\/\/wp.pop-verlag.com\/index.php?rest_route=\/wp\/v2\/pages\/2637\/revisions"}],"predecessor-version":[{"id":4763,"href":"https:\/\/wp.pop-verlag.com\/index.php?rest_route=\/wp\/v2\/pages\/2637\/revisions\/4763"}],"up":[{"embeddable":true,"href":"https:\/\/wp.pop-verlag.com\/index.php?rest_route=\/wp\/v2\/pages\/672"}],"wp:attachment":[{"href":"https:\/\/wp.pop-verlag.com\/index.php?rest_route=%2Fwp%2Fv2%2Fmedia&parent=2637"}],"curies":[{"name":"wp","href":"https:\/\/api.w.org\/{rel}","templated":true}]}}