{"id":2,"date":"2014-11-21T04:51:49","date_gmt":"2014-11-21T04:51:49","guid":{"rendered":"http:\/\/localhost\/wordpress-4.0.1\/wordpress\/?page_id=2"},"modified":"2023-09-25T06:16:39","modified_gmt":"2023-09-25T06:16:39","slug":"sample-page","status":"publish","type":"page","link":"https:\/\/wp.pop-verlag.com\/?page_id=2","title":{"rendered":"B\u00fccher"},"content":{"rendered":"<p>Die im Pop Verlag erschienenen B\u00fcchern sind als Beitr\u00e4ge in den jeweiligen Kategorien zu finden.<\/p>\n<p>W\u00e4hlen Sie aus der Liste der Kategorien &#8222;<strong>Erscheinungjahr 2017<\/strong>&#8222;, werden s\u00e4mtliche Neuerscheinungen dieses Jahres gelistet. Bei &#8222;<strong>Deutsche Literatur<\/strong>&#8220; erhalten Sie einen \u00dcberblick der Werke deutscher Autorinnen und Autoren. Die Kategorie &#8222;<strong>Kaukasische Bibliothek<\/strong>&#8220; stellt alle bislang erschienenen B\u00fccher dieser Reihe vor.<\/p>\n<p>Gesamtverzeichnis aller lieferbaren B\u00fccher, nach Titel sortiert:<br \/>\n<strong>Beispieleintr\u00e4ge<\/strong>, Gesamtverzeichnis wird in den kommenden Wochen erstellt!<\/p>\n<ul>\n<li><a href=\"https:\/\/wp.pop-verlag.com\/?p=6570\"><em>100&amp;33. KONELLIPTISCHE ANSICHTEN<\/em><\/a>. <a href=\"https:\/\/wp.pop-verlag.com\/?page_id=6578\">Gerhard Eike<\/a> &#8211; Mit sieben Zeichnungen von <a href=\"https:\/\/wp.pop-verlag.com\/?page_id=6140\">Gert Fabritius<\/a>.<\/li>\n<li><a href=\"http:\/\/wp.pop-verlag.com\/?p=398\">Abasinische Prosa<\/a>\u00a0 &#8211;\u00a0 Anthologie, Hrsg. Uli Rothfuss<\/li>\n<li><a href=\"https:\/\/wp.pop-verlag.com\/?p=6114\">Abendweg<\/a> &#8211; <a href=\"https:\/\/wp.pop-verlag.com\/?page_id=6122\">Helmuth Frauendorfer<\/a><\/li>\n<li><a href=\"http:\/\/wp.pop-verlag.com\/?p=151\">Akazienskizze <\/a>&#8211; <a href=\"http:\/\/wp.pop-verlag.com\/?page_id=654\">Imre T\u00f6r\u00f6k<\/a><\/li>\n<li><a href=\"http:\/\/wp.pop-verlag.com\/?p=1249\">Al Dente<\/a>. Eine illustrierte Hommage an Loriot. Exercises de Style \u00e0 la Raymond Queneau. &#8211; <a href=\"http:\/\/wp.pop-verlag.com\/?page_id=1229\">Michael Gans<\/a> und\u00a0<a href=\"http:\/\/wp.pop-verlag.com\/?page_id=1263\">Johannes Weigle<\/a><\/li>\n<li><a href=\"https:\/\/wp.pop-verlag.com\/?p=3828\">Alles was blieb<\/a> &#8211; <a href=\"http:\/\/wp.pop-verlag.com\/?page_id=1105\">Johanna Anderka<\/a><\/li>\n<li><a href=\"http:\/\/wp.pop-verlag.com\/?p=231\">Als k\u00e4me noch jemand<\/a> &#8211; <a href=\"http:\/\/wp.pop-verlag.com\/?page_id=993\">Francisca Ricinski<\/a><\/li>\n<li><a href=\"https:\/\/wp.pop-verlag.com\/?p=3917\">An Abbruchkanten<\/a> &#8211; <a href=\"https:\/\/wp.pop-verlag.com\/?page_id=3922\">Dieter G\u00f6ltenboth<\/a><\/li>\n<li><a href=\"http:\/\/wp.pop-verlag.com\/?p=2785\">Antonia und andere Frauengeschichten &#8211; <\/a><a href=\"http:\/\/wp.pop-verlag.com\/?page_id=2789\">Michael Hillen<\/a><\/li>\n<li><a href=\"http:\/\/wp.pop-verlag.com\/?p=499\">Amei und Mari oder Nacherz\u00e4hltes Leben<\/a> &#8211;<a href=\"http:\/\/wp.pop-verlag.com\/?page_id=742\"> Johann Lippet<\/a><\/li>\n<li><a href=\"http:\/\/wp.pop-verlag.com\/?p=71\">Am wei\u00dfen Kanal<\/a> &#8211; <a href=\"http:\/\/wp.pop-verlag.com\/?page_id=979\">Barbara Zeizinger<\/a><\/li>\n<li><a href=\"http:\/\/wp.pop-verlag.com\/?p=1589\">\u2026 an den Fahnenstangen fault die Wut &#8211; <\/a><a href=\"http:\/\/wp.pop-verlag.com\/?page_id=1592\">William Totok<\/a><\/li>\n<li><a href=\"http:\/\/wp.pop-verlag.com\/?p=517\">Anderswo, nicht hier<\/a> &#8211; <a href=\"http:\/\/wp.pop-verlag.com\/?page_id=590\">Klaus Martens<\/a><\/li>\n<li><a href=\"http:\/\/wp.pop-verlag.com\/?p=515\">Anstelle des Mondes<\/a> &#8211; Stefanie Golisch<\/li>\n<li><a href=\"http:\/\/wp.pop-verlag.com\/?p=2785\">Antonia und andere Frauengeschichten &#8211;<\/a><a href=\"http:\/\/wp.pop-verlag.com\/?page_id=2789\">Michael Hillen<\/a><\/li>\n<li>Apunake, eine andere Welt &#8211; <a href=\"https:\/\/wp.pop-verlag.com\/?page_id=3208\">Grigore Cugler<\/a><\/li>\n<li><a href=\"http:\/\/wp.pop-verlag.com\/?p=1281\">Arthurgeschichten &#8211; <\/a><a href=\"http:\/\/wp.pop-verlag.com\/?page_id=1275\">Ulrich Bergmann<\/a><\/li>\n<li><a href=\"http:\/\/wp.pop-verlag.com\/?p=1434\">ATEMECHO<\/a> &#8211; <a href=\"http:\/\/wp.pop-verlag.com\/?page_id=1439\">Norbert Sternmut<\/a><\/li>\n<li><a href=\"http:\/\/wp.pop-verlag.com\/?p=1580\">Atemholen. Neue und \u00c4ltere Gedichte 1984-2015 &#8211; <\/a><a href=\"http:\/\/wp.pop-verlag.com\/?page_id=590\">Klaus Martens<\/a><\/li>\n<li>Ath\u00e9n\u00e9e Palace. <a href=\"http:\/\/wp.pop-verlag.com\/?p=2984\">Hitlers \u201eNeue Ordnung\u201c kommt nach Rum\u00e4nien<\/a> &#8211; <a href=\"http:\/\/wp.pop-verlag.com\/?page_id=2988\">R. G. Waldeck<\/a><\/li>\n<li><a href=\"http:\/\/wp.pop-verlag.com\/?p=381\">A Restatement of Dreams: Some poems<\/a> &#8211; <a href=\"http:\/\/wp.pop-verlag.com\/?page_id=590\">Klaus Martens<\/a><\/li>\n<li><a href=\"http:\/\/wp.pop-verlag.com\/?p=377\">Auch die Brombeeren haben keine Bedeutung mehr<\/a> &#8211; Rainer Wedler<\/li>\n<li><a href=\"https:\/\/wp.pop-verlag.com\/?p=4026\">Auf leisen Sohlen. Ann\u00e4herungen an Katzendorf<\/a>.- <a href=\"http:\/\/wp.pop-verlag.com\/?page_id=2997\">Dagmar Dusil<\/a><\/li>\n<li>Auf silikonweichen Pfoten. &#8211; <a href=\"http:\/\/wp.pop-verlag.com\/?page_id=993\">Francisca Ricinski<\/a><\/li>\n<li>Aus den Aufzeichnungen von J\u00e1nos Bolyai &#8211; <a href=\"http:\/\/wp.pop-verlag.com\/?page_id=2561\">Gy\u00f6rgy Mandics<\/a> \/ <a href=\"http:\/\/wp.pop-verlag.com\/?page_id=2563\">Zsuzsanna M. Veress<\/a><\/li>\n<li><a href=\"https:\/\/wp.pop-verlag.com\/?p=4410\">Aus dem Zwischen des Hohelied<\/a>s.- <a href=\"https:\/\/wp.pop-verlag.com\/?page_id=4443\">Admiel Kosman<\/a><\/li>\n<li>Babbel Cartoons\/ Babbel Texte\u00a0<a href=\"http:\/\/wp.pop-verlag.com\/?p=1131\"> &#8211; <\/a><a href=\"http:\/\/wp.pop-verlag.com\/?page_id=1123\">Kurt Sigel<\/a><\/li>\n<li><a href=\"http:\/\/wp.pop-verlag.com\/?p=128\">Bei den Vogelinseln<\/a>\u00a0&#8211; <a href=\"http:\/\/wp.pop-verlag.com\/?page_id=590\">Klaus Martens<\/a><\/li>\n<li><a href=\"https:\/\/wp.pop-verlag.com\/?p=5639\">Beziehungsweise(n). Gedichte &amp; Geschichten<\/a> &#8211;\u00a0<a href=\"https:\/\/wp.pop-verlag.com\/?page_id=742\">Johann Lippet<\/a><\/li>\n<li><a href=\"http:\/\/wp.pop-verlag.com\/?p=814\">Bis der Schnee Gewicht hat.\u00a0M\u00e4rchenmotive<\/a> &#8211; <a href=\"http:\/\/wp.pop-verlag.com\/?page_id=840\">Elke Engelhardt<\/a><\/li>\n<li><a href=\"http:\/\/wp.pop-verlag.com\/?p=2269\">Blind Date mit \u00c4gypten<\/a> &#8211; <a href=\"http:\/\/wp.pop-verlag.com\/?page_id=2274\">Bernd Kebelmann<\/a><\/li>\n<li><a href=\"http:\/\/wp.pop-verlag.com\/?p=250\">Bruchst\u00fccke aus erster und zweiter Hand<\/a><a href=\"http:\/\/wp.pop-verlag.com\/?p=1509\"> &#8211; <\/a><a href=\"http:\/\/wp.pop-verlag.com\/?page_id=742\">Johann Lippet<\/a><\/li>\n<li><a href=\"http:\/\/wp.pop-verlag.com\/?p=369\">Boheims Rhapsodie<\/a> &#8211; Michael Gans<\/li>\n<li><a href=\"http:\/\/wp.pop-verlag.com\/?p=375\">Charles Baudelaire bei Max und Margarete Bruns<\/a> &#8211; Mark Behrens<\/li>\n<li><a href=\"https:\/\/wp.pop-verlag.com\/?p=4090\">Chronos, preise mir jetzt nicht das Chaos! <\/a>&#8211; <a href=\"https:\/\/wp.pop-verlag.com\/?page_id=2637\">Peter Gehrisch<\/a><\/li>\n<li><a href=\"http:\/\/wp.pop-verlag.com\/?p=1253\">Corsetto mortale. Ludwigsburger W\u00e4schekrimis. &#8211; Michael Gans<\/a><\/li>\n<li><a href=\"http:\/\/wp.pop-verlag.com\/?p=2458\">Curnicea<\/a> &#8211; <a href=\"http:\/\/wp.pop-verlag.com\/?page_id=2462\">Kira Iorgoveanu-Mantsu<\/a><\/li>\n<li><a href=\"http:\/\/wp.pop-verlag.com\/?p=300\">Dann ist mir die Hand ausgerutscht<\/a> &#8211; Lucian Dan Teodorovici<\/li>\n<li><a href=\"https:\/\/wp.pop-verlag.com\/?p=4316\">Das boheme M\u00e4dchen gibt meinen B\u00fcchern die Brust<\/a> &#8211; Kalosh \u00c7eliku<\/li>\n<li><a href=\"http:\/\/wp.pop-verlag.com\/?p=252\">Das Buch Luzius. M\u00e4rchen und andere Wahrheiten &#8211; <\/a><a href=\"http:\/\/wp.pop-verlag.com\/?page_id=654\">Imre T\u00f6r\u00f6k<\/a><\/li>\n<li><a href=\"http:\/\/wp.pop-verlag.com\/?p=252\">Das Buch Luzius. M\u00e4rchen und andere Wahrheiten (Illustrierte Ausgabe) &#8211; <\/a><a href=\"http:\/\/wp.pop-verlag.com\/?page_id=654\">Imre T\u00f6r\u00f6k<\/a><\/li>\n<li><a href=\"http:\/\/wp.pop-verlag.com\/?p=387\">Das Dreieck der Kraniche<\/a> &#8211; Dato Barbakadse<\/li>\n<li><a href=\"http:\/\/wp.pop-verlag.com\/?p=233\">Das gewonnene Alphabet <\/a>&#8211; <a href=\"http:\/\/wp.pop-verlag.com\/?page_id=1087\">Theo Breuer<\/a><\/li>\n<li><a href=\"http:\/\/wp.pop-verlag.com\/?p=1568\">Das Haus, in dem die W\u00f6rter wohnen<\/a> &#8211; <a href=\"http:\/\/wp.pop-verlag.com\/?page_id=1500\">Peter Fr\u00f6mmig<\/a><\/li>\n<li><a href=\"https:\/\/wp.pop-verlag.com\/?p=3817\">Das Jahr Null ist das Jahr Zw\u00f6lf. Warum Hitler meinen Vater<\/a><br \/>\nnur einmal getroffen hat &#8211; <a href=\"http:\/\/wp.pop-verlag.com\/?page_id=1640\">Rainer Wedler<\/a><\/li>\n<li><a href=\"http:\/\/wp.pop-verlag.com\/?p=136\">Das Imagin\u00e4re und unsere Anwesenheit darin<\/a> &#8211; Horst Samson<\/li>\n<li><a href=\"https:\/\/wp.pop-verlag.com\/?p=4744\">Das M\u00e4rchen hebt an, guten Abend!\u00a0 &#8211;\u00a0<\/a><a href=\"https:\/\/wp.pop-verlag.com\/?page_id=2637\">Peter Gehrisch<\/a><\/li>\n<li><a href=\"http:\/\/wp.pop-verlag.com\/?p=2167\">deichgraf meiner selbst <\/a><a href=\"http:\/\/wp.pop-verlag.com\/?p=2152\">&#8211; <\/a><a href=\"http:\/\/wp.pop-verlag.com\/?page_id=1640\">Rainer Wedler<\/a><\/li>\n<li><a href=\"https:\/\/wp.pop-verlag.com\/?p=5993\">Das Narbenwahre und die Kunst der R\u00fcckkehr\u00a0<\/a><a href=\"http:\/\/traian.pop-verlag.com\/978-3-937139-78-4.htm\"> &#8211;\u00a0<\/a><a href=\"http:\/\/traian.pop-verlag.com\/dieter_schlesak.htm\">Dieter Schlesak<\/a><\/li>\n<li><a href=\"http:\/\/traian.pop-verlag.com\/der_altenpfleger,_zwei_erz%C3%A4hlungen_.htm\">Der Altenpfleger\u00a0<\/a><a href=\"http:\/\/wp.pop-verlag.com\/?p=830\"> &#8211; Johann Lippet<\/a><\/li>\n<li>\n<p class=\"entry-title\"><a title=\"Permalink zu Achim Amme: Der Amme. Poet\" href=\"https:\/\/wp.pop-verlag.com\/?p=5419\" rel=\"bookmark\">Der Amme. Poet &#8211;\u00a0<\/a><a title=\"Permalink zu Achim Amme: Der Amme. Poet\" href=\"https:\/\/wp.pop-verlag.com\/?p=5419\" rel=\"bookmark\">Achim Amme<\/a><\/p>\n<\/li>\n<li><a href=\"https:\/\/wp.pop-verlag.com\/?p=5686\">Der edle Ritter unseres Landes<\/a> &#8211; <a href=\"https:\/\/wp.pop-verlag.com\/?page_id=5695\">Egnate Ninoschwili<\/a><\/li>\n<li><a href=\"http:\/\/traian.pop-verlag.com\/seite33.htm\">Der Jaguar im Spiegel. Ein KOGGE Lesebuch &#8211; <\/a><a href=\"http:\/\/traian.pop-verlag.com\/charlotte_ueckert.htm\">Charlotte Ueckert<\/a> und <a href=\"http:\/\/traian.pop-verlag.com\/manfred_chobot.htm\">Manfred Chobot<\/a> (Hrsg.)<\/li>\n<li><a href=\"http:\/\/wp.pop-verlag.com\/?p=2863\">Der Himmel im Bauch<\/a>&#8211; <a href=\"http:\/\/wp.pop-verlag.com\/?page_id=2037\">Ioana Nicolaie<\/a><\/li>\n<li>\u00a0Der Himmel \u00fcber Philomena. Auschwitz sieht uns an. Eine Anthologie zur Kulturgeschichte.- <a href=\"https:\/\/wp.pop-verlag.com\/?page_id=4812\">Matthias Buth<\/a> (Hg.)<\/li>\n<li><a href=\"https:\/\/wp.pop-verlag.com\/?p=6137\">Der Tod ist noch am Leben &#8211;\u00a0<\/a><a href=\"http:\/\/wp.pop-verlag.com\/?page_id=734\">Horst Samson<\/a><\/li>\n<li><a href=\"http:\/\/wp.pop-verlag.com\/?p=641\">Die Beichte &#8211; Tschola Lomtatidse<\/a><\/li>\n<li><a href=\"https:\/\/wp.pop-verlag.com\/?p=5561\">Die flinke Maus<\/a> &#8211; <a href=\"https:\/\/wp.pop-verlag.com\/?page_id=5578\">Adal<\/a>bert Gyuris<\/li>\n<li><a href=\"http:\/\/wp.pop-verlag.com\/?p=2140\">Die Fremde aus Deutschland &#8211; Charlotte Ueckert<\/a><\/li>\n<li><a href=\"http:\/\/wp.pop-verlag.com\/?p=1963\">Die K\u00f6nigin von \u00c4gypten in Berlin &#8211; <\/a><a href=\"http:\/\/wp.pop-verlag.com\/?page_id=654\">Imre T\u00f6r\u00f6k<\/a><\/li>\n<li><a href=\"http:\/\/wp.pop-verlag.com\/?p=1963\">Die K\u00f6nigin von \u00c4gypten in Berlin<\/a>. Sonderausgabe. <a href=\"http:\/\/wp.pop-verlag.com\/?p=1963\">&#8211; <\/a><a href=\"http:\/\/wp.pop-verlag.com\/?page_id=654\">Imre T\u00f6r\u00f6k<\/a><\/li>\n<li><a href=\"http:\/\/wp.pop-verlag.com\/?p=2177\">Die Leihfrist<\/a><a href=\"http:\/\/wp.pop-verlag.com\/?p=2152\"> &#8211; <\/a><a href=\"http:\/\/wp.pop-verlag.com\/?page_id=1640\">Rainer Wedler<\/a><\/li>\n<li><a href=\"http:\/\/wp.pop-verlag.com\/?p=239\">Die Metaphernw\u00e4hrung<\/a> &#8211; <a href=\"http:\/\/wp.pop-verlag.com\/?page_id=1458\">Ruxandra Niculescu<\/a><\/li>\n<li><a href=\"https:\/\/wp.pop-verlag.com\/?p=4113\">Die Professoressa. Ein Erotikon in gebundener und ungebundener Rede.<\/a>&#8211; <a href=\"https:\/\/wp.pop-verlag.com\/?page_id=4110\">Carmen Elisabeth Puchianu<\/a><\/li>\n<li><a href=\"http:\/\/wp.pop-verlag.com\/?p=2670\">Die Sprache, die auf das Nichts folgt, die kennen wir nicht. S\u00e4tze und Texte f\u00fcr Richard Wagner.\u00a0 <\/a>&#8211; Horst Samson &amp; <a href=\"http:\/\/wp.pop-verlag.com\/?page_id=2593\">Anton Sterbling<\/a> (Hrsg.)<\/li>\n<li><a href=\"http:\/\/wp.pop-verlag.com\/?page_id=1475\">Die Unm\u00f6glichkeit des Wortes &#8211; Dato Barbakadse<\/a><\/li>\n<li><a href=\"https:\/\/wp.pop-verlag.com\/?p=5681\">Die Versuche des Rudolph Anton R<\/a>. &#8211; <a href=\"https:\/\/wp.pop-verlag.com\/?page_id=1640\">Rainer Wedler<\/a><\/li>\n<li>D<a href=\"https:\/\/wp.pop-verlag.com\/?p=5611\">ie versunkene Republik<\/a> &#8211; <a href=\"http:\/\/wp.pop-verlag.com\/?page_id=2593\">Anton Strebling<\/a><\/li>\n<li><a href=\"http:\/\/wp.pop-verlag.com\/?p=2003\">DIE WIRKLICHKEIT DER BILDER <\/a>&#8211;<a href=\"http:\/\/wp.pop-verlag.com\/?page_id=1105\">Johanna Anderka<\/a><\/li>\n<li><a href=\"https:\/\/wp.pop-verlag.com\/?p=3800\">Die W\u00f6rter gehen ein und aus<\/a> &#8211; <a href=\"http:\/\/wp.pop-verlag.com\/?page_id=1500\">Peter Fr\u00f6mmig<\/a><\/li>\n<li><a href=\"http:\/\/wp.pop-verlag.com\/?p=396\">Die Zeit l\u00e4uft. Ludwigsburger Kurzkrimis<\/a> &#8211; Krimin\u00e4chte Band 6<\/li>\n<li><a href=\"https:\/\/wp.pop-verlag.com\/?p=3960\">Die 72. Zelle<\/a> &#8211; <a href=\"https:\/\/wp.pop-verlag.com\/?page_id=3956\">Orhan Kemal<\/a><\/li>\n<li><a href=\"http:\/\/wp.pop-verlag.com\/?p=1559\">Die Reise ins Morgen-Land. Tatarstan zwischen Moskau und Singapur. &#8211; <\/a><a href=\"http:\/\/wp.pop-verlag.com\/?page_id=1552\">Gudrun Wolff <\/a><a href=\"http:\/\/wp.pop-verlag.com\/?p=1559\">&amp;<\/a><a href=\"http:\/\/wp.pop-verlag.com\/?p=1559\"> Karl Wolff<\/a><\/li>\n<li><a href=\"http:\/\/wp.pop-verlag.com\/?p=1678\">Die Sehnsucht, die ist mir so leicht\u201c Schreiben im Exil &#8211; <\/a><a href=\"http:\/\/wp.pop-verlag.com\/?page_id=1683\">Heidrun Hamersky<\/a><a href=\"http:\/\/wp.pop-verlag.com\/?p=1678\">, <\/a><a href=\"http:\/\/wp.pop-verlag.com\/?page_id=579\">Ilse Hehn,<\/a><a href=\"http:\/\/wp.pop-verlag.com\/?page_id=1681\">Wolfgang Schlott<\/a><a href=\"http:\/\/wp.pop-verlag.com\/?p=1678\"> (Hrsg.)<\/a><\/li>\n<li>Die Welt der Weisheit des Abu Turkhan<a href=\"http:\/\/wp.pop-verlag.com\/?p=1509\"> &#8211; <\/a><a href=\"http:\/\/wp.pop-verlag.com\/?page_id=1523\">Salahaddin Khalilov<\/a><\/li>\n<li><a href=\"http:\/\/wp.pop-verlag.com\/?p=2003\">DIE WIRKLICHKEIT DER BILDER &#8211; <\/a><a href=\"http:\/\/wp.pop-verlag.com\/?page_id=1105\">Johanna Anderka<\/a><\/li>\n<li><a href=\"https:\/\/wp.pop-verlag.com\/?p=6149\">Diese Tage ohne Datum<\/a> &#8211; <a href=\"http:\/\/wp.pop-verlag.com\/?page_id=579\">Ilse Hehn<\/a><\/li>\n<li><a href=\"http:\/\/wp.pop-verlag.com\/?p=148\">Distellicht <\/a>&#8211; <a href=\"http:\/\/wp.pop-verlag.com\/?page_id=2054\">Peter Ettl<\/a><\/li>\n<li>Donjebjessp\u011b\u0107e \/ Himmelfahrt. <a href=\"https:\/\/wp.pop-verlag.com\/?page_id=4121\">Mi\u0107o Cvijeti\u0107<\/a><\/li>\n<li><a href=\"http:\/\/wp.pop-verlag.com\/?p=830\">Dorfchronik, ein Roman &#8211; Johann Lippet<\/a><\/li>\n<li><a href=\"https:\/\/wp.pop-verlag.com\/?p=6411\">Drei Frauen<\/a> &#8211; <a href=\"https:\/\/wp.pop-verlag.com\/?page_id=6413\">PH Gruner<\/a><\/li>\n<li><a href=\"https:\/\/wp.pop-verlag.com\/?p=5548\">Ein au\u00dfergew\u00f6hnlicher Sonntag &#8211;<\/a> <a href=\"https:\/\/wp.pop-verlag.com\/?page_id=5556\">Mariam Tsiklauri <\/a><\/li>\n<li><a href=\"http:\/\/wp.pop-verlag.com\/?p=339\">EIN BUCHSTABE BLEIBT Auf gr\u00fcnem Zweig<\/a> &#8211; Dieter Schlesak<\/li>\n<li><a href=\"http:\/\/wp.pop-verlag.com\/?p=316\">Eine Br\u00fccke aus bunten Bl\u00e4ttern<\/a> &#8211; Irma Shiolashvili<\/li>\n<li><a href=\"http:\/\/wp.pop-verlag.com\/?p=1777\">Eine kurze Einf\u00fchrung in die georgische Literatur &#8211; <\/a><a href=\"http:\/\/wp.pop-verlag.com\/?page_id=1792\">Maka Elbakidse<\/a>, <a href=\"http:\/\/wp.pop-verlag.com\/?page_id=1800\">Gaga Lomidse<\/a>, <a href=\"http:\/\/wp.pop-verlag.com\/?page_id=1804\">Irma Ratiani<\/a>, <a href=\"http:\/\/wp.pop-verlag.com\/?page_id=1807\">Miranda Tkeschelaschwili<\/a>, <a href=\"http:\/\/wp.pop-verlag.com\/?page_id=1810\">Marine Turaschwili<\/a><\/li>\n<li><a href=\"http:\/\/wp.pop-verlag.com\/?p=1654\">Eine unvermeidliche Collage &#8211; <\/a><a href=\"http:\/\/wp.pop-verlag.com\/?page_id=1659\">Marius Koity<\/a><\/li>\n<li><a href=\"http:\/\/wp.pop-verlag.com\/?page_id=1659\">E<\/a>inen Fremden gr\u00fc\u00dft man nicht &#8211; <a href=\"http:\/\/wp.pop-verlag.com\/?page_id=1640\">Rainer Wedler<\/a><\/li>\n<li><a href=\"https:\/\/wp.pop-verlag.com\/?p=5526\">Einer, der Hans hie\u00df<\/a> &#8211; <a href=\"https:\/\/wp.pop-verlag.com\/?page_id=5520\">Dietfried Zink<\/a><\/li>\n<li><a href=\"http:\/\/wp.pop-verlag.com\/?p=2198\">Es gibt keine Spur<\/a>\u00a0&#8211; <a href=\"http:\/\/wp.pop-verlag.com\/?page_id=1640\">Rainer Wedler<\/a><\/li>\n<li><a href=\"http:\/\/wp.pop-verlag.com\/?p=511\">Ein Fallen selbst im Steigen<\/a> &#8211; Theodor Damian<\/li>\n<li><a href=\"http:\/\/wp.pop-verlag.com\/?p=394\">Ein gro\u00dfer Buchstabe f\u00e4llt von der Wand<\/a> &#8211; Kristiane Kondrat<\/li>\n<li><a href=\"https:\/\/wp.pop-verlag.com\/?p=4077\">Eine Kr\u00e4he f\u00fcr zwei.<\/a>&#8211; <a href=\"https:\/\/wp.pop-verlag.com\/?page_id=4082\">Goderdsi Tschocheli<\/a><\/li>\n<li><a href=\"https:\/\/wp.pop-verlag.com\/?p=4268\">Einer aus Wiesendorf<\/a>.- <a href=\"https:\/\/wp.pop-verlag.com\/?page_id=4292\">Edith Lutz<\/a><\/li>\n<li><a href=\"https:\/\/wp.pop-verlag.com\/?p=5526\">Einer, der Hans hie\u00df<\/a>&#8211;\u00a0<a href=\"https:\/\/wp.pop-verlag.com\/?page_id=5520\">Dietfried Zink<\/a><\/li>\n<li><a href=\"http:\/\/wp.pop-verlag.com\/?p=627\">Einstimmen <\/a>&#8211; Charlotte Ueckert<\/li>\n<li><a href=\"http:\/\/wp.pop-verlag.com\/?p=2685\">Elegien aus der K\u00e4lte<\/a> &#8211; <a href=\"http:\/\/wp.pop-verlag.com\/?page_id=2693\">Aura Christ<\/a><a href=\"http:\/\/wp.pop-verlag.com\/?page_id=2693\">i<\/a><\/li>\n<li><a href=\"http:\/\/wp.pop-verlag.com\/?p=930\">Elf Elegien<\/a> &#8211; <a href=\"http:\/\/wp.pop-verlag.com\/?page_id=927\">Nichita St\u0103nescu<\/a><\/li>\n<li>\n<p class=\"entry-title\"><a title=\"Permalink zu Anton Sterbling: Ende einer Pandemie und weitere Erz\u00e4hlungen\" href=\"https:\/\/wp.pop-verlag.com\/?p=6152\" rel=\"bookmark\">Ende einer Pandemie und weitere Erz\u00e4hlungen &#8211;\u00a0<\/a><a title=\"Permalink zu Anton Sterbling: Ende einer Pandemie und weitere Erz\u00e4hlungen\" href=\"https:\/\/wp.pop-verlag.com\/?p=6152\" rel=\"bookmark\">Anton Sterbling<\/a><\/p>\n<\/li>\n<li>Entbl\u00e4tterte Zeit.\u00a0Kurzgeschichten &#8211; <a href=\"https:\/\/wp.pop-verlag.com\/?page_id=2997\">Dagmar Dusil<\/a><\/li>\n<li><a href=\"http:\/\/wp.pop-verlag.com\/?p=415\">Falsche Fuffziger<\/a> &#8211; Robert Schiff<\/li>\n<li><a href=\"http:\/\/wp.pop-verlag.com\/?p=2678\">Feintod &#8211; <\/a><a href=\"http:\/\/wp.pop-verlag.com\/?page_id=2647\">Robert \u015eerban<\/a><\/li>\n<li><a href=\"http:\/\/wp.pop-verlag.com\/?p=2224\">Fliege Cuba und andere Abenteuer &#8211; <\/a><a href=\"http:\/\/wp.pop-verlag.com\/?page_id=2229\">T. A. Wilrode<\/a><\/li>\n<li><a href=\"http:\/\/wp.pop-verlag.com\/?p=371\">Flucht aus der H\u00f6lle<\/a> &#8211; <a href=\"http:\/\/wp.pop-verlag.com\/?page_id=1466\">Steliana Huhulescu<\/a><\/li>\n<li>Franz, Franzi, Francisc.- <a href=\"https:\/\/wp.pop-verlag.com\/?page_id=742\">Johann Lippet<\/a><\/li>\n<li><a href=\"http:\/\/wp.pop-verlag.com\/?p=868\">Fr\u00e4ulein Pippa fliegt davon<\/a> &#8211; <a href=\"http:\/\/wp.pop-verlag.com\/?p=868\">Katja Kutsch<\/a><\/li>\n<li><a href=\"https:\/\/wp.pop-verlag.com\/?p=3476\">Gedichte<\/a> <a href=\"https:\/\/wp.pop-verlag.com\/?page_id=3389\">&#8211; Amiran Swimonischwili<\/a><\/li>\n<li><a href=\"http:\/\/wp.pop-verlag.com\/?p=1131\">Gl\u00fcckloses Gl\u00fcck. Erotische Erz\u00e4hlungen und andere Prosa mit Liebesversen und Zeichnungen des Autors. &#8211; <\/a><a href=\"http:\/\/wp.pop-verlag.com\/?page_id=1123\">Kurt Sigel<\/a><\/li>\n<li><a href=\"https:\/\/wp.pop-verlag.com\/?p=5445\">\u201eGott wei\u00df mich hier\u201c.<\/a>\u00a0<a href=\"https:\/\/wp.pop-verlag.com\/?page_id=5452\">Radu Carp<\/a> im Gespr\u00e4ch mit <a href=\"https:\/\/wp.pop-verlag.com\/?page_id=1369\">Eginald Schlattner<\/a><\/li>\n<li><a href=\"http:\/\/wp.pop-verlag.com\/?p=470\">Grenzg\u00e4nge, Heimat, Wanderungen<\/a> &#8211; <a href=\"http:\/\/wp.pop-verlag.com\/?page_id=2593\">Anton Strebling<\/a><\/li>\n<li><a href=\"http:\/\/wp.pop-verlag.com\/?p=809\">handverlesen<\/a> &#8211; <a href=\"http:\/\/wp.pop-verlag.com\/?page_id=817\">Ines Hagemeyer<\/a><\/li>\n<li><a href=\"http:\/\/wp.pop-verlag.com\/?p=116\">Hard Rock<\/a> &#8211; Wjatscheslaw Kuprijanow<\/li>\n<li><a href=\"http:\/\/wp.pop-verlag.com\/?p=1385\">Heilige und Scheiheilige. Ganz weltliche satiren.<\/a> Mit Cartoons von <a href=\"http:\/\/wp.pop-verlag.com\/?page_id=1392\">Miroslav Bart\u00e1k.<\/a><em> &#8211; <\/em><a href=\"http:\/\/wp.pop-verlag.com\/?page_id=1379\">Jan Cornelius<\/a><\/li>\n<li><a href=\"https:\/\/wp.pop-verlag.com\/?p=4143\">Heimat als Versuchung \u2013 Das nackte Leben.<\/a> &#8211; <a href=\"https:\/\/wp.pop-verlag.com\/?page_id=734\">Horst Samson<\/a><\/li>\n<li><a href=\"https:\/\/wp.pop-verlag.com\/?p=4143\">Heimat als Versuchung \u2013 Das nackte Leben.<\/a> 2. erweiterte Auflage.- <a href=\"https:\/\/wp.pop-verlag.com\/?page_id=734\">Horst Samson<\/a><\/li>\n<li><a href=\"http:\/\/traian.pop-verlag.com\/heimat_-_gerettete_zunge.htm\">Heimat \u2013 gerettete Zunge.<\/a> Visionen und Fiktionen deutschsprachiger Autoren aus Rum\u00e4nien. &#8211; <a href=\"http:\/\/www.amazon.de\/s\/ref=dp_byline_sr_book_1?ie=UTF8&amp;text=Horst+Samson&amp;search-alias=books-de&amp;field-author=Horst+Samson&amp;sort=relevancerank\">Horst Samson<\/a> (Herausgeber, Autor, Fotograf), <a href=\"http:\/\/www.amazon.de\/Ingmar-Brantsch\/e\/B00IX3ASG2\/ref=dp_byline_cont_book_2\">Ingmar Brantsch<\/a>, <a href=\"http:\/\/www.amazon.de\/s\/ref=dp_byline_sr_book_3?ie=UTF8&amp;text=Heinrich+Bergel&amp;search-alias=books-de&amp;field-author=Heinrich+Bergel&amp;sort=relevancerank\">Heinrich Bergel<\/a>, <a href=\"http:\/\/www.amazon.de\/s\/ref=dp_byline_sr_book_4?ie=UTF8&amp;text=Walter+Engel&amp;search-alias=books-de&amp;field-author=Walter+Engel&amp;sort=relevancerank\">Walter Engel<\/a>, <a href=\"http:\/\/www.amazon.de\/s\/ref=dp_byline_sr_book_5?ie=UTF8&amp;text=Ilse+Hehn&amp;search-alias=books-de&amp;field-author=Ilse+Hehn&amp;sort=relevancerank\">Ilse Hehn<\/a>, <a href=\"http:\/\/www.amazon.de\/Franz-Heinz\/e\/B00IX3BR8U\/ref=dp_byline_cont_book_6\">Franz Heinz<\/a>, <a href=\"http:\/\/www.amazon.de\/s\/ref=dp_byline_sr_book_7?ie=UTF8&amp;text=Klaus+Hensel&amp;search-alias=books-de&amp;field-author=Klaus+Hensel&amp;sort=relevancerank\">Klaus Hensel<\/a>, <a href=\"http:\/\/www.amazon.de\/Franz-Hodjak\/e\/B00IX39OC6\/ref=dp_byline_cont_book_8\">Franz Hodjak<\/a>, <a href=\"http:\/\/www.amazon.de\/Johann-Lippet\/e\/B00LIL7OEA\/ref=dp_byline_cont_book_9\">Johann: Lippet<\/a>, <a href=\"http:\/\/www.amazon.de\/s\/ref=dp_byline_sr_book_10?ie=UTF8&amp;text=Dieter+Schlesak&amp;search-alias=books-de&amp;field-author=Dieter+Schlesak&amp;sort=relevancerank\">Dieter Schlesak<\/a>, <a href=\"http:\/\/www.amazon.de\/s\/ref=dp_byline_sr_book_11?ie=UTF8&amp;text=Olivia+Spiridon&amp;search-alias=books-de&amp;field-author=Olivia+Spiridon&amp;sort=relevancerank\">Olivia Spiridon<\/a>, <a href=\"http:\/\/www.amazon.de\/Peter-Motzan\/e\/B00LIL915A\/ref=dp_byline_cont_book_12\">Peter Motzan<\/a>, <a href=\"http:\/\/www.amazon.de\/s\/ref=dp_byline_sr_book_13?ie=UTF8&amp;text=Gerhard+Ortinau&amp;search-alias=books-de&amp;field-author=Gerhard+Ortinau&amp;sort=relevancerank\">Gerhard Ortinau<\/a>, <a href=\"http:\/\/www.amazon.de\/Wolfgang-Schlott\/e\/B00LIL8PQQ\/ref=dp_byline_cont_book_14\">Wolfgang Schlott<\/a>, <a href=\"http:\/\/www.amazon.de\/s\/ref=dp_byline_sr_book_15?ie=UTF8&amp;text=Friedrich+Schuller&amp;search-alias=books-de&amp;field-author=Friedrich+Schuller&amp;sort=relevancerank\">Friedrich Schuller<\/a>, <a href=\"http:\/\/www.amazon.de\/Hellmut-Seiler\/e\/B00IX3BOCO\/ref=dp_byline_cont_book_16\">Hellmut Seiler<\/a>, <a href=\"http:\/\/www.amazon.de\/s\/ref=dp_byline_sr_book_17?ie=UTF8&amp;text=Balthasar+Waitz&amp;search-alias=books-de&amp;field-author=Balthasar+Waitz&amp;sort=relevancerank\">Balthasar Waitz<\/a><\/li>\n<li><a href=\"http:\/\/wp.pop-verlag.com\/?p=402\">Heimkino, bei mir<\/a> &#8211; <a href=\"http:\/\/wp.pop-verlag.com\/?page_id=2647\">Robert \u015eerban<\/a><\/li>\n<li><a href=\"http:\/\/wp.pop-verlag.com\/?p=2656\">Heimkino, bei mir<\/a><a href=\"http:\/\/traian.pop-verlag.com\/dieter_schlesak.htm\"> &#8211; Robert \u015eerban<\/a> (Vorzugsausgabe. Die Exemplare, von 1 bis 60 nummeriert unds von autor signiert)<\/li>\n<li><a href=\"http:\/\/traian.pop-verlag.com\/978-3-937139-78-4.htm\">Heimleuchten &#8211;\u00a0<\/a><a href=\"http:\/\/traian.pop-verlag.com\/dieter_schlesak.htm\">Dieter Schlesak<\/a><\/li>\n<li><a href=\"http:\/\/traian.pop-verlag.com\/978-3-937139-78-4.htm\">Heimleuchten &#8211;\u00a0<\/a><a href=\"http:\/\/traian.pop-verlag.com\/dieter_schlesak.htm\">Dieter Schlesak (Vorzugsausgabe. Die Exemplare, von 1 bis 60 nummeriert unds von autor signiert)<\/a><\/li>\n<li><a href=\"http:\/\/wp.pop-verlag.com\/?p=876\">heim.weh &#8211; <\/a><a href=\"http:\/\/wp.pop-verlag.com\/?p=876\">Martina Hegel<\/a><\/li>\n<li><a href=\"https:\/\/wp.pop-verlag.com\/?p=4064\">Hinter die dunkle T\u00fcr<\/a>.- <a href=\"https:\/\/wp.pop-verlag.com\/?page_id=4060\">Hans Bender<\/a><\/li>\n<li>Hirnk\u00fcbel &#8211;\u00a0 Klaus Martens<\/li>\n<li><a href=\"http:\/\/wp.pop-verlag.com\/?p=385\">hirnvogel <\/a>&#8211; Dieter P. Meier-Lenz<\/li>\n<li><a href=\"https:\/\/wp.pop-verlag.com\/?p=5720\">Hommage \u00e0 Martha &amp; Rudolf von Laban<\/a> &#8211; <a href=\"http:\/\/wp.pop-verlag.com\/?page_id=2382\">Regine Kress-Fricke<\/a> \/<a href=\"https:\/\/wp.pop-verlag.com\/?page_id=5760\"> Jean Kirsten<\/a><\/li>\n<li>\u201e<a href=\"http:\/\/wp.pop-verlag.com\/?p=1075\">Ich aber will dem Kaukasos zu..<\/a>.\u201c Eine Anthologie georgischer Lyrik. Nach einer Auswahl von Nino Popiaschwili. \u2022 Irakli Abaschidse \u2022 Diana Anfimiadi \u2022 Dawit Aghmaschenebeli \u2022 Giwi Alchasischwili \u2022 Rati Amaglobeli \u2022 Lado Assatiani \u2022\u00a0Eka Bakradse \u2022 Schalwa Bakuradse \u2022\u00a0 Nikolos Barataschwili \u2022 Zira Barbakadse \u2022 Dato Barbakadse \u2022 Bessik Charanauli \u2022 Dawit Dephy \u2022Kato Dschawachischwili \u2022\u00a0 Gabriel Dschabuschanuri \u2022 Wachtang Dschawachadse \u2022 Nika Dschordschaneli \u2022 Rapiel Eristawi \u2022 Bessarion Gabaschwili \u2022 Konstatine Gamsachurdia \u2022 Walerian Gaprindaschwili \u2022\u00a0Giwi Gegetschkori \u2022\u00a0Naira Gelaschwili \u2022 Mirsa Gelowani \u2022 Reso Getiaschwili \u2022 Terenti Graneli \u2022 Niko Gomelauri \u2022 Dawit Guramischwili \u2022 Paolo Iaschwili \u2022\u00a0Schota Iataschwili \u2022 Irakli Kakabadse \u2022 Anna Kalandadse \u2022 Karlo Katscharawa \u2022 Giorgi Kekelidse \u2022 Eka Kewanischwili \u2022 Zira Kuraschwili\u00a0 Murman Lebanidse \u2022 Giorgi Leonidse \u2022\u00a0Lia Likokeli \u2022 Giorgi Lobschanidse \u2022 Dato Magradse \u2022 Muchran Matschawariani \u2022 Kolau Nadiradse \u2022 Gaga Nachuzrischwili \u2022 Schota Nischnianidse \u2022 Iosseb Noneschwili \u2022 Guram Odischaria \u2022 Esma Oniani \u2022 Grigol Orbeliani \u2022\u00a0Isa Ordschonikidse \u2022 Moris Pozchischwili \u2022 Wascha-Pschawela \u2022 Swiad Ratiani \u2022 Grigol Robakidse \u2022 Surab Rtweliaschwili \u2022 Schota Rustaweli \u2022 Nino Sadgobelaschwili \u2022 Niko Samadaschwili \u2022 Lela Samniaschwili \u2022 Paata Schamugia \u2022 Irma Schiolaschwili \u2022 Ioane Sossime \u2022\u00a0Lia Sturua \u2022 Galaktion Tabidse \u2022 Tizian Tabidse \u2022 Ilia Tschachruchadse \u2022\u00a0 Schota Tschantladse \u2022 Tariel Tschanturia \u2022Dschanssugh Tscharkwiani \u2022 Irakli Tscharkwiani \u2022 Aleksandre Tschawtschawadse \u2022 Ilia Tschawtschawadse \u2022 Bela Tschekurischwili \u2022 Otar Tschelidse \u2022 Simon Tschikowani \u2022 Alex Tschigwinadse \u2022 Otar Tschiladse \u2022 Tamas Tschiladse \u2022 Keti Tutberidse \u2022\u00a0 Volksdichtung \u2022 Akaki Zereteli \u2022<\/li>\n<li><a href=\"https:\/\/wp.pop-verlag.com\/?p=3413\">Im kalten Schatten der Erinnerung &#8211;\u00a0<\/a><a href=\"https:\/\/wp.pop-verlag.com\/?page_id=3419\">Romani\u0163a Constantinescu<\/a><a href=\"https:\/\/wp.pop-verlag.com\/?page_id=3419\">,<\/a> (Hrsg.)<\/li>\n<li><a href=\"http:\/\/wp.pop-verlag.com\/?p=1177\">Im roten Sand<\/a> &#8211; <a href=\"http:\/\/wp.pop-verlag.com\/?page_id=76\">Eric Giebel<\/a><\/li>\n<li><a href=\"https:\/\/wp.pop-verlag.com\/?p=3860\">In deinen Schuhen voller Sand<\/a> &#8211; <a href=\"https:\/\/wp.pop-verlag.com\/?page_id=993\">Francisca Ricinski<\/a><\/li>\n<li><a href=\"http:\/\/wp.pop-verlag.com\/?p=923\">in der falle<\/a> &#8211; <a href=\"http:\/\/wp.pop-verlag.com\/?page_id=915\">Benedikt Dyrlich<\/a><\/li>\n<li><a href=\"http:\/\/wp.pop-verlag.com\/?p=138\">In der Psychiatrie behandelt<\/a> &#8211; <a href=\"https:\/\/wp.pop-verlag.com\/?page_id=3319\">Gelu Vla\u015fin<\/a><\/li>\n<li><a href=\"http:\/\/wp.pop-verlag.com\/?p=248\">Insel der Elefanten &#8211; <\/a><a href=\"http:\/\/wp.pop-verlag.com\/?page_id=654\">Imre T\u00f6r\u00f6k<\/a><\/li>\n<li><a href=\"https:\/\/wp.pop-verlag.com\/?p=6718\">Inselnovelle<\/a> &#8211; <a href=\"https:\/\/wp.pop-verlag.com\/?page_id=6723\">Christoph Andreas Marx<\/a><\/li>\n<li><a href=\"http:\/\/wp.pop-verlag.com\/?p=473\">Jenseits der W\u00e4lder<\/a> &#8211; Tomaso Kemeny<\/li>\n<li><a href=\"https:\/\/wp.pop-verlag.com\/?p=4272\">Kaperfahrten<\/a> -. Ma\u0142gorzata P\u0142oszewska und <a href=\"https:\/\/wp.pop-verlag.com\/?page_id=2274\">Bernd Kebelmann<\/a><\/li>\n<li><a href=\"http:\/\/wp.pop-verlag.com\/?p=146\">Kein Schweigen bleibt ungeh\u00f6rt<\/a> &#8211; <a href=\"https:\/\/wp.pop-verlag.com\/?page_id=734\">Horst Samson<\/a><\/li>\n<li><a href=\"http:\/\/wp.pop-verlag.com\/?p=2331\">K\u00e4me ein Wort &#8211;<\/a> <a href=\"http:\/\/wp.pop-verlag.com\/?page_id=2336\">Anneliese Merkel\u00a0<\/a><\/li>\n<li><a href=\"https:\/\/wp.pop-verlag.com\/?p=5187\">Klimadelirium und andere furchtbare Erz\u00e4hlungen &#8211;\u00a0<\/a><a href=\"http:\/\/wp.pop-verlag.com\/?page_id=2593\">Anton Strebling<\/a><\/li>\n<li><a href=\"http:\/\/wp.pop-verlag.com\/?p=1290\">Kritische K\u00f6rper<\/a>\u00a0&#8211; <a href=\"http:\/\/wp.pop-verlag.com\/?page_id=1275\">Ulrich Bergmann<\/a><\/li>\n<li><a href=\"https:\/\/wp.pop-verlag.com\/?p=3769\"><em>Kopftornado. Oder: Tick, Stein!<\/em><\/a> &#8211; <a href=\"https:\/\/wp.pop-verlag.com\/?page_id=3775\">\u00a0Markus Berger<\/a><\/li>\n<li><a href=\"http:\/\/wp.pop-verlag.com\/?p=1509\">Kopfzeile, Fu\u00dfzeile.Gedichte&amp;Variationen &#8211; <\/a><a href=\"http:\/\/wp.pop-verlag.com\/?page_id=742\">Johann Lippet<\/a><\/li>\n<li>Kriegsbriefe aus den Jahren 1870\u201371 &#8211; Carl von B\u00fclow<\/li>\n<li><a href=\"http:\/\/wp.pop-verlag.com\/?p=113\">K\u00fche und Locken drehen<\/a> &#8211; <a href=\"http:\/\/wp.pop-verlag.com\/?page_id=1427\">Ursula Teicher-Maier<\/a><\/li>\n<li><a href=\"http:\/\/wp.pop-verlag.com\/?p=321\">Licht Blicke<\/a> &#8211; Dieter Schlesak<\/li>\n<li>Lobotomobil &#8211; <a href=\"http:\/\/wp.pop-verlag.com\/?page_id=1627\">Thomas Lux<\/a><\/li>\n<li><a href=\"http:\/\/wp.pop-verlag.com\/?p=3035\">Lyrik<\/a><a href=\"http:\/\/wp.pop-verlag.com\/?p=3022\">\u00a0 &#8211;\u00a0<\/a><a href=\"http:\/\/wp.pop-verlag.com\/?page_id=3027\">Emil Hurezeanu<\/a><\/li>\n<li><a href=\"https:\/\/wp.pop-verlag.com\/?p=5494\">LYRIKARCH\u00c4OLOGIE<\/a> &#8211; <a href=\"https:\/\/wp.pop-verlag.com\/?page_id=884\">Dieter Schlesak<\/a><\/li>\n<li><a href=\"http:\/\/wp.pop-verlag.com\/?p=1762\">Luftwurzeln<\/a><a href=\"http:\/\/wp.pop-verlag.com\/?page_id=1723\"> &#8211; Edith Ottschofski<\/a><\/li>\n<li><a href=\"http:\/\/wp.pop-verlag.com\/?p=645\">Magdanas Esel<\/a> &#8211; <a href=\"http:\/\/wp.pop-verlag.com\/?p=645\">Ekaterine Gabaschwili<\/a><\/li>\n<li><a href=\"https:\/\/wp.pop-verlag.com\/?p=5961\">Male dein Schweigen &#8211;<\/a> <a href=\"https:\/\/wp.pop-verlag.com\/?page_id=5979\">Irena Habalik<\/a><\/li>\n<li><a href=\"http:\/\/wp.pop-verlag.com\/?p=2543\">Man spricht nicht \u00fcber den Tod &#8211; <\/a><a href=\"http:\/\/wp.pop-verlag.com\/?page_id=2548\">Mika Alexidse<\/a><\/li>\n<li>Manifest<a href=\"http:\/\/wp.pop-verlag.com\/?p=1509\"> &#8211; <\/a><a href=\"http:\/\/wp.pop-verlag.com\/?page_id=1544\">Schota Tschantlads<\/a><a href=\"http:\/\/wp.pop-verlag.com\/?page_id=1544\">e<\/a><\/li>\n<li><a href=\"https:\/\/wp.pop-verlag.com\/?p=5470\">Mein Vaterland A4 \/ Patria mea A4 &#8211;\u00a0<\/a><a href=\"https:\/\/wp.pop-verlag.com\/?page_id=2888\">Ana Blandiana<\/a><\/li>\n<li><a href=\"http:\/\/wp.pop-verlag.com\/?p=293\">Meister Knastfelds Hybris<\/a> &#8211; <a href=\"https:\/\/wp.pop-verlag.com\/?page_id=3198\">Ondine Dietz<\/a><\/li>\n<li><a href=\"http:\/\/wp.pop-verlag.com\/?p=833\">Migrant auf Lebzeiten &#8211; Johann Lippet<\/a><\/li>\n<li><a href=\"http:\/\/wp.pop-verlag.com\/?p=2632\">Mir tr\u00e4umte von meiner Kindheit<\/a> &#8211;\u00a0<a href=\"http:\/\/wp.pop-verlag.com\/?page_id=2628\">Aleksander Nawrocki<\/a><\/li>\n<li><a href=\"https:\/\/wp.pop-verlag.com\/?p=6281\">Mit Erinnerungen gepflastert.\u00a0Eine Anthologie von Dagmar Dusil<\/a><\/li>\n<li><a href=\"http:\/\/wp.pop-verlag.com\/?p=312\">Mondkrank <\/a>&#8211; G\u00ebzim Hajdari<\/li>\n<li><a href=\"http:\/\/wp.pop-verlag.com\/?p=479\">Mord und Totschlag in Ludwigsburg<\/a> &#8211; Anthologie<\/li>\n<li><a href=\"http:\/\/wp.pop-verlag.com\/?p=1608\">Muschuschu &#8211; <\/a><a href=\"http:\/\/wp.pop-verlag.com\/?page_id=590\">Klaus Martens<\/a><\/li>\n<li><a href=\"https:\/\/wp.pop-verlag.com\/?p=4402\">NACH ALPHABET GESAMMELT aus vierzig Jahren<\/a>.- <a href=\"http:\/\/traian.pop-verlag.com\/charlotte_ueckert.htm\">Charlotte Ueckert<\/a><\/li>\n<li><a href=\"http:\/\/wp.pop-verlag.com\/?p=488\">Nachbrenner <\/a>&#8211; Norbert Sternmut<\/li>\n<li><a href=\"http:\/\/traian.pop-verlag.com\/978-3-86356-028-7.htm\">Nach Italien. Liebesgeschichten von anfangs und sp\u00e4ter. <\/a>&#8211; <a href=\"http:\/\/traian.pop-verlag.com\/charlotte_ueckert.htm\">Charlotte Ueckert<\/a><\/li>\n<li>Namen Los, Liebes- und Todesgedichte &#8211; <a href=\"http:\/\/traian.pop-verlag.com\/dieter_schlesak.htm\">Dieter Schlesak<\/a><\/li>\n<li><a href=\"https:\/\/wp.pop-verlag.com\/?p=5498\">nicht weniger nicht mehr\u00a0 &#8211; <\/a><a href=\"http:\/\/wp.pop-verlag.com\/?page_id=1087\">Theo Breuer<\/a><\/li>\n<li><a href=\"http:\/\/wp.pop-verlag.com\/?p=106\">Nichts hei\u00dft keine Farbe<\/a> &#8211; Esma Oniani<\/li>\n<li><a href=\"http:\/\/wp.pop-verlag.com\/?p=365\">Noch Hundert Lichtjahre bis Buffalo<\/a> &#8211; <a href=\"http:\/\/wp.pop-verlag.com\/?page_id=2054\">Peter Ettl<\/a><\/li>\n<li><a href=\"http:\/\/wp.pop-verlag.com\/?p=859\">Nock<\/a> &#8211;<a href=\"http:\/\/wp.pop-verlag.com\/?p=859\">Rainer Wedler<\/a><\/li>\n<li><a href=\"http:\/\/wp.pop-verlag.com\/?p=2123\">Parallelwelten<\/a> &#8211; <a href=\"http:\/\/wp.pop-verlag.com\/?page_id=1466\">Steliana Huhulescu<\/a><\/li>\n<li><a href=\"http:\/\/wp.pop-verlag.com\/?p=2014\">Poesie\/po\u00e9sie Zeitgen\u00f6ssische Dichtung aus Frankreich und Deutschland<\/a> &#8211; <a href=\"http:\/\/wp.pop-verlag.com\/?page_id=1019\">Josiane<\/a><a href=\"http:\/\/wp.pop-verlag.com\/?page_id=1019\"> Alfonsi<\/a>, G\u00e9rard Blua, Yves Broussard,\u00a0Volker Demuth, Rodica Draghincescu, Werner D\u00fcrrson, \u00a0Gilbert Fels, Abdelmadjid Kaouah,\u00a0Carmen Kotarski, Jacques Lovichi, Marcel Migozzi, Fran\u00e7ois Montmaneix, Hasan \u00d6zdemir, Jos\u00e9 F.A. Oliver, Walle Sayer. Klaus F. Schneider, Hellmut Seiler, Dominique Sorrente, Susanne Stephan, Fr\u00e9d\u00e9ric Jacques Temple, Jean-Max Tixier, Andr\u00e9 Ughetto, Jean-Claude Villain.<\/li>\n<li><a href=\"http:\/\/wp.pop-verlag.com\/?p=324\">Poesie sitzt nicht in der Sonne<\/a> &#8211; Genowefa Jakubowska-Fija\u0142kowska<\/li>\n<li><a href=\"http:\/\/wp.pop-verlag.com\/?p=484\">Papageien mit blauen Schn\u00e4beln<\/a> &#8211; Eugen D. Popin<\/li>\n<li><a href=\"http:\/\/wp.pop-verlag.com\/?p=2379\">Pfeile im Herzen und die Klinge am Hals. Germaine de Sta\u00ebl, die gro\u00dfe Liebende und K\u00e4mpferin\u00a0 &#8211; <\/a><a href=\"http:\/\/wp.pop-verlag.com\/?page_id=2382\">Regine Kress-Fricke<\/a><\/li>\n<li><span class=\"readonlyText multiple\">\u00a0<\/span><a href=\"https:\/\/wp.pop-verlag.com\/?p=6272\">Posledni sn\u011bh \/ Der letzte Schnee\u00a0<\/a><span class=\"readonlyText multiple\"><a href=\"http:\/\/wp.pop-verlag.com\/?page_id=2088\">&#8211; Traian Pop Traian<\/a><\/span><\/li>\n<li><a href=\"http:\/\/wp.pop-verlag.com\/?p=390\">Professor Fuhrmanns Badekur<\/a> &#8211; Gerhard Bauer<\/li>\n<li><a href=\"https:\/\/wp.pop-verlag.com\/?p=4740\">(OHN)MACHT &#8211;\u00a0<\/a><a href=\"https:\/\/wp.pop-verlag.com\/?page_id=1466\">Steliana Huhulescu<\/a><\/li>\n<li><a href=\"http:\/\/wp.pop-verlag.com\/?p=1004\">Oliver Twist in Teheran <\/a>&#8211; <a href=\"http:\/\/wp.pop-verlag.com\/?page_id=999\">Aghapour, Shahla<\/a><\/li>\n<li><a href=\"http:\/\/wp.pop-verlag.com\/?p=69\">Quecksilber in Manteltaschen<\/a> &#8211; Eric Giebel<\/li>\n<li><a href=\"http:\/\/wp.pop-verlag.com\/?p=383\">Rahling <\/a>&#8211; Christine Kappe<\/li>\n<li><a href=\"https:\/\/wp.pop-verlag.com\/?p=3844\">Regenbogenfarben des kalten Wetters<\/a> &#8211;<a href=\"https:\/\/wp.pop-verlag.com\/?page_id=3850\">Meier<\/a><\/li>\n<li><a href=\"http:\/\/wp.pop-verlag.com\/?p=242\">Reihertanz<\/a> &#8211; <a href=\"http:\/\/wp.pop-verlag.com\/?page_id=2024\">Julia Schiff<\/a><\/li>\n<li><a href=\"http:\/\/wp.pop-verlag.com\/?p=130\">Risse <\/a>&#8211; Bo\u0161ko Toma\u0161eci\u0107<\/li>\n<li>Roms Flair in flagranti &#8211; <a href=\"http:\/\/wp.pop-verlag.com\/?page_id=579\">Ilse Hehn<\/a><\/li>\n<li><a href=\"https:\/\/wp.pop-verlag.com\/?p=3399\">Roter Schein<\/a> &#8211; <a href=\"https:\/\/wp.pop-verlag.com\/?page_id=3374\">J<\/a><a href=\"https:\/\/wp.pop-verlag.com\/?page_id=3374\">orjaneli<\/a>, <a href=\"https:\/\/wp.pop-verlag.com\/?page_id=3374\">Nika<\/a><\/li>\n<li><a href=\"https:\/\/wp.pop-verlag.com\/?p=4035\">Rum\u00e4nische Helden <\/a>&#8211; <a href=\"https:\/\/wp.pop-verlag.com\/?page_id=4039\">Andreas Saurer<\/a>: <a href=\"https:\/\/wp.pop-verlag.com\/?p=4035\">Rum\u00e4nische Helden<\/a><\/li>\n<li><a href=\"https:\/\/wp.pop-verlag.com\/?p=6310\"><em>Ruhmesbl\u00e4tter mit Linsengericht<\/em>. Erz\u00e4hlgedichte.<\/a> &#8211; <a href=\"https:\/\/wp.pop-verlag.com\/?page_id=6301\">Holdger Platta<\/a><\/li>\n<li><a href=\"http:\/\/wp.pop-verlag.com\/?p=2816\">R\u00fcckkehr aus dem Exil &#8211; <\/a><a href=\"http:\/\/wp.pop-verlag.com\/?page_id=2821\">Denisa Com\u0103nescu<\/a><\/li>\n<li>Rum\u00e4nien. Postskriptum \/ Rom\u00e2nia Post Scriptum &#8211; <a href=\"https:\/\/wp.pop-verlag.com\/?page_id=5475\">Petru Ilie\u015fu<\/a><\/li>\n<li><a href=\"https:\/\/wp.pop-verlag.com\/?p=6192\">saumselige ann\u00e4herung<\/a> &#8211; <a href=\"http:\/\/wp.pop-verlag.com\/?page_id=1723\">Edith Ottschofski<\/a><\/li>\n<li><a href=\"https:\/\/wp.pop-verlag.com\/?p=5995\">Schattenspiele toter M\u00e4dchen &#8211;<\/a> <span class=\"readonlyText multiple\"><a href=\"https:\/\/wp.pop-verlag.com\/?page_id=1369\">Eginald Schlattner<\/a><\/span><\/li>\n<li><a href=\"https:\/\/wp.pop-verlag.com\/?p=4048\">Scherben saufen<\/a>. &#8211; <a href=\"http:\/\/wp.pop-verlag.com\/?page_id=1087\">Theo Breuer<\/a><\/li>\n<li>Schreibenleben &#8211; <a href=\"http:\/\/traian.pop-verlag.com\/Rodica%20Draghincescu.htm\">Rodica Draghincescu<\/a><\/li>\n<li><a href=\"https:\/\/wp.pop-verlag.com\/?p=6128\">Sedimente der Zeit. Essays und Erz\u00e4hlungen<\/a> &#8211; <a href=\"http:\/\/wp.pop-verlag.com\/?page_id=1500\">Peter Fr\u00f6mmig<\/a><\/li>\n<li>Seegang<a href=\"http:\/\/wp.pop-verlag.com\/?p=2152\"> &#8211; <\/a><a href=\"http:\/\/wp.pop-verlag.com\/?page_id=1640\">Rainer Wedler<\/a><\/li>\n<li><a href=\"https:\/\/wp.pop-verlag.com\/?p=3484\">Sich zuhause f\u00fchlen<\/a> &#8211;\u00a0<a href=\"https:\/\/wp.pop-verlag.com\/?page_id=3490\">Sendoo,\u00a0<\/a><a href=\"https:\/\/wp.pop-verlag.com\/?page_id=3490\">Hadaa<\/a><\/li>\n<li><a href=\"http:\/\/wp.pop-verlag.com\/?p=413\">Siebenachtel Leben<\/a>\u00a0&#8211; <a href=\"http:\/\/wp.pop-verlag.com\/?page_id=590\">Klaus Martens<\/a><\/li>\n<li><a href=\"http:\/\/wp.pop-verlag.com\/?p=2438\">So liebte man in Georgien &#8211;\u00a0<\/a><a href=\"http:\/\/wp.pop-verlag.com\/?page_id=2445\">Guram Assatiani<\/a><\/li>\n<li><a href=\"https:\/\/wp.pop-verlag.com\/?p=4313\">So streicht das Leben dahin\u2026 &#8211;<\/a> <a href=\"https:\/\/wp.pop-verlag.com\/?page_id=4343\">L\u00e2m Quang M\u1ef9<\/a><\/li>\n<li><a href=\"https:\/\/wp.pop-verlag.com\/?p=5964\">Solomon Isakitsch Medschghanuaschwili<\/a>\u00a0 <a href=\"https:\/\/wp.pop-verlag.com\/?page_id=5967\">&#8211; Lawrenti Ardasiani<\/a><\/li>\n<li><a href=\"http:\/\/wp.pop-verlag.com\/?p=367\">Sonnwend <\/a>&#8211; Norbert Sternmut<\/li>\n<li>\n<p class=\"entry-title\"><a title=\"Permalink zu \u00c1gnes Nemes Nagy: Sonnenwenden \/ Napfordul\u00f3k\" href=\"https:\/\/wp.pop-verlag.com\/?p=5702\" rel=\"bookmark\">Sonnenwenden \/ Napfordul\u00f3k &#8211;\u00a0<\/a><a title=\"Permalink zu \u00c1gnes Nemes Nagy: Sonnenwenden \/ Napfordul\u00f3k\" href=\"https:\/\/wp.pop-verlag.com\/?p=5702\" rel=\"bookmark\">\u00c1gnes Nemes Nagy<\/a><\/p>\n<\/li>\n<li><a href=\"http:\/\/wp.pop-verlag.com\/?p=304\">Spiegelschrift <\/a>&#8211; Norbert Sternmut<\/li>\n<li><a href=\"http:\/\/wp.pop-verlag.com\/?p=420\">Sprachen im Vergleich<\/a> &#8211; Jana Laukov\u00e1<\/li>\n<li><a href=\"http:\/\/traian.pop-verlag.com\/sprachheimat.htm\">SPRACHHEIMAT.<\/a> Zum Werk von <a href=\"http:\/\/traian.pop-verlag.com\/dieter_schlesak.htm\">Dieter Schlesak<\/a> in Zeiten von Diktatur und Exil. <a href=\"http:\/\/traian.pop-verlag.com\/juergen_egyptien.htm\">J\u00fcrgen Egyptien<\/a>, <a href=\"http:\/\/traian.pop-verlag.com\/george_gutu.htm\">George Gu\u0163u<\/a>, <a href=\"http:\/\/traian.pop-verlag.com\/wolfgang_schlott.htm\">Wolfgang Schlott,<\/a> <a href=\"http:\/\/traian.pop-verlag.com\/maria_irod.htm\">Maria Irod<\/a> (Hrsg.)<\/li>\n<li><a href=\"http:\/\/wp.pop-verlag.com\/?p=392\">Steppensalz<\/a> &#8211; Julia Schiff<\/li>\n<li><a href=\"http:\/\/wp.pop-verlag.com\/?p=2152\">Stiftorgel &#8211; <\/a><a href=\"http:\/\/wp.pop-verlag.com\/?page_id=1640\">Rainer Wedler<\/a><\/li>\n<li><a href=\"http:\/\/wp.pop-verlag.com\/?p=481\">Stille lerne ich von den Wolken<\/a> &#8211; Oleg Mityaev<\/li>\n<li><a href=\"https:\/\/wp.pop-verlag.com\/?p=3328\">Strahlensatz &#8211;\u00a0<\/a><a href=\"http:\/\/wp.pop-verlag.com\/?page_id=1439\">Norbert Sternmut<\/a><\/li>\n<li><a href=\"http:\/\/wp.pop-verlag.com\/?p=1152\">Surreale Umarmung &#8211; <\/a><a href=\"http:\/\/wp.pop-verlag.com\/?p=1152\">Benedikt Dyrlich<\/a><\/li>\n<li>Schw\u00e4ne im Schnee -.Micho Mossulischwili<\/li>\n<li><a href=\"https:\/\/wp.pop-verlag.com\/?p=5991\">Taschen voller Wind<\/a> &#8211;\u00a0<a href=\"https:\/\/wp.pop-verlag.com\/?page_id=6005\">Tian He<\/a><\/li>\n<li><a href=\"http:\/\/wp.pop-verlag.com\/?p=519\">Tage Ost &#8211; West<\/a> &#8211;<a href=\"http:\/\/wp.pop-verlag.com\/?page_id=579\"> Ilse Hehn<\/a><\/li>\n<li><a href=\"http:\/\/wp.pop-verlag.com\/?p=290\">Tannenm\u00f6rder <\/a>&#8211; Uli Rothfuss<\/li>\n<li>Tausend Jahre im Augenblick &#8211; Ngo Nguyen Dung<\/li>\n<li><a href=\"http:\/\/wp.pop-verlag.com\/?p=2387\">Ticken im eigenen Rhythmus<\/a>\u00a0&#8211; <a href=\"http:\/\/wp.pop-verlag.com\/?page_id=2382\">Regine Kress-Fricke<\/a><\/li>\n<li><a href=\"http:\/\/wp.pop-verlag.com\/?p=1913\">TOTENTANGO &#8211; <\/a><a href=\"http:\/\/wp.pop-verlag.com\/?page_id=1439\">Norbert Sternmut<\/a><\/li>\n<li><a href=\"http:\/\/wp.pop-verlag.com\/?p=373\">TRANSSYLWAHNIEN <\/a>&#8211; Dieter Schlesak<\/li>\n<li><a href=\"http:\/\/wp.pop-verlag.com\/?p=2574\">trinken dich. und worte neu erfinden<\/a>. &#8211; <a href=\"http:\/\/wp.pop-verlag.com\/?page_id=1216\">&#8211; Uli Rothfuss<\/a><\/li>\n<li><a href=\"https:\/\/wp.pop-verlag.com\/?p=4009\">\u00dcber deutsche Dichter, Schriftsteller und Intellektuelle aus Rum\u00e4nien<\/a> &#8211; <a href=\"https:\/\/wp.pop-verlag.com\/?page_id=2593\">Anton Sterbling<\/a><\/li>\n<li><a href=\"http:\/\/wp.pop-verlag.com\/?p=309\">\u00dcber Google, Gott und die Welt<\/a> &#8211; Jan Cornelius<\/li>\n<li><a href=\"https:\/\/wp.pop-verlag.com\/?p=5624\">Und so weiter. Sieben Haiku-Kr\u00e4nze\u00a0<\/a>&#8211; <a href=\"http:\/\/wp.pop-verlag.com\/?page_id=1475\">Dato Barbakadse<\/a><\/li>\n<li><a href=\"https:\/\/wp.pop-verlag.com\/?p=4660\">und weiter leben<\/a> &#8211; <span class=\"readonlyText multiple\"><a href=\"https:\/\/wp.pop-verlag.com\/?page_id=4653\">Ute Hamann-Aue<\/a>r<\/span><\/li>\n<li><a href=\"http:\/\/wp.pop-verlag.com\/?p=134\">Und wenn du willst, vergiss<\/a> &#8211; Horst Samson<\/li>\n<li><a href=\"http:\/\/wp.pop-verlag.com\/?p=2184\">Unter der Hitze des Ziegeldachs<\/a><a href=\"http:\/\/wp.pop-verlag.com\/?p=2152\"> &#8211; <\/a><a href=\"http:\/\/wp.pop-verlag.com\/?page_id=1640\">Rainer Wedler<\/a><\/li>\n<li><a href=\"http:\/\/wp.pop-verlag.com\/?p=1994\">Unverhofft &#8211; <\/a><a href=\"http:\/\/wp.pop-verlag.com\/?page_id=1989\">Gerti Michaelis Rahr<\/a><\/li>\n<li><a href=\"http:\/\/wp.pop-verlag.com\/?p=490\">Urbild der Stad<\/a>t <a href=\"http:\/\/wp.pop-verlag.com\/?page_id=1216\">&#8211; Uli Rothfuss<\/a><\/li>\n<li><a href=\"http:\/\/wp.pop-verlag.com\/?p=400\">usbekistan. sehnsuchtsort. die weite asiens im gesicht<\/a> &#8211; Uli Rothfuss<\/li>\n<li><a href=\"https:\/\/wp.pop-verlag.com\/?p=4152\">Variationen \u00fcber die Stille und andere St\u00fccke.<\/a> &#8211; <a href=\"https:\/\/wp.pop-verlag.com\/?page_id=902\">Christine Kappe<\/a><\/li>\n<li><a href=\"https:\/\/wp.pop-verlag.com\/?p=6203\" target=\"_blank\" rel=\"noopener\">Variationen \u00fcber ein gegebenes Thema \/ Varia\u021biuni pe o tem\u0103 dat\u0103<\/a> &#8211; <a href=\"https:\/\/wp.pop-verlag.com\/?page_id=2888\" target=\"_blank\" rel=\"noopener\">Ana Blandiana<\/a><\/li>\n<li><a href=\"http:\/\/wp.pop-verlag.com\/?p=418\">Verschiebungen <\/a>&#8211; Julia Schiff<\/li>\n<li><a href=\"https:\/\/wp.pop-verlag.com\/?page_id=3163\">versuch zum tode &#8211; eje winter<\/a><\/li>\n<li><a href=\"https:\/\/wp.pop-verlag.com\/?p=5668\">Vertrauliche Nachricht<\/a> &#8211; <a href=\"https:\/\/wp.pop-verlag.com\/?page_id=5672\">B\u00e9la B\u00fcchl<\/a><\/li>\n<li>VLAD, DER TODESF\u00dcRST. Die Dracula-Korrektur. 2., neu bearbeitete und erg\u00e4nzte Auflage. Roman. &#8211; Dieter Schlesak<\/li>\n<li>Vlad. Dracula \u2013 Korrektur. Roman &#8211; Dieter Schlesak<\/li>\n<li><a href=\"http:\/\/wp.pop-verlag.com\/?p=872\">Vom Zustand der Welt um 4 Uhr 35<\/a> &#8211; <a href=\"http:\/\/wp.pop-verlag.com\/?p=872\">Christine Kappe<\/a><\/li>\n<li><a href=\"http:\/\/wp.pop-verlag.com\/?p=486\">Von Schlagb\u00e4umen, Schlagl\u00f6chern und Schlaglichtern<\/a> &#8211; <a href=\"http:\/\/wp.pop-verlag.com\/?page_id=2359\">Albrecht Schau<\/a><\/li>\n<li><a href=\"https:\/\/wp.pop-verlag.com\/?p=4801\">vor dem Fenster tanzt ein frecher Gedanke<\/a> &#8211; <a href=\"http:\/\/wp.pop-verlag.com\/?page_id=1640\">Rainer Wedler<\/a><\/li>\n<li><a href=\"http:\/\/wp.pop-verlag.com\/?p=2531\">Vom St\u00f6hnen des Leibes. Heitere Erkundungen zum Lebensmittelpunkt &#8211; <\/a><a href=\"http:\/\/wp.pop-verlag.com\/?page_id=2359\">Albrecht Schau<\/a><\/li>\n<li><a href=\"http:\/\/wp.pop-verlag.com\/?p=1727\">Von Tiflis nach Tbilissi. Reise an den Ursprung einer Sehn-Sucht &#8211; <\/a><a href=\"http:\/\/wp.pop-verlag.com\/?p=1559\">Karl Wolff<\/a><\/li>\n<li><a href=\"http:\/\/wp.pop-verlag.com\/?p=637\">Wanderer. Zwischenwelten. <\/a><a href=\"http:\/\/wp.pop-verlag.com\/?p=637\">Mit 19 Zeichnungen von Libu\u0161e Schmidt<\/a>. &#8211; <a href=\"http:\/\/wp.pop-verlag.com\/?page_id=654\">Imre T\u00f6r\u00f6k<\/a><\/li>\n<li><a href=\"http:\/\/wp.pop-verlag.com\/?p=2839\">Wasserzeichen &#8211; <\/a><a href=\"http:\/\/wp.pop-verlag.com\/?page_id=1369\">Eginald Schlattner<\/a><\/li>\n<li><a href=\"http:\/\/wp.pop-verlag.com\/?p=155\">Weitwinkel nah<\/a> &#8211; <a href=\"http:\/\/wp.pop-verlag.com\/?page_id=979\">Barbara Zeizinger<\/a><\/li>\n<li><a href=\"http:\/\/wp.pop-verlag.com\/?p=2319\">Wegkreuze &#8211; <\/a><a href=\"http:\/\/wp.pop-verlag.com\/?page_id=742\">Johann Lippet<\/a><\/li>\n<li><a href=\"https:\/\/wp.pop-verlag.com\/?p=4096\">Wenn die Fische davonfliegen<\/a>. &#8211; <a href=\"https:\/\/wp.pop-verlag.com\/?page_id=4098\">Milan Hrabal<\/a><\/li>\n<li><a href=\"http:\/\/wp.pop-verlag.com\/?p=1902\">Wenn ich geblieben w\u00e4re &#8211; <\/a><a href=\"http:\/\/wp.pop-verlag.com\/?page_id=979\">Barbara Zeizinger<\/a><\/li>\n<li><a href=\"http:\/\/wp.pop-verlag.com\/?p=260\">Wenn Satan sich zum Rosenzweig beugt &#8211; <\/a><a href=\"http:\/\/wp.pop-verlag.com\/?page_id=1053\">Arzu Al\u0131r<\/a><\/li>\n<li><a href=\"https:\/\/wp.pop-verlag.com\/?p=4710\">Werkzeuge, Waffen, Instrumente<\/a> &#8211; <a href=\"https:\/\/wp.pop-verlag.com\/?page_id=3565\">Viorel Marineasa<\/a> <strong><br \/>\n<\/strong><\/li>\n<li><a href=\"http:\/\/wp.pop-verlag.com\/?p=477\">Wilder Westen<\/a> &#8211; Wjatscheslaw Kuprijanow<\/li>\n<li><a href=\"https:\/\/wp.pop-verlag.com\/?p=4436\">Winterbienen im Urftland.<\/a><a href=\"https:\/\/wp.pop-verlag.com\/?p=4436\"> Empfundene \/ erfundene Welten in Norbert Scheuers Gedichten und Geschichten<\/a> &#8211; <a href=\"https:\/\/wp.pop-verlag.com\/?page_id=1087\">T<\/a><a href=\"https:\/\/wp.pop-verlag.com\/?page_id=1087\">heo Breuer<\/a><\/li>\n<li><a href=\"https:\/\/wp.pop-verlag.com\/?p=4719\">Winterdienst<\/a>.- <a href=\"https:\/\/wp.pop-verlag.com\/?page_id=1439\">Norbert Sternmut<\/a><\/li>\n<li><a href=\"http:\/\/wp.pop-verlag.com\/?p=2290\">Winzige Freunde<\/a> &#8211; Vier georgische M\u00e4rchen und eine Geschichte von <a href=\"http:\/\/wp.pop-verlag.com\/?page_id=2297\">Niko Lomouri<\/a><\/li>\n<li><a href=\"http:\/\/wp.pop-verlag.com\/?page_id=1229\">Wo der Hund begraben liegt<em>.<\/em> Leonberger Kurzkrimi &#8211;\u00a0<\/a><a href=\"http:\/\/wp.pop-verlag.com\/?page_id=1229\">Michael Gans<\/a><\/li>\n<li><a href=\"https:\/\/wp.pop-verlag.com\/?p=3363\">Yin Time &#8211;\u00a0<\/a><a href=\"https:\/\/wp.pop-verlag.com\/?page_id=3357\">Emilian Galaicu-P\u0103un<\/a><\/li>\n<li><a href=\"https:\/\/wp.pop-verlag.com\/?p=4841\">Z\u00e4rtlichkeit, Routine \/ Tandre\u021be, rutin\u0103. Gedichte eines Knauserers 1979 \u2013 2019 \/ Poemele unui parcimonios 1979 \u2013 2019<\/a>. <a href=\"http:\/\/wp.pop-verlag.com\/?p=3022\">&#8211;\u00a0<\/a><a href=\"http:\/\/wp.pop-verlag.com\/?page_id=3027\">Emil Hurezeanu<\/a><\/li>\n<li><a href=\"http:\/\/wp.pop-verlag.com\/?p=2366\">Zischender Zustand. Mayr\u00f6cker Time<\/a> &#8211; <a href=\"http:\/\/wp.pop-verlag.com\/?page_id=1087\">Theo Breuer<\/a><\/li>\n<li><a href=\"http:\/\/wp.pop-verlag.com\/?page_id=1087\">Zuhause nur im Wort. Eine Anthologie der Schriftstellerinnen und Schriftsteller im Exil Deutschsprachiger L\u00e4nder. Mit einem Vorwort von Wolfgang Schlott.<\/a><\/li>\n<li>Zwischenfrost \/ Frigul intermediar &#8211; <a href=\"https:\/\/wp.pop-verlag.com\/?page_id=4939\">Dinu Flamand<\/a><\/li>\n<li><a href=\"http:\/\/wp.pop-verlag.com\/?p=2160\">Zwischenstation Algier<\/a><a href=\"http:\/\/wp.pop-verlag.com\/?p=2152\"> &#8211; <\/a><a href=\"http:\/\/wp.pop-verlag.com\/?page_id=1640\">Rainer Wedler<\/a><\/li>\n<\/ul>\n","protected":false},"excerpt":{"rendered":"<p>Die im Pop Verlag erschienenen B\u00fcchern sind als Beitr\u00e4ge in den jeweiligen Kategorien zu finden. W\u00e4hlen Sie aus der Liste der Kategorien &#8222;Erscheinungjahr 2017&#8222;, werden s\u00e4mtliche Neuerscheinungen dieses Jahres gelistet. Bei &#8222;Deutsche Literatur&#8220; erhalten Sie einen \u00dcberblick der Werke deutscher &hellip; <a class=\"more-link\" href=\"https:\/\/wp.pop-verlag.com\/?page_id=2\">Weiterlesen <span class=\"meta-nav\">&rarr;<\/span><\/a><\/p>\n","protected":false},"author":1,"featured_media":0,"parent":0,"menu_order":3,"comment_status":"closed","ping_status":"closed","template":"","meta":{"footnotes":""},"class_list":["post-2","page","type-page","status-publish","hentry"],"jetpack_sharing_enabled":true,"_links":{"self":[{"href":"https:\/\/wp.pop-verlag.com\/index.php?rest_route=\/wp\/v2\/pages\/2","targetHints":{"allow":["GET"]}}],"collection":[{"href":"https:\/\/wp.pop-verlag.com\/index.php?rest_route=\/wp\/v2\/pages"}],"about":[{"href":"https:\/\/wp.pop-verlag.com\/index.php?rest_route=\/wp\/v2\/types\/page"}],"author":[{"embeddable":true,"href":"https:\/\/wp.pop-verlag.com\/index.php?rest_route=\/wp\/v2\/users\/1"}],"replies":[{"embeddable":true,"href":"https:\/\/wp.pop-verlag.com\/index.php?rest_route=%2Fwp%2Fv2%2Fcomments&post=2"}],"version-history":[{"count":189,"href":"https:\/\/wp.pop-verlag.com\/index.php?rest_route=\/wp\/v2\/pages\/2\/revisions"}],"predecessor-version":[{"id":6732,"href":"https:\/\/wp.pop-verlag.com\/index.php?rest_route=\/wp\/v2\/pages\/2\/revisions\/6732"}],"wp:attachment":[{"href":"https:\/\/wp.pop-verlag.com\/index.php?rest_route=%2Fwp%2Fv2%2Fmedia&parent=2"}],"curies":[{"name":"wp","href":"https:\/\/api.w.org\/{rel}","templated":true}]}}