{"id":1884,"date":"2017-01-11T06:16:34","date_gmt":"2017-01-11T06:16:34","guid":{"rendered":"http:\/\/wp.pop-verlag.com\/?page_id=1884"},"modified":"2018-03-09T08:02:25","modified_gmt":"2018-03-09T08:02:25","slug":"ernest-wichner","status":"publish","type":"page","link":"https:\/\/wp.pop-verlag.com\/?page_id=1884","title":{"rendered":"Ernest Wichner"},"content":{"rendered":"<p><a href=\"http:\/\/wp.pop-verlag.com\/?page_id=1884\"><strong>Ernest Wichner<\/strong><\/a>, 1952 in Guttenbrunn (Z\u0103brani), Rum\u00e4nien geboren. Er lebt seit 1975 in Deutschland. Er hat mehrere eigene Gedichtb\u00e4nde, einen Prosaband und zahlreiche \u00dcbersetzungen \u00fcberwiegend aus dem Rum\u00e4nischen ver\u00f6ffentlicht. Darunter das Prosawerk von Max Blecher in drei B\u00e4nden, Norman Manea, Nora Iuga, Mircea C\u0103rt\u0103rescu, Varujan Vosganian und Liliana Corobca.<br \/>\nAls \u00dcbersetzer von Daniel B\u0103nulescu erhielt er mit diesem im Jahre 2005 den Preis f\u00fcr Europ\u00e4ische Poesie der Stadt M\u00fcnster.<\/p>\n<p><span class=\"readonlyText multiple\">Lieferbare Titel von <a href=\"http:\/\/wp.pop-verlag.com\/?page_id=1884\"><strong>Ernest Wichner<\/strong><\/a>:\u00a0 <\/span><\/p>\n<ul>\n<li><strong><a href=\"http:\/\/wp.pop-verlag.com\/?p=1881\">\u201eDer Teufel jagt nach deinem Herzen\u201c<\/a>.<\/strong> Roman. Aus dem Rum\u00e4nischen von <a href=\"http:\/\/wp.pop-verlag.com\/?page_id=1884\">Ernest Wichner<\/a>. Pop Epik. 214 Seiten, SBN 978-3-86356-178-9, \u20ac(D)18,50<\/li>\n<li><span class=\"readonlyText multiple\"><strong><a href=\"http:\/\/wp.pop-verlag.com\/?page_id=1874\">Daniel B\u0103nulescu<\/a>: Die Republik Daniel B\u0103nulescu. <\/strong><\/span>Gedichte. Aus dem Rum\u00e4nischen \u00fcbersetzt von Ernest Wichner. Pop Lyrik. 184 Seiten, ISBN: 978-3-86356-194-9, \u20ac(D)19,90<\/li>\n<\/ul>\n","protected":false},"excerpt":{"rendered":"<p>Ernest Wichner, 1952 in Guttenbrunn (Z\u0103brani), Rum\u00e4nien geboren. Er lebt seit 1975 in Deutschland. Er hat mehrere eigene Gedichtb\u00e4nde, einen Prosaband und zahlreiche \u00dcbersetzungen \u00fcberwiegend aus dem Rum\u00e4nischen ver\u00f6ffentlicht. Darunter das Prosawerk von Max Blecher in drei B\u00e4nden, Norman Manea, &hellip; <a class=\"more-link\" href=\"https:\/\/wp.pop-verlag.com\/?page_id=1884\">Weiterlesen <span class=\"meta-nav\">&rarr;<\/span><\/a><\/p>\n","protected":false},"author":2,"featured_media":0,"parent":719,"menu_order":3,"comment_status":"closed","ping_status":"closed","template":"","meta":{"footnotes":""},"class_list":["post-1884","page","type-page","status-publish","hentry"],"jetpack_sharing_enabled":true,"_links":{"self":[{"href":"https:\/\/wp.pop-verlag.com\/index.php?rest_route=\/wp\/v2\/pages\/1884","targetHints":{"allow":["GET"]}}],"collection":[{"href":"https:\/\/wp.pop-verlag.com\/index.php?rest_route=\/wp\/v2\/pages"}],"about":[{"href":"https:\/\/wp.pop-verlag.com\/index.php?rest_route=\/wp\/v2\/types\/page"}],"author":[{"embeddable":true,"href":"https:\/\/wp.pop-verlag.com\/index.php?rest_route=\/wp\/v2\/users\/2"}],"replies":[{"embeddable":true,"href":"https:\/\/wp.pop-verlag.com\/index.php?rest_route=%2Fwp%2Fv2%2Fcomments&post=1884"}],"version-history":[{"count":5,"href":"https:\/\/wp.pop-verlag.com\/index.php?rest_route=\/wp\/v2\/pages\/1884\/revisions"}],"predecessor-version":[{"id":2953,"href":"https:\/\/wp.pop-verlag.com\/index.php?rest_route=\/wp\/v2\/pages\/1884\/revisions\/2953"}],"up":[{"embeddable":true,"href":"https:\/\/wp.pop-verlag.com\/index.php?rest_route=\/wp\/v2\/pages\/719"}],"wp:attachment":[{"href":"https:\/\/wp.pop-verlag.com\/index.php?rest_route=%2Fwp%2Fv2%2Fmedia&parent=1884"}],"curies":[{"name":"wp","href":"https:\/\/api.w.org\/{rel}","templated":true}]}}