{"id":1659,"date":"2016-10-18T17:38:40","date_gmt":"2016-10-18T17:38:40","guid":{"rendered":"http:\/\/wp.pop-verlag.com\/?page_id=1659"},"modified":"2016-10-18T18:22:47","modified_gmt":"2016-10-18T18:22:47","slug":"marius-koity","status":"publish","type":"page","link":"https:\/\/wp.pop-verlag.com\/?page_id=1659","title":{"rendered":"Marius Koity"},"content":{"rendered":"<p><strong><img loading=\"lazy\" decoding=\"async\" class=\"alignleft wp-image-1660 size-medium\" src=\"http:\/\/wp.pop-verlag.com\/wp-content\/uploads\/2016\/10\/Marius-Koity-231x300.jpg\" alt=\"Marius Koity\" width=\"231\" height=\"300\" srcset=\"https:\/\/wp.pop-verlag.com\/wp-content\/uploads\/2016\/10\/Marius-Koity-231x300.jpg 231w, https:\/\/wp.pop-verlag.com\/wp-content\/uploads\/2016\/10\/Marius-Koity-768x996.jpg 768w, https:\/\/wp.pop-verlag.com\/wp-content\/uploads\/2016\/10\/Marius-Koity-790x1024.jpg 790w\" sizes=\"auto, (max-width: 231px) 100vw, 231px\" \/>\u00a0<a href=\"http:\/\/wp.pop-verlag.com\/?page_id=1659\">Marius Koity<\/a><\/strong>, *1966 in Gro\u00dfsanktnikolaus (Rum\u00e4nien). Deutsches und ru-m\u00e4nisches Abitur an der Nikolaus-Lenau-Schule in Temeswar (Rum\u00e4nien). Wehrdienst (u. a. Bergbausoldat unter Tage in einer Steinkohlengrube) und Hilfsarbeiter. Fernstudium der deutschen und rum\u00e4nischen Sprache und Literatur an der Universit\u00e4t Bukarest. 1988 bis 1992 Redakteur deutscher Zeitungen in Rum\u00e4nien. 1992 Einwanderung nach Deutschland, Niederlassung in Th\u00fcringen. Seit 1993 in verschiedenen Eigenschaften f\u00fcr die Tageszeitung \u201eOstth\u00fcringer Zeitung\u201c (Gera) t\u00e4tig, seit 2012 Redaktionsleiter f\u00fcr verschiedene Lokalausgaben.<br \/>\nErste Gedichte 1984 in der \u201eNeuen Banater Zeitung\u201c (Temeswar) und in der Literaturzeitschrift \u201eNeue Literatur\u201c (Bukarest). Ver\u00f6ffentlichungen: in Zeitungen und Zeitschriften, u. a. \u201eNeue Zeitung\u201c (Budapest), \u201eS\u00fcdostdeutsche Vierteljahresbl\u00e4tter\u201c (M\u00fcnchen), \u201ePalmbaum\u201c (Jena), \u201eOstth\u00fcringer Zeitung\u201c (Gera); in Anthologien in Deutschland, Rum\u00e4nien und Russland; im Radio; am Literaturtelefon; im Internet. Noch kein eigenes Buch. Einzel- und Gruppenlesungen von 1984 bis 1991 in Rum\u00e4nien, Ungarn und Deutschland, nach zw\u00f6lfj\u00e4hriger Pause wieder ab 2003 in Deutschland. Sonstige Ver\u00f6ffentlichungen u. a.: Titelfoto und acht Fotos in \u201eWir waren Zeugen \u2013 Temeswar 1989\/1990\u201c von Annemarie Podlipny-Hehn (M\u00fcnchen, 1991); literarische Reportage \u201eKeine Romanhelden\u201c in der Anthologie \u201eMehrfachbelichtung \u2013 Rum\u00e4nische Erkundungen\u201c (Jena, 2011).<br \/>\n1986 Adam-M\u00fcller-Guttenbrunn-F\u00f6rderpreis in Temeswar, 1987 Adam-M\u00fcller-Guttenbrunn-Literaturpreis in Temeswar und Journalistenpreis Th\u00fcringen 2016 in Erfurt. Seit 2007 im Verband deutscher Schriftsteller, Landesverband Th\u00fcringen.<\/p>\n<p>Lieverbare Titel von <strong>Marius Koity: <\/strong><\/p>\n<p><strong><a href=\"http:\/\/wp.pop-verlag.com\/?p=1654\">\u201eEine unvermeidliche Collage\u201c<\/a><\/strong><\/p>\n<p><span class=\"readonlyText\">Gedichte, meine alten Tageb\u00fccher und andere Papiere<\/span><\/p>\n<p>Titelbild und Illustrationen: <strong><a href=\"http:\/\/wp.pop-verlag.com\/?page_id=1665\">Dieter Beck<\/a><\/strong><\/p>\n<p>Pop Lyrik. Prima Verba, Lyrik Deb\u00fctpreis 2017<\/p>\n<div class=\"control-group \">88 S., <label class=\"control-label\">ISBN:<\/label><span class=\"readonlyText\">978-3-86356-142-0; <\/span>15,50\u20ac<\/div>\n","protected":false},"excerpt":{"rendered":"<p>\u00a0Marius Koity, *1966 in Gro\u00dfsanktnikolaus (Rum\u00e4nien). Deutsches und ru-m\u00e4nisches Abitur an der Nikolaus-Lenau-Schule in Temeswar (Rum\u00e4nien). Wehrdienst (u. a. Bergbausoldat unter Tage in einer Steinkohlengrube) und Hilfsarbeiter. Fernstudium der deutschen und rum\u00e4nischen Sprache und Literatur an der Universit\u00e4t Bukarest. 1988 &hellip; <a class=\"more-link\" href=\"https:\/\/wp.pop-verlag.com\/?page_id=1659\">Weiterlesen <span class=\"meta-nav\">&rarr;<\/span><\/a><\/p>\n","protected":false},"author":2,"featured_media":0,"parent":695,"menu_order":3,"comment_status":"closed","ping_status":"closed","template":"","meta":{"footnotes":""},"class_list":["post-1659","page","type-page","status-publish","hentry"],"jetpack_sharing_enabled":true,"_links":{"self":[{"href":"https:\/\/wp.pop-verlag.com\/index.php?rest_route=\/wp\/v2\/pages\/1659","targetHints":{"allow":["GET"]}}],"collection":[{"href":"https:\/\/wp.pop-verlag.com\/index.php?rest_route=\/wp\/v2\/pages"}],"about":[{"href":"https:\/\/wp.pop-verlag.com\/index.php?rest_route=\/wp\/v2\/types\/page"}],"author":[{"embeddable":true,"href":"https:\/\/wp.pop-verlag.com\/index.php?rest_route=\/wp\/v2\/users\/2"}],"replies":[{"embeddable":true,"href":"https:\/\/wp.pop-verlag.com\/index.php?rest_route=%2Fwp%2Fv2%2Fcomments&post=1659"}],"version-history":[{"count":4,"href":"https:\/\/wp.pop-verlag.com\/index.php?rest_route=\/wp\/v2\/pages\/1659\/revisions"}],"predecessor-version":[{"id":1672,"href":"https:\/\/wp.pop-verlag.com\/index.php?rest_route=\/wp\/v2\/pages\/1659\/revisions\/1672"}],"up":[{"embeddable":true,"href":"https:\/\/wp.pop-verlag.com\/index.php?rest_route=\/wp\/v2\/pages\/695"}],"wp:attachment":[{"href":"https:\/\/wp.pop-verlag.com\/index.php?rest_route=%2Fwp%2Fv2%2Fmedia&parent=1659"}],"curies":[{"name":"wp","href":"https:\/\/api.w.org\/{rel}","templated":true}]}}