{"id":1373,"date":"2016-04-24T15:14:33","date_gmt":"2016-04-24T15:14:33","guid":{"rendered":"http:\/\/wp.pop-verlag.com\/?page_id=1373"},"modified":"2016-04-24T15:14:33","modified_gmt":"2016-04-24T15:14:33","slug":"gerard-truilhe","status":"publish","type":"page","link":"https:\/\/wp.pop-verlag.com\/?page_id=1373","title":{"rendered":"G\u00e9rard Truilh\u00e9"},"content":{"rendered":"<p>G\u00e9rard Truilh\u00e9 (D\u00e9partement Tarn-et-Garonne, 1949): Dichter, Musiker, Typograph, Verleger. Nach dem Literaturstudium in Toulouse l\u00e4\u00dft er sich 1972 im D\u00e9partement Aveyron nieder und singt, sich auf der Gitarre begleitend, seine Gedichte und die Texte, die er vertont. Mit einer Gruppe von Freunden gr\u00fcndet er den Verein Trames zur F\u00f6rderung k\u00fcnstlerischen Schaffens. Sein Interesse an Kunst und Literatur f\u00fchrt zur Herstellung in Handarbeit seiner ersten bibliophilen B\u00fccher. Sehr schnell entdeckt er den Bleisatz und orientiert sich mit Trames zur Bibliophilie hin, wo Lyrik, Typographie, Lithographie, Radierungen und Holzschnitte zusammenkommen.<\/p>\n","protected":false},"excerpt":{"rendered":"<p>G\u00e9rard Truilh\u00e9 (D\u00e9partement Tarn-et-Garonne, 1949): Dichter, Musiker, Typograph, Verleger. Nach dem Literaturstudium in Toulouse l\u00e4\u00dft er sich 1972 im D\u00e9partement Aveyron nieder und singt, sich auf der Gitarre begleitend, seine Gedichte und die Texte, die er vertont. Mit einer Gruppe &hellip; <a class=\"more-link\" href=\"https:\/\/wp.pop-verlag.com\/?page_id=1373\">Weiterlesen <span class=\"meta-nav\">&rarr;<\/span><\/a><\/p>\n","protected":false},"author":2,"featured_media":0,"parent":679,"menu_order":2,"comment_status":"closed","ping_status":"closed","template":"","meta":{"footnotes":""},"class_list":["post-1373","page","type-page","status-publish","hentry"],"jetpack_sharing_enabled":true,"_links":{"self":[{"href":"https:\/\/wp.pop-verlag.com\/index.php?rest_route=\/wp\/v2\/pages\/1373","targetHints":{"allow":["GET"]}}],"collection":[{"href":"https:\/\/wp.pop-verlag.com\/index.php?rest_route=\/wp\/v2\/pages"}],"about":[{"href":"https:\/\/wp.pop-verlag.com\/index.php?rest_route=\/wp\/v2\/types\/page"}],"author":[{"embeddable":true,"href":"https:\/\/wp.pop-verlag.com\/index.php?rest_route=\/wp\/v2\/users\/2"}],"replies":[{"embeddable":true,"href":"https:\/\/wp.pop-verlag.com\/index.php?rest_route=%2Fwp%2Fv2%2Fcomments&post=1373"}],"version-history":[{"count":1,"href":"https:\/\/wp.pop-verlag.com\/index.php?rest_route=\/wp\/v2\/pages\/1373\/revisions"}],"predecessor-version":[{"id":1374,"href":"https:\/\/wp.pop-verlag.com\/index.php?rest_route=\/wp\/v2\/pages\/1373\/revisions\/1374"}],"up":[{"embeddable":true,"href":"https:\/\/wp.pop-verlag.com\/index.php?rest_route=\/wp\/v2\/pages\/679"}],"wp:attachment":[{"href":"https:\/\/wp.pop-verlag.com\/index.php?rest_route=%2Fwp%2Fv2%2Fmedia&parent=1373"}],"curies":[{"name":"wp","href":"https:\/\/api.w.org\/{rel}","templated":true}]}}