{"id":1371,"date":"2016-04-24T15:13:56","date_gmt":"2016-04-24T15:13:56","guid":{"rendered":"http:\/\/wp.pop-verlag.com\/?page_id=1371"},"modified":"2016-04-24T15:13:56","modified_gmt":"2016-04-24T15:13:56","slug":"ales-steger","status":"publish","type":"page","link":"https:\/\/wp.pop-verlag.com\/?page_id=1371","title":{"rendered":"Ale\u0161 \u0160teger"},"content":{"rendered":"<p>Ale\u0161 \u0160teger (Ptuj, 1973): Studierte vergleichende Literaturwissenschaft und Germanistik in Ljubljana und lebt ebenda als freier Schriftsteller und Mitarbeiter des Verlags Beletrina. Mitbegr\u00fcnder und k\u00fcnstlerischer Leiter des internationalen Lyrikfestivals \u00bbDnevi poezije in vina\u00ab (Tage der Poesie und des Weins) in Medana. Hat drei Gedichtb\u00e4nde und einen Reiseessayband \u00fcber Peru ver\u00f6ffentlicht. In deutscher Sprache liegt Kaschmir (Wien 2002) vor.<\/p>\n","protected":false},"excerpt":{"rendered":"<p>Ale\u0161 \u0160teger (Ptuj, 1973): Studierte vergleichende Literaturwissenschaft und Germanistik in Ljubljana und lebt ebenda als freier Schriftsteller und Mitarbeiter des Verlags Beletrina. Mitbegr\u00fcnder und k\u00fcnstlerischer Leiter des internationalen Lyrikfestivals \u00bbDnevi poezije in vina\u00ab (Tage der Poesie und des Weins) in &hellip; <a class=\"more-link\" href=\"https:\/\/wp.pop-verlag.com\/?page_id=1371\">Weiterlesen <span class=\"meta-nav\">&rarr;<\/span><\/a><\/p>\n","protected":false},"author":2,"featured_media":0,"parent":712,"menu_order":8,"comment_status":"closed","ping_status":"closed","template":"","meta":{"footnotes":""},"class_list":["post-1371","page","type-page","status-publish","hentry"],"jetpack_sharing_enabled":true,"_links":{"self":[{"href":"https:\/\/wp.pop-verlag.com\/index.php?rest_route=\/wp\/v2\/pages\/1371","targetHints":{"allow":["GET"]}}],"collection":[{"href":"https:\/\/wp.pop-verlag.com\/index.php?rest_route=\/wp\/v2\/pages"}],"about":[{"href":"https:\/\/wp.pop-verlag.com\/index.php?rest_route=\/wp\/v2\/types\/page"}],"author":[{"embeddable":true,"href":"https:\/\/wp.pop-verlag.com\/index.php?rest_route=\/wp\/v2\/users\/2"}],"replies":[{"embeddable":true,"href":"https:\/\/wp.pop-verlag.com\/index.php?rest_route=%2Fwp%2Fv2%2Fcomments&post=1371"}],"version-history":[{"count":1,"href":"https:\/\/wp.pop-verlag.com\/index.php?rest_route=\/wp\/v2\/pages\/1371\/revisions"}],"predecessor-version":[{"id":1372,"href":"https:\/\/wp.pop-verlag.com\/index.php?rest_route=\/wp\/v2\/pages\/1371\/revisions\/1372"}],"up":[{"embeddable":true,"href":"https:\/\/wp.pop-verlag.com\/index.php?rest_route=\/wp\/v2\/pages\/712"}],"wp:attachment":[{"href":"https:\/\/wp.pop-verlag.com\/index.php?rest_route=%2Fwp%2Fv2%2Fmedia&parent=1371"}],"curies":[{"name":"wp","href":"https:\/\/api.w.org\/{rel}","templated":true}]}}