{"id":1346,"date":"2016-04-24T15:05:58","date_gmt":"2016-04-24T15:05:58","guid":{"rendered":"http:\/\/wp.pop-verlag.com\/?page_id=1346"},"modified":"2016-04-24T15:05:58","modified_gmt":"2016-04-24T15:05:58","slug":"kurt-drawert","status":"publish","type":"page","link":"https:\/\/wp.pop-verlag.com\/?page_id=1346","title":{"rendered":"Kurt Drawert"},"content":{"rendered":"<p><img loading=\"lazy\" decoding=\"async\" class=\"alignleft wp-image-1347 size-medium\" src=\"http:\/\/wp.pop-verlag.com\/wp-content\/uploads\/2016\/04\/Drawert_quer-300x203.jpg\" alt=\"Drawert_quer\" width=\"300\" height=\"203\" srcset=\"https:\/\/wp.pop-verlag.com\/wp-content\/uploads\/2016\/04\/Drawert_quer-300x203.jpg 300w, https:\/\/wp.pop-verlag.com\/wp-content\/uploads\/2016\/04\/Drawert_quer-768x519.jpg 768w, https:\/\/wp.pop-verlag.com\/wp-content\/uploads\/2016\/04\/Drawert_quer-1024x692.jpg 1024w, https:\/\/wp.pop-verlag.com\/wp-content\/uploads\/2016\/04\/Drawert_quer-444x300.jpg 444w\" sizes=\"auto, (max-width: 300px) 100vw, 300px\" \/>Kurt Drawert Geboren 1956 in Hennigsdorf (Brandenburg). Kindheit in Borgsdorf und Hohen-Neuendorf (bei Berlin). 1967 Umzug nach Dresden. Dort Ausbildung zum Facharbeiter f\u00fcr Elektronik, sp\u00e4ter Abitur auf der Abendschule. Mehrere Hilfsarbeiterschaften in diversen Fabriken, sp\u00e4ter bei der \u201eS\u00e4chsischen Landesbibliothek\u201c in Dresden. 1982-1985 Studium am \u201eInstitut f\u00fcr Literatur\u201c in Leipzig, Freier Autor seit 1986. Umzug von Leipzig nach Osterholz-Scharmbeck (bei Bremen) 1993. 1995\/1996 Aufenthalt in Rom. Zahlreiche Reisen und Stipendien u.a. nach Australien, Brasilien, Russland, Polen, China, Israel, USA, T\u00fcrkei. Lebt seit 1996 in Darmstadt, wo er die Darmst\u00e4dter Textwerkstatt und seit 2004 das Zentrum f\u00fcr junge Literatur leitet. Er ist Mitglied der Deutschen Akademie f\u00fcr Sprache und Dichtung<\/p>\n<p>Werkverzeichnis<\/p>\n<p>Lyrik<\/p>\n<p>\u201eZweite Inventur\u201c, Gedichte, Aufbau Verlag, Berlin und Weimar 1987<br \/>\n\u201ePrivateigentum\u201c, Gedichte, Suhrkamp Verlag, Frankfurt am Main 1989<br \/>\n\u201eFraktur\u201c. Prosa, Lyrik, Essay. Reclam Verlag, Leipzig 1994<br \/>\n\u201eWo es war\u201c, Gedichte, Suhrkamp Verlag, Frankfurt am Main 1996<br \/>\n\u201eFr\u00fchjahrskollektion\u201c. Gedichte. Suhrkamp Verlag, Frankfurt am Main 2002<br \/>\n\u201eIdylle, r\u00fcckw\u00e4rts. Gedichte aus drei Jahrzehnten\u201c, M\u00fcnchen 2011<br \/>\nIn Vorbereitung: \u201eDer K\u00f6rper meiner Zeit. Gedicht\u201c, Verlag C. H. Beck 2016<\/p>\n<p>Prosa<\/p>\n<p>\u201eSpiegelland. Ein deutscher Monolog\u201c, Roman, Suhrkamp Verlag, Frankfurt<br \/>\nam Main 1992<br \/>\n\u201eFraktur\u201c. Prosa, Lyrik, Essay. Reclam Verlag, Leipzig 1994<br \/>\n\u201eSteinzeit\u201c, Theaterst\u00fcck und Prosa, Suhrkamp Verlag, Frankfurt am Main<br \/>\n1999<br \/>\n\u201eNacht. Fabriken. Hauser-Material und andere Prosa\u201c. Edition Korresponden-<br \/>\nzen, Wien 2001<br \/>\n\u201eReisen im R\u00fcckw\u00e4rtsgang. Zwei Dichter unterwegs mit der Transsibirischen<br \/>\nEisenbahn\u201c, zus. mit Blaise Cendrars, Arche Verlag, Z\u00fcrich und Hamburg 2001<br \/>\n\u201eIch hielt meinen Schatten f\u00fcr einen anderen und gr\u00fc\u00dfte\u201c. Roman. Verlag<br \/>\nC. H. Beck, M\u00fcnchen 2008<br \/>\n\u201eSpiegelland. Roman, Prosa, Material\u201c, Luxbooks Verlag, Wiesbaden 2015<\/p>\n<p>Essay<\/p>\n<p>\u201eHaus ohne Menschen. Zeitmitschriften\u201c. Essays, Suhrkamp Verlag,<br \/>\nFrankfurt am Main 1993<br \/>\n\u201eFraktur\u201c. Prosa, Lyrik, Essay. Reclam Verlag, Leipzig 1994<br \/>\n\u201eRevolten des K\u00f6rpers\u201c, Essays, Edition Solitude, Stuttgart 1995<br \/>\n\u201eR\u00fcckseiten der Herrlichkeit. Texte und Kontexte\u201d. Essays, Suhrkamp Verlag,<br \/>\nFrankfurt am Main 2001<br \/>\n\u201eEmma. Ein Weg\u201c &#8211; Flaubert-Essay, mit Fotografien von Ute D\u00f6ring.<br \/>\nSonderzahl-Verlag, Wien 2005<br \/>\n\u201eSchreiben. Vom Leben der Texte\u201c. Monografie. Verlag C. H. Beck, 2012<br \/>\n\u201eWas gewesen sein wird\u201c. Essays 2004 bis 2014, Verlag C. H. Beck,<br \/>\nM\u00fcnchen 2015<\/p>\n<p>Theaterst\u00fccke<\/p>\n<p>\u201eAlles ist einfach.\u201c St\u00fcck in sieben Szenen. UA: Staatstheater Darmstadt 1996<br \/>\n\u201eSteinzeit. Lustspiel.\u201c UA: Staatstheater Darmstadt 1999<br \/>\n\u201eMonsieur Bovary\u201c, Theaterst\u00fcck nach Flaubert, Suhrkamp Theaterverlag<br \/>\n2002<br \/>\n\u201eDas Gegenteil von gar nichts\u201c, UA: Staatstheater Darmstadt 2009<\/p>\n<p>Herausgaben<\/p>\n<p>\u201eDie W\u00e4rme die K\u00e4lte des K\u00f6rpers des Andern. Liebesgedichte junger<br \/>\nAutoren\u201c. Aufbau Verlag, Berlin und Weimar 1988<br \/>\n\u201eWenn die Schwermut Fortschritte macht. Eine Karl-Krolow-Werkauswahl\u201c.<br \/>\nReclam Verlag, Leipzig 1990, NA: 1993<br \/>\n\u201eDas Jahr 2000 findet statt. Schriftsteller im Zeitenwechsel\u201c, Essays,<br \/>\nSuhrkamp Verlag, Frankfurt am Main 2000<br \/>\n\u201eLa Po\u00e9sie Allemande Contemporaine\u201c, deutsch und franz\u00f6sisch, Seghers<br \/>\nVerlag, Paris 2001<br \/>\nMichael Kr\u00fcger, \u201eArchive des Zweifels. Gedichte aus drei Jahrzehnten\u201c.<br \/>\nSuhrkamp Verlag, Frankfurt am Main 2001<br \/>\n\u201eLagebesprechung. Junge deutsche Lyrik\u201c. Suhrkamp Verlag, Frankfurt<br \/>\nam Main 2001<br \/>\nKarl Krolow, \u201eIm Inneren des Augenblicks. Gedichte\u201c,\u00a0 gelesen vom Autor,<br \/>\nDer H\u00f6rverlag, M\u00fcnchen 2002<br \/>\nWladimir Majakowski, \u201eLiebesgedichte\u201c. Hrsg., Insel Verlag, Frankfurt<br \/>\nam Main 2008<br \/>\nChoi Seung-Ho: \u201eAutobiographie aus Eis\u201c, Gedichte, aus dem Koreanischen<br \/>\n(nach Interlinearfassungen von Kyunghee Park), G\u00f6ttingen 2011<br \/>\n\u201eKasinostra\u00dfe 3. 15 Jahre Darmst\u00e4dter Textwerkstatt\u201c, poetenladen Verlag,<br \/>\nLeipzig 2014<br \/>\nFranz Kafka: \u201eDie Verwandlung\u201c, Hrsg. und mit einem Nachwort von Kurt<br \/>\nDrawert. TEXTURA, Verlag C. H. Beck, M\u00fcnchen\u00a0 2014<br \/>\n\u201eDie Signatur deiner Augen. Junge Lyrik aus Deutschland und der T\u00fcrkei\u201c,<br \/>\nzweisprachig,\u00a0 Luxbooks Verlag, Wiesbaden 2015<\/p>\n<p>Auszeichnugen \/ Preise<\/p>\n<p>1989 \u00a0\u00a0 \u00a0\u201eLeonce-und-Lena-Preis\u201c der Stadt Darmstadt<br \/>\n1991\u00a0\u00a0 \u00a0Literaturf\u00f6rderpreis der J\u00fcrgen-Ponto-Stiftung<br \/>\n1993\u00a0\u00a0 \u00a0\u201eLyrikpreis Meran\u201c, Italien<br \/>\n1993\u00a0\u00a0 \u00a0\u201eIngeborg-Bachmann-Preis\u201c in Klagenfurt<br \/>\n1994\u00a0\u00a0 \u00a0\u201eUwe-Johnson-Preis\u201c<br \/>\n1995\u00a0\u00a0 \u00a0Zusatzpreis zum \u201eChristine-Lavant-Preis\u201c<br \/>\n1995\/96\u00a0\u00a0 \u00a0\u201eRom-Stipendium\u201c der Villa Massimo<br \/>\n1997\u00a0\u00a0 \u00a0\u201eNikolaus-Lenau-Preis\u201c der K\u00fcnstlergilde Esslingen<br \/>\n2000\/01\u00a0\u00a0 \u00a0\u201eArno-Schmidt-Stipendium\u201c<br \/>\n2001\u00a0\u00a0 \u00a0\u201eEhrengabe der Deutschen Schillerstiftung\u201c<br \/>\n2008\u00a0\u00a0 \u00a0\u201eRainer-Malkowski-Preis\u201c der Bayerischen Akademie der Sch\u00f6nen<br \/>\nK\u00fcnste<br \/>\n2013\u00a0\u00a0 \u00a0\u201eWerner-Bergengruen-Preis\u201c<br \/>\n2014\u00a0\u00a0 \u00a0\u201eRobert-Gernhardt-Preis\u201c<\/p>\n<p>Auszeichnungen \/ Stipendien<\/p>\n<p>1990\u00a0\u00a0 \u00a0K\u00fcnstlerhaus Selk, Schleswig-Holstein<br \/>\n1991\u00a0\u00a0 \u00a0Villa Waldberta, Feldafing, Bayern<br \/>\n1992\u00a0\u00a0 \u00a0K\u00fcnstlerhaus Worpswede, Niedersachsen<br \/>\n1993\u00a0\u00a0 \u00a0K\u00fcnstlerhaus Wewelsfleth, Schleswig-Holstein<br \/>\n1994\u00a0\u00a0 \u00a0Akademie Schlo\u00df Solitude, Stuttgart<br \/>\n1995\u00a0\u00a0 \u00a0F\u00f6rderstipendium der Stiftung Niedersachsen f\u00fcr Essay<br \/>\n1995\/96\u00a0\u00a0 \u00a0Villa Massimo, Rom<br \/>\n1998\u00a0\u00a0 \u00a0Villa Decius, Krakau<br \/>\n1999\u00a0\u00a0 \u00a0K\u00fcnstlerdorf Sch\u00f6ppingen, Nordrhein-Westfalen<br \/>\n2001\u00a0\u00a0 \u00a0Stadtschreiber von Bordeaux<br \/>\n2002\u00a0\u00a0 \u00a0K\u00fcnstlerhaus Edenkoben<br \/>\n2004\u00a0\u00a0 \u00a0Herrenhaus Edenkoben<br \/>\n2009\u00a0\u00a0 \u00a0New-York-Stipendium des Deutschen Literaturfonds<br \/>\n2013\u00a0\u00a0 \u00a0Prag-Stipendium, Literaturhaus Prag<br \/>\n2014\u00a0\u00a0 \u00a0Stipendium der Kulturakademie Tarabya, Istanbul \u2013 T\u00fcrkei<\/p>\n","protected":false},"excerpt":{"rendered":"<p>Kurt Drawert Geboren 1956 in Hennigsdorf (Brandenburg). Kindheit in Borgsdorf und Hohen-Neuendorf (bei Berlin). 1967 Umzug nach Dresden. Dort Ausbildung zum Facharbeiter f\u00fcr Elektronik, sp\u00e4ter Abitur auf der Abendschule. Mehrere Hilfsarbeiterschaften in diversen Fabriken, sp\u00e4ter bei der \u201eS\u00e4chsischen Landesbibliothek\u201c in &hellip; <a class=\"more-link\" href=\"https:\/\/wp.pop-verlag.com\/?page_id=1346\">Weiterlesen <span class=\"meta-nav\">&rarr;<\/span><\/a><\/p>\n","protected":false},"author":2,"featured_media":0,"parent":664,"menu_order":6,"comment_status":"closed","ping_status":"closed","template":"","meta":{"footnotes":""},"class_list":["post-1346","page","type-page","status-publish","hentry"],"jetpack_sharing_enabled":true,"_links":{"self":[{"href":"https:\/\/wp.pop-verlag.com\/index.php?rest_route=\/wp\/v2\/pages\/1346","targetHints":{"allow":["GET"]}}],"collection":[{"href":"https:\/\/wp.pop-verlag.com\/index.php?rest_route=\/wp\/v2\/pages"}],"about":[{"href":"https:\/\/wp.pop-verlag.com\/index.php?rest_route=\/wp\/v2\/types\/page"}],"author":[{"embeddable":true,"href":"https:\/\/wp.pop-verlag.com\/index.php?rest_route=\/wp\/v2\/users\/2"}],"replies":[{"embeddable":true,"href":"https:\/\/wp.pop-verlag.com\/index.php?rest_route=%2Fwp%2Fv2%2Fcomments&post=1346"}],"version-history":[{"count":1,"href":"https:\/\/wp.pop-verlag.com\/index.php?rest_route=\/wp\/v2\/pages\/1346\/revisions"}],"predecessor-version":[{"id":1348,"href":"https:\/\/wp.pop-verlag.com\/index.php?rest_route=\/wp\/v2\/pages\/1346\/revisions\/1348"}],"up":[{"embeddable":true,"href":"https:\/\/wp.pop-verlag.com\/index.php?rest_route=\/wp\/v2\/pages\/664"}],"wp:attachment":[{"href":"https:\/\/wp.pop-verlag.com\/index.php?rest_route=%2Fwp%2Fv2%2Fmedia&parent=1346"}],"curies":[{"name":"wp","href":"https:\/\/api.w.org\/{rel}","templated":true}]}}