{"id":1334,"date":"2016-04-24T14:52:41","date_gmt":"2016-04-24T14:52:41","guid":{"rendered":"http:\/\/wp.pop-verlag.com\/?page_id=1334"},"modified":"2016-04-24T14:52:41","modified_gmt":"2016-04-24T14:52:41","slug":"magda-carneci","status":"publish","type":"page","link":"https:\/\/wp.pop-verlag.com\/?page_id=1334","title":{"rendered":"Magda C\u00e2rneci"},"content":{"rendered":"<p>Magda C\u00e2rneci (Rum\u00e4nien, 1955): Studium der Kunstgeschichte an der Bukarester Kunstakademie, Promotion an der Ecole des Hautes Etudes en Sciences Sociales in Paris, 1997. Vertreterin der \u00bbGeneration 80\u00ab der rum\u00e4nischen Literatur, zu deren Theoretikern sie z\u00e4hlt. Gedichtb\u00e4nde, Essays, \u00dcbersetzungen. Mitglied der internationalen Jury des Balkan Translation Center in Athen. Zur Zeit arbeitet sie als Lektorin f\u00fcr Rum\u00e4nisch am INALCO in Paris.<\/p>\n","protected":false},"excerpt":{"rendered":"<p>Magda C\u00e2rneci (Rum\u00e4nien, 1955): Studium der Kunstgeschichte an der Bukarester Kunstakademie, Promotion an der Ecole des Hautes Etudes en Sciences Sociales in Paris, 1997. Vertreterin der \u00bbGeneration 80\u00ab der rum\u00e4nischen Literatur, zu deren Theoretikern sie z\u00e4hlt. Gedichtb\u00e4nde, Essays, \u00dcbersetzungen. Mitglied &hellip; <a class=\"more-link\" href=\"https:\/\/wp.pop-verlag.com\/?page_id=1334\">Weiterlesen <span class=\"meta-nav\">&rarr;<\/span><\/a><\/p>\n","protected":false},"author":2,"featured_media":0,"parent":662,"menu_order":1,"comment_status":"closed","ping_status":"closed","template":"","meta":{"footnotes":""},"class_list":["post-1334","page","type-page","status-publish","hentry"],"jetpack_sharing_enabled":true,"_links":{"self":[{"href":"https:\/\/wp.pop-verlag.com\/index.php?rest_route=\/wp\/v2\/pages\/1334","targetHints":{"allow":["GET"]}}],"collection":[{"href":"https:\/\/wp.pop-verlag.com\/index.php?rest_route=\/wp\/v2\/pages"}],"about":[{"href":"https:\/\/wp.pop-verlag.com\/index.php?rest_route=\/wp\/v2\/types\/page"}],"author":[{"embeddable":true,"href":"https:\/\/wp.pop-verlag.com\/index.php?rest_route=\/wp\/v2\/users\/2"}],"replies":[{"embeddable":true,"href":"https:\/\/wp.pop-verlag.com\/index.php?rest_route=%2Fwp%2Fv2%2Fcomments&post=1334"}],"version-history":[{"count":1,"href":"https:\/\/wp.pop-verlag.com\/index.php?rest_route=\/wp\/v2\/pages\/1334\/revisions"}],"predecessor-version":[{"id":1335,"href":"https:\/\/wp.pop-verlag.com\/index.php?rest_route=\/wp\/v2\/pages\/1334\/revisions\/1335"}],"up":[{"embeddable":true,"href":"https:\/\/wp.pop-verlag.com\/index.php?rest_route=\/wp\/v2\/pages\/662"}],"wp:attachment":[{"href":"https:\/\/wp.pop-verlag.com\/index.php?rest_route=%2Fwp%2Fv2%2Fmedia&parent=1334"}],"curies":[{"name":"wp","href":"https:\/\/api.w.org\/{rel}","templated":true}]}}