{"id":1300,"date":"2016-04-24T13:49:18","date_gmt":"2016-04-24T13:49:18","guid":{"rendered":"http:\/\/wp.pop-verlag.com\/?page_id=1300"},"modified":"2020-05-02T07:02:01","modified_gmt":"2020-05-02T07:02:01","slug":"rodica-draghincescu","status":"publish","type":"page","link":"https:\/\/wp.pop-verlag.com\/?page_id=1300","title":{"rendered":"Rodica Draghincescu"},"content":{"rendered":"<p><img loading=\"lazy\" decoding=\"async\" class=\"alignleft wp-image-1302 size-medium\" src=\"http:\/\/wp.pop-verlag.com\/wp-content\/uploads\/2016\/04\/Draghincescu-300x300.jpg\" alt=\"Draghincescu\" width=\"300\" height=\"300\" srcset=\"https:\/\/wp.pop-verlag.com\/wp-content\/uploads\/2016\/04\/Draghincescu-300x300.jpg 300w, https:\/\/wp.pop-verlag.com\/wp-content\/uploads\/2016\/04\/Draghincescu-150x150.jpg 150w, https:\/\/wp.pop-verlag.com\/wp-content\/uploads\/2016\/04\/Draghincescu.jpg 709w\" sizes=\"auto, (max-width: 300px) 100vw, 300px\" \/><span style=\"font-family: AGaramond; font-size: small;\"><span style=\"font-family: AGaramond; font-size: medium;\">Rodica Draghincescu<\/span><\/span>, *Buzias, 1962. <span style=\"font-family: AGaramond; font-size: small;\"><span style=\"font-family: AGaramond; font-size: medium;\">Rum\u00e4nisch- und franz\u00f6sischsprachige Autorin. Rodica Draghincescu hat seit 1993 vierzehn B\u00fccher (Romane, Gedichtb\u00e4nde, Essays, Interviews und \u00dcbersetzungen) in Rum\u00e4nien, Frankreich, Deutschland und Kanada ver\u00f6ffentlicht. Anfang der 90er Jahre war sie als Dichterin einer neuen rum\u00e4nischen Generation in Anthologien aus Deutschland (<i>Streiflicht<\/i>, 1993; <i>Gef\u00e4hrliche Serpentinen<\/i>, 1998), Frankreich und Schweden vertreten. Sie erhielt wichtige Literaturpreise in Rum\u00e4nien, Frankreich und Italien. Mitglied u.a. des Pariser Maison des \u00c9crivains und der Internationalen Vereinigung f\u00fcr vergleichende Literatur. In Deutschland war sie zwischen 2000 und 2002 Stipendiatin der Akademie Schloss Solitude. Neueste Gedichtb\u00e4nde: <i>Ph\u00e4nomenologie des gefl\u00fcgelten Geschlechts<\/i> (Stuttgart, 2001), <i>La Lune n\u2019est pas un simple mouchoir<\/i> (Paris, 2003), <i>Fauve en libert\u00e9<\/i> (Marseille und Qu\u00e9bec, 2003), <i>Morgen und Abend<\/i> (Stuttgart, 2003<\/span><\/span><span style=\"font-family: AGaramond; font-size: medium;\">), <i>Morgen und Abend<\/i> (2., neu bearb. und erg\u00e4nzte Auflage, Ludwigsburg, 2004).<\/span><\/p>\n<p><span class=\"readonlyText multiple\">Lieferbare Titel von <a href=\"http:\/\/wp.pop-verlag.com\/?page_id=1300\">Rodica Draghincescu: <\/a><\/span><\/p>\n<p id=\"ocStripe-dpReviewsMostHelpfulAUI-R2KGGCUDE7E4TD\" class=\"a-row a-spacing-small officialCommentStripe\"><a href=\"http:\/\/wp.pop-verlag.com\/?p=1309\">&#8211; Poesie\/po\u00e9sie <em>Zeitgen\u00f6ssische Dichtung aus Frankreich und Deutschland. <\/em><\/a>ISBN: 3-937139-00-1. 168\u00a0Seiten, <span class=\"readonlyText multiple\">\u20ac[D]<\/span>14,00<\/p>\n<div class=\"a-row a-spacing-micro\">\n<div id=\"booksTitle\" class=\"feature\" data-feature-name=\"booksTitle\">\n<div id=\"byline\" class=\"a-section a-spacing-micro bylineHidden feature\"><span class=\"author notFaded\" data-width=\"154\"><span class=\"a-declarative\" data-action=\"a-popover\" data-a-popover=\"{&quot;closeButtonLabel&quot;:&quot;Autor-Dialog Popover schlie\u00dfen&quot;,&quot;name&quot;:&quot;contributor-info-B00NRM20VA&quot;,&quot;position&quot;:&quot;triggerBottom&quot;,&quot;popoverLabel&quot;:&quot;Autor-Dialog Popover&quot;,&quot;allowLinkDefault&quot;:&quot;true&quot;}\"><a class=\"a-link-normal contributorNameID\" href=\"http:\/\/www.amazon.de\/Josiane-Alfonsi\/e\/B00NRM20VA\/ref=dp_byline_cont_book_1\" data-asin=\"B00NRM20VA\">&#8211; Josiane Alfonsi<\/a><\/span><span class=\"contribution\"><span class=\"a-color-secondary\">, <\/span> <\/span> <\/span> <span class=\"author notFaded\" data-width=\"120\"> <a class=\"a-link-normal\" href=\"http:\/\/www.amazon.de\/s\/ref=dp_byline_sr_book_2?ie=UTF8&amp;text=G%C3%A9rard+Blua&amp;search-alias=books-de&amp;field-author=G%C3%A9rard+Blua&amp;sort=relevancerank\">G\u00e9rard Blua<\/a> <span class=\"contribution\"><span class=\"a-color-secondary\">, <\/span> <\/span> <\/span> <span class=\"author notFaded\" data-width=\"153\"> <span class=\"a-declarative\" data-action=\"a-popover\" data-a-popover=\"{&quot;closeButtonLabel&quot;:&quot;Autor-Dialog Popover schlie\u00dfen&quot;,&quot;name&quot;:&quot;contributor-info-B00ITH3RQA&quot;,&quot;position&quot;:&quot;triggerBottom&quot;,&quot;popoverLabel&quot;:&quot;Autor-Dialog Popover&quot;,&quot;allowLinkDefault&quot;:&quot;true&quot;}\"> <a class=\"a-link-normal contributorNameID\" href=\"http:\/\/www.amazon.de\/Yves-Broussard\/e\/B00ITH3RQA\/ref=dp_byline_cont_book_3\" data-asin=\"B00ITH3RQA\">Yves Broussard<\/a><\/span><span class=\"contribution\"><span class=\"a-color-secondary\">, <\/span> <\/span> <\/span> <span class=\"author notFaded\" data-width=\"148\"> <span class=\"a-declarative\" data-action=\"a-popover\" data-a-popover=\"{&quot;closeButtonLabel&quot;:&quot;Autor-Dialog Popover schlie\u00dfen&quot;,&quot;name&quot;:&quot;contributor-info-B00IQRGOAO&quot;,&quot;position&quot;:&quot;triggerBottom&quot;,&quot;popoverLabel&quot;:&quot;Autor-Dialog Popover&quot;,&quot;allowLinkDefault&quot;:&quot;true&quot;}\"> <a class=\"a-link-normal contributorNameID\" href=\"http:\/\/www.amazon.de\/Volker-Demuth\/e\/B00IQRGOAO\/ref=dp_byline_cont_book_4\" data-asin=\"B00IQRGOAO\">Volker Demuth<\/a>\u00a0<\/span><span class=\"contribution\"><span class=\"a-color-secondary\">, <\/span> <\/span> <\/span> <span class=\"author notFaded\" data-width=\"186\"> <span class=\"a-declarative\" data-action=\"a-popover\" data-a-popover=\"{&quot;closeButtonLabel&quot;:&quot;Autor-Dialog Popover schlie\u00dfen&quot;,&quot;name&quot;:&quot;contributor-info-B00JH25JJE&quot;,&quot;position&quot;:&quot;triggerBottom&quot;,&quot;popoverLabel&quot;:&quot;Autor-Dialog Popover&quot;,&quot;allowLinkDefault&quot;:&quot;true&quot;}\"> <a class=\"a-link-normal contributorNameID\" href=\"http:\/\/wp.pop-verlag.com\/?page_id=1300\" data-asin=\"B00JH25JJE\">Rodica Draghincescu<\/a><\/span><span class=\"contribution\"><span class=\"a-color-secondary\">, <\/span> <\/span> <\/span> <span class=\"author notFaded\" data-width=\"138\"> <a class=\"a-link-normal\" href=\"http:\/\/www.amazon.de\/s\/ref=dp_byline_sr_book_6?ie=UTF8&amp;text=Werner+D%C3%BCrrson&amp;search-alias=books-de&amp;field-author=Werner+D%C3%BCrrson&amp;sort=relevancerank\">Werner D\u00fcrrson<\/a><span class=\"contribution\"><span class=\"a-color-secondary\">, <\/span> <\/span> <\/span> <span class=\"author notFaded\" data-width=\"130\"> <span class=\"a-declarative\" data-action=\"a-popover\" data-a-popover=\"{&quot;closeButtonLabel&quot;:&quot;Autor-Dialog Popover schlie\u00dfen&quot;,&quot;name&quot;:&quot;contributor-info-B00KZ7YIXS&quot;,&quot;position&quot;:&quot;triggerBottom&quot;,&quot;popoverLabel&quot;:&quot;Autor-Dialog Popover&quot;,&quot;allowLinkDefault&quot;:&quot;true&quot;}\"> <a class=\"a-link-normal contributorNameID\" href=\"http:\/\/www.amazon.de\/Gilbert-Fels\/e\/B00KZ7YIXS\/ref=dp_byline_cont_book_7\" data-asin=\"B00KZ7YIXS\">Gilbert Fels<\/a><\/span><span class=\"contribution\"><span class=\"a-color-secondary\">, <\/span> <\/span> <\/span> <span class=\"author notFaded\" data-width=\"166\"> <a class=\"a-link-normal\" href=\"http:\/\/www.amazon.de\/s\/ref=dp_byline_sr_book_8?ie=UTF8&amp;text=Abdelmadjid+Kaouah&amp;search-alias=books-de&amp;field-author=Abdelmadjid+Kaouah&amp;sort=relevancerank\">Abdelmadjid Kaouah<\/a><span class=\"contribution\"><span class=\"a-color-secondary\">, <\/span> <\/span> <\/span> <span class=\"author notFaded\" data-width=\"160\"> <span class=\"a-declarative\" data-action=\"a-popover\" data-a-popover=\"{&quot;closeButtonLabel&quot;:&quot;Autor-Dialog Popover schlie\u00dfen&quot;,&quot;name&quot;:&quot;contributor-info-B00JNA8QBI&quot;,&quot;position&quot;:&quot;triggerBottom&quot;,&quot;popoverLabel&quot;:&quot;Autor-Dialog Popover&quot;,&quot;allowLinkDefault&quot;:&quot;true&quot;}\"> <a class=\"a-link-normal contributorNameID\" href=\"http:\/\/www.amazon.de\/Carmen-Kotarski\/e\/B00JNA8QBI\/ref=dp_byline_cont_book_9\" data-asin=\"B00JNA8QBI\">Carmen Kotarski<\/a><\/span><span class=\"contribution\"><span class=\"a-color-secondary\">, <\/span> <\/span> <\/span> <span class=\"author notFaded\" data-width=\"138\"> <a class=\"a-link-normal\" href=\"http:\/\/www.amazon.de\/s\/ref=dp_byline_sr_book_10?ie=UTF8&amp;text=Jacques+Lovichi&amp;search-alias=books-de&amp;field-author=Jacques+Lovichi&amp;sort=relevancerank\">Jacques Lovichi<\/a>\u00a0<span class=\"contribution\"><span class=\"a-color-secondary\">, <\/span> <\/span> <\/span> <span class=\"author notFaded\" data-width=\"151\"> <span class=\"a-declarative\" data-action=\"a-popover\" data-a-popover=\"{&quot;closeButtonLabel&quot;:&quot;Autor-Dialog Popover schlie\u00dfen&quot;,&quot;name&quot;:&quot;contributor-info-B00KZ7YN24&quot;,&quot;position&quot;:&quot;triggerBottom&quot;,&quot;popoverLabel&quot;:&quot;Autor-Dialog Popover&quot;,&quot;allowLinkDefault&quot;:&quot;true&quot;}\"> <a class=\"a-link-normal contributorNameID\" href=\"http:\/\/www.amazon.de\/Marcel-Migozzi\/e\/B00KZ7YN24\/ref=dp_byline_cont_book_11\" data-asin=\"B00KZ7YN24\">Marcel Migozzi<\/a><\/span><span class=\"contribution\"><span class=\"a-color-secondary\">, <\/span> <\/span> <\/span> <span class=\"author notFaded\" data-width=\"161\"> <a class=\"a-link-normal\" href=\"http:\/\/www.amazon.de\/s\/ref=dp_byline_sr_book_12?ie=UTF8&amp;text=Fran%C3%A7ois+Montaneix&amp;search-alias=books-de&amp;field-author=Fran%C3%A7ois+Montaneix&amp;sort=relevancerank\">Fran\u00e7ois Montaneix<\/a><span class=\"contribution\"><span class=\"a-color-secondary\">, <\/span> <\/span> <\/span> <span class=\"author notFaded\" data-width=\"122\"> <a class=\"a-link-normal\" href=\"http:\/\/www.amazon.de\/s\/ref=dp_byline_sr_book_13?ie=UTF8&amp;text=Jos%C3%A9+F+Oliver&amp;search-alias=books-de&amp;field-author=Jos%C3%A9+F+Oliver&amp;sort=relevancerank\">Jos\u00e9 F Oliver<\/a><span class=\"contribution\"><span class=\"a-color-secondary\">, <\/span> <\/span> <\/span> <span class=\"author notFaded\" data-width=\"153\"> <span class=\"a-declarative\" data-action=\"a-popover\" data-a-popover=\"{&quot;closeButtonLabel&quot;:&quot;Autor-Dialog Popover schlie\u00dfen&quot;,&quot;name&quot;:&quot;contributor-info-B00IW6UYJ6&quot;,&quot;position&quot;:&quot;triggerBottom&quot;,&quot;popoverLabel&quot;:&quot;Autor-Dialog Popover&quot;,&quot;allowLinkDefault&quot;:&quot;true&quot;}\"> <a class=\"a-link-normal contributorNameID\" href=\"http:\/\/www.amazon.de\/Hasan-%C3%96zdemir\/e\/B00IW6UYJ6\/ref=dp_byline_cont_book_14\" data-asin=\"B00IW6UYJ6\">Hasan \u00d6zdemir<\/a><\/span><span class=\"contribution\"><span class=\"a-color-secondary\">, <\/span> <\/span> <\/span> <span class=\"author notFaded\" data-width=\"118\"> <a class=\"a-link-normal\" href=\"http:\/\/www.amazon.de\/s\/ref=dp_byline_sr_book_15?ie=UTF8&amp;text=Walle+Sayer&amp;search-alias=books-de&amp;field-author=Walle+Sayer&amp;sort=relevancerank\">Walle Sayer<\/a><span class=\"contribution\"><span class=\"a-color-secondary\">, <\/span> <\/span> <\/span> <span class=\"author notFaded\" data-width=\"154\"> <a class=\"a-link-normal\" href=\"http:\/\/www.amazon.de\/s\/ref=dp_byline_sr_book_16?ie=UTF8&amp;text=Klaus+F+Schneider&amp;search-alias=books-de&amp;field-author=Klaus+F+Schneider&amp;sort=relevancerank\">Klaus F Schneider<\/a><span class=\"contribution\"><span class=\"a-color-secondary\">, <\/span> <\/span> <\/span> <span class=\"author notFaded\" data-width=\"144\"> <span class=\"a-declarative\" data-action=\"a-popover\" data-a-popover=\"{&quot;closeButtonLabel&quot;:&quot;Autor-Dialog Popover schlie\u00dfen&quot;,&quot;name&quot;:&quot;contributor-info-B00IX3BOCO&quot;,&quot;position&quot;:&quot;triggerBottom&quot;,&quot;popoverLabel&quot;:&quot;Autor-Dialog Popover&quot;,&quot;allowLinkDefault&quot;:&quot;true&quot;}\"> <a class=\"a-link-normal contributorNameID\" href=\"http:\/\/www.amazon.de\/Hellmut-Seiler\/e\/B00IX3BOCO\/ref=dp_byline_cont_book_17\" data-asin=\"B00IX3BOCO\">Hellmut Seiler<\/a><\/span><span class=\"contribution\"><span class=\"a-color-secondary\">, <\/span> <\/span> <\/span> <span class=\"author notFaded\" data-width=\"161\"> <a class=\"a-link-normal\" href=\"http:\/\/www.amazon.de\/s\/ref=dp_byline_sr_book_18?ie=UTF8&amp;text=Dominique+Sorrente&amp;search-alias=books-de&amp;field-author=Dominique+Sorrente&amp;sort=relevancerank\">Dominique Sorrente<\/a><span class=\"contribution\"><span class=\"a-color-secondary\">, <\/span> <\/span> <\/span> <span class=\"author notFaded\" data-width=\"166\"> <span class=\"a-declarative\" data-action=\"a-popover\" data-a-popover=\"{&quot;closeButtonLabel&quot;:&quot;Autor-Dialog Popover schlie\u00dfen&quot;,&quot;name&quot;:&quot;contributor-info-B00JHS7QTY&quot;,&quot;position&quot;:&quot;triggerBottom&quot;,&quot;popoverLabel&quot;:&quot;Autor-Dialog Popover&quot;,&quot;allowLinkDefault&quot;:&quot;true&quot;}\"> <a class=\"a-link-normal contributorNameID\" href=\"http:\/\/www.amazon.de\/Susanne-Stephan\/e\/B00JHS7QTY\/ref=dp_byline_cont_book_19\" data-asin=\"B00JHS7QTY\">Susanne Stephan<\/a><\/span><span class=\"contribution\"><span class=\"a-color-secondary\">, <\/span> <\/span> <\/span> <span class=\"author notFaded\" data-width=\"153\"> <a class=\"a-link-normal\" href=\"http:\/\/www.amazon.de\/s\/ref=dp_byline_sr_book_20?ie=UTF8&amp;text=Fr%C3%A9d%C3%A9roc+J+Temple&amp;search-alias=books-de&amp;field-author=Fr%C3%A9d%C3%A9roc+J+Temple&amp;sort=relevancerank\">Fr\u00e9d\u00e9roc J Temple<\/a><span class=\"contribution\"><span class=\"a-color-secondary\">, <\/span> <\/span> <\/span> <span class=\"author notFaded\" data-width=\"124\"> <a class=\"a-link-normal\" href=\"http:\/\/www.amazon.de\/s\/ref=dp_byline_sr_book_21?ie=UTF8&amp;text=Jean+M+Tixier&amp;search-alias=books-de&amp;field-author=Jean+M+Tixier&amp;sort=relevancerank\">Jean M Tixier<\/a><span class=\"contribution\"><span class=\"a-color-secondary\">, <\/span> <\/span> <\/span> <span class=\"author notFaded\" data-width=\"130\"> <a class=\"a-link-normal\" href=\"http:\/\/www.amazon.de\/s\/ref=dp_byline_sr_book_22?ie=UTF8&amp;text=Andr%C3%A9+Ughetto&amp;search-alias=books-de&amp;field-author=Andr%C3%A9+Ughetto&amp;sort=relevancerank\">Andr\u00e9 Ughetto<\/a><span class=\"contribution\"><span class=\"a-color-secondary\">, <\/span> <\/span> <\/span> <span class=\"author notFaded\" data-width=\"126\"> <a class=\"a-link-normal\" href=\"http:\/\/www.amazon.de\/s\/ref=dp_byline_sr_book_23?ie=UTF8&amp;text=Jean+C+Villain&amp;search-alias=books-de&amp;field-author=Jean+C+Villain&amp;sort=relevancerank\">Jean C Villain<\/a><span class=\"contribution\"><span class=\"a-color-secondary\">, <\/span> <\/span> <\/span> <span class=\"author notFaded\" data-width=\"129\"> <a class=\"a-link-normal\" href=\"http:\/\/www.amazon.de\/s\/ref=dp_byline_sr_book_24?ie=UTF8&amp;text=Rainer+Wedler&amp;search-alias=books-de&amp;field-author=Rainer+Wedler&amp;sort=relevancerank\">Rainer Wedler<\/a><span class=\"contribution\"><span class=\"a-color-secondary\">, <\/span> <\/span> <\/span> <span class=\"author notFaded\" data-width=\"181\"> <span class=\"a-declarative\" data-action=\"a-popover\" data-a-popover=\"{&quot;closeButtonLabel&quot;:&quot;Autor-Dialog Popover schlie\u00dfen&quot;,&quot;name&quot;:&quot;contributor-info-B00JFYWV2M&quot;,&quot;position&quot;:&quot;triggerBottom&quot;,&quot;popoverLabel&quot;:&quot;Autor-Dialog Popover&quot;,&quot;allowLinkDefault&quot;:&quot;true&quot;}\"> <a class=\"a-link-normal contributorNameID\" href=\"http:\/\/www.amazon.de\/Sergiu-Stefanescu\/e\/B00JFYWV2M\/ref=dp_byline_cont_book_25\" data-asin=\"B00JFYWV2M\">Sergiu Stefanescu<\/a> <\/span> <span class=\"contribution\"> <span class=\"a-color-secondary\">(Vorwort), <\/span> <\/span> <\/span> <span class=\"author notFaded\" data-width=\"133\"> <a class=\"a-link-normal\" href=\"http:\/\/www.amazon.de\/s\/ref=dp_byline_sr_book_26?ie=UTF8&amp;text=Eric+David&amp;search-alias=books-de&amp;field-author=Eric+David&amp;sort=relevancerank\">Eric David<\/a> <span class=\"contribution\"> <span class=\"a-color-secondary\">(\u00dcbersetzer)<\/span> <\/span> <\/span><\/div>\n<\/div>\n<\/div>\n<p><span class=\"readonlyText multiple\"><a href=\"http:\/\/wp.pop-verlag.com\/?p=1304\">&#8211; &#8222;Morgen und Abend&#8220;<\/a><a href=\"http:\/\/wp.pop-verlag.com\/?page_id=1300\"><em>.<\/em> Gedichte. Aus dem Franz\u00f6sischen \u00fcbersetzt von R\u00fcdiger Fischer. Erschienen 2004. ISBN: 3-937139-01-X. 88\u00a0Seiten 2., neu bearb. und erg\u00e4nzte Auflage, 2004. \u20ac[D]12,80<\/a><\/span><\/p>\n<p><a href=\"http:\/\/wp.pop-verlag.com\/?page_id=1300\">&#8211; Rodica Draghincescu:<\/a> <a href=\"http:\/\/wp.pop-verlag.com\/?p=1317\"><b>&#8222;Schreibenleben.&#8220;<\/b><\/a> (FRAGMENTARIUM Sammlung) Literaturkommentar in ungew\u00f6hnlicher Form: Interviews mit Kulturpers\u00f6nlichkeiten.<\/p>\n<p><a href=\"http:\/\/wp.pop-verlag.com\/?page_id=1355\">Jean-Baptiste Joly<\/a> , <a href=\"http:\/\/wp.pop-verlag.com\/?page_id=1330\">Yves Bonnefoy<\/a>, <a href=\"http:\/\/wp.pop-verlag.com\/?page_id=1332\">Michel Butor<\/a>,<a href=\"http:\/\/wp.pop-verlag.com\/?page_id=1338\"> Maurice Couquiaud<\/a>, <a href=\"http:\/\/wp.pop-verlag.com\/?page_id=1340\">Volker Demuth<\/a>, <a href=\"http:\/\/wp.pop-verlag.com\/?page_id=1346\">Kurt Drawert<\/a>, <a href=\"http:\/\/wp.pop-verlag.com\/?page_id=1328\">G\u00e9rard Blua<\/a>, <a href=\"http:\/\/wp.pop-verlag.com\/?page_id=1344\">Yves di Manno<\/a>, <a href=\"http:\/\/wp.pop-verlag.com\/?page_id=1353\">Guy Goffette<\/a>, <a href=\"http:\/\/wp.pop-verlag.com\/?page_id=1361\">Jean Orizet<\/a>, <a href=\"http:\/\/wp.pop-verlag.com\/?page_id=1373\">G\u00e9rard Truilh\u00e9<\/a>, <a href=\"http:\/\/wp.pop-verlag.com\/?page_id=1349\">R\u00fcdiger Fischer<\/a>,<a href=\"http:\/\/wp.pop-verlag.com\/?page_id=1359\"> Petra Nagenk\u00f6gel<\/a>,<a href=\"http:\/\/wp.pop-verlag.com\/?page_id=1363\"> Serge Pey<\/a>, <a href=\"http:\/\/wp.pop-verlag.com\/?page_id=1367\">Sandrine Rotil-Tiefenbach<\/a>, <a href=\"http:\/\/wp.pop-verlag.com\/?page_id=1371\">Ale\u0161 \u0160teger<\/a>, <a href=\"http:\/\/wp.pop-verlag.com\/?page_id=1365\">Arne Rautenber<\/a>g, <a href=\"http:\/\/wp.pop-verlag.com\/?page_id=1334\">Magda C\u00e2rneci<\/a>,<br \/>\n<a href=\"http:\/\/wp.pop-verlag.com\/?page_id=1336\">Cristina Castello<\/a>, <a href=\"http:\/\/wp.pop-verlag.com\/?page_id=1351\">Zsuzsanna Gahse<\/a>,<a href=\"http:\/\/wp.pop-verlag.com\/?page_id=1357\"> Olga Martynova<\/a>,<br \/>\n<a href=\"http:\/\/wp.pop-verlag.com\/?page_id=1369\">Eginald Schlattner<\/a>,<a href=\"http:\/\/wp.pop-verlag.com\/?page_id=884\"> Dieter Schlesak<\/a>,\u00a0 320 Seiten, ISBN: 3-937139-03-6. <span class=\"readonlyText multiple\">\u20ac[D]<\/span>23,60<\/p>\n","protected":false},"excerpt":{"rendered":"<p>Rodica Draghincescu, *Buzias, 1962. Rum\u00e4nisch- und franz\u00f6sischsprachige Autorin. Rodica Draghincescu hat seit 1993 vierzehn B\u00fccher (Romane, Gedichtb\u00e4nde, Essays, Interviews und \u00dcbersetzungen) in Rum\u00e4nien, Frankreich, Deutschland und Kanada ver\u00f6ffentlicht. Anfang der 90er Jahre war sie als Dichterin einer neuen rum\u00e4nischen Generation &hellip; <a class=\"more-link\" href=\"https:\/\/wp.pop-verlag.com\/?page_id=1300\">Weiterlesen <span class=\"meta-nav\">&rarr;<\/span><\/a><\/p>\n","protected":false},"author":2,"featured_media":0,"parent":664,"menu_order":4,"comment_status":"closed","ping_status":"closed","template":"","meta":{"footnotes":""},"class_list":["post-1300","page","type-page","status-publish","hentry"],"jetpack_sharing_enabled":true,"_links":{"self":[{"href":"https:\/\/wp.pop-verlag.com\/index.php?rest_route=\/wp\/v2\/pages\/1300","targetHints":{"allow":["GET"]}}],"collection":[{"href":"https:\/\/wp.pop-verlag.com\/index.php?rest_route=\/wp\/v2\/pages"}],"about":[{"href":"https:\/\/wp.pop-verlag.com\/index.php?rest_route=\/wp\/v2\/types\/page"}],"author":[{"embeddable":true,"href":"https:\/\/wp.pop-verlag.com\/index.php?rest_route=\/wp\/v2\/users\/2"}],"replies":[{"embeddable":true,"href":"https:\/\/wp.pop-verlag.com\/index.php?rest_route=%2Fwp%2Fv2%2Fcomments&post=1300"}],"version-history":[{"count":5,"href":"https:\/\/wp.pop-verlag.com\/index.php?rest_route=\/wp\/v2\/pages\/1300\/revisions"}],"predecessor-version":[{"id":5077,"href":"https:\/\/wp.pop-verlag.com\/index.php?rest_route=\/wp\/v2\/pages\/1300\/revisions\/5077"}],"up":[{"embeddable":true,"href":"https:\/\/wp.pop-verlag.com\/index.php?rest_route=\/wp\/v2\/pages\/664"}],"wp:attachment":[{"href":"https:\/\/wp.pop-verlag.com\/index.php?rest_route=%2Fwp%2Fv2%2Fmedia&parent=1300"}],"curies":[{"name":"wp","href":"https:\/\/api.w.org\/{rel}","templated":true}]}}