{"id":1263,"date":"2016-04-23T16:04:37","date_gmt":"2016-04-23T16:04:37","guid":{"rendered":"http:\/\/wp.pop-verlag.com\/?page_id=1263"},"modified":"2016-04-23T16:05:10","modified_gmt":"2016-04-23T16:05:10","slug":"johannes-weigle","status":"publish","type":"page","link":"https:\/\/wp.pop-verlag.com\/?page_id=1263","title":{"rendered":"Johannes Weigle"},"content":{"rendered":"<p><strong><a href=\"http:\/\/wp.pop-verlag.com\/?page_id=1263\">Johannes Weigle<\/a><\/strong> studierte von 1988 \u2013 89 an der Freien Kunstschule Stuttgart und wechselte 1989 an die Kunstakademie Stuttgart, wo er bis 1997 bei den Professoren Grau, H\u00e4gele und Chevalier studierte.<br \/>\nSeit 1997 arbeitet Weigle in seinem Atelier im Schloss Hochberg in Remseck, erhielt seit 1999 Lehrauftr\u00e4ge an der Schillerschule in Esslingen und betreut seit dem Jahr 2000 Studierende bei Inszenierungsprojekten an der P\u00e4dagogischen Hochschule in Ludwigsburg,<br \/>\nAls Musiker ist Johannes Weigle in verschieden Formationen im In- und Ausland unterwegs, haupts\u00e4chlich als Begleiter lyrisch-musikalischer B\u00fchnenprogramme und Komponist.<br \/>\nIn Weigles \u00d6l-Bildern und Kugelschreiber-Zeichnungen finden sich gegenst\u00e4ndliche Formen und Figuren, die sich\u00a0 in r\u00e4tselhaften Bez\u00fcgen wiederfinden. Skurrile Aspekte der Kunst werden zum Thema \u2013 ebenso wie Lebenssituationen, in denen die Wahrheit ihrer Protagonisten f\u00fcr einen Moment lang aufscheint und der ganze vergebliche Versuch, angesichts grotesker Umst\u00e4nde Haltung zu bewahren, komisch wirkt.<br \/>\nMit malerischen Mitteln entstehen die R\u00e4ume, in welchen die Figuren und Requisiten ihrer Geschichten erscheinen. Auf der Suche nach diesen R\u00e4umen durchl\u00e4uft das Bild verschiedene Zust\u00e4nde, in welchen die Wechselwirkung von Raum und Gegenstand aufeinander solange erprobt werden, bis sich eine unerkl\u00e4rliche, aber notwendige Beziehung zwischen beiden einstellt.<\/p>\n<p>Lieferbare Titel von\u00a0<span class=\"a-size-small a-color-secondary\"><a href=\"http:\/\/wp.pop-verlag.com\/?page_id=1263\">Johannes Weigle<\/a><\/span> :<\/p>\n<p><a class=\"a-link-normal a-text-normal\" href=\"http:\/\/wp.pop-verlag.com\/?page_id=1229\">Michael Gans<\/a> <span class=\"a-size-small a-color-secondary\">und <\/span><span class=\"a-size-small a-color-secondary\">Johannes Weigle<\/span> <a href=\"http:\/\/wp.pop-verlag.com\/?p=1249\">\u201eAl Dente<\/a>. Eine illustrierte Hommage an Loriot. Exercises de Style \u00e0 la Raymond Queneau.\u201c (Edition Monrepos Band 1)<i> <\/i>101 Seiten,\u00a0 ISBN: \u00a0978-3-86356-047-8 Preis: 14,00\u20ac<\/p>\n","protected":false},"excerpt":{"rendered":"<p>Johannes Weigle studierte von 1988 \u2013 89 an der Freien Kunstschule Stuttgart und wechselte 1989 an die Kunstakademie Stuttgart, wo er bis 1997 bei den Professoren Grau, H\u00e4gele und Chevalier studierte. Seit 1997 arbeitet Weigle in seinem Atelier im Schloss &hellip; <a class=\"more-link\" href=\"https:\/\/wp.pop-verlag.com\/?page_id=1263\">Weiterlesen <span class=\"meta-nav\">&rarr;<\/span><\/a><\/p>\n","protected":false},"author":2,"featured_media":0,"parent":719,"menu_order":2,"comment_status":"closed","ping_status":"closed","template":"","meta":{"footnotes":""},"class_list":["post-1263","page","type-page","status-publish","hentry"],"jetpack_sharing_enabled":true,"_links":{"self":[{"href":"https:\/\/wp.pop-verlag.com\/index.php?rest_route=\/wp\/v2\/pages\/1263","targetHints":{"allow":["GET"]}}],"collection":[{"href":"https:\/\/wp.pop-verlag.com\/index.php?rest_route=\/wp\/v2\/pages"}],"about":[{"href":"https:\/\/wp.pop-verlag.com\/index.php?rest_route=\/wp\/v2\/types\/page"}],"author":[{"embeddable":true,"href":"https:\/\/wp.pop-verlag.com\/index.php?rest_route=\/wp\/v2\/users\/2"}],"replies":[{"embeddable":true,"href":"https:\/\/wp.pop-verlag.com\/index.php?rest_route=%2Fwp%2Fv2%2Fcomments&post=1263"}],"version-history":[{"count":2,"href":"https:\/\/wp.pop-verlag.com\/index.php?rest_route=\/wp\/v2\/pages\/1263\/revisions"}],"predecessor-version":[{"id":1265,"href":"https:\/\/wp.pop-verlag.com\/index.php?rest_route=\/wp\/v2\/pages\/1263\/revisions\/1265"}],"up":[{"embeddable":true,"href":"https:\/\/wp.pop-verlag.com\/index.php?rest_route=\/wp\/v2\/pages\/719"}],"wp:attachment":[{"href":"https:\/\/wp.pop-verlag.com\/index.php?rest_route=%2Fwp%2Fv2%2Fmedia&parent=1263"}],"curies":[{"name":"wp","href":"https:\/\/api.w.org\/{rel}","templated":true}]}}