{"id":10,"date":"2015-04-26T10:02:20","date_gmt":"2015-04-26T10:02:20","guid":{"rendered":"http:\/\/wp.pop-verlag.com\/?page_id=10"},"modified":"2024-12-05T07:04:05","modified_gmt":"2024-12-05T07:04:05","slug":"autoren","status":"publish","type":"page","link":"https:\/\/wp.pop-verlag.com\/?page_id=10","title":{"rendered":"Autoren"},"content":{"rendered":"<p>Auflistung der Verlagsautorinnen und -autoren<\/p>\n<p><a tabindex=\"1\" href=\"#A\">A<\/a> | <a tabindex=\"2\" href=\"#B\">B<\/a> | <a tabindex=\"3\" href=\"#C\">C<\/a> | <a tabindex=\"4\" href=\"#D\">D<\/a> | <a tabindex=\"5\" href=\"#E\">E<\/a> | <a tabindex=\"6\" href=\"#F\">F<\/a> | <a tabindex=\"7\" href=\"#G\">G<\/a> | <a tabindex=\"8\" href=\"#H\">H<\/a> | <a tabindex=\"9\" href=\"#I\">I<\/a> | <a tabindex=\"10\" href=\"#J\">J<\/a> | <a tabindex=\"12\" href=\"#K\">K<\/a> | <a tabindex=\"12\" href=\"#L\">L<\/a> | <a tabindex=\"13\" href=\"#M\">M<\/a> | <a tabindex=\"14\" href=\"#N\">N<\/a> | <a tabindex=\"15\" href=\"#O\">O<\/a> | <a tabindex=\"16\" href=\"#P\">P<\/a> | <a tabindex=\"17\" href=\"#Q\">Q<\/a> | <a tabindex=\"18\" href=\"#R\">R<\/a> | <a tabindex=\"19\" href=\"#S\">S<\/a> | <a tabindex=\"20\" href=\"#T\">T<\/a> | <a tabindex=\"21\" href=\"#U\">U<\/a> | <a tabindex=\"22\" href=\"#V\">V<\/a> | <a tabindex=\"23\" href=\"#W\">W<\/a> | <a tabindex=\"24\" href=\"#X\">X<\/a> | <a tabindex=\"25\" href=\"#Y\">Y<\/a> | <a tabindex=\"26\" href=\"#Z\">Z<\/a><\/p>\n<h2><a id=\"A\" name=\"A\"><\/a>A<\/h2>\n<ul>\n<li><a href=\"http:\/\/wp.pop-verlag.com\/?p=1004\">Abaschidse, <\/a><a href=\"http:\/\/wp.pop-verlag.com\/?p=1004\">Irakli<\/a><\/li>\n<li><a href=\"http:\/\/wp.pop-verlag.com\/?p=1004\">Aghapour, Shala<\/a><\/li>\n<li>Aghmaschenebeli, Dawit<\/li>\n<li>Alchasischwili, Giwi<\/li>\n<li><a title=\"Permalink zu Achim Amme: Der Amme. Poet\" href=\"https:\/\/wp.pop-verlag.com\/?page_id=5422\" rel=\"bookmark\">Amme,\u00a0<\/a><a title=\"Permalink zu Achim Amme: Der Amme. Poet\" href=\"https:\/\/wp.pop-verlag.com\/?p=5419\" rel=\"bookmark\">Achim<\/a><\/li>\n<li><a href=\"http:\/\/wp.pop-verlag.com\/?page_id=2548\">Mika Alexidse<\/a><\/li>\n<li><a href=\"http:\/\/wp.pop-verlag.com\/?page_id=1019\">Alfonsi, Josiane<\/a><\/li>\n<li><a href=\"http:\/\/wp.pop-verlag.com\/?page_id=1053\">Al\u0131r, Arzu<\/a><\/li>\n<li><a href=\"http:\/\/wp.pop-verlag.com\/?page_id=2259\">Al\u0131r, <\/a><a href=\"http:\/\/wp.pop-verlag.com\/?page_id=2259\">Emir Roda<\/a><\/li>\n<li>Amaglobeli, Rati<\/li>\n<li><a href=\"http:\/\/wp.pop-verlag.com\/?page_id=1105\">Anderka, Johanna<\/a><\/li>\n<li>Anfimiadi, Diana<\/li>\n<li><a href=\"https:\/\/wp.pop-verlag.com\/?page_id=5967\">Lawrenti Ardasiani<\/a><\/li>\n<li><a href=\"http:\/\/wp.pop-verlag.com\/?page_id=2467\">Armeanu, <\/a><a href=\"http:\/\/wp.pop-verlag.com\/?page_id=2467\">Laura <\/a><\/li>\n<li><a href=\"http:\/\/wp.pop-verlag.com\/?page_id=1066\">Arnemann, Ines<\/a><\/li>\n<li><a href=\"http:\/\/wp.pop-verlag.com\/?page_id=2445\">Assatiani, <\/a><a href=\"http:\/\/wp.pop-verlag.com\/?page_id=2445\">Guram <\/a><\/li>\n<li>Assatiani, Lado<\/li>\n<\/ul>\n<h2><a id=\"B\" name=\"B\"><\/a>B<\/h2>\n<ul>\n<li>Eka Bakradse<\/li>\n<li>Schalwa Bakuradse<\/li>\n<li>Nikolos Barataschwili<\/li>\n<li><a href=\"http:\/\/wp.pop-verlag.com\/?page_id=1475\">Barbakadse, Dato<\/a><\/li>\n<li>Barbakadse, Zira<\/li>\n<li><a href=\"http:\/\/wp.pop-verlag.com\/?page_id=1392\">Bart\u00e1k, Miroslav<\/a><\/li>\n<li>Bauer, Gerhard<\/li>\n<li>Becker, Artur<\/li>\n<li>Behrens, Mark<\/li>\n<li><a href=\"https:\/\/wp.pop-verlag.com\/?page_id=3775\">Berger<\/a>, <a href=\"https:\/\/wp.pop-verlag.com\/?page_id=3775\">Markus<\/a><\/li>\n<li><a href=\"http:\/\/wp.pop-verlag.com\/?page_id=2510\">Berscheid, Thomas<\/a><\/li>\n<li><a href=\"http:\/\/wp.pop-verlag.com\/?page_id=2503\">Berscheid-Kimeridze, Irma<\/a><\/li>\n<li>Bergmann, Ulrich<\/li>\n<li>Blua, G\u00e9rad<\/li>\n<li>Bonnefoy, Yves<\/li>\n<li><a href=\"http:\/\/traian.pop-verlag.com\/ingmar_brantsch.htm\">Ingmar Brantsch<\/a><\/li>\n<li>Brandsd\u00f6rfer, Thomas<\/li>\n<li><a href=\"http:\/\/wp.pop-verlag.com\/?page_id=1087\">Breuer, Theo<\/a><\/li>\n<li><a href=\"http:\/\/wp.pop-verlag.com\/?page_id=2494\">Britze, Joachim<\/a><\/li>\n<li>Broussard, Yves<\/li>\n<li><a href=\"https:\/\/wp.pop-verlag.com\/?page_id=4812\">Buth,\u00a0<\/a><a href=\"https:\/\/wp.pop-verlag.com\/?page_id=4812\">Matthias<\/a><\/li>\n<li>Butor, Michel<\/li>\n<\/ul>\n<h2><a id=\"C\" name=\"C\"><\/a>C<a href=\"http:\/\/wp.pop-verlag.com\/?page_id=2251\"><strong><br \/>\n<\/strong><\/a><\/h2>\n<ul>\n<li>Charanauli,\u00a0Bessik<\/li>\n<li><a href=\"http:\/\/wp.pop-verlag.com\/?page_id=2251\">Carbe, <\/a><a href=\"http:\/\/wp.pop-verlag.com\/?page_id=2251\">Monika<\/a><\/li>\n<li><a href=\"https:\/\/wp.pop-verlag.com\/?page_id=5452\">Radu Carp<\/a><\/li>\n<li>Chasanov, Boris<\/li>\n<li>C\u00e2rneci, Magda<\/li>\n<li>Casper, Sigrun<\/li>\n<li>Castello, Cristina<\/li>\n<li>\u00c7eliku, Kalosh<\/li>\n<li>Chobot, Manfred<\/li>\n<li><a href=\"http:\/\/wp.pop-verlag.com\/?page_id=2450\">Chogoshvili,<\/a> <a href=\"http:\/\/wp.pop-verlag.com\/?page_id=2450\">Levan<\/a><\/li>\n<li><a href=\"http:\/\/wp.pop-verlag.com\/?page_id=2306\">Chotiwari,<\/a> <a href=\"http:\/\/wp.pop-verlag.com\/?page_id=2306\">Artschil<\/a><\/li>\n<li><a href=\"http:\/\/wp.pop-verlag.com\/?page_id=2308\">Chotiwari-J\u00fcnger,\u00a0<\/a><a href=\"http:\/\/wp.pop-verlag.com\/?page_id=2308\">Steffi<\/a><\/li>\n<li><a href=\"http:\/\/wp.pop-verlag.com\/?page_id=2693\">Christi, Aura<\/a><\/li>\n<li><a href=\"http:\/\/wp.pop-verlag.com\/?page_id=2821\">Com\u0103nescu, <\/a><a href=\"http:\/\/wp.pop-verlag.com\/?page_id=2821\">Denisa<\/a><\/li>\n<li><a href=\"http:\/\/wp.pop-verlag.com\/?page_id=1113\">Commer, Klaus \u201eLukas\u201c<\/a><strong><br \/>\n<\/strong><\/li>\n<li><a href=\"http:\/\/wp.pop-verlag.com\/?page_id=1379\">Cornelius, Jan<\/a><\/li>\n<li>Couquiaud, Maurice<\/li>\n<li><a href=\"https:\/\/wp.pop-verlag.com\/?page_id=3419\">Constantinescu<\/a><a href=\"https:\/\/wp.pop-verlag.com\/?page_id=3419\">,<\/a><a href=\"https:\/\/wp.pop-verlag.com\/?page_id=3419\"> Romani\u0163a <\/a><\/li>\n<li><a href=\"https:\/\/wp.pop-verlag.com\/?page_id=3208\">Cugler, Grigore<\/a><\/li>\n<li><a href=\"http:\/\/wp.pop-verlag.com\/?page_id=2583\">Cumart, <\/a><a href=\"http:\/\/wp.pop-verlag.com\/?page_id=2583\">Nevfel<\/a><\/li>\n<\/ul>\n<h2><a id=\"D\" name=\"D\"><\/a>D<\/h2>\n<ul>\n<li><a href=\"http:\/\/wp.pop-verlag.com\/?page_id=584\">Damian, Theodor<\/a><\/li>\n<li>Danjou, Chantal<\/li>\n<li>D\u0103nil\u0103,\u00a0Dan<\/li>\n<li>Demir, Arzu<\/li>\n<li>Demuth, Volker<\/li>\n<li>Dephy,\u00a0Dawit<\/li>\n<li><a href=\"https:\/\/wp.pop-verlag.com\/?page_id=3198\">Dietz, Ondine<\/a><\/li>\n<li><a href=\"http:\/\/wp.pop-verlag.com\/?page_id=1118\">Doma\u0161cyna, R\u00f3\u017ea<\/a><\/li>\n<li>Draghincescu, Rodica<\/li>\n<li>Drawert, Kurt<\/li>\n<li>Dschawachischwili,\u00a0Kato<\/li>\n<li>Dschabuschanuri,\u00a0Gabriel<\/li>\n<li>Dschawachadse,\u00a0Wachtang<\/li>\n<li>Nika Dschordschaneli<\/li>\n<li>Dublew, Dimiter<\/li>\n<li>D\u00fcrrson, Werner<\/li>\n<li><a href=\"http:\/\/wp.pop-verlag.com\/?page_id=915\">Dyrlich, Benedikt<\/a><\/li>\n<\/ul>\n<h2><a id=\"E\" name=\"E\"><\/a>E<\/h2>\n<ul>\n<li><a href=\"https:\/\/wp.pop-verlag.com\/?page_id=6578\">Eike<\/a>, <a href=\"https:\/\/wp.pop-verlag.com\/?page_id=6578\">Gerhard<\/a><\/li>\n<li><a href=\"http:\/\/wp.pop-verlag.com\/?page_id=2054\">Ettl, Peter<\/a><\/li>\n<li>Ehrich, Margot<\/li>\n<li><a href=\"http:\/\/wp.pop-verlag.com\/?page_id=1792\">Elbakidse, <\/a><a href=\"http:\/\/wp.pop-verlag.com\/?page_id=1792\">Maka<\/a><\/li>\n<li>Eristawi,\u00a0Rapiel<\/li>\n<li>Eschka, Julius<\/li>\n<\/ul>\n<h2><a id=\"F\" name=\"F\"><\/a>F<\/h2>\n<ul>\n<li><a href=\"https:\/\/wp.pop-verlag.com\/?page_id=6140\"> Fabritius, <\/a><a href=\"https:\/\/wp.pop-verlag.com\/?page_id=6140\">Gert<\/a><\/li>\n<li>Fadin, Vadim<\/li>\n<li>Fels, Gilbert<\/li>\n<li>Fischer, R\u00fcdiger<\/li>\n<li><a href=\"https:\/\/wp.pop-verlag.com\/?page_id=4939\">Flamand\u00a0<\/a><a href=\"https:\/\/wp.pop-verlag.com\/?page_id=4939\">Dinu<\/a><\/li>\n<li>Fleiss, Dorothea<\/li>\n<li>Flora, Ioan<\/li>\n<li>Frisch-B\u00e9ji, Blanka<\/li>\n<li><a href=\"http:\/\/wp.pop-verlag.com\/?page_id=1500\">Fr\u00f6mmig, Peter<\/a><\/li>\n<li>Fr\u00fdbort, Ludek<\/li>\n<\/ul>\n<h2><a id=\"G\" name=\"G\"><\/a>G<\/h2>\n<ul>\n<li><a href=\"http:\/\/wp.pop-verlag.com\/?page_id=1532\">Guguschwili, Badri<\/a><strong><br \/>\n<\/strong><\/li>\n<li>Gabaschwili,\u00a0Bessarion<\/li>\n<li>Gahse, Zsuszanna<\/li>\n<li>Gamsachurdia,\u00a0Konstatine<\/li>\n<li><a href=\"https:\/\/wp.pop-verlag.com\/?page_id=3357\">Galaicu-P\u0103un, Emilian<\/a><\/li>\n<li>Gans, Angelika<\/li>\n<li><a href=\"https:\/\/wp.pop-verlag.com\/?page_id=1229\">Gans, Michael<\/a><\/li>\n<li>Gaprindaschwili,\u00a0Walerian<\/li>\n<li>Gegetschkori, Giwi<\/li>\n<li><a href=\"http:\/\/wp.pop-verlag.com\/?page_id=2637\">Gehrisch<\/a>, <a href=\"http:\/\/wp.pop-verlag.com\/?page_id=2637\">Peter<\/a><\/li>\n<li>Gelaschwili,\u00a0Naira<\/li>\n<li>Gelowani,\u00a0Mirsa<\/li>\n<li>Getiaschwili,\u00a0Reso<\/li>\n<li><a href=\"http:\/\/wp.pop-verlag.com\/?page_id=76\">Giebel, Eric<\/a><\/li>\n<li><a href=\"http:\/\/wp.pop-verlag.com\/?page_id=2499\">Giesbrecht-Gossen, Agnes<\/a><\/li>\n<li><a href=\"http:\/\/wp.pop-verlag.com\/?page_id=2605\">Goczol, Jan<\/a><\/li>\n<li><a href=\"https:\/\/wp.pop-verlag.com\/?page_id=3922\">Dieter G\u00f6ltenboth<\/a><\/li>\n<li>Goffette, Guy<\/li>\n<li><a href=\"https:\/\/wp.pop-verlag.com\/?page_id=3503\">Gogoladse,\u00a0<\/a><a href=\"https:\/\/wp.pop-verlag.com\/?page_id=3503\">Maya<\/a><\/li>\n<li>Golisch, Stefanie<\/li>\n<li><a href=\"https:\/\/wp.pop-verlag.com\/?page_id=3922\">G\u00f6ltenboth, Dieter<\/a><\/li>\n<li>Gomelauri,\u00a0Niko<\/li>\n<li>Graneli,\u00a0Terenti<\/li>\n<li>Gr\u00f6hler, Harald<\/li>\n<li><a href=\"https:\/\/wp.pop-verlag.com\/?page_id=6413\">Gruner, <\/a><a href=\"https:\/\/wp.pop-verlag.com\/?page_id=6413\">PH<\/a><\/li>\n<li>Gulijew, Merkez<\/li>\n<li>Guramischwili,\u00a0Dawit<\/li>\n<\/ul>\n<h2><a id=\"H\" name=\"H\"><\/a>H<\/h2>\n<ul>\n<li><a href=\"https:\/\/wp.pop-verlag.com\/?page_id=5979\">Irena Habalik<\/a><\/li>\n<li>Hagedorn, Mathias<\/li>\n<li><a href=\"https:\/\/wp.pop-verlag.com\/?page_id=817\">Ines Hagemeyer<\/a><\/li>\n<li>Hajdari, G\u00ebzim<\/li>\n<li><span class=\"readonlyText multiple\"><a href=\"https:\/\/wp.pop-verlag.com\/?page_id=4653\">Ute Hamann-Aue<\/a>r<\/span><\/li>\n<li>Haupt, Herwig<\/li>\n<li><a href=\"http:\/\/wp.pop-verlag.com\/?page_id=895\"><span class=\"readonlyText\">Hegel, <\/span><\/a><a href=\"http:\/\/wp.pop-verlag.com\/?page_id=895\">Martina<\/a><\/li>\n<li><a href=\"http:\/\/wp.pop-verlag.com\/?page_id=579\">Hehn, Ilse<\/a><\/li>\n<li>Hermann,\u00a0Konstantin<\/li>\n<li><a href=\"http:\/\/wp.pop-verlag.com\/?page_id=2789\">Michael Hillen<\/a><\/li>\n<li>Hoff,\u00a0Kay<\/li>\n<li><a href=\"http:\/\/wp.pop-verlag.com\/?page_id=1466\">Huhulescu, Steliana<\/a><\/li>\n<\/ul>\n<h2><a id=\"I\" name=\"I\"><\/a>I<\/h2>\n<ul>\n<li>Iaschwili, Paolo<\/li>\n<li>Iataschwili, Schota<\/li>\n<li><a href=\"https:\/\/wp.pop-verlag.com\/?page_id=5475\">Ilie\u015fu<\/a> <a href=\"https:\/\/wp.pop-verlag.com\/?page_id=5475\">Petru<\/a><\/li>\n<li><a href=\"http:\/\/wp.pop-verlag.com\/?page_id=2462\">Iorgoveanu-Mantsu, <\/a><a href=\"http:\/\/wp.pop-verlag.com\/?page_id=2462\">Kira<\/a><\/li>\n<\/ul>\n<h2><a id=\"J\" name=\"J\"><\/a>J<\/h2>\n<ul>\n<li><a href=\"https:\/\/wp.pop-verlag.com\/?p=324\">Jakubowska-Fija\u0142kowska, Genowefa<\/a><\/li>\n<li>Jan\u00dfen, Georg<\/li>\n<li>Joly, Jean-Baptiste<\/li>\n<li><a href=\"https:\/\/wp.pop-verlag.com\/?page_id=3374\">Jorjaneli<\/a>, <a href=\"https:\/\/wp.pop-verlag.com\/?page_id=3374\">Nika<\/a><\/li>\n<\/ul>\n<h2><a id=\"K\" name=\"K\"><\/a>K<\/h2>\n<ul>\n<li>Kakabadse, Irakli<\/li>\n<li>Kalandadse, Anna<\/li>\n<li>Kaouah, Abdelmadjid<\/li>\n<li><a href=\"http:\/\/wp.pop-verlag.com\/?p=872\">Kappe, <\/a><a href=\"http:\/\/wp.pop-verlag.com\/?p=872\">Christine<\/a><\/li>\n<li>Karcher, Nina Russo<\/li>\n<li>Katscharawa, Karlo<\/li>\n<li>Kekelidse, Giorgi<\/li>\n<li><a href=\"https:\/\/wp.pop-verlag.com\/?page_id=3956\">Kemal, Orhan<\/a><\/li>\n<li>Kemeny, Tomaso<\/li>\n<li>Kewanischwili, Eka<\/li>\n<li><a href=\"http:\/\/wp.pop-verlag.com\/?page_id=1523\">Khalilov, <\/a><a href=\"http:\/\/wp.pop-verlag.com\/?page_id=1523\">Salahaddin<\/a><\/li>\n<li><span class=\"readonlyText multiple\"><a href=\"http:\/\/wp.pop-verlag.com\/?page_id=905\">Klaffke, <\/a><a href=\"http:\/\/wp.pop-verlag.com\/?page_id=905\">Irene<\/a><\/span><\/li>\n<li><a href=\"http:\/\/wp.pop-verlag.com\/?page_id=2274\">Bernd Kebelmann<\/a><\/li>\n<li>Knauth, Alfons<\/li>\n<li>Koneffke, Jan<\/li>\n<li><a href=\"https:\/\/wp.pop-verlag.com\/?p=394\">Kondrat, Kristiane<\/a><\/li>\n<li>Konradt, Edith<\/li>\n<li>Korb,\u00a0Viktoria<\/li>\n<li>Korfmacher,\u00a0Heribert<\/li>\n<li>Kotarski, Carmen<\/li>\n<li>Kremers, J\u00f6rg<\/li>\n<li><a href=\"https:\/\/wp.pop-verlag.com\/?page_id=2382\">Kress-Fricke, Regine<\/a><\/li>\n<li><a href=\"https:\/\/wp.pop-verlag.com\/?page_id=844\">Kuprijanow, Wjatscheslaw<\/a><\/li>\n<li>Kuraschwili, Zira<\/li>\n<li>Kuruc,\u00a0Franz F.<\/li>\n<li><a href=\"http:\/\/wp.pop-verlag.com\/?page_id=891\">Kutsch, Katja<\/a><\/li>\n<\/ul>\n<h2><a id=\"L\" name=\"L\"><\/a>L<\/h2>\n<ul>\n<li>Lambertz,\u00a0Karl-Heinz<\/li>\n<li>Laukov\u00e1, Jana<\/li>\n<li>Lebanidse, Murman<\/li>\n<li>Leonidse, Giorgi<\/li>\n<li>Likokeli, Lia<\/li>\n<li>Lindemann, Hans<\/li>\n<li><a href=\"https:\/\/wp.pop-verlag.com\/?page_id=742\">Lippet, Johann<\/a><\/li>\n<li><a href=\"http:\/\/wp.pop-verlag.com\/?page_id=1827\">Maja Lisowski<\/a><\/li>\n<li>Lobschanidse, Giorgi<\/li>\n<li><a href=\"http:\/\/wp.pop-verlag.com\/?page_id=1800\">Lomidse<\/a>, <a href=\"http:\/\/wp.pop-verlag.com\/?page_id=1800\">Gaga<\/a><\/li>\n<li>Lovichi, Jacques<\/li>\n<\/ul>\n<h2><a id=\"M\" name=\"M\"><\/a>M<\/h2>\n<ul>\n<li>M\u00e1cha,\u00a0Karel<\/li>\n<li>Magradse, Dato<\/li>\n<li>di Manno, Yves<\/li>\n<li><a href=\"http:\/\/wp.pop-verlag.com\/?page_id=590\">Martens, Klaus<\/a><\/li>\n<li>Martynova, Olga<\/li>\n<li><a href=\"https:\/\/wp.pop-verlag.com\/?page_id=6723\">Marx<\/a>, <a href=\"https:\/\/wp.pop-verlag.com\/?page_id=6723\">Christoph Andreas<\/a><\/li>\n<li>Matschawariani, Muchran<\/li>\n<li><a href=\"https:\/\/wp.pop-verlag.com\/?page_id=3850\">Meier<\/a><\/li>\n<li><a href=\"http:\/\/wp.pop-verlag.com\/?page_id=2336\">Merkel, <\/a><a href=\"http:\/\/wp.pop-verlag.com\/?page_id=2336\">Anneliese<\/a><\/li>\n<li>Methlagl, Walter<\/li>\n<li>Migozzi, Marcel<\/li>\n<li>Mityaev, Oleg<\/li>\n<li>Monoszl\u00f3y,\u00a0Dezs\u00f6<\/li>\n<li>Montmaneix, Fran\u00e7ois<\/li>\n<\/ul>\n<h2><a id=\"N\" name=\"N\"><\/a>N<\/h2>\n<ul>\n<li>Nadiradse, Kolau<\/li>\n<li>Nachuzrischwili, Gaga<\/li>\n<li>Nagenk\u00f6gel, Petra<\/li>\n<li><a href=\"http:\/\/wp.pop-verlag.com\/?page_id=2628\">Nawrocki<\/a>, <a href=\"http:\/\/wp.pop-verlag.com\/?page_id=2628\">Aleksander<\/a><\/li>\n<li><a href=\"http:\/\/wp.pop-verlag.com\/?page_id=2037\">Nicolaie, Ioana<\/a><\/li>\n<li><a href=\"http:\/\/wp.pop-verlag.com\/?page_id=1458\">Niculescu, Ruxandra<\/a><\/li>\n<li><a href=\"https:\/\/wp.pop-verlag.com\/?page_id=3496\">Nischkauer<\/a>, <a href=\"https:\/\/wp.pop-verlag.com\/?page_id=3496\">Astrid<\/a><\/li>\n<li>Nischnianidse, Schota<\/li>\n<li>Nguyen Dung, Ngo<\/li>\n<li>Noga, Andreas<\/li>\n<li>Noneschwili, Iosseb<\/li>\n<\/ul>\n<h2><a id=\"O\" name=\"O\"><\/a>O<\/h2>\n<ul>\n<li>Odischaria, Guram<\/li>\n<li>Oliver, Jos\u00e9 F.A.<\/li>\n<li><span class=\"readonlyText multiple\"><a href=\"http:\/\/wp.pop-verlag.com\/?page_id=3096\">Oniani, <\/a><a href=\"http:\/\/wp.pop-verlag.com\/?page_id=3096\">Esma<\/a><\/span><\/li>\n<li>Orbeliani, Grigol<\/li>\n<li>Orizet, Jean<\/li>\n<li>Ordschonikidse, Isa<\/li>\n<li><a href=\"http:\/\/wp.pop-verlag.com\/?page_id=1723\">Ottschofski, <\/a><a href=\"http:\/\/wp.pop-verlag.com\/?p=1762\">Edith<\/a><\/li>\n<li>\u00d6zdemir, Hasan<\/li>\n<\/ul>\n<h2><a id=\"P\" name=\"P\"><\/a>P<\/h2>\n<ul>\n<li><a href=\"http:\/\/wp.pop-verlag.com\/?page_id=1835\">Manana Paitschadse<\/a><\/li>\n<li><a href=\"http:\/\/wp.pop-verlag.com\/?page_id=1158\">PAPI<\/a><\/li>\n<li>Pey, Serge<\/li>\n<li>Pop, Mircea M.<\/li>\n<li>Piper, Carsten<\/li>\n<li>Pfaff,\u00a0Ivan<\/li>\n<li><a href=\"https:\/\/wp.pop-verlag.com\/?page_id=6301\">Platta<\/a>, <a href=\"https:\/\/wp.pop-verlag.com\/?page_id=6301\">Holdger<\/a><\/li>\n<li><a href=\"https:\/\/wp.pop-verlag.com\/?page_id=2088\">Pop, Traian Traian<\/a><\/li>\n<li>Popescu, Titu<\/li>\n<li>Popin, Eugen D.<\/li>\n<li>Pozchischwili, Moris<\/li>\n<li>Pschawela,Wascha<\/li>\n<\/ul>\n<h2><a id=\"Q\" name=\"Q\"><\/a>Q<\/h2>\n<h2><a id=\"R\" name=\"R\"><\/a>R<\/h2>\n<ul>\n<li><a href=\"http:\/\/wp.pop-verlag.com\/?page_id=1989\">Rahr, Gerti Michaelis<\/a><\/li>\n<li>Raschkowskaja, Irina<\/li>\n<li><a href=\"http:\/\/wp.pop-verlag.com\/?page_id=1804\">Ratiani<\/a>, <a href=\"http:\/\/wp.pop-verlag.com\/?page_id=1804\">Irma<\/a><\/li>\n<li>Ratiani, Swiad<\/li>\n<li>Rauschau, Ioona<\/li>\n<li>Rautenberg, Arne<\/li>\n<li><a href=\"https:\/\/wp.pop-verlag.com\/?page_id=5733\">Reder, <\/a><a href=\"https:\/\/wp.pop-verlag.com\/?page_id=5733\">Ewart<\/a><\/li>\n<li>Ressel, Gert<\/li>\n<li><a href=\"http:\/\/wp.pop-verlag.com\/?page_id=993\">Ricinski-Marienfeld, Francisca<\/a><\/li>\n<li>Rieck, Heide<\/li>\n<li>Riede, Anita<\/li>\n<li><a href=\"http:\/\/wp.pop-verlag.com\/?page_id=2255\">Riemann<\/a>, <a href=\"http:\/\/wp.pop-verlag.com\/?page_id=2255\">Wolfgang<\/a><\/li>\n<li>Rieping, Elisabeth<\/li>\n<li>Rill,\u00a0Bernd<\/li>\n<li>Robakidse, Grigol<\/li>\n<li>Romh\u00e1nyi, Istv\u00e1n Rudolf<\/li>\n<li><a href=\"http:\/\/wp.pop-verlag.com\/?page_id=1216\">Rothfuss, Uli<\/a><\/li>\n<li>Rotil-Tiefenbach, Sandrine<\/li>\n<li>Rouzeau, Val\u00e8rie<\/li>\n<li>Rtweliaschwili, Surab<\/li>\n<li>Ruppert, Helmut S.<\/li>\n<li>Rustaweli, Schota<\/li>\n<\/ul>\n<h2><a id=\"S\" name=\"S\"><\/a>S<\/h2>\n<ul>\n<li><a href=\"http:\/\/wp.pop-verlag.com\/?page_id=734\">Sadgobelaschwili, Nino<\/a><\/li>\n<li><a href=\"http:\/\/wp.pop-verlag.com\/?page_id=734\">Samadaschwili, Niko<\/a><\/li>\n<li><a href=\"http:\/\/wp.pop-verlag.com\/?page_id=734\">Samniaschwili, Lela<\/a><\/li>\n<li><a href=\"http:\/\/wp.pop-verlag.com\/?page_id=734\">Samson, Horst<\/a><\/li>\n<li>Saul, Horst<\/li>\n<li>Sayer, Walle<\/li>\n<li>Schamugia, Paata<\/li>\n<li>Schapiro, Boris<\/li>\n<li><a href=\"https:\/\/wp.pop-verlag.com\/?page_id=2359\">Schau, Albrecht<\/a><\/li>\n<li><a href=\"https:\/\/wp.pop-verlag.com\/?page_id=2024\">Schiff, Julia<\/a><\/li>\n<li><a href=\"https:\/\/wp.pop-verlag.com\/?page_id=3435\">Schiff, Robert<\/a><\/li>\n<li><a href=\"http:\/\/wp.pop-verlag.com\/?page_id=2581\">\u015eim\u015fek, <\/a><a href=\"http:\/\/wp.pop-verlag.com\/?page_id=2581\">Tu\u011fba<\/a><\/li>\n<li>Schinkel, Andr\u00e9<\/li>\n<li><a href=\"http:\/\/wp.pop-verlag.com\/?page_id=2485\">Shiolashvili, Irma<\/a><\/li>\n<li><a href=\"http:\/\/wp.pop-verlag.com\/?page_id=1369\">Schlattener, Eginald<\/a><\/li>\n<li><a href=\"https:\/\/wp.pop-verlag.com\/?page_id=884\">Schlesak, Dieter<\/a><\/li>\n<li>Schmidt, Libu\u0161e<\/li>\n<li>Schmincke, Susanne<\/li>\n<li>Schneider, Jan<\/li>\n<li>Schneider, Klaus F.<\/li>\n<li>Sch\u00f6nenberger, Henning<\/li>\n<li><a href=\"https:\/\/wp.pop-verlag.com\/?page_id=964\">Seiler, Hellmut<\/a><\/li>\n<li><a href=\"https:\/\/wp.pop-verlag.com\/?page_id=3490\">Sendoo,\u00a0<\/a><a href=\"https:\/\/wp.pop-verlag.com\/?page_id=3490\">Hadaa<\/a><\/li>\n<li><a href=\"http:\/\/wp.pop-verlag.com\/?page_id=2647\">\u015eerban, Robert<\/a><\/li>\n<li>Sigel, Kurt<\/li>\n<li>\u0160imko, Du\u0161an<\/li>\n<li>Somplatzki,\u00a0Herbert<\/li>\n<li>Sonntag, Gert<\/li>\n<li>Sorrente, Dominique<\/li>\n<li><a href=\"http:\/\/wp.pop-verlag.com\/?page_id=734\">Sossime, Ioane<\/a><\/li>\n<li>St\u0103necu, Nichita<\/li>\n<li>Steigenberger, Armin<\/li>\n<li>Steger, Ales<\/li>\n<li>Steger, Peter<\/li>\n<li>Stephan, Susanne<\/li>\n<li><a href=\"http:\/\/wp.pop-verlag.com\/?page_id=2593\">Sterbling, Anton<\/a><\/li>\n<li><a href=\"http:\/\/wp.pop-verlag.com\/?page_id=1439\">Sternmut, Norbert<\/a><\/li>\n<li><a href=\"http:\/\/wp.pop-verlag.com\/?page_id=734\">Sturua, Lia<\/a><\/li>\n<li><a href=\"https:\/\/wp.pop-verlag.com\/?page_id=3389\"> Swimonischwili,<\/a> <a href=\"https:\/\/wp.pop-verlag.com\/?page_id=3389\"> Amiran<\/a><\/li>\n<li><a href=\"https:\/\/wp.pop-verlag.com\/?p=262\">Szekeresch, Adelheit<\/a><\/li>\n<\/ul>\n<h2><a id=\"T\" name=\"T\"><\/a>T<\/h2>\n<ul>\n<li>Tabidse, Galaktion<\/li>\n<li>Tabidse, Tizian<\/li>\n<li><a href=\"http:\/\/wp.pop-verlag.com\/?page_id=1427\">Teicher-Maier, Ursula<\/a><\/li>\n<li>Temple, Fr\u00e9d\u00e9ric Jacques<\/li>\n<li>Teodorovici, Lucian Dan<\/li>\n<li>Tixier, Jean Max<\/li>\n<li><a href=\"http:\/\/wp.pop-verlag.com\/?page_id=1807\">Tkeschelaschwili<\/a>, <a href=\"http:\/\/wp.pop-verlag.com\/?page_id=1807\">Miranda<\/a><\/li>\n<li>Tomasevic, Bosko<\/li>\n<li><a href=\"http:\/\/wp.pop-verlag.com\/?page_id=654\">T\u00f6r\u00f6k, Imre<\/a><\/li>\n<li>Truilh\u00e9, G\u00e9rard<\/li>\n<li>Tschachruchadse, Ilia<\/li>\n<li><a href=\"http:\/\/wp.pop-verlag.com\/?page_id=1544\">Tschantladse, Schota<\/a><\/li>\n<li>Tschanturia, Tariel<\/li>\n<li>Tscharkwiani, Dschanssugh<\/li>\n<li>Tscharkwiani, Irakli<\/li>\n<li>Tschawtschawadse, Aleksandre<\/li>\n<li>Tschawtschawadse, lia<\/li>\n<li>Tschekurischwili, Bela<\/li>\n<li>Tschelidse, Otar<\/li>\n<li>Tschikowani, Simon<\/li>\n<li>Tschigwinadse, Alex<\/li>\n<li>Tschiladse, Otar<\/li>\n<li>Tschiladse, Tamas<\/li>\n<li><a href=\"http:\/\/wp.pop-verlag.com\/?page_id=1810\">Turaschwili<\/a>, <a href=\"http:\/\/wp.pop-verlag.com\/?page_id=1810\">Marine<\/a><\/li>\n<li>Tutberidse, Keti<\/li>\n<\/ul>\n<h2><a id=\"U\" name=\"U\"><\/a>U<\/h2>\n<ul>\n<li><a href=\"http:\/\/wp.pop-verlag.com\/?page_id=2109\">Ueckert, Charlotte<\/a><\/li>\n<li>Ughetto, Andr\u00e9<\/li>\n<li>Usakowska-Wolff, Urszula<\/li>\n<\/ul>\n<h2><a id=\"V\" name=\"V\"><\/a>V<\/h2>\n<ul>\n<li>Vejvoda,\u00a0Jaroslav<\/li>\n<li>Villain, Jean-Claud<\/li>\n<li>Vlasin, Gelu<\/li>\n<li><a href=\"http:\/\/wp.pop-verlag.com\/?page_id=1714\">Voigt, <\/a><a href=\"http:\/\/wp.pop-verlag.com\/?page_id=1714\">Hans-Walter<\/a><\/li>\n<\/ul>\n<h2><a id=\"W\" name=\"W\"><\/a>W<\/h2>\n<ul>\n<li>Wagnerov\u00e1,\u00a0Alena<\/li>\n<li>Vasilache,\u00a0Theodor<\/li>\n<li>Weber,\u00a0Waldemar<\/li>\n<li>Wedler, Ferninand<\/li>\n<li><a href=\"https:\/\/wp.pop-verlag.com\/?page_id=1640\">Wedler, Rainer<\/a><\/li>\n<li><a href=\"https:\/\/wp.pop-verlag.com\/?page_id=3499\">Weiland<\/a>, <a href=\"https:\/\/wp.pop-verlag.com\/?page_id=3499\">Andreas<\/a><\/li>\n<li>Weinberger, Helmut<\/li>\n<li>Wensien, Achim Martin<\/li>\n<li><a href=\"http:\/\/wp.pop-verlag.com\/?page_id=2563\">Veress, <\/a><a href=\"http:\/\/wp.pop-verlag.com\/?page_id=2563\">Zsuzsanna M.<\/a><\/li>\n<li><a href=\"http:\/\/wp.pop-verlag.com\/?page_id=2229\">Wilrode, <\/a><a href=\"http:\/\/wp.pop-verlag.com\/?page_id=2229\">T. A.<\/a><\/li>\n<li><a href=\"https:\/\/wp.pop-verlag.com\/?page_id=3163\">winter<\/a>, <a href=\"https:\/\/wp.pop-verlag.com\/?page_id=3163\">eje<\/a><\/li>\n<li><a href=\"https:\/\/wp.pop-verlag.com\/?page_id=3319\">Vla\u015fin,\u00a0<\/a><a href=\"https:\/\/wp.pop-verlag.com\/?page_id=3319\">Gelu<\/a><\/li>\n<li><a href=\"http:\/\/wp.pop-verlag.com\/?page_id=1552\">Wolff, Gudrun<\/a><\/li>\n<li><a href=\"http:\/\/wp.pop-verlag.com\/?page_id=1554\">Wolff, Karl<\/a><\/li>\n<li>Wolff, Manfred<\/li>\n<\/ul>\n<h2><a id=\"X\" name=\"X\"><\/a>X<\/h2>\n<h2><a id=\"Y\" name=\"Y\"><\/a>Y<\/h2>\n<h2><a id=\"Z\" name=\"Z\"><\/a>Z<\/h2>\n<ul>\n<li><a href=\"http:\/\/wp.pop-verlag.com\/?page_id=979\">Zamyatin, Boris<\/a><\/li>\n<li><a href=\"http:\/\/wp.pop-verlag.com\/?page_id=979\">Zeizinger, Barbara<\/a><\/li>\n<li>Zereteli, Akak<\/li>\n<li><a href=\"https:\/\/wp.pop-verlag.com\/?page_id=5520\">Dietfried Zink<\/a><\/li>\n<li>Zoch, Michael<\/li>\n<\/ul>\n","protected":false},"excerpt":{"rendered":"<p>Auflistung der Verlagsautorinnen und -autoren A | B | C | D | E | F | G | H | I | J | K | L | M | N | O | P | Q | R &hellip; <a class=\"more-link\" href=\"https:\/\/wp.pop-verlag.com\/?page_id=10\">Weiterlesen <span class=\"meta-nav\">&rarr;<\/span><\/a><\/p>\n","protected":false},"author":1,"featured_media":0,"parent":0,"menu_order":9,"comment_status":"closed","ping_status":"closed","template":"","meta":{"footnotes":""},"class_list":["post-10","page","type-page","status-publish","hentry"],"jetpack_sharing_enabled":true,"_links":{"self":[{"href":"https:\/\/wp.pop-verlag.com\/index.php?rest_route=\/wp\/v2\/pages\/10","targetHints":{"allow":["GET"]}}],"collection":[{"href":"https:\/\/wp.pop-verlag.com\/index.php?rest_route=\/wp\/v2\/pages"}],"about":[{"href":"https:\/\/wp.pop-verlag.com\/index.php?rest_route=\/wp\/v2\/types\/page"}],"author":[{"embeddable":true,"href":"https:\/\/wp.pop-verlag.com\/index.php?rest_route=\/wp\/v2\/users\/1"}],"replies":[{"embeddable":true,"href":"https:\/\/wp.pop-verlag.com\/index.php?rest_route=%2Fwp%2Fv2%2Fcomments&post=10"}],"version-history":[{"count":116,"href":"https:\/\/wp.pop-verlag.com\/index.php?rest_route=\/wp\/v2\/pages\/10\/revisions"}],"predecessor-version":[{"id":7046,"href":"https:\/\/wp.pop-verlag.com\/index.php?rest_route=\/wp\/v2\/pages\/10\/revisions\/7046"}],"wp:attachment":[{"href":"https:\/\/wp.pop-verlag.com\/index.php?rest_route=%2Fwp%2Fv2%2Fmedia&parent=10"}],"curies":[{"name":"wp","href":"https:\/\/api.w.org\/{rel}","templated":true}]}}